{"id":254,"date":"2014-12-10T11:58:57","date_gmt":"2014-12-10T10:58:57","guid":{"rendered":"http:\/\/cteradmin.nazwa.pl\/wp\/?page_id=254"},"modified":"2018-05-03T00:07:05","modified_gmt":"2018-05-02T22:07:05","slug":"konferencje","status":"publish","type":"page","link":"https:\/\/cter.edu.pl\/?page_id=254&lang=pl","title":{"rendered":"Kalendarium konferencji"},"content":{"rendered":"<p><code>\n\t\t\t\t<div class=\"event-list\">\n\t\t\t\t<div class=\"feed el-text-align-left\">\n\t\t\t\t\t<a href=\"https:\/\/cter.edu.pl\/?feed=event-list\" title=\"Link to RSS feed\" class=\"el-rss\"><span class=\"dashicons dashicons-rss\"><\/span>Konferencje\/Conferences (RSS )<\/a>\n\t\t\t\t<\/div>\n\t\t\t\t<style type=\"text\/css\">\n\t\t\t\t\t.filterbar { display:table; width:100% }\n\t\t\t\t\t.filterbar > div { display:table-cell }\n\t\t\t\t<\/style>\n\t\t\t\t<!--[if lte IE 7]>\n\t\t\t\t<style>.filterbar > div { float:left }<\/style>\n\t\t\t\t<![endif]-->\n\t\t\t\t<div class=\"filterbar subsubsub\">\n\t\t\t\t\t<div style=\"text-align:left\"><ul class=\"hlist\"><li><strong>All<\/strong><\/li><li><a href=\"https:\/\/cter.edu.pl\/?page_id=254&#038;lang=pl&#038;rest_route=%2Fwp%2Fv2%2Fpages%2F254&#038;date1=upcoming\">Upcoming<\/a><\/li><li><a href=\"https:\/\/cter.edu.pl\/?page_id=254&#038;lang=pl&#038;rest_route=%2Fwp%2Fv2%2Fpages%2F254&#038;date1=2015\">2015<\/a><\/li><li><a href=\"https:\/\/cter.edu.pl\/?page_id=254&#038;lang=pl&#038;rest_route=%2Fwp%2Fv2%2Fpages%2F254&#038;date1=2016\">2016<\/a><\/li><li><a href=\"https:\/\/cter.edu.pl\/?page_id=254&#038;lang=pl&#038;rest_route=%2Fwp%2Fv2%2Fpages%2F254&#038;date1=2017\">2017<\/a><\/li><li><a href=\"https:\/\/cter.edu.pl\/?page_id=254&#038;lang=pl&#038;rest_route=%2Fwp%2Fv2%2Fpages%2F254&#038;date1=2018\">2018<\/a><\/li><li><a href=\"https:\/\/cter.edu.pl\/?page_id=254&#038;lang=pl&#038;rest_route=%2Fwp%2Fv2%2Fpages%2F254&#038;date1=2019\">2019<\/a><\/li><li><a href=\"https:\/\/cter.edu.pl\/?page_id=254&#038;lang=pl&#038;rest_route=%2Fwp%2Fv2%2Fpages%2F254&#038;date1=2020\">2020<\/a><\/li><li><a href=\"https:\/\/cter.edu.pl\/?page_id=254&#038;lang=pl&#038;rest_route=%2Fwp%2Fv2%2Fpages%2F254&#038;date1=2021\">2021<\/a><\/li><li><a href=\"https:\/\/cter.edu.pl\/?page_id=254&#038;lang=pl&#038;rest_route=%2Fwp%2Fv2%2Fpages%2F254&#038;date1=2022\">2022<\/a><\/li><li><a href=\"https:\/\/cter.edu.pl\/?page_id=254&#038;lang=pl&#038;rest_route=%2Fwp%2Fv2%2Fpages%2F254&#038;date1=2023\">2023<\/a><\/li><li><a href=\"https:\/\/cter.edu.pl\/?page_id=254&#038;lang=pl&#038;rest_route=%2Fwp%2Fv2%2Fpages%2F254&#038;date1=2024\">2024<\/a><\/li><li><a href=\"https:\/\/cter.edu.pl\/?page_id=254&#038;lang=pl&#038;rest_route=%2Fwp%2Fv2%2Fpages%2F254&#038;date1=2025\">2025<\/a><\/li><li><a href=\"https:\/\/cter.edu.pl\/?page_id=254&#038;lang=pl&#038;rest_route=%2Fwp%2Fv2%2Fpages%2F254&#038;date1=2026\">2026<\/a><\/li><li><a href=\"https:\/\/cter.edu.pl\/?page_id=254&#038;lang=pl&#038;rest_route=%2Fwp%2Fv2%2Fpages%2F254&#038;date1=2027\">2027<\/a><\/li><\/ul>\n\t\t\t\t\t<\/div><\/div>\n\t\t\t\t<ul class=\"event-list-view\">\n\t\t\t \t<li class=\"event konferencje-zagraniczne\">\n\t\t\t\t\t<div class=\"event-date multi-date\"><div class=\"startdate\"><div class=\"event-weekday\">Wed<\/div><div class=\"event-day\">07<\/div><div class=\"event-month\">Apr<\/div><div class=\"event-year\">2027<\/div><\/div><div class=\"enddate\"><div class=\"event-weekday\">Fri<\/div><div class=\"event-day\">09<\/div><div class=\"event-month\">Apr<\/div><div class=\"event-year\">2027<\/div><\/div><\/div>\n\t\t\t\t\t<div class=\"event-info multi-day\"><div class=\"event-title\"><h3><a href=\"https:\/\/cter.edu.pl\/?page_id=254&amp;lang=pl&amp;rest_route=%2Fwp%2Fv2%2Fpages%2F254&amp;event_id1=7727\">Advanced Research Seminar on Audio Description<\/a><\/h3><\/div><span class=\"event-location\">Barcelona, Spain<\/span><div class=\"event-content\"><p>The ARSAD community will meet again in April 2027, twenty years after its first conference in 2007, to discuss audio description research and practice. Every two years a welcoming community of researchers, industry representatives, trainers, trainees, users, practitioners, regulators, broadcasters, policy makers, accessibility advocates, cultural managers, and anyone interested in audio description (AD) meet to exchange knowledge and experiences.<\/p>\n<p>Deadline: September 6, 2026.<\/p>\n<p>URL: https:\/\/webs.uab.cat\/arsad\/cfp\/<\/p>\n<\/div><\/div>\n\t\t\t\t<\/li>\n\t\t\t \t<li class=\"event konferencje-zagraniczne\">\n\t\t\t\t\t<div class=\"event-date multi-date\"><div class=\"startdate\"><div class=\"event-weekday\">Thu<\/div><div class=\"event-day\">10<\/div><div class=\"event-month\">Dec<\/div><div class=\"event-year\">2026<\/div><\/div><div class=\"enddate\"><div class=\"event-weekday\">Fri<\/div><div class=\"event-day\">11<\/div><div class=\"event-month\">Dec<\/div><div class=\"event-year\">2026<\/div><\/div><\/div>\n\t\t\t\t\t<div class=\"event-info multi-day\"><div class=\"event-title\"><h3><a href=\"https:\/\/cter.edu.pl\/?page_id=254&amp;lang=pl&amp;rest_route=%2Fwp%2Fv2%2Fpages%2F254&amp;event_id1=7720\">InDialog 5: The technological turn and public service translation and interpreting<\/a><\/h3><\/div><span class=\"event-location\">Oslo, Norway<\/span><div class=\"event-content\"><p>Fifth edition of the InDialog conference to explore central themes at the intersection of technology and public service translation and interpreting.<\/p>\n<p>Deadline: April 30, 2026.<\/p>\n<p>URL: https:\/\/event.trippus.net\/Home\/Index\/AEAKgIOkui8EksQ3X-TCO5WQamWhNWVT_a663RdHFmy6tkKX3MBkK1xx--zTwMc18enYVAnHhb85\/AEAKgIPLHwtTxVPNMtclgpy7OIUHoanrObqCsJIrmm5fBysqEcHgn9YP2KPYZYRDPujXjctH0kYf\/eng?fbclid=IwY2xjawQt4q9leHRuA2FlbQIxMQBzcnRjBmFwcF9pZBAyMjIwMzkxNzg4MjAwODkyAAEeaElRRtCKbM0bvS0FFBgHLcgmi-C5ppUJe8qOsIKbUfip9HZ5x528SIJYo-U_aem_2fxroyzJR4aDWEDH4X0Y0w#page_127521<\/p>\n<\/div><\/div>\n\t\t\t\t<\/li>\n\t\t\t \t<li class=\"event konferencje-zagraniczne\">\n\t\t\t\t\t<div class=\"event-date multi-date\"><div class=\"startdate\"><div class=\"event-weekday\">Thu<\/div><div class=\"event-day\">12<\/div><div class=\"event-month\">Nov<\/div><div class=\"event-year\">2026<\/div><\/div><div class=\"enddate\"><div class=\"event-weekday\">Fri<\/div><div class=\"event-day\">13<\/div><div class=\"event-month\">Nov<\/div><div class=\"event-year\">2026<\/div><\/div><\/div>\n\t\t\t\t\t<div class=\"event-info multi-day\"><div class=\"event-title\"><h3><a href=\"https:\/\/cter.edu.pl\/?page_id=254&amp;lang=pl&amp;rest_route=%2Fwp%2Fv2%2Fpages%2F254&amp;event_id1=7724\">Translation Beyond Human<\/a><\/h3><\/div><span class=\"event-location\">Istanbul, Turkey<\/span><div class=\"event-content\"><p>Recent perspectives that challenge anthropocentric worldviews similarly call for rethinking paradigms in translation studies that privilege human meaning-making over other modes of existence. These perspectives expand understandings of translation by shifting attention away from the anthropocentric circulation of meaning and situating translation within broader interspecies interactions. In this context, reexamining established assumptions about translation requires conceptualizing translational activity as embedded in the multilayered relations among human and nonhuman beings, knowledge systems, social practices, and technological instruments. The notion of \"beyond human translation\" thus offers a productive horizon for theoretical and applied inquiry, fostering new forms of problematization and encouraging interdisciplinary engagement.<\/p>\n<p>Deadline: April 20, 2026.<\/p>\n<p>URL: https:\/\/www.beyondhumanconference.com\/call<\/p>\n<\/div><\/div>\n\t\t\t\t<\/li>\n\t\t\t \t<li class=\"event konferencje-zagraniczne\">\n\t\t\t\t\t<div class=\"event-date multi-date\"><div class=\"startdate\"><div class=\"event-weekday\">Thu<\/div><div class=\"event-day\">22<\/div><div class=\"event-month\">Oct<\/div><div class=\"event-year\">2026<\/div><\/div><div class=\"enddate\"><div class=\"event-weekday\">Fri<\/div><div class=\"event-day\">23<\/div><div class=\"event-month\">Oct<\/div><div class=\"event-year\">2026<\/div><\/div><\/div>\n\t\t\t\t\t<div class=\"event-info multi-day\"><div class=\"event-title\"><h3><a href=\"https:\/\/cter.edu.pl\/?page_id=254&amp;lang=pl&amp;rest_route=%2Fwp%2Fv2%2Fpages%2F254&amp;event_id1=7690\">Gender in the Spotlight: (In)Visibility in Translation<\/a><\/h3><\/div><span class=\"event-location\">Paris, France<\/span><div class=\"event-content\"><p>The objective of the conference is (i) to bridge the gap between academia and industry in the The conference Gender in the Spotlight: (In)Visibility in Translation, to be held on 22\u00e2\u20ac\u201c23 October 2026, is part of this lineage of feminist research aiming to (re)centre translation around the voices of women and queer practitioners and scholars, and more generally to give more visibility to gender minorities. This event is supported by PRISMES and TRACT at the Sorbonne Nouvelle University, IMAGER at Paris-Est Cr\u00e9teil University and Oxford Brookes University. It is part of the HERMES research programme Les \u00e9critures du matrimoine \u00e0 l\u2019\u00e8re du num\u00e9rique : (re)d\u00e9couverte, d\u00e9couvrabilit\u00e9 et reconnaissance at the Sorbonne Nouvelle and has the support of the Institut du Genre.<\/p>\n<p>Deadline: March 1, 2026.<\/p>\n<p>https:\/\/gendertrad.sciencesconf.org\/<\/p>\n<\/div><\/div>\n\t\t\t\t<\/li>\n\t\t\t \t<li class=\"event \">\n\t\t\t\t\t<div class=\"event-date multi-date\"><div class=\"startdate\"><div class=\"event-weekday\">Wed<\/div><div class=\"event-day\">21<\/div><div class=\"event-month\">Oct<\/div><div class=\"event-year\">2026<\/div><\/div><div class=\"enddate\"><div class=\"event-weekday\">Thu<\/div><div class=\"event-day\">22<\/div><div class=\"event-month\">Oct<\/div><div class=\"event-year\">2026<\/div><\/div><\/div>\n\t\t\t\t\t<div class=\"event-info multi-day\"><div class=\"event-title\"><h3><a href=\"https:\/\/cter.edu.pl\/?page_id=254&amp;lang=pl&amp;rest_route=%2Fwp%2Fv2%2Fpages%2F254&amp;event_id1=7522\">International Conference on Translation<\/a><\/h3><\/div><span class=\"event-time\">00:01<\/span><span class=\"event-location\">London, United Kingdom<\/span><div class=\"event-content\"><p>International Conference on Translation aims to bring together leading academic scientists, researchers and research scholars to exchange and share their experiences and research results on all aspects of Translation. It also provides a premier interdisciplinary platform for researchers, practitioners and educators to present and discuss the most recent innovations, trends, and concerns as well as practical challenges encountered and solutions adopted in the fields of Translation.<br \/>Deadline: November 5, 2025.<br \/>https:\/\/waset.org\/translation-conference-in-october-2026-in-london?utm_source=conferenceindex&utm_medium=referral&utm_campaign=listing<\/p>\n<\/div><\/div>\n\t\t\t\t<\/li>\n\t\t\t \t<li class=\"event \">\n\t\t\t\t\t<div class=\"event-date multi-date\"><div class=\"startdate\"><div class=\"event-weekday\">Thu<\/div><div class=\"event-day\">15<\/div><div class=\"event-month\">Oct<\/div><div class=\"event-year\">2026<\/div><\/div><div class=\"enddate\"><div class=\"event-weekday\">Fri<\/div><div class=\"event-day\">16<\/div><div class=\"event-month\">Oct<\/div><div class=\"event-year\">2026<\/div><\/div><\/div>\n\t\t\t\t\t<div class=\"event-info multi-day\"><div class=\"event-title\"><h3><a href=\"https:\/\/cter.edu.pl\/?page_id=254&amp;lang=pl&amp;rest_route=%2Fwp%2Fv2%2Fpages%2F254&amp;event_id1=7651\">From Godfather to Lost in Translation: The Coppolas&#039; Cinematic Worlds<\/a><\/h3><\/div><span class=\"event-location\">Verona, Italy<\/span><div class=\"event-content\"><p>This international conference seeks to bring together scholars to examine how the Coppolas' films negotiate narrative and literary forms, linguistic expression, and semiotic structures, exploring both Francis Ford Coppola's expansive, intertextual epics and Sofia Coppola's nuanced explorations of voice, silence, and affect. Contributions addressing the interrelation of textuality, dialogue, and filmic storytelling are particularly encouraged, including studies of translation, multimodal discourse, and adaptation from literature to screen.<\/p>\n<p>Deadline: April 1, 2026<\/p>\n<p>https:\/\/linguistlist.org\/issues\/36\/3812\/<\/p>\n<\/div><\/div>\n\t\t\t\t<\/li>\n\t\t\t \t<li class=\"event konferencje-zagraniczne\">\n\t\t\t\t\t<div class=\"event-date multi-date\"><div class=\"startdate\"><div class=\"event-weekday\">Thu<\/div><div class=\"event-day\">15<\/div><div class=\"event-month\">Oct<\/div><div class=\"event-year\">2026<\/div><\/div><div class=\"enddate\"><div class=\"event-weekday\">Fri<\/div><div class=\"event-day\">16<\/div><div class=\"event-month\">Oct<\/div><div class=\"event-year\">2026<\/div><\/div><\/div>\n\t\t\t\t\t<div class=\"event-info multi-day\"><div class=\"event-title\"><h3><a href=\"https:\/\/cter.edu.pl\/?page_id=254&amp;lang=pl&amp;rest_route=%2Fwp%2Fv2%2Fpages%2F254&amp;event_id1=7703\">2nd International Conference on Didactic Audiovisual Translation and Media Accessibility<\/a><\/h3><\/div><span class=\"event-location\">Madrid, Spain<\/span><div class=\"event-content\"><p>TRADIT26 will serve as a space for critical reflection and interdisciplinary dialogue. It will foster collaboration across fields including education, translation, linguistics, technology, and social communication. In this context, the TRADIT Group invites researchers, educators, translators, linguists, and postgraduate students interested in the field, to submit proposals exploring the intersections of audiovisual translation, media accessibility, and education. We particularly welcome submissions that highlight their transformative potential in creating more accessible, creative, motivating, and inclusive learning environments. Special attention will be given to proposals integrating interdisciplinary approaches, addressing the dissemination of knowledge across diverse educational settings, and promoting innovation in language teaching and translation training.<\/p>\n<p>Deadline: April 15, 2026.<\/p>\n<p>https:\/\/blogs.uned.es\/tradit26\/wp-content\/uploads\/sites\/617\/2026\/01\/CfP_EN_TRADIT26.pdf<\/p>\n<\/div><\/div>\n\t\t\t\t<\/li>\n\t\t\t \t<li class=\"event konferencje-zagraniczne\">\n\t\t\t\t\t<div class=\"event-date multi-date\"><div class=\"startdate\"><div class=\"event-weekday\">Thu<\/div><div class=\"event-day\">15<\/div><div class=\"event-month\">Oct<\/div><div class=\"event-year\">2026<\/div><\/div><div class=\"enddate\"><div class=\"event-weekday\">Fri<\/div><div class=\"event-day\">16<\/div><div class=\"event-month\">Oct<\/div><div class=\"event-year\">2026<\/div><\/div><\/div>\n\t\t\t\t\t<div class=\"event-info multi-day\"><div class=\"event-title\"><h3><a href=\"https:\/\/cter.edu.pl\/?page_id=254&amp;lang=pl&amp;rest_route=%2Fwp%2Fv2%2Fpages%2F254&amp;event_id1=7718\">The Art of Translation: The Legacy of Ji\u0159\u00ed Lev\u00fd and Current and Current Trends in Translation Studies<\/a><\/h3><\/div><span class=\"event-location\">Prague, Czech Republic<\/span><div class=\"event-content\"><p>A conference commemorating the centenary of the birth of Jiri Levy<\/p>\n<p>Deadline for abstract submission: April 15, 2026.<\/p>\n<p>https:\/\/levy100.ff.cuni.cz\/en\/homepage\/<\/p>\n<\/div><\/div>\n\t\t\t\t<\/li>\n\t\t\t \t<li class=\"event konferencje-zagraniczne\">\n\t\t\t\t\t<div class=\"event-date multi-date\"><div class=\"startdate\"><div class=\"event-weekday\">Thu<\/div><div class=\"event-day\">01<\/div><div class=\"event-month\">Oct<\/div><div class=\"event-year\">2026<\/div><\/div><div class=\"enddate\"><div class=\"event-weekday\">Fri<\/div><div class=\"event-day\">02<\/div><div class=\"event-month\">Oct<\/div><div class=\"event-year\">2026<\/div><\/div><\/div>\n\t\t\t\t\t<div class=\"event-info multi-day\"><div class=\"event-title\"><h3><a href=\"https:\/\/cter.edu.pl\/?page_id=254&amp;lang=pl&amp;rest_route=%2Fwp%2Fv2%2Fpages%2F254&amp;event_id1=7701\">InTech<\/a><\/h3><\/div><span class=\"event-location\">Geneva, Switzerland<\/span><div class=\"event-content\"><p>100 years later, together with the International Labour Organization, the University of Geneva's FTI is co-hosting a multi-stakeholder conference aimed at looking back over the technological developments that have marked this profession, and discuss the trends that will set the course for its future.<\/p>\n<p>Deadline: March 15, 2026.<\/p>\n<p>https:\/\/www.unige.ch\/fti\/Inttech100\/<\/p>\n<\/div><\/div>\n\t\t\t\t<\/li>\n\t\t\t \t<li class=\"event konferencje-zagraniczne\">\n\t\t\t\t\t<div class=\"event-date multi-date\"><div class=\"startdate\"><div class=\"event-weekday\">Wed<\/div><div class=\"event-day\">30<\/div><div class=\"event-month\">Sep<\/div><div class=\"event-year\">2026<\/div><\/div><div class=\"enddate\"><div class=\"event-weekday\">Fri<\/div><div class=\"event-day\">02<\/div><div class=\"event-month\">Oct<\/div><div class=\"event-year\">2026<\/div><\/div><\/div>\n\t\t\t\t\t<div class=\"event-info multi-day\"><div class=\"event-title\"><h3><a href=\"https:\/\/cter.edu.pl\/?page_id=254&amp;lang=pl&amp;rest_route=%2Fwp%2Fv2%2Fpages%2F254&amp;event_id1=7688\">ICASTIS (III. International Congress of Academic Translation Studies)<\/a><\/h3><\/div><span class=\"event-location\">Istanbul, Turkey<\/span><div class=\"event-content\"><p>Following its first edition in 2022 and second in 2024 at Bolu Abant \u00c4\u00b0zzet Baysal University, the third International Congress on Academic Translation and Interpreting Studies (ICASTIS) will be hosted by Marmara University in Istanbul from 30 September to 2 October 2026. Against this backdrop, the congress will focus on the \u00e2\u20ac\u0153human translator,\u00e2\u20ac\u009d a figure who has, throughout history, assumed multiple roles as cultural ambassador, communication specialist, intermediary, guide, and social planner, not only within digitalized settings and contexts but across all areas of translation. Rather than positioning \u00e2\u20ac\u0153human\u00e2\u20ac\u009d and \u00e2\u20ac\u0153artificial intelligence\u00e2\u20ac\u009d as opposing poles, ICASTIS 2026 adopts a descriptive perspective aimed at identifying key issues and proposing solutions.<\/p>\n<p>Deadline: April 15, 2026.<\/p>\n<p>https:\/\/icastis-kongre.marmara.edu.tr\/en\/<\/p>\n<\/div><\/div>\n\t\t\t\t<\/li>\n\t\t\t \t<li class=\"event \">\n\t\t\t\t\t<div class=\"event-date multi-date\"><div class=\"startdate\"><div class=\"event-weekday\">Sat<\/div><div class=\"event-day\">12<\/div><div class=\"event-month\">Sep<\/div><div class=\"event-year\">2026<\/div><\/div><div class=\"enddate\"><div class=\"event-weekday\">Mon<\/div><div class=\"event-day\">14<\/div><div class=\"event-month\">Sep<\/div><div class=\"event-year\">2026<\/div><\/div><\/div>\n\t\t\t\t\t<div class=\"event-info multi-day\"><div class=\"event-title\"><h3><a href=\"https:\/\/cter.edu.pl\/?page_id=254&amp;lang=pl&amp;rest_route=%2Fwp%2Fv2%2Fpages%2F254&amp;event_id1=7523\">International Conference on Linguistics, Literature, and Translation<\/a><\/h3><\/div><span class=\"event-time\">00:01<\/span><span class=\"event-location\">Oslo, Norway<\/span><div class=\"event-content\"><p>We extend a warm welcome to you all for the upcoming 2026 International Conference on Linguistics, Literature, and Translation (CoLLT 2026) to be held in Oslo, Norway from September 12-14, 2026. As a leading platform for fostering knowledge exchange and promoting research in linguistics, literature, and translation studies, we are thrilled to host scholars, researchers, students, and experts from diverse cultural backgrounds.<br \/>Deadline: April 25, 2026.<br \/>https:\/\/www.collt.org\/<\/p>\n<\/div><\/div>\n\t\t\t\t<\/li>\n\t\t\t \t<li class=\"event \">\n\t\t\t\t\t<div class=\"event-date multi-date\"><div class=\"startdate\"><div class=\"event-weekday\">Wed<\/div><div class=\"event-day\">09<\/div><div class=\"event-month\">Sep<\/div><div class=\"event-year\">2026<\/div><\/div><div class=\"enddate\"><div class=\"event-weekday\">Fri<\/div><div class=\"event-day\">11<\/div><div class=\"event-month\">Sep<\/div><div class=\"event-year\">2026<\/div><\/div><\/div>\n\t\t\t\t\t<div class=\"event-info multi-day\"><div class=\"event-title\"><h3><a href=\"https:\/\/cter.edu.pl\/?page_id=254&amp;lang=pl&amp;rest_route=%2Fwp%2Fv2%2Fpages%2F254&amp;event_id1=7637\">Translation in Transition Conference 8<\/a><\/h3><\/div><span class=\"event-location\">Aachen, Germany<\/span><div class=\"event-content\"><p>The Translation in Transition conference series has served as a meeting site for empirical translation scholars for over ten years now. After seven successful editions of this conference series, the tradition will be continued with the 8th edition taking place in 2026 in Aachen, where a special focus will be on translation and interpreting at the intersection of various multilingual text production contexts. In keeping with tradition, the conference will make room for discussion of all strands of empirical research in translation and interpreting studies (TIS). In addition to this, the 2026 edition will host a workshop on the topic of transfer from TIS into other fields both within and outside of academia in cooperation with the newly founded Institute of Translatology.<\/p>\n<p>Deadline: January 5, 2026.<\/p>\n<p>Site: https:\/\/www.anglistik.rwth-aachen.de\/cms\/Anglistik\/Forschung\/Konferenzen-Veranstaltungen\/~bofdcv\/Translation-in-Transition-Conference\/<\/p>\n<\/div><\/div>\n\t\t\t\t<\/li>\n\t\t\t \t<li class=\"event konferencje-zagraniczne\">\n\t\t\t\t\t<div class=\"event-date multi-date\"><div class=\"startdate\"><div class=\"event-weekday\">Thu<\/div><div class=\"event-day\">09<\/div><div class=\"event-month\">Jul<\/div><div class=\"event-year\">2026<\/div><\/div><div class=\"enddate\"><div class=\"event-weekday\">Fri<\/div><div class=\"event-day\">10<\/div><div class=\"event-month\">Jul<\/div><div class=\"event-year\">2026<\/div><\/div><\/div>\n\t\t\t\t\t<div class=\"event-info multi-day\"><div class=\"event-title\"><h3><a href=\"https:\/\/cter.edu.pl\/?page_id=254&amp;lang=pl&amp;rest_route=%2Fwp%2Fv2%2Fpages%2F254&amp;event_id1=7706\">In Collaboration on Cooperation: Linguistic Research in Franco-Polish Teams<\/a><\/h3><\/div><span class=\"event-location\">Paris, France<\/span><div class=\"event-content\"><p><em data-olk-copy-source=\"MessageBody\">We warmly invite you to submit proposals for presentations at the scientific conference \u201cIn Collaboration on Cooperation: Linguistic Research in Franco-Polish Teams\u201d, organized by the Polish Academy of Sciences, Scientific Station in Paris and the Institute of Linguistics of the University of Silesia in Katowice. The conference will take place on 9\u201310 July 2026 in Paris. The working languages of the conference are English, Polish, and French. <\/em><\/p>\n<p><em data-olk-copy-source=\"MessageBody\">Detailed information can be found in the<strong> call for papers<\/strong> available at:<strong>\u00a0<a title=\"https:\/\/collab2026.us.edu.pl\/\" href=\"https:\/\/collab2026.us.edu.pl\/\" data-auth=\"NotApplicable\" data-linkindex=\"0\" data-ogsc=\"\">https:\/\/collab2026.us.edu.pl\/<\/a>\u00a0<\/strong><\/em><\/p>\n<p><em data-olk-copy-source=\"MessageBody\">We welcome submissions from linguists working on any languages. The deadline for submissions is <strong>10 May 2026<\/strong>.<\/em><\/p>\n<\/div><\/div>\n\t\t\t\t<\/li>\n\t\t\t \t<li class=\"event \">\n\t\t\t\t\t<div class=\"event-date multi-date\"><div class=\"startdate\"><div class=\"event-weekday\">Wed<\/div><div class=\"event-day\">24<\/div><div class=\"event-month\">Jun<\/div><div class=\"event-year\">2026<\/div><\/div><div class=\"enddate\"><div class=\"event-weekday\">Sat<\/div><div class=\"event-day\">27<\/div><div class=\"event-month\">Jun<\/div><div class=\"event-year\">2026<\/div><\/div><\/div>\n\t\t\t\t\t<div class=\"event-info multi-day\"><div class=\"event-title\"><h3><a href=\"https:\/\/cter.edu.pl\/?page_id=254&amp;lang=pl&amp;rest_route=%2Fwp%2Fv2%2Fpages%2F254&amp;event_id1=7649\">New Trends in Translation and Interpreting Technology Conference<\/a><\/h3><\/div><span class=\"event-location\">Dubrovnik, Croacia<\/span><div class=\"event-content\"><p>The objective of the conference is (i) to bridge the gap between academia and industry in the field of translation and interpreting by bringing together academics in linguistics, translation and interpreting studies, machine translation and natural language processing, developers, practitioners, language service providers and vendors who work on or are interested in different aspects of technology for translation and interpreting, and (ii) to be a distinctive event for discussing the latest developments and practices. NeTTIT\u00e2\u20ac\u21222026 invites all professionals who would like to learn about the new trends, present the latest work or\/and share their experience in the field, and who would like to establish business and research contacts, collaborations and new ventures.<\/p>\n<p>Deadline: March 23, 2026<\/p>\n<p>https:\/\/nettt-conference.com\/2026\/<\/p>\n<\/div><\/div>\n\t\t\t\t<\/li>\n\t\t\t \t<li class=\"event konferencje-zagraniczne\">\n\t\t\t\t\t<div class=\"event-date multi-date\"><div class=\"startdate\"><div class=\"event-weekday\">Thu<\/div><div class=\"event-day\">18<\/div><div class=\"event-month\">Jun<\/div><div class=\"event-year\">2026<\/div><\/div><div class=\"enddate\"><div class=\"event-weekday\">Fri<\/div><div class=\"event-day\">19<\/div><div class=\"event-month\">Jun<\/div><div class=\"event-year\">2026<\/div><\/div><\/div>\n\t\t\t\t\t<div class=\"event-info multi-day\"><div class=\"event-title\"><h3><a href=\"https:\/\/cter.edu.pl\/?page_id=254&amp;lang=pl&amp;rest_route=%2Fwp%2Fv2%2Fpages%2F254&amp;event_id1=7722\">2nd EATPA Symposium<\/a><\/h3><\/div><span class=\"event-location\">Toronto, Canada<\/span><div class=\"event-content\"><p>The East Asian Translation Pedagogy Advance (EATPA) network has as its ambitious aim the enhancement of pedagogy in the field of East Asian language translation and the collaborative sharing of expertise, research and resources..<\/p>\n<p>Deadline: September 30, 2026.<\/p>\n<p>URL: https:\/\/easiantpa.leeds.ac.uk\/2nd-eatpa-symposium-on-east-asian-translation-pedagogy\/<\/p>\n<\/div><\/div>\n\t\t\t\t<\/li>\n\t\t\t \t<li class=\"event \">\n\t\t\t\t\t<div class=\"event-date multi-date\"><div class=\"startdate\"><div class=\"event-weekday\">Thu<\/div><div class=\"event-day\">18<\/div><div class=\"event-month\">Jun<\/div><div class=\"event-year\">2026<\/div><\/div><div class=\"enddate\"><div class=\"event-weekday\">Sat<\/div><div class=\"event-day\">20<\/div><div class=\"event-month\">Jun<\/div><div class=\"event-year\">2026<\/div><\/div><\/div>\n\t\t\t\t\t<div class=\"event-info multi-day\"><div class=\"event-title\"><h3><a href=\"https:\/\/cter.edu.pl\/?page_id=254&amp;lang=pl&amp;rest_route=%2Fwp%2Fv2%2Fpages%2F254&amp;event_id1=7520\">Translation at the Crossroads of Ideologies and Cultures<\/a><\/h3><\/div><span class=\"event-time\">00:01<\/span><span class=\"event-location\">Vilnius, Lithuania<\/span><div class=\"event-content\"><p>The Department of Translation and Interpretation Studies at the Faculty of Philology of Vilnius University cordially invites you to the international conference Translation at the Crossroads of Ideologies and Cultures to discuss a multilevel role and complex positionality of translation and translators in changing historical, social, political, and communicational settings.How does translation as a global activity shape the values we communicate and what is the \u201cspecificity of its impacts in different locations over time\u201d (Cronin 2017)? Does it help to break the stereotypes or does it enforce them? Is it paving the paths to understanding or does it facilitate ostracising? What is the role of translation in the formation of nations? How much does translation influence our policies and legal practises? What is its impact on our perception of the Other and the world at large? Is a translator always a willing participant of these processes? How is this role of translation and translator changing with the growing technology-driven shift in cultures and societies, if at all?<br \/>Deadline for Abstract Submission: February 16, 2026.<br \/>https:\/\/www.flf.vu.lt\/en\/vsk\/news\/call-for-papers-conference<\/p>\n<\/div><\/div>\n\t\t\t\t<\/li>\n\t\t\t \t<li class=\"event \">\n\t\t\t\t\t<div class=\"event-date multi-date\"><div class=\"startdate\"><div class=\"event-weekday\">Wed<\/div><div class=\"event-day\">17<\/div><div class=\"event-month\">Jun<\/div><div class=\"event-year\">2026<\/div><\/div><div class=\"enddate\"><div class=\"event-weekday\">Fri<\/div><div class=\"event-day\">19<\/div><div class=\"event-month\">Jun<\/div><div class=\"event-year\">2026<\/div><\/div><\/div>\n\t\t\t\t\t<div class=\"event-info multi-day\"><div class=\"event-title\"><h3><a href=\"https:\/\/cter.edu.pl\/?page_id=254&amp;lang=pl&amp;rest_route=%2Fwp%2Fv2%2Fpages%2F254&amp;event_id1=7616\">Convergence 2026: Human-AI Integration for Multilingual and Accessible Communication<\/a><\/h3><\/div><span class=\"event-location\">Guildford, United Kingdom<\/span><div class=\"event-content\"><p>The second edition of the Convergence conference will create an opportunity to bring together innovative research on the evolving landscape of AI in the context of multilingual and accessible communication, reflecting on the complexity and effects of using AI-driven technologies in these fields. The conference will foster a multidisciplinary dialogue that will generate new theoretical perspectives and practical research, focusing on themes such as the ethical aspects of AI in translation and interpreting, AI-enabled digital accessibility and societal inclusion, and the impact of Generative AI on language mediation. We will also examine the evolving role of language professionals, the power of Large Language Models (LLMs) in supporting multilingual communication, and the crucial need for responsible use of language AI in the public sector.<\/p>\n<p>Deadline: February 1, 2026<\/p>\n<p><a href=\"https:\/\/www.surrey.ac.uk\/centre-translation-studies\/convergence-2026\" target=\"_blank\" rel=\"noopener\">https:\/\/www.surrey.ac.uk\/centre-translation-studies\/convergence-2026<\/a><\/p>\n<\/div><\/div>\n\t\t\t\t<\/li>\n\t\t\t \t<li class=\"event konferencje-zagraniczne\">\n\t\t\t\t\t<div class=\"event-date multi-date\"><div class=\"startdate\"><div class=\"event-weekday\">Fri<\/div><div class=\"event-day\">05<\/div><div class=\"event-month\">Jun<\/div><div class=\"event-year\">2026<\/div><\/div><div class=\"enddate\"><div class=\"event-weekday\">Sat<\/div><div class=\"event-day\">06<\/div><div class=\"event-month\">Jun<\/div><div class=\"event-year\">2026<\/div><\/div><\/div>\n\t\t\t\t\t<div class=\"event-info multi-day\"><div class=\"event-title\"><h3><a href=\"https:\/\/cter.edu.pl\/?page_id=254&amp;lang=pl&amp;rest_route=%2Fwp%2Fv2%2Fpages%2F254&amp;event_id1=7686\">Semmelweis Medical Linguistics Conference 2026<\/a><\/h3><\/div><span class=\"event-location\">Budapest, Hungary<\/span><div class=\"event-content\"><p>The fourth Semmelweis Medical Linguistics Conference (SMLC 2026) will take place on 5\u00e2\u20ac\u201c6 June 2026 in Budapest, Hungary, in a hybrid format. This conference series aims to bring together researchers, educators, and professionals working in the field of healthcare communication and medical linguistics. The thematic scope includes, among others, patient-centred communication, medical translation and interpreting, terminology, pragmatics, artificial intelligence, metaphors, speech analysis, medical documentation, and languages for specific purposes.<\/p>\n<p>Deadline: March 31, 2026.<\/p>\n<p>https:\/\/semmelweis.hu\/szaknyelv\/en\/smlc2026\/<\/p>\n<\/div><\/div>\n\t\t\t\t<\/li>\n\t\t\t \t<li class=\"event konferencje-zagraniczne\">\n\t\t\t\t\t<div class=\"event-date multi-date\"><div class=\"startdate\"><div class=\"event-weekday\">Fri<\/div><div class=\"event-day\">29<\/div><div class=\"event-month\">May<\/div><div class=\"event-year\">2026<\/div><\/div><div class=\"enddate\"><div class=\"event-weekday\">Sat<\/div><div class=\"event-day\">30<\/div><div class=\"event-month\">May<\/div><div class=\"event-year\">2026<\/div><\/div><\/div>\n\t\t\t\t\t<div class=\"event-info multi-day\"><div class=\"event-title\"><h3><a href=\"https:\/\/cter.edu.pl\/?page_id=254&amp;lang=pl&amp;rest_route=%2Fwp%2Fv2%2Fpages%2F254&amp;event_id1=7699\">InterVerbum<\/a><\/h3><\/div><span class=\"event-location\">Online<\/span><div class=\"event-content\"><p>Our conference brings together translators, interpreters, language professionals, researchers, and educators in the field of translation studies to promote Swiss-Ukrainian, as well as international scientific cooperation and to stand in solidarity with the Ukrainian translation experts who continue fostering interlingual communication despite the arduous conditions of Russia's full-scale invasion. We see our mission in supporting the development of science in Ukraine in the times of greatest trials, and welcome all efforts of the international scientific community to advance our goal<\/p>\n<p>Deadline: March 17, 2026<\/p>\n<p>https:\/\/ld-initiatives.ch\/data\/images\/pdf\/InterVerbum_2026_info_letter_new.pdf<\/p>\n<\/div><\/div>\n\t\t\t\t<\/li>\n\t\t\t \t<li class=\"event konferencje-zagraniczne\">\n\t\t\t\t\t<div class=\"event-date multi-date\"><div class=\"startdate\"><div class=\"event-weekday\">Mon<\/div><div class=\"event-day\">18<\/div><div class=\"event-month\">May<\/div><div class=\"event-year\">2026<\/div><\/div><div class=\"enddate\"><div class=\"event-weekday\">Tue<\/div><div class=\"event-day\">19<\/div><div class=\"event-month\">May<\/div><div class=\"event-year\">2026<\/div><\/div><\/div>\n\t\t\t\t\t<div class=\"event-info multi-day\"><div class=\"event-title\"><h3><a href=\"https:\/\/cter.edu.pl\/?page_id=254&amp;lang=pl&amp;rest_route=%2Fwp%2Fv2%2Fpages%2F254&amp;event_id1=7697\">Tourism Communication Across Time and Space<\/a><\/h3><\/div><span class=\"event-location\">Treviso, Italy<\/span><div class=\"event-content\"><p>Tourism studies have gained renewed significance in recent years, not only because tourism remains a crucial economic and cultural sector but also because it offers a productive lens through which to examine processes of identity-making, cultural translation, mediation, and heritage communication. Understanding these dynamics requires perspectives that bring together linguistic, historical, and media-oriented approaches. Another area that has gained increasing importance relates to the legal frameworks and national and international regulatory contexts governing tourism and heritage communication, as well as their implications for research practices, cultural mediation, and cross-border circulation.<\/p>\n<p>Deadline for Abstract Submission: March 15, 2026.<\/p>\n<p>https:\/\/www.unive.it\/web\/en\/17139\/home<\/p>\n<\/div><\/div>\n\t\t\t\t<\/li>\n\t\t\t \t<li class=\"event \">\n\t\t\t\t\t<div class=\"event-date multi-date\"><div class=\"startdate\"><div class=\"event-weekday\">Thu<\/div><div class=\"event-day\">14<\/div><div class=\"event-month\">May<\/div><div class=\"event-year\">2026<\/div><\/div><div class=\"enddate\"><div class=\"event-weekday\">Sat<\/div><div class=\"event-day\">16<\/div><div class=\"event-month\">May<\/div><div class=\"event-year\">2026<\/div><\/div><\/div>\n\t\t\t\t\t<div class=\"event-info multi-day\"><div class=\"event-title\"><h3><a href=\"https:\/\/cter.edu.pl\/?page_id=254&amp;lang=pl&amp;rest_route=%2Fwp%2Fv2%2Fpages%2F254&amp;event_id1=7620\">7th International Conference on Non-Professional Interpreting and Translation (NPIT7)<\/a><\/h3><\/div><span class=\"event-location\">Graz, Austria<\/span><div class=\"event-content\"><p>The 7th International Conference on Non-Professional Interpreting and Translation (NPIT7) invites exploration of multilingual practices in a diversity of spaces and times within migratory, diasporic, and globalized contexts. Non-professional translation and interpreting take place in varied urban and rural spaces, both public and private, such as schools, hospitals, museums, public service departments, as well as political, religious, or cultural institutions.<\/p>\n<p>Deadline: October 5, 2025.<\/p>\n<p><a href=\"https:\/\/npit7-conference.uni-graz.at\/en\/npit-conference-2026\/call-for-papers\/\" target=\"_blank\" rel=\"noopener\">https:\/\/npit7-conference.uni-graz.at\/en\/npit-conference-2026\/call-for-papers\/<\/a><\/p>\n<\/div><\/div>\n\t\t\t\t<\/li>\n\t\t\t \t<li class=\"event \">\n\t\t\t\t\t<div class=\"event-date single-date\"><div class=\"enddate\"><div class=\"event-weekday\">Tue<\/div><div class=\"event-day\">12<\/div><div class=\"event-month\">May<\/div><div class=\"event-year\">2026<\/div><\/div><\/div>\n\t\t\t\t\t<div class=\"event-info multi-day\"><div class=\"event-title\"><h3><a href=\"https:\/\/cter.edu.pl\/?page_id=254&amp;lang=pl&amp;rest_route=%2Fwp%2Fv2%2Fpages%2F254&amp;event_id1=7654\">2nd International Workshop on Gaze Data and Natural Language Processing at LREC 2026<\/a><\/h3><\/div><span class=\"event-location\">Palma de Mallorca, Spain<\/span><div class=\"event-content\"><p>The Second Workshop on Gaze Data and Natural Language Processing (Gaze4NLP), co-located with LREC 2026 in Palma de Mallorca, Spain, invites papers of a theoretical or experimental nature describing research methodologies by employing interdisciplinary perspectives, including computer science and engineering perspectives and cognitive sciences, and identifying challenges to resolve in the intersection of the two domains: eye tracking and NLP. Gaze4NLP aims to bring together researchers conducting research on eyes on eyes on text and NLP; and establishing bridges between them for identifying future venues of research.<\/p>\n<p>Deadline: February 16, 2026<\/p>\n<p>https:\/\/gaze4nlp.github.io\/Gaze4NLP2026\/<\/p>\n<\/div><\/div>\n\t\t\t\t<\/li>\n\t\t\t \t<li class=\"event \">\n\t\t\t\t\t<div class=\"event-date single-date\"><div class=\"enddate\"><div class=\"event-weekday\">Fri<\/div><div class=\"event-day\">24<\/div><div class=\"event-month\">Apr<\/div><div class=\"event-year\">2026<\/div><\/div><\/div>\n\t\t\t\t\t<div class=\"event-info multi-day\"><div class=\"event-title\"><h3><a href=\"https:\/\/cter.edu.pl\/?page_id=254&amp;lang=pl&amp;rest_route=%2Fwp%2Fv2%2Fpages%2F254&amp;event_id1=7612\">Translating conflict and refuge: language, displacement, and the politics of representation<\/a><\/h3><\/div><span class=\"event-location\">Cambridge, United Kingdom<\/span><div class=\"event-content\"><p>This event will bring together translators, interpreters, scholars, NGO representatives, and volunteers to develop a deeper understanding of the complex demands and realities involved in translating conflict and refuge. Our aim is to create a space for meaningful exchange as well as to generate concrete opportunities for collaboration.<\/p>\n<p>Deadline for Abstract Submission: December 5, 2025.<\/p>\n<p><a href=\"https:\/\/www.mmll.cam.ac.uk\/news\/call-papers-translating-conflict-refuge-language-displacement-politics-representation\" target=\"_blank\" rel=\"noopener\">https:\/\/www.mmll.cam.ac.uk\/news\/call-papers-translating-conflict-refuge-language-displacement-politics-representation<\/a><\/p>\n<\/div><\/div>\n\t\t\t\t<\/li>\n\t\t\t \t<li class=\"event \">\n\t\t\t\t\t<div class=\"event-date multi-date\"><div class=\"startdate\"><div class=\"event-weekday\">Wed<\/div><div class=\"event-day\">22<\/div><div class=\"event-month\">Apr<\/div><div class=\"event-year\">2026<\/div><\/div><div class=\"enddate\"><div class=\"event-weekday\">Fri<\/div><div class=\"event-day\">24<\/div><div class=\"event-month\">Apr<\/div><div class=\"event-year\">2026<\/div><\/div><\/div>\n\t\t\t\t\t<div class=\"event-info multi-day\"><div class=\"event-title\"><h3><a href=\"https:\/\/cter.edu.pl\/?page_id=254&amp;lang=pl&amp;rest_route=%2Fwp%2Fv2%2Fpages%2F254&amp;event_id1=7646\">International Conference on Linguistic Research and Applications 2026<\/a><\/h3><\/div><span class=\"event-location\">Athens, Greece<\/span><div class=\"event-content\"><p>The Linguistics 2026 Athens conference envisions a vibrant platform for collaboration and dialogue among established researchers, research groups, and emerging scholars within an integrated context. This unique gathering aims to foster an enriching environment of knowledge exchange, collaboration, and inspiration.<\/p>\n<p>Deadline: February 1, 2026<\/p>\n<p>https:\/\/linguistic-society.com\/<\/p>\n<\/div><\/div>\n\t\t\t\t<\/li>\n\t\t\t \t<li class=\"event \">\n\t\t\t\t\t<div class=\"event-date multi-date\"><div class=\"startdate\"><div class=\"event-weekday\">Fri<\/div><div class=\"event-day\">17<\/div><div class=\"event-month\">Apr<\/div><div class=\"event-year\">2026<\/div><\/div><div class=\"enddate\"><div class=\"event-weekday\">Sat<\/div><div class=\"event-day\">18<\/div><div class=\"event-month\">Apr<\/div><div class=\"event-year\">2026<\/div><\/div><\/div>\n\t\t\t\t\t<div class=\"event-info multi-day\"><div class=\"event-title\"><h3><a href=\"https:\/\/cter.edu.pl\/?page_id=254&amp;lang=pl&amp;rest_route=%2Fwp%2Fv2%2Fpages%2F254&amp;event_id1=7643\">35th Joint Workshop on Linguistics and Language Processing<\/a><\/h3><\/div><span class=\"event-location\">Seoul, South Korea<\/span><div class=\"event-content\"><p>The 35th workshop places a special focus on LLM-driven applications in linguistic research, reflecting the rapid development of large language models and their expanding influence across subfields of linguistics. As LLMs become increasingly relevant to linguistic analysis, language documentation, discourse studies, semantic investigation, and multilingual research, this workshop aims to consider how linguistically grounded approaches can shape emerging language technologies, and how these technologies, in turn, can contribute to linguistic theory and empirical inquiry.<\/p>\n<p>Deadline for Abstract Submission: January 31, 2026.<\/p>\n<p>Site: https:\/\/isli-khu.github.io\/jwllp35\/<\/p>\n<\/div><\/div>\n\t\t\t\t<\/li>\n\t\t\t \t<li class=\"event konferencje-zagraniczne\">\n\t\t\t\t\t<div class=\"event-date single-date\"><div class=\"enddate\"><div class=\"event-weekday\">Tue<\/div><div class=\"event-day\">14<\/div><div class=\"event-month\">Apr<\/div><div class=\"event-year\">2026<\/div><\/div><\/div>\n\t\t\t\t\t<div class=\"event-info multi-day\"><div class=\"event-title\"><h3><a href=\"https:\/\/cter.edu.pl\/?page_id=254&amp;lang=pl&amp;rest_route=%2Fwp%2Fv2%2Fpages%2F254&amp;event_id1=7684\">International Conference on Translation and Interpreting: Applications and Interdisciplinary Research<\/a><\/h3><\/div><span class=\"event-location\">Zurich, Switzerland<\/span><div class=\"event-content\"><p>Our conference brings together translators, interpreters, language professionals, researchers, and educators in the field of translation studies to promote international cooperation and to stand in solidarity with the Ukrainian translation experts who continue fostering interlingual communication despite the arduous conditions of Russia's full-scale invasion. We see our mission in supporting the development of science in Ukraine in the times of greatest trials, and welcome all efforts of the international scientific community to advance our goal.<\/p>\n<p>Deadline for abstract submission: March 17, 2026.<\/p>\n<p>https:\/\/ld-initiatives.ch\/en\/conferences\/<\/p>\n<\/div><\/div>\n\t\t\t\t<\/li>\n\t\t\t \t<li class=\"event \">\n\t\t\t\t\t<div class=\"event-date multi-date\"><div class=\"startdate\"><div class=\"event-weekday\">Wed<\/div><div class=\"event-day\">18<\/div><div class=\"event-month\">Mar<\/div><div class=\"event-year\">2026<\/div><\/div><div class=\"enddate\"><div class=\"event-weekday\">Fri<\/div><div class=\"event-day\">20<\/div><div class=\"event-month\">Mar<\/div><div class=\"event-year\">2026<\/div><\/div><\/div>\n\t\t\t\t\t<div class=\"event-info multi-day\"><div class=\"event-title\"><h3><a href=\"https:\/\/cter.edu.pl\/?page_id=254&amp;lang=pl&amp;rest_route=%2Fwp%2Fv2%2Fpages%2F254&amp;event_id1=7635\">Language of the Third Millennium XIV<\/a><\/h3><\/div><span class=\"event-location\">Krak\u00f3w, Poland<\/span><div class=\"event-content\"><p>We are pleased to announce the upcoming 14th edition of our conference Language of the Third Millennium, to be held on 18-20 March 2026.The conference aims to create a forum dedicated to the exploration of the interplay of modes\u00e2\u20ac\u201dlinguistic, visual, gestural, spatial, aural, and beyond\u00e2\u20ac\u201din meaning-making processes across a wide range of communicative contexts.<\/p>\n<p>Deadline: November 30, 2025.<\/p>\n<p>Site: https:\/\/tertium.edu.pl\/en\/konferencje-tertium\/jezyk-trzeciego-tysiaclecia-xiv-zwrot-ku-multimodalnosci-w-komunikacji\/<\/p>\n<\/div><\/div>\n\t\t\t\t<\/li>\n\t\t\t \t<li class=\"event \">\n\t\t\t\t\t<div class=\"event-date single-date\"><div class=\"enddate\"><div class=\"event-weekday\">Fri<\/div><div class=\"event-day\">27<\/div><div class=\"event-month\">Feb<\/div><div class=\"event-year\">2026<\/div><\/div><\/div>\n\t\t\t\t\t<div class=\"event-info multi-day\"><div class=\"event-title\"><h3><a href=\"https:\/\/cter.edu.pl\/?page_id=254&amp;lang=pl&amp;rest_route=%2Fwp%2Fv2%2Fpages%2F254&amp;event_id1=7639\">SubComm Symposium: AVT Research for Practice<\/a><\/h3><\/div><span class=\"event-location\">Online<\/span><div class=\"event-content\"><p>SubComm will host the first ever virtual SubComm Symposium on Friday 27th February 2026. The event is free and open for anyone to attend. We hope to be able to showcase many examples of audiovisual translation research that has practical relevance. The day will also provide a space for exchange between academics and practitioners, in which they can share their views on research. We welcome abstracts on any topic that is relevant to and applicable in audiovisual translation practice. SubComm has mostly focused on subtitling, but for this symposium, we also welcome talks on other specialisations in audiovisual translation.<\/p>\n<p>Deadline: November 28, 2025.<\/p>\n<p>Site: https:\/\/subcomm.co.uk\/events\/subcomm-symposium-2026\/?fbclid=IwY2xjawNwrs5leHRuA2FlbQIxMQABHn2EY8MxXC5Q8LpTvyfGFNNlo8u-Y4dLZyoRF6Uu_yDwztFGDuz0hODusrFm_aem_zasYTp-wUII_zZejLJKYkA<\/p>\n<\/div><\/div>\n\t\t\t\t<\/li>\n\t\t\t \t<li class=\"event \">\n\t\t\t\t\t<div class=\"event-date multi-date\"><div class=\"startdate\"><div class=\"event-weekday\">Wed<\/div><div class=\"event-day\">11<\/div><div class=\"event-month\">Feb<\/div><div class=\"event-year\">2026<\/div><\/div><div class=\"enddate\"><div class=\"event-weekday\">Thu<\/div><div class=\"event-day\">12<\/div><div class=\"event-month\">Feb<\/div><div class=\"event-year\">2026<\/div><\/div><\/div>\n\t\t\t\t\t<div class=\"event-info multi-day\"><div class=\"event-title\"><h3><a href=\"https:\/\/cter.edu.pl\/?page_id=254&amp;lang=pl&amp;rest_route=%2Fwp%2Fv2%2Fpages%2F254&amp;event_id1=7633\">1st International Conference on English Studies<\/a><\/h3><\/div><span class=\"event-location\">Salalah, Oman<\/span><div class=\"event-content\"><p>The Department of English Language and Literature, College of Arts and Applied Sciences at Dhofar University is pleased to announce the First International Conference on English Studies (ICES 2026), taking place in Salalah, Oman, on 11-12 February 2026. The theme highlights the dynamic intersections of English language, literature, and translation with technology, pedagogy, and culture. This event will serve as a vibrant forum for scholars, researchers, and practitioners to share insights into how English studies are being reshaped by AI and other global transformations. We welcome proposals for oral presentations, poster presentations, and workshops that address the dynamic intersections of English language, literature, and translation with technology, pedagogy, and culture. The conference is organized around three major strands, each exploring how AI and other global transformations are reshaping English studies.<\/p>\n<p>Deadline for Abstract Submission: November 30, 2025.<\/p>\n<p>Site: https:\/\/ell-conf.du.edu.om\/<\/p>\n<\/div><\/div>\n\t\t\t\t<\/li>\n\t\t\t \t<li class=\"event \">\n\t\t\t\t\t<div class=\"event-date multi-date\"><div class=\"startdate\"><div class=\"event-weekday\">Mon<\/div><div class=\"event-day\">09<\/div><div class=\"event-month\">Feb<\/div><div class=\"event-year\">2026<\/div><\/div><div class=\"enddate\"><div class=\"event-weekday\">Tue<\/div><div class=\"event-day\">10<\/div><div class=\"event-month\">Feb<\/div><div class=\"event-year\">2026<\/div><\/div><\/div>\n\t\t\t\t\t<div class=\"event-info multi-day\"><div class=\"event-title\"><h3><a href=\"https:\/\/cter.edu.pl\/?page_id=254&amp;lang=pl&amp;rest_route=%2Fwp%2Fv2%2Fpages%2F254&amp;event_id1=7618\">Reimagining Translation and Literary Studies in the Age of Digital Humanities, AI, and Gamified Narratives<\/a><\/h3><\/div><span class=\"event-location\">Al Ain, United Arab Emirates<\/span><div class=\"event-content\"><p>Recent technological advancements have profoundly reshaped the modes of cultural production, dissemination, and reception, compelling the humanities to re-examine their established frameworks, methodologies, and disciplinary boundaries. Reimagining Translation and Literary Studies in the Age of Digital Humanities, AI, and Gamified Narratives international conference invites scholars, researchers, industry leaders, and creative practitioners to examine how artificial intelligence, digital storytelling, and gamification are transforming translation and literary studies. These forces are not just adding new tools to our repertoire; they are redefining the ways stories are created, adapted, and shared across media, languages, and cultures.<\/p>\n<p>Deadline: October 20, 2025.<\/p>\n<p><a href=\"https:\/\/conferences.uaeu.ac.ae\/translitdh\/en\/call-for-papers.shtml\" target=\"_blank\" rel=\"noopener\">https:\/\/conferences.uaeu.ac.ae\/translitdh\/en\/call-for-papers.shtml<\/a><\/p>\n<\/div><\/div>\n\t\t\t\t<\/li>\n\t\t\t \t<li class=\"event \">\n\t\t\t\t\t<div class=\"event-date multi-date\"><div class=\"startdate\"><div class=\"event-weekday\">Wed<\/div><div class=\"event-day\">10<\/div><div class=\"event-month\">Dec<\/div><div class=\"event-year\">2025<\/div><\/div><div class=\"enddate\"><div class=\"event-weekday\">Sat<\/div><div class=\"event-day\">13<\/div><div class=\"event-month\">Dec<\/div><div class=\"event-year\">2025<\/div><\/div><\/div>\n\t\t\t\t\t<div class=\"event-info multi-day\"><div class=\"event-title\"><h3><a href=\"https:\/\/cter.edu.pl\/?page_id=254&amp;lang=pl&amp;rest_route=%2Fwp%2Fv2%2Fpages%2F254&amp;event_id1=6345\">8th IATIS International Conference<\/a><\/h3><\/div><span class=\"event-location\">Muscat, Oman<\/span><div class=\"event-content\"><p>The conference aims to provide a much-needed forum for scholars from the region and across the world, to discuss the pivotal and changing roles of translation in the construction and circulation of knowledge across languages, cultures, and epistemologies in the age of big data, big capital, and conflicting approaches to safeguarding the future of our planet. We invite scholars from all disciplines and areas of inquiry who are interested in translation in all its forms \u00e2\u20ac\u201c including but not limited to oral, written, audiovisual, multimodal, inter-linguistic, inter-semiotic and inter-cultural translation, in both conventional and non-conventional contexts \u00e2\u20ac\u201c to participate and engage in critical, interdisciplinary discussions that address the multifaceted challenges of sustainability and their implications for translation theory, research, teaching and practice.<\/p>\n<p>Deadline: 15.11.2024<\/p>\n<p>Event site: <a href=\"https:\/\/www.iatis.org\/index.php\/8th-conference-oman-2025\">https:\/\/www.iatis.org\/index.php\/8th-conference-oman-2025<\/a><\/p>\n<\/div><\/div>\n\t\t\t\t<\/li>\n\t\t\t \t<li class=\"event \">\n\t\t\t\t\t<div class=\"event-date multi-date\"><div class=\"startdate\"><div class=\"event-weekday\">Thu<\/div><div class=\"event-day\">06<\/div><div class=\"event-month\">Nov<\/div><div class=\"event-year\">2025<\/div><\/div><div class=\"enddate\"><div class=\"event-weekday\">Sat<\/div><div class=\"event-day\">08<\/div><div class=\"event-month\">Nov<\/div><div class=\"event-year\">2025<\/div><\/div><\/div>\n\t\t\t\t\t<div class=\"event-info multi-day\"><div class=\"event-title\"><h3><a href=\"https:\/\/cter.edu.pl\/?page_id=254&amp;lang=pl&amp;rest_route=%2Fwp%2Fv2%2Fpages%2F254&amp;event_id1=6625\">15th Hellenic Language and Terminology Conference<\/a><\/h3><\/div><span class=\"event-location\">Athens, Greece<\/span><div class=\"event-content\"><p>The aim of the Conference is to present the current situation of the Greek language from a terminological point of view, as well as methods, practices and tools of Terminology science, and their application in the Greek language environment - monolingual and\/or interlingual -, with a view to promote terminological research and contribute to the present-day terminological enrichment of the Greek language.<\/p>\n<p>Deadline for Abstract Submission: 31.03.2025<\/p>\n<p>Event site:\u00a0<a href=\"https:\/\/eleto.gr\/en\/events\/terminology-conferences\/15th-conference-hellenic-language-and-terminology-athens-6-8-november-2025\/\">https:\/\/eleto.gr\/en\/events\/terminology-conferences\/15th-conference-hellenic-language-and-terminology-athens-6-8-november-2025\/<\/a><\/p>\n<\/div><\/div>\n\t\t\t\t<\/li>\n\t\t\t \t<li class=\"event \">\n\t\t\t\t\t<div class=\"event-date multi-date\"><div class=\"startdate\"><div class=\"event-weekday\">Tue<\/div><div class=\"event-day\">04<\/div><div class=\"event-month\">Nov<\/div><div class=\"event-year\">2025<\/div><\/div><div class=\"enddate\"><div class=\"event-weekday\">Wed<\/div><div class=\"event-day\">05<\/div><div class=\"event-month\">Nov<\/div><div class=\"event-year\">2025<\/div><\/div><\/div>\n\t\t\t\t\t<div class=\"event-info multi-day\"><div class=\"event-title\"><h3><a href=\"https:\/\/cter.edu.pl\/?page_id=254&amp;lang=pl&amp;rest_route=%2Fwp%2Fv2%2Fpages%2F254&amp;event_id1=6620\">Putting Translators on the Map<\/a><\/h3><\/div><span class=\"event-location\">Ghent and Leuven, Belgium<\/span><div class=\"event-content\"><p>For this conference, we invite contributions dealing with (in)visibility and auto\/hetero-representations of translators in translations and their paratexts. To foster exchanges between the individual presentations, we will focus particularly on translations from and into French, from the early modern period to the present day. Through this approach, we aim to revisit some longstanding assumptions regarding the shifting value of French language in transcultural processes of visibility and authority construction, both in France and in the francophone world.<\/p>\n<p>Deadline for Abstract Submission: May 31, 2025.<\/p>\n<p>Event site:\u00a0<a href=\"https:\/\/www.arts.kuleuven.be\/vertaalwetenschap\/english\/ptm\">https:\/\/www.arts.kuleuven.be\/vertaalwetenschap\/english\/ptm<\/a><\/p>\n<\/div><\/div>\n\t\t\t\t<\/li>\n\t\t\t \t<li class=\"event \">\n\t\t\t\t\t<div class=\"event-date multi-date\"><div class=\"startdate\"><div class=\"event-weekday\">Thu<\/div><div class=\"event-day\">16<\/div><div class=\"event-month\">Oct<\/div><div class=\"event-year\">2025<\/div><\/div><div class=\"enddate\"><div class=\"event-weekday\">Fri<\/div><div class=\"event-day\">17<\/div><div class=\"event-month\">Oct<\/div><div class=\"event-year\">2025<\/div><\/div><\/div>\n\t\t\t\t\t<div class=\"event-info multi-day\"><div class=\"event-title\"><h3><a href=\"https:\/\/cter.edu.pl\/?page_id=254&amp;lang=pl&amp;rest_route=%2Fwp%2Fv2%2Fpages%2F254&amp;event_id1=7459\">(De)Constructing Gender in International Judicial Discourse: Actors, Norms and Practices<\/a><\/h3><\/div><span class=\"event-location\">Trieste, Italy<\/span><div class=\"event-content\"><p>The Department of Legal, Language, Translation and Interpreting Studies (IUSLIT) of the University of Trieste hosts a two-day international conference to explore gendered discursive practices in international judicial language and their consequences on the scope of human rights protections. The conference is the final event of the interdisciplinary project \u00e2\u20ac\u015bRights and Prejudice: Linguistic and Legal Implications of Gendered Discourses in Judicial Spaces (GenDJus),\u00e2\u20ac\u0165 financed by the Italian Ministry of Education and the European Union (Next Generation EU funding scheme).<\/p>\n<p>Deadline: 07.05.2025<\/p>\n<p>Event Site: <a href=\"https:\/\/gendjus.it\/events\/cfp-gendjus-final-conference-deconstructing-gender-international-judicial-discourse-actors?fbclid=IwY2xjawJJA4RleHRuA2FlbQIxMQABHbYWRyIgx3Z3rSfBQ2cvzbVFWRlN1vTHWFtPSS69sg44JrEIHryq23wZYw_aem_OYg_AXWM-oBOvpSL4g7FBw\">https:\/\/gendjus.it\/events\/cfp-gendjus-final-conference-deconstructing-gender-international-judicial-discourse-actors?fbclid=IwY2xjawJJA4RleHRuA2FlbQIxMQABHbYWRyIgx3Z3rSfBQ2cvzbVFWRlN1vTHWFtPSS69sg44JrEIHryq23wZYw_aem_OYg_AXWM-oBOvpSL4g7FBw<\/a><\/p>\n<\/div><\/div>\n\t\t\t\t<\/li>\n\t\t\t \t<li class=\"event \">\n\t\t\t\t\t<div class=\"event-date multi-date\"><div class=\"startdate\"><div class=\"event-weekday\">Fri<\/div><div class=\"event-day\">10<\/div><div class=\"event-month\">Oct<\/div><div class=\"event-year\">2025<\/div><\/div><div class=\"enddate\"><div class=\"event-weekday\">Sat<\/div><div class=\"event-day\">11<\/div><div class=\"event-month\">Oct<\/div><div class=\"event-year\">2025<\/div><\/div><\/div>\n\t\t\t\t\t<div class=\"event-info multi-day\"><div class=\"event-title\"><h3><a href=\"https:\/\/cter.edu.pl\/?page_id=254&amp;lang=pl&amp;rest_route=%2Fwp%2Fv2%2Fpages%2F254&amp;event_id1=7521\">Teaching Languages and Cultures<\/a><\/h3><\/div><span class=\"event-time\">00:01<\/span><span class=\"event-location\">Nis, Serbia<\/span><div class=\"event-content\"><p>Proposals are invited for individual (or co-authored) papers and workshops on theoretical or applied aspects of foreign language learning and teaching, including (but not limited to) teaching methodologies, developing all language skills as well as (intercultural) communicative competence, teaching literature, assessing language and culture, translation, teacher training and professional development, EMI and ESP, and language policies.<br \/>Deadline: July 1, 2025.<br \/>https:\/\/tlcnis.weebly.com\/proposals.html\/<\/p>\n<\/div><\/div>\n\t\t\t\t<\/li>\n\t\t\t \t<li class=\"event \">\n\t\t\t\t\t<div class=\"event-date multi-date\"><div class=\"startdate\"><div class=\"event-weekday\">Thu<\/div><div class=\"event-day\">02<\/div><div class=\"event-month\">Oct<\/div><div class=\"event-year\">2025<\/div><\/div><div class=\"enddate\"><div class=\"event-weekday\">Fri<\/div><div class=\"event-day\">03<\/div><div class=\"event-month\">Oct<\/div><div class=\"event-year\">2025<\/div><\/div><\/div>\n\t\t\t\t\t<div class=\"event-info multi-day\"><div class=\"event-title\"><h3><a href=\"https:\/\/cter.edu.pl\/?page_id=254&amp;lang=pl&amp;rest_route=%2Fwp%2Fv2%2Fpages%2F254&amp;event_id1=6613\">SKY Symposium 2025<\/a><\/h3><\/div><span class=\"event-location\">Tampere, Finland<\/span><div class=\"event-content\"><p>The aim of this symposium is to bring together researchers from different traditions, working with topics related to meaning. We hope the symposium will provide a common forum for all researchers interested in meaning but looking at it from different angles, so as to encourage new combinations of ideas and new vantage points to meaning.<\/p>\n<p>Deadline for Abstract Submission: April 22, 2025.<\/p>\n<p>Event site:\u00a0<a href=\"https:\/\/events.tuni.fi\/skysymposium2025\/call-for-papers\/\">https:\/\/events.tuni.fi\/skysymposium2025\/call-for-papers\/<\/a><\/p>\n<\/div><\/div>\n\t\t\t\t<\/li>\n\t\t\t \t<li class=\"event \">\n\t\t\t\t\t<div class=\"event-date multi-date\"><div class=\"startdate\"><div class=\"event-weekday\">Thu<\/div><div class=\"event-day\">25<\/div><div class=\"event-month\">Sep<\/div><div class=\"event-year\">2025<\/div><\/div><div class=\"enddate\"><div class=\"event-weekday\">Fri<\/div><div class=\"event-day\">26<\/div><div class=\"event-month\">Sep<\/div><div class=\"event-year\">2025<\/div><\/div><\/div>\n\t\t\t\t\t<div class=\"event-info multi-day\"><div class=\"event-title\"><h3><a href=\"https:\/\/cter.edu.pl\/?page_id=254&amp;lang=pl&amp;rest_route=%2Fwp%2Fv2%2Fpages%2F254&amp;event_id1=6615\">The \u0141\u00f3d\u017a-ZHAW Duo Colloquium on Translation and Meaning<\/a><\/h3><\/div><span class=\"event-location\">\u0141\u00f3d\u017a, Poland<\/span><div class=\"event-content\"><p>This year's central theme is After AI: Human(e) translation. Few professions and practices have been so directly affected by recent advances in AI as the language professions and the practices of translation and interpreting. As we re-evaluate our roles and our practices, questions of humanity and humane-ness remain central. How do humans remain involved in translation: both in the shaping of processes, and as users and readers of texts, and recipients and interpreters of utterances? Human(e) translation can be interpreted broadly, from the geopolitical to the textual to the commercial, and embraces both academic and professional considerations of translation and interpreting phenomena in the age of AI.<\/p>\n<p>Deadline for Abstract Submission: June 15, 2025<\/p>\n<p>Event site:\u00a0<a href=\"https:\/\/www.uni.lodz.pl\/duo-colloquium\/\">https:\/\/www.uni.lodz.pl\/duo-colloquium\/<\/a><\/p>\n<\/div><\/div>\n\t\t\t\t<\/li>\n\t\t\t \t<li class=\"event \">\n\t\t\t\t\t<div class=\"event-date multi-date\"><div class=\"startdate\"><div class=\"event-weekday\">Wed<\/div><div class=\"event-day\">24<\/div><div class=\"event-month\">Sep<\/div><div class=\"event-year\">2025<\/div><\/div><div class=\"enddate\"><div class=\"event-weekday\">Fri<\/div><div class=\"event-day\">26<\/div><div class=\"event-month\">Sep<\/div><div class=\"event-year\">2025<\/div><\/div><\/div>\n\t\t\t\t\t<div class=\"event-info multi-day\"><div class=\"event-title\"><h3><a href=\"https:\/\/cter.edu.pl\/?page_id=254&amp;lang=pl&amp;rest_route=%2Fwp%2Fv2%2Fpages%2F254&amp;event_id1=6356\">Translation, Interpreting and Culture<\/a><\/h3><\/div><span class=\"event-location\">Bansk\u00e1 Bystrica, Slovakia<\/span><div class=\"event-content\"><p>The conference aims to explore the intricate relationship between translation, interpreting, and societal dynamics. We seek papers investigating how translators and interpreters influence and are influenced by cultural, political, and social forces, shaping and reflecting society's evolving needs.<\/p>\n<p>Deadline: 31.01.2025<\/p>\n<p>Event site: <a href=\"https:\/\/www.tic-conference.eu\/en\/aims-and-purpose\/\">https:\/\/www.tic-conference.eu\/en\/aims-and-purpose\/<\/a><\/p>\n<\/div><\/div>\n\t\t\t\t<\/li>\n\t\t\t \t<li class=\"event \">\n\t\t\t\t\t<div class=\"event-date multi-date\"><div class=\"startdate\"><div class=\"event-weekday\">Thu<\/div><div class=\"event-day\">18<\/div><div class=\"event-month\">Sep<\/div><div class=\"event-year\">2025<\/div><\/div><div class=\"enddate\"><div class=\"event-weekday\">Fri<\/div><div class=\"event-day\">19<\/div><div class=\"event-month\">Sep<\/div><div class=\"event-year\">2025<\/div><\/div><\/div>\n\t\t\t\t\t<div class=\"event-info multi-day\"><div class=\"event-title\"><h3><a href=\"https:\/\/cter.edu.pl\/?page_id=254&amp;lang=pl&amp;rest_route=%2Fwp%2Fv2%2Fpages%2F254&amp;event_id1=6545\">La Correspondance des traducteurs\/Translators&#039; Correspondence<\/a><\/h3><\/div><span class=\"event-location\">Mulhouse, France<\/span><div class=\"event-content\"><p>This international conference aims to explore translators' correspondence in its various forms. The purpose is to analyse the role and ethos of translators as they emerge from their written exchanges with other agents involved in the translation process, in either literary or pragmatic translation. The focus will be on the (paper or digital) correspondence that translators maintain with their authors, as well as with publishers, literary agents, editors, co-translators, etc.<\/p>\n<p>Deadline for Abstract Submission: May 5, 2025.<\/p>\n<p>Event Site: <a href=\"https:\/\/www.ille.uha.fr\/la-correspondance-des-traducteurs-translators-correspondence\/\">https:\/\/www.ille.uha.fr\/la-correspondance-des-traducteurs-translators-correspondence\/<\/a><\/p>\n<\/div><\/div>\n\t\t\t\t<\/li>\n\t\t\t \t<li class=\"event \">\n\t\t\t\t\t<div class=\"event-date multi-date\"><div class=\"startdate\"><div class=\"event-weekday\">Wed<\/div><div class=\"event-day\">17<\/div><div class=\"event-month\">Sep<\/div><div class=\"event-year\">2025<\/div><\/div><div class=\"enddate\"><div class=\"event-weekday\">Fri<\/div><div class=\"event-day\">19<\/div><div class=\"event-month\">Sep<\/div><div class=\"event-year\">2025<\/div><\/div><\/div>\n\t\t\t\t\t<div class=\"event-info multi-day\"><div class=\"event-title\"><h3><a href=\"https:\/\/cter.edu.pl\/?page_id=254&amp;lang=pl&amp;rest_route=%2Fwp%2Fv2%2Fpages%2F254&amp;event_id1=6556\">11th International Contrastive Linguistics Conference<\/a><\/h3><\/div><span class=\"event-location\">Prague, Czechia<\/span><div class=\"event-content\"><p>The Faculty of Arts at Charles University in Prague is pleased to announce the 11th International Contrastive Linguistics Conference. The ICLC conference series, running since 1998, aims to promote fine-grained cross-linguistic research comprising two or more languages from a broad range of theoretical and methodological perspectives. Following the success of ICLC-10 in Mannheim 2023, ICLC-11 wants to bring together researchers from different linguistic subfields and neighbouring disciplines to continue the interdisciplinary dialogue on comparing languages, to foster the development of an international community and to advance possible new areas of cross-linguistic research.<\/p>\n<p>Deadline for Abstract Submission: 24.02.2025<\/p>\n<p>Event site: <a href=\"https:\/\/iclc11.ff.cuni.cz\/\">https:\/\/iclc11.ff.cuni.cz\/ <\/a><\/p>\n<\/div><\/div>\n\t\t\t\t<\/li>\n\t\t\t \t<li class=\"event \">\n\t\t\t\t\t<div class=\"event-date multi-date\"><div class=\"startdate\"><div class=\"event-weekday\">Wed<\/div><div class=\"event-day\">10<\/div><div class=\"event-month\">Sep<\/div><div class=\"event-year\">2025<\/div><\/div><div class=\"enddate\"><div class=\"event-weekday\">Fri<\/div><div class=\"event-day\">12<\/div><div class=\"event-month\">Sep<\/div><div class=\"event-year\">2025<\/div><\/div><\/div>\n\t\t\t\t\t<div class=\"event-info multi-day\"><div class=\"event-title\"><h3><a href=\"https:\/\/cter.edu.pl\/?page_id=254&amp;lang=pl&amp;rest_route=%2Fwp%2Fv2%2Fpages%2F254&amp;event_id1=6335\">DARCI Conference<\/a><\/h3><\/div><span class=\"event-location\">York, UK<\/span><div class=\"event-content\"><p>The Conference on Disability, Accessibility and Representation in the Creative Industries (DARCI) welcomes contributions that approach research and practice in the fields of disability, accessibility and representation from diverse perspectives. We welcome submissions from all areas of the creative industries, including theatre, film, television, music, gaming and interactive media more generally, as well as those linked to heritage and other cultural sites.<\/p>\n<p>Deadline: November 4, 2024<\/p>\n<p>Event site: <a href=\"https:\/\/enhancingaudiodescription.com\/darci-conference-announcement\">https:\/\/enhancingaudiodescription.com\/darci-conference-announcement<\/a><\/p>\n<\/div><\/div>\n\t\t\t\t<\/li>\n\t\t\t \t<li class=\"event konferencje-krajowe\">\n\t\t\t\t\t<div class=\"event-date multi-date\"><div class=\"startdate\"><div class=\"event-weekday\">Wed<\/div><div class=\"event-day\">10<\/div><div class=\"event-month\">Sep<\/div><div class=\"event-year\">2025<\/div><\/div><div class=\"enddate\"><div class=\"event-weekday\">Fri<\/div><div class=\"event-day\">12<\/div><div class=\"event-month\">Sep<\/div><div class=\"event-year\">2025<\/div><\/div><\/div>\n\t\t\t\t\t<div class=\"event-info multi-day\"><div class=\"event-title\"><h3><a href=\"https:\/\/cter.edu.pl\/?page_id=254&amp;lang=pl&amp;rest_route=%2Fwp%2Fv2%2Fpages%2F254&amp;event_id1=7534\">English and Other Languages on the Labour Market. Perspectives of Collaboration Between Philology Departments and Companies<\/a><\/h3><\/div><span class=\"event-location\">online<\/span><div class=\"event-content\"><p>We are pleased to invite you to the interdisciplinary international conference \u2018English and Other Languages on the Labour Market: Perspectives of Collaboration Between Philology Departments and Companies\u2019, which will be held at the University of Economics and Humanities in Bielsko-Bia\u0142a, Poland, on September 10-12, 2025. The conference will take place online via Zoom. The links to the online sessions will be sent to you by email in early September, before the conference.<\/p>\n<p>The purpose of the conference will be an exchange of both theoretical and practical knowledge and experience between linguists, economists, language professionals and representatives of the world of business.<\/p>\n<p>Possible topics include, but are not limited to:<\/p>\n<p>Thematic area 1: Translator and interpreter training; LSP in translator and interpreter training; the challenges of specialist translation and interpreting.<br \/>\n1. The role of student internships in translator training.<br \/>\n2. The localisation of specialist software, for example, medical equipment software.<br \/>\n3. The translation of product descriptions, for example, biochemical terminology in the descriptions of cosmetics and food supplements.<br \/>\n4. Translator and interpreter ethics in the age of AI and machine translation.<br \/>\n5. Technical translation and equipment safety; cooperation between translators and engineers.<br \/>\n6. Differences in terminology between languages.<br \/>\n7. Website localisation in different industries.<br \/>\n8. Legal translation in international companies (contracts, statutes, etc.); cooperation between translators and lawyers.<\/p>\n<p>Thematic area 2: Language competences and job requirements<br \/>\n1. Possibilities of cooperation between companies and universities regarding foreign language teaching and learning.<br \/>\n2. The place of English and other foreign languages in job offers and job descriptions.<br \/>\n3. Ways of verifying job candidates\u2019 foreign language competence.<br \/>\n4. Employers\u2019 expectations regarding their employees\u2019 foreign language competence and skills.<br \/>\n5. Various dimensions of intercultural competence at work.<br \/>\n6. Traditional philology and the requirements of the labour market: a possible need for new curricula and a redefinition of philology.<br \/>\n7. Is English enough? The need for English and other languages.<br \/>\n8. Language ecology on the labour market and in the workplace. Sociolinguistic factors in workplace communication.<br \/>\n9. The language policies of companies and institutions.<br \/>\n10. The linguistic landscapes of international corporations.<br \/>\n11. English and other languages in international cooperation (international partnerships, foreign language use in territorial self-government institutions).<br \/>\n12. Business English as a Lingua Franca (BELF): challenges and opportunities.<br \/>\n13. Teaching Polish to Ukrainians.<br \/>\n14. The integration of immigrants into the labour market.<\/p>\n<p>Thematic area 3: LSP teaching and lecturing in English in disciplines other than English Philology<br \/>\n1. The challenges of teaching LSP: textbook availability and adequacy, the use of authentic materials.<br \/>\n2. The elaboration of teaching materials: textbook writing and the use of authentic materials. Legal issues, e.g. the use of authentic documents, corporate secrets and data protection.<br \/>\n3. English in medicine: the use of English in the health service, medical students\u2019 language needs and their motivation for learning English.<br \/>\n4. Teaching sciences that involve counting (mathematics, economics, engineering, etc.) and mental processes involved in counting in English as a foreign language.<br \/>\n5. Training sessions and materials in English and the language needs of students and practitioners of less well researched disciplines (for example, beauticians, hairdressers, etc.).<br \/>\n6. Who should teach LSP: teachers with a philological background or specialists in a given field?<br \/>\n7. CLIL in secondary education and teaching academic subjects in English in higher education. The effect of CLIL on English language competence and on secondary school students\u2019 choices of university studies.<br \/>\n8. LSP from the perspectives of teachers, students and employers.<\/p>\n<p>In addition to the paper presentation sessions, there will be a discussion panel with the participation of a representative of the Katowice Special Economic Zone and representatives of the world of business. For participants who are interested, a workshop on teaching LSP will be conducted by a representative of Oxford University Press.<\/p>\n<ul>\n<li>Submission deadline: 30 June 2025<\/li>\n<li>Meeting URL: <a href=\"https:\/\/wseh.pl\/pl\/page\/international-conference.html\" rel=\"nofollow\">https:\/\/wseh.pl\/pl\/page\/international-conference.html<\/a><\/li>\n<li>Conference website: <a href=\"https:\/\/wseh.pl\/pl\/page\/international-conference.html\" target=\"_blank\" rel=\"noopener\">https:\/\/wseh.pl\/pl\/page\/international-conference.html<\/a><\/li>\n<\/ul>\n<\/div><\/div>\n\t\t\t\t<\/li>\n\t\t\t \t<li class=\"event \">\n\t\t\t\t\t<div class=\"event-date single-date\"><div class=\"enddate\"><div class=\"event-weekday\">Wed<\/div><div class=\"event-day\">10<\/div><div class=\"event-month\">Sep<\/div><div class=\"event-year\">2025<\/div><\/div><\/div>\n\t\t\t\t\t<div class=\"event-info multi-day\"><div class=\"event-title\"><h3><a href=\"https:\/\/cter.edu.pl\/?page_id=254&amp;lang=pl&amp;rest_route=%2Fwp%2Fv2%2Fpages%2F254&amp;event_id1=6475\">Using Corpora in Contrastive and Translation Studies (8th edition)<\/a><\/h3><\/div><span class=\"event-location\">Hildesheim, Germany<\/span><div class=\"event-content\"><p>UCCTS conference series are meant to bring together researchers who collect, annotate, analyze corpora and\/or use them to inform contrastive linguistics and translation theory and\/or develop corpus-informed tools (in foreign language teaching, language testing and quality assessment, translation pedagogy, computer-aided\/machine translation or other related NLP domains). We invite original submissions that open to various topics within empirical contrastive linguistics and translation studies (see below). We welcome interdisciplinary contributions that combine corpus data with other types of empirical data (e.g. experiment) and allow for an interplay between different methods and data types. Moreover, we encourage contributions applying information and computational technologies including Large Language Models (LLMs).<\/p>\n<p>Deadline: 10.02.2025<\/p>\n<p>Event site: https:\/\/www.uni-hildesheim.de\/fb3\/institute-1\/institut-fuer-uebersetzungswissenschaft-fachkommunikation\/tagungen\/uccts2025\/cfp\/<\/p>\n<\/div><\/div>\n\t\t\t\t<\/li>\n\t\t\t \t<li class=\"event \">\n\t\t\t\t\t<div class=\"event-date multi-date\"><div class=\"startdate\"><div class=\"event-weekday\">Thu<\/div><div class=\"event-day\">04<\/div><div class=\"event-month\">Sep<\/div><div class=\"event-year\">2025<\/div><\/div><div class=\"enddate\"><div class=\"event-weekday\">Sat<\/div><div class=\"event-day\">06<\/div><div class=\"event-month\">Sep<\/div><div class=\"event-year\">2025<\/div><\/div><\/div>\n\t\t\t\t\t<div class=\"event-info multi-day\"><div class=\"event-title\"><h3><a href=\"https:\/\/cter.edu.pl\/?page_id=254&amp;lang=pl&amp;rest_route=%2Fwp%2Fv2%2Fpages%2F254&amp;event_id1=6343\">FIT World Congress 2025<\/a><\/h3><\/div><span class=\"event-location\">Geneva, Switzerland<\/span><div class=\"event-content\"><p>The theme of the XXIII FIT World Congress, \"Mastering the Machine: shaping an intelligent future\", addresses the burning issues surrounding artificial intelligence (AI) and its relationship with all areas of translation, terminology and interpreting (TTI).<\/p>\n<p>Deadline: 01.11.2024<\/p>\n<p>Event site: <a href=\"https:\/\/fitift.eventsair.com\/PresentationPortal\/Account\/Login?ReturnUrl=%2FPresentationPortal%2Ffit2025%2Fabstract-en\">https:\/\/fitift.eventsair.com\/PresentationPortal\/Account\/Login?ReturnUrl=%2FPresentationPortal%2Ffit2025%2Fabstract-en<\/a><\/p>\n<\/div><\/div>\n\t\t\t\t<\/li>\n\t\t\t \t<li class=\"event \">\n\t\t\t\t\t<div class=\"event-date multi-date\"><div class=\"startdate\"><div class=\"event-weekday\">Mon<\/div><div class=\"event-day\">07<\/div><div class=\"event-month\">Jul<\/div><div class=\"event-year\">2025<\/div><\/div><div class=\"enddate\"><div class=\"event-weekday\">Wed<\/div><div class=\"event-day\">09<\/div><div class=\"event-month\">Jul<\/div><div class=\"event-year\">2025<\/div><\/div><\/div>\n\t\t\t\t\t<div class=\"event-info multi-day\"><div class=\"event-title\"><h3><a href=\"https:\/\/cter.edu.pl\/?page_id=254&amp;lang=pl&amp;rest_route=%2Fwp%2Fv2%2Fpages%2F254&amp;event_id1=6271\">Transius conference<\/a><\/h3><\/div><span class=\"event-location\">Geneva, Switzerland<\/span><div class=\"event-content\"><p>The Transius conference, which is organised in collaboration with IAMLADP\u2019s Universities Contact Group (UCG), is a unique international forum for knowledge transfer, dialogue and networking between researchers, practitioners, trainers and trainees. It combines keynote lectures, parallel paper presentations, a poster session and thematic roundtables on the latest developments in the field.<\/p>\n<p>Deadline for Abstract Submission: November 3, 2024.<\/p>\n<p>Event site: <a href=\"https:\/\/transius.unige.ch\/en\/conferences-and-seminars\/international-conferences\/tc25\/cfp\/\">https:\/\/transius.unige.ch\/en\/conferences-and-seminars\/international-conferences\/tc25\/cfp\/<\/a><\/p>\n<\/div><\/div>\n\t\t\t\t<\/li>\n\t\t\t \t<li class=\"event \">\n\t\t\t\t\t<div class=\"event-date multi-date\"><div class=\"startdate\"><div class=\"event-weekday\">Sun<\/div><div class=\"event-day\">06<\/div><div class=\"event-month\">Jul<\/div><div class=\"event-year\">2025<\/div><\/div><div class=\"enddate\"><div class=\"event-weekday\">Thu<\/div><div class=\"event-day\">10<\/div><div class=\"event-month\">Jul<\/div><div class=\"event-year\">2025<\/div><\/div><\/div>\n\t\t\t\t\t<div class=\"event-info multi-day\"><div class=\"event-title\"><h3><a href=\"https:\/\/cter.edu.pl\/?page_id=254&amp;lang=pl&amp;rest_route=%2Fwp%2Fv2%2Fpages%2F254&amp;event_id1=6339\">The 6th Edition of the European Colloquium on Gender and Translation<\/a><\/h3><\/div><span class=\"event-location\">Barcelona, Spain<\/span><div class=\"event-content\"><p>By considering gender as a multidimensional category that necessarily intersects with race, ethnicity, sexuality, (dis)ability, age, class or religion, the sixth edition of this scholarly event invites submissions of abstracts for 20-minute papers discussing intersectionality, feminisms and translation &amp; interpreting. More generally, the colloquium aims at opening a forum for discussion and reflection on the contribution offered by practitioners, stakeholders and scholars to the study of translation and interpreting as activism and an agent of change.<\/p>\n<p>Deadline: December 15, 2024<\/p>\n<p>Event site:\u00a0<a href=\"https:\/\/www.uab.cat\/web\/newsroom\/news-detail\/the-6th-edition-of-the-european-colloquium-on-gender-and-translation-is-coming-to-the-uab-this-summer-1345668003610.html?noticiaid=1345928280584\">https:\/\/www.uab.cat\/web\/newsroom\/news-detail\/the-6th-edition-of-the-european-colloquium-on-gender-and-translation-is-coming-to-the-uab-this-summer-1345668003610.html?noticiaid=1345928280584<\/a><\/p>\n<\/div><\/div>\n\t\t\t\t<\/li>\n\t\t\t \t<li class=\"event \">\n\t\t\t\t\t<div class=\"event-date multi-date\"><div class=\"startdate\"><div class=\"event-weekday\">Mon<\/div><div class=\"event-day\">30<\/div><div class=\"event-month\">Jun<\/div><div class=\"event-year\">2025<\/div><\/div><div class=\"enddate\"><div class=\"event-weekday\">Thu<\/div><div class=\"event-day\">03<\/div><div class=\"event-month\">Jul<\/div><div class=\"event-year\">2025<\/div><\/div><\/div>\n\t\t\t\t\t<div class=\"event-info multi-day\"><div class=\"event-title\"><h3><a href=\"https:\/\/cter.edu.pl\/?page_id=254&amp;lang=pl&amp;rest_route=%2Fwp%2Fv2%2Fpages%2F254&amp;event_id1=6162\">11th EST Congress: The Changing Faces of Translation and Interpreting Studies<\/a><\/h3><\/div><span class=\"event-location\">Leeds, England<\/span><div class=\"event-content\"><p style=\"text-align: justify;\">In this Congress we aim to take stock of these different faces and discourses by sharing different needs and expectations, contrasting conceptual understandings of what translation and interpreting are, and reflecting on potential roles and opportunities for collaboration. The Congress will offer a fruitful forum for dialogue and collaboration between academics from different areas as well as stakeholders from across the industry.<\/p>\n<p><strong>Deadline for abstract submission:<\/strong> 26 July 2024<\/p>\n<p><strong>Site:<\/strong> <a href=\"https:\/\/ahc.leeds.ac.uk\/languages\/events\/event\/2764\/11th-est-congress-the-changing-faces-of-translation-and-interpreting-studies\" target=\"_blank\" rel=\"noopener\">https:\/\/ahc.leeds.ac.uk\/languages\/events\/event\/2764\/11th-est-congress-the-changing-faces-of-translation-and-interpreting-studies<\/a><\/p>\n<\/div><\/div>\n\t\t\t\t<\/li>\n\t\t\t \t<li class=\"event \">\n\t\t\t\t\t<div class=\"event-date multi-date\"><div class=\"startdate\"><div class=\"event-weekday\">Wed<\/div><div class=\"event-day\">25<\/div><div class=\"event-month\">Jun<\/div><div class=\"event-year\">2025<\/div><\/div><div class=\"enddate\"><div class=\"event-weekday\">Fri<\/div><div class=\"event-day\">27<\/div><div class=\"event-month\">Jun<\/div><div class=\"event-year\">2025<\/div><\/div><\/div>\n\t\t\t\t\t<div class=\"event-info multi-day\"><div class=\"event-title\"><h3><a href=\"https:\/\/cter.edu.pl\/?page_id=254&amp;lang=pl&amp;rest_route=%2Fwp%2Fv2%2Fpages%2F254&amp;event_id1=6351\">23rd International and Interdisciplinary Conference on Communication, Medicine and Ethics<\/a><\/h3><\/div><span class=\"event-location\">Pozna\u0144, Poland<\/span><div class=\"event-content\"><p>The COMET conference aims to bring together scholars from different disciplinary backgrounds involving various healthcare specialties and the human and social sciences. A special emphasis is on the dissemination of ongoing research in language\/discourse\/communication studies in relation to healthcare education, patient participation and professional ethics.<\/p>\n<p>Deadline: 20.12.2024<\/p>\n<p>Event site: <a href=\"https:\/\/comet2025.web.amu.edu.pl\/\">https:\/\/comet2025.web.amu.edu.pl\/<\/a><\/p>\n<\/div><\/div>\n\t\t\t\t<\/li>\n\t\t\t \t<li class=\"event \">\n\t\t\t\t\t<div class=\"event-date multi-date\"><div class=\"startdate\"><div class=\"event-weekday\">Tue<\/div><div class=\"event-day\">24<\/div><div class=\"event-month\">Jun<\/div><div class=\"event-year\">2025<\/div><\/div><div class=\"enddate\"><div class=\"event-weekday\">Thu<\/div><div class=\"event-day\">26<\/div><div class=\"event-month\">Jun<\/div><div class=\"event-year\">2025<\/div><\/div><\/div>\n\t\t\t\t\t<div class=\"event-info multi-day\"><div class=\"event-title\"><h3><a href=\"https:\/\/cter.edu.pl\/?page_id=254&amp;lang=pl&amp;rest_route=%2Fwp%2Fv2%2Fpages%2F254&amp;event_id1=7457\">5th International Congress of Language and Translation Studies<\/a><\/h3><\/div><span class=\"event-location\">Sel\u00e7uk, Turkey<\/span><div class=\"event-content\"><p>The congress aims to bring together distinguished scholars and researchers studying linguistics, translation studies, SLA, culture studies, and foreign language teaching. Its objective is to review the theories and research techniques in these fields, address contemporary issues, evaluate past and present critically, and make suggestions for the future. We intend for the congress to pave the way for new perspectives and directions, creating a dynamic for discussions that transcend binary oppositions between the past and the present, the old and the new, and the traditional and the modern.<\/p>\n<p>Deadline for Abstract Submission: June 30, 2025<\/p>\n<p>Event Site: <a href=\"https:\/\/lotuscongress.selcuk.edu.tr\/#\">https:\/\/lotuscongress.selcuk.edu.tr\/#<\/a><\/p>\n<\/div><\/div>\n\t\t\t\t<\/li>\n\t\t\t \t<li class=\"event \">\n\t\t\t\t\t<div class=\"event-date single-date\"><div class=\"enddate\"><div class=\"event-weekday\">Tue<\/div><div class=\"event-day\">24<\/div><div class=\"event-month\">Jun<\/div><div class=\"event-year\">2025<\/div><\/div><\/div>\n\t\t\t\t\t<div class=\"event-info multi-day\"><div class=\"event-title\"><h3><a href=\"https:\/\/cter.edu.pl\/?page_id=254&amp;lang=pl&amp;rest_route=%2Fwp%2Fv2%2Fpages%2F254&amp;event_id1=6552\">2nd Workshop on Creative-text Translation and Technology<\/a><\/h3><\/div><span class=\"event-location\">Geneva, Switzerland<\/span><div class=\"event-content\"><p>The workshop on Creative-text Translation and Technology (CTT) aims to attract a broad range of attendees, such as researchers, educators, translators and industry stakeholders, to discuss the applicability of language technology on translation efforts. Translation technology encompasses tools such as large language models (LLM), machine translation (MT) and computer-assisted translation (CAT) and their application in creative use cases such as marketing, literature and poetry, audiovisual translation and subtitling, and multilingual content creation on social media. We also encourage paper submissions on reception studies, and the development and user-testing of tools related to creative-text translation.<\/p>\n<p>Deadline for Abstract Submission: 10.03.2025<\/p>\n<p>Event site: <a href=\"https:\/\/ctt2025.ccl.kuleuven.be\/\">https:\/\/ctt2025.ccl.kuleuven.be\/<\/a><\/p>\n<\/div><\/div>\n\t\t\t\t<\/li>\n\t\t\t \t<li class=\"event \">\n\t\t\t\t\t<div class=\"event-date multi-date\"><div class=\"startdate\"><div class=\"event-weekday\">Mon<\/div><div class=\"event-day\">23<\/div><div class=\"event-month\">Jun<\/div><div class=\"event-year\">2025<\/div><\/div><div class=\"enddate\"><div class=\"event-weekday\">Fri<\/div><div class=\"event-day\">27<\/div><div class=\"event-month\">Jun<\/div><div class=\"event-year\">2025<\/div><\/div><\/div>\n\t\t\t\t\t<div class=\"event-info multi-day\"><div class=\"event-title\"><h3><a href=\"https:\/\/cter.edu.pl\/?page_id=254&amp;lang=pl&amp;rest_route=%2Fwp%2Fv2%2Fpages%2F254&amp;event_id1=6275\">20th Machine Translation Summit<\/a><\/h3><\/div><span class=\"event-location\">Geneva, Switzerland<\/span><div class=\"event-content\"><p>The European Association for Machine Translation (EAMT) invites everyone interested in machine translation and translation-related tools and resources \u2015 developers, researchers, users, translation and localization professionals and managers \u2015 to participate in the MT Summit 2025. Driven by the state of the art, the research community will demonstrate their cutting-edge research and results. Professional MT users will provide insights into successful implementation of MT in business scenarios as well as implementation scenarios involving large corporations, governments, or NGOs. Translation studies scholars and translation practitioners are also invited to share their experience with MT.<\/p>\n<p>Deadline: 27.01.2025.<\/p>\n<p>Event site: <a href=\"https:\/\/mtsummit2025.unige.ch\/calls.html\">https:\/\/mtsummit2025.unige.ch\/calls.html<\/a><\/p>\n<\/div><\/div>\n\t\t\t\t<\/li>\n\t\t\t \t<li class=\"event \">\n\t\t\t\t\t<div class=\"event-date multi-date\"><div class=\"startdate\"><div class=\"event-weekday\">Thu<\/div><div class=\"event-day\">19<\/div><div class=\"event-month\">Jun<\/div><div class=\"event-year\">2025<\/div><\/div><div class=\"enddate\"><div class=\"event-weekday\">Fri<\/div><div class=\"event-day\">20<\/div><div class=\"event-month\">Jun<\/div><div class=\"event-year\">2025<\/div><\/div><\/div>\n\t\t\t\t\t<div class=\"event-info multi-day\"><div class=\"event-title\"><h3><a href=\"https:\/\/cter.edu.pl\/?page_id=254&amp;lang=pl&amp;rest_route=%2Fwp%2Fv2%2Fpages%2F254&amp;event_id1=6349\">Multilingual Digital Terminology Today<\/a><\/h3><\/div><span class=\"event-location\">Thessaloniki, Greece<\/span><div class=\"event-content\"><p>The fourth international conference \"Digital Terminology Today. Design, representation formats and management systems\" aims to bring together specialists in the disciplines of terminology, terminography, computational terminology, specialized lexicography, computational linguistics, Machine Learning, NLP and Knowledge Representation in order to share methodological reflections on design approaches, representation formats and management systems of the digital terminology collected in the terminological resources.<\/p>\n<p>Deadline: 20.12.2024<\/p>\n<p>Event site: https:\/\/mdtt2025.web.auth.gr\/en\/#conference<\/p>\n<\/div><\/div>\n\t\t\t\t<\/li>\n\t\t\t \t<li class=\"event \">\n\t\t\t\t\t<div class=\"event-date multi-date\"><div class=\"startdate\"><div class=\"event-weekday\">Fri<\/div><div class=\"event-day\">30<\/div><div class=\"event-month\">May<\/div><div class=\"event-year\">2025<\/div><\/div><div class=\"enddate\"><div class=\"event-weekday\">Sat<\/div><div class=\"event-day\">31<\/div><div class=\"event-month\">May<\/div><div class=\"event-year\">2025<\/div><\/div><\/div>\n\t\t\t\t\t<div class=\"event-info multi-day\"><div class=\"event-title\"><h3><a href=\"https:\/\/cter.edu.pl\/?page_id=254&amp;lang=pl&amp;rest_route=%2Fwp%2Fv2%2Fpages%2F254&amp;event_id1=6627\">Invisible Intermediaries of Linguistic Worlds - In Memoriam Karin Wolff<\/a><\/h3><\/div><span class=\"event-location\">Gorz\u00f3w Wielkopolski, Poland<\/span><div class=\"event-content\"><p data-start=\"0\" data-end=\"446\">The conference, organised by the Academic Centre for Euroregional Studies \u2013 Research Centre for German-Polish Language Contacts at Jacob of Paradies University, in collaboration with VCPU, the Karl Dedecius Foundation, the European University Viadrina\u2019s Language Centre, WOM Gorz\u00f3w, and the Polish Language Competence and Coordination Centre in St. Marienthal\/Ostritz, explores language mediation in intercultural and specialised communication.<\/p>\n<p data-start=\"448\" data-end=\"777\" data-is-last-node=\"\" data-is-only-node=\"\">Focusing on translation, foreign language didactics, and linguistic interactions involving German, Polish, and other languages, the event honours Karin Wolff, a renowned translator and cultural mediator. Held in the German-Polish border region, the conference pays tribute to her legacy in fostering cross-cultural understanding.<\/p>\n<p data-start=\"448\" data-end=\"777\" data-is-last-node=\"\" data-is-only-node=\"\">Deadline for Abstract Submission: 30 April 2025<\/p>\n<p data-start=\"448\" data-end=\"777\" data-is-last-node=\"\" data-is-only-node=\"\">Link to CfP:\u00a0<a href=\"https:\/\/tiny.pl\/r4cwddww\">https:\/\/tiny.pl\/r4cwddww<\/a><\/p>\n<\/div><\/div>\n\t\t\t\t<\/li>\n\t\t\t \t<li class=\"event \">\n\t\t\t\t\t<div class=\"event-date multi-date\"><div class=\"startdate\"><div class=\"event-weekday\">Wed<\/div><div class=\"event-day\">28<\/div><div class=\"event-month\">May<\/div><div class=\"event-year\">2025<\/div><\/div><div class=\"enddate\"><div class=\"event-weekday\">Fri<\/div><div class=\"event-day\">30<\/div><div class=\"event-month\">May<\/div><div class=\"event-year\">2025<\/div><\/div><\/div>\n\t\t\t\t\t<div class=\"event-info multi-day\"><div class=\"event-title\"><h3><a href=\"https:\/\/cter.edu.pl\/?page_id=254&amp;lang=pl&amp;rest_route=%2Fwp%2Fv2%2Fpages%2F254&amp;event_id1=6150\">Media for All 11. Breaking Barriers: Media Localisation in the Age of Global Platforms<\/a><\/h3><\/div><span class=\"event-location\">Hong Kong, China<\/span><div class=\"event-content\"><p style=\"text-align: justify;\"><em>Media for All<\/em> is a research conference series focused on media localisation and accessibility. Since 2005, the conference has been a focal point for academics to present cutting-edge research and build pathways for knowledge exchange with the many stakeholders in the media industries. Outcomes from previous conferences have informed numerous developments in translation and language technologies, media accessibility and inclusive social development around the globe, impacting how media cross linguistic, cultural and societal borders. For the first time, the Media for All conference in 2025 will travel to Southeast Asia and will be held in Hong Kong.<\/p>\n<p><strong>Submission deadline:<\/strong> September 4, 2024.<\/p>\n<p><strong>Site:<\/strong> <a href=\"https:\/\/www.m4all11.org\/\" target=\"_blank\" rel=\"noopener\">https:\/\/www.m4all11.org\/<\/a><\/p>\n<\/div><\/div>\n\t\t\t\t<\/li>\n\t\t\t \t<li class=\"event \">\n\t\t\t\t\t<div class=\"event-date multi-date\"><div class=\"startdate\"><div class=\"event-weekday\">Fri<\/div><div class=\"event-day\">23<\/div><div class=\"event-month\">May<\/div><div class=\"event-year\">2025<\/div><\/div><div class=\"enddate\"><div class=\"event-weekday\">Sat<\/div><div class=\"event-day\">24<\/div><div class=\"event-month\">May<\/div><div class=\"event-year\">2025<\/div><\/div><\/div>\n\t\t\t\t\t<div class=\"event-info multi-day\"><div class=\"event-title\"><h3><a href=\"https:\/\/cter.edu.pl\/?page_id=254&amp;lang=pl&amp;rest_route=%2Fwp%2Fv2%2Fpages%2F254&amp;event_id1=6543\">Teaching Translation and Interpreting 7<\/a><\/h3><\/div><span class=\"event-location\">\u0141\u00f3d\u017a, Poland<\/span><div class=\"event-content\"><p>The conference draws on the success of five previous TTI conferences, held in April 2008 and 2009, October 2011, November 2014, September 2017 and September 2019 where it was unanimously decided that meetings devoted to theoretical and practical aspects of translator training, translation didactics and translation curricula are a necessity.<\/p>\n<p>Deadline: 15.02.2025<\/p>\n<p>Event site: <a href=\"https:\/\/www.tti.uni.lodz.pl\/\">https:\/\/www.tti.uni.lodz.pl<\/a><\/p>\n<\/div><\/div>\n\t\t\t\t<\/li>\n\t\t\t \t<li class=\"event \">\n\t\t\t\t\t<div class=\"event-date multi-date\"><div class=\"startdate\"><div class=\"event-weekday\">Fri<\/div><div class=\"event-day\">23<\/div><div class=\"event-month\">May<\/div><div class=\"event-year\">2025<\/div><\/div><div class=\"enddate\"><div class=\"event-weekday\">Sat<\/div><div class=\"event-day\">24<\/div><div class=\"event-month\">May<\/div><div class=\"event-year\">2025<\/div><\/div><\/div>\n\t\t\t\t\t<div class=\"event-info multi-day\"><div class=\"event-title\"><h3><a href=\"https:\/\/cter.edu.pl\/?page_id=254&amp;lang=pl&amp;rest_route=%2Fwp%2Fv2%2Fpages%2F254&amp;event_id1=6554\">Semmelweis Medical Linguistics Hybrid Conference 2025<\/a><\/h3><\/div><span class=\"event-location\">Budapest, Hungary<\/span><div class=\"event-content\"><p>The hybrid Semmelweis Medical Linguistics Conference (SMLC2025), scheduled for May 23-24, 2025, in Budapest, Hungary, is designed to bring together researchers and educators working in healthcare communication. It will cover key themes such as patient-centred communication, medical translation and interpreting, terminology, pragmatics, artificial intelligence, metaphors, speech analysis, medical documentation, and languages for specific purposes. Following the conference, participants are invited to submit their manuscripts to Semmelweis Medical Linguistics Investigations, published by Peter Lang, where submissions will be automatically considered for indexing.<\/p>\n<p>Deadline for Abstract Submission: 01.04.2025<\/p>\n<p>Event site: <a href=\"https:\/\/semmelweis.hu\/szaknyelv\/en\/conferences\/smlc2025\/\">https:\/\/semmelweis.hu\/szaknyelv\/en\/conferences\/smlc2025\/<\/a><\/p>\n<\/div><\/div>\n\t\t\t\t<\/li>\n\t\t\t \t<li class=\"event \">\n\t\t\t\t\t<div class=\"event-date multi-date\"><div class=\"startdate\"><div class=\"event-weekday\">Thu<\/div><div class=\"event-day\">22<\/div><div class=\"event-month\">May<\/div><div class=\"event-year\">2025<\/div><\/div><div class=\"enddate\"><div class=\"event-weekday\">Fri<\/div><div class=\"event-day\">23<\/div><div class=\"event-month\">May<\/div><div class=\"event-year\">2025<\/div><\/div><\/div>\n\t\t\t\t\t<div class=\"event-info multi-day\"><div class=\"event-title\"><h3><a href=\"https:\/\/cter.edu.pl\/?page_id=254&amp;lang=pl&amp;rest_route=%2Fwp%2Fv2%2Fpages%2F254&amp;event_id1=6547\">Annual Graduate\/PG Conference, Research Centre for Comparative Literature and Translation<\/a><\/h3><\/div><span class=\"event-location\">Glasgow, the UK<\/span><div class=\"event-content\"><p>If reading and comparing, interpretation and translation are regular keywords in our discipline, re-reading is a concept that goes often unexplored, even though it endows them all with new and enhanced meaning. That \u2018re\u2019 necessarily asks us to position that reading and its repetition (or repetitions) within time and space: in the short term, re-reading is essential to any intensive, critical engagement with text; but re-reading in the longer term entails revisiting more than just text \u2013 it means an active comparison between now and then, necessarily locating ourselves within that action and renegotiating both cultural and personal awareness. Re-reading can take different forms as it happens over time, sometimes a seasonal or cyclical action to find something familiar \u2013 yet never quite the same \u2013 sometimes taking the shape of cumulative, palimpsestic reading. And what if we extend that act of reading outside of ourselves, and choose to read and understand with others, inscribing our own interpretive effort within a history of reading? We become part of an interpretive community where reading and re-reading \u2013 across time and space, borders and languages, cultures and media \u2013 contribute to a tapestry of meaning.<\/p>\n<p>Deadline: 3.03.2025<\/p>\n<p>Link to CfP: <a href=\"https:\/\/www.iatis.org\/index.php\/news\/calls-for-papers\/item\/2858-cfp-for-annual-graduate-pg-conference-research-centre-for-comparative-literature-and-translation-22-23-may-2025\">https:\/\/www.iatis.org\/index.php\/news\/calls-for-papers\/item\/2858-cfp-for-annual-graduate-pg-conference-research-centre-for-comparative-literature-and-translation-22-23-may-2025<\/a><\/p>\n<\/div><\/div>\n\t\t\t\t<\/li>\n\t\t\t \t<li class=\"event \">\n\t\t\t\t\t<div class=\"event-date multi-date\"><div class=\"startdate\"><div class=\"event-weekday\">Tue<\/div><div class=\"event-day\">20<\/div><div class=\"event-month\">May<\/div><div class=\"event-year\">2025<\/div><\/div><div class=\"enddate\"><div class=\"event-weekday\">Wed<\/div><div class=\"event-day\">21<\/div><div class=\"event-month\">May<\/div><div class=\"event-year\">2025<\/div><\/div><\/div>\n\t\t\t\t\t<div class=\"event-info multi-day\"><div class=\"event-title\"><h3><a href=\"https:\/\/cter.edu.pl\/?page_id=254&amp;lang=pl&amp;rest_route=%2Fwp%2Fv2%2Fpages%2F254&amp;event_id1=6622\">Language Mediation in Flux: Assessing the Impact of Generative AI<\/a><\/h3><\/div><span class=\"event-location\">Madrid, Spain<\/span><div class=\"event-content\"><p>The 2025 conference theme <em>Language Mediation in Flux<\/em> invites scholars, translators, and interpreters to explore the ongoing and profound impacts of generative AI and language technologies on the field. When ChatGPT launched in 2022, many pundits decried the 'death of the college essay' and spoke of seismic changes to the translation industry. However, some translators and language service providers are using these new technologies to improve access to translation and facilitate the translation of more languages, such as the program No Language Left Behind (NLLB Team et al., 2022).<\/p>\n<p>Deadline for Abstract Submission: March 14, 2025.<\/p>\n<p>Event site:\u00a0<a href=\"https:\/\/eventos.comillas.edu\/123396\/section\/55730\/ciuti-conference-2025-n-language-mediation-in-flux-assessing-the-impact-of-generative-ai.html\">https:\/\/eventos.comillas.edu\/123396\/section\/55730\/ciuti-conference-2025-n-language-mediation-in-flux-assessing-the-impact-of-generative-ai.html<\/a><\/p>\n<\/div><\/div>\n\t\t\t\t<\/li>\n\t\t\t \t<li class=\"event \">\n\t\t\t\t\t<div class=\"event-date multi-date\"><div class=\"startdate\"><div class=\"event-weekday\">Fri<\/div><div class=\"event-day\">16<\/div><div class=\"event-month\">May<\/div><div class=\"event-year\">2025<\/div><\/div><div class=\"enddate\"><div class=\"event-weekday\">Sun<\/div><div class=\"event-day\">18<\/div><div class=\"event-month\">May<\/div><div class=\"event-year\">2025<\/div><\/div><\/div>\n\t\t\t\t\t<div class=\"event-info multi-day\"><div class=\"event-title\"><h3><a href=\"https:\/\/cter.edu.pl\/?page_id=254&amp;lang=pl&amp;rest_route=%2Fwp%2Fv2%2Fpages%2F254&amp;event_id1=6354\">9th Young Linguists&#039; Meeting in Pozna\u0144<\/a><\/h3><\/div><div class=\"event-content\"><p>Young Linguists' Meeting in Pozna\u0144 (YLMP) is a congress organized by and for young linguists who appreciate the significance of interdisciplinary research and therefore want to go beyond the traditional branches of linguistics. We believe that the connection between linguistics and other fields of study, such as psychology or sociology, is both crucial and pervasive. Our goal is to present the advantages of an integrated approach and emphasize its importance for contemporary linguistic research.<\/p>\n<p>Deadline: 06.01.2025<\/p>\n<p>Event site: <a href=\"https:\/\/ylmp2025.amu.edu.pl\/\">https:\/\/ylmp2025.amu.edu.pl\/<\/a><\/p>\n<\/div><\/div>\n\t\t\t\t<\/li>\n\t\t\t \t<li class=\"event \">\n\t\t\t\t\t<div class=\"event-date multi-date\"><div class=\"startdate\"><div class=\"event-weekday\">Thu<\/div><div class=\"event-day\">15<\/div><div class=\"event-month\">May<\/div><div class=\"event-year\">2025<\/div><\/div><div class=\"enddate\"><div class=\"event-weekday\">Sat<\/div><div class=\"event-day\">17<\/div><div class=\"event-month\">May<\/div><div class=\"event-year\">2025<\/div><\/div><\/div>\n\t\t\t\t\t<div class=\"event-info multi-day\"><div class=\"event-title\"><h3><a href=\"https:\/\/cter.edu.pl\/?page_id=254&amp;lang=pl&amp;rest_route=%2Fwp%2Fv2%2Fpages%2F254&amp;event_id1=6617\">Accessibility to media, entertainment and cultural heritage<\/a><\/h3><\/div><span class=\"event-location\">Macerata, Italy<\/span><div class=\"event-content\"><p>This conference aims to assess the progress of accessibility to media, entertainment and cultural heritage, both in Italy and internationally, by discussing good practices and addressing current and future needs and opportunities. With a focus on technological development as a potential driver of accessibility, while keeping people, their diversity and needs central to the discussion, plenary lectures, individual presentations and thematic sessions aim to offer insights, models and paradigms that promote an increasingly universal, open and flexible approach to cultural accessibility in all its forms.<\/p>\n<p>Deadline for Abstract Submission: 28.02.2025<\/p>\n<p>Event site:\u00a0<a href=\"https:\/\/masteramac.unimc.it\/accessibility-conference\/\">https:\/\/masteramac.unimc.it\/accessibility-conference\/<\/a><\/p>\n<\/div><\/div>\n\t\t\t\t<\/li>\n\t\t\t \t<li class=\"event \">\n\t\t\t\t\t<div class=\"event-date single-date\"><div class=\"enddate\"><div class=\"event-weekday\">Sat<\/div><div class=\"event-day\">10<\/div><div class=\"event-month\">May<\/div><div class=\"event-year\">2025<\/div><\/div><\/div>\n\t\t\t\t\t<div class=\"event-info multi-day\"><div class=\"event-title\"><h3><a href=\"https:\/\/cter.edu.pl\/?page_id=254&amp;lang=pl&amp;rest_route=%2Fwp%2Fv2%2Fpages%2F254&amp;event_id1=6472\">2nd CRLCC International Conference 14th Annual Glendon Graduate Student Conference in Translation Studies<\/a><\/h3><\/div><span class=\"event-location\">Toronto, Canada<\/span><div class=\"event-content\"><p>In recent years, the transnational turn, fueled by a critique of globalization that relies on the apparent fluidity of spatial mobility and the supposed efficiency of global interconnection, has drawn attention to the forms of contact and interaction that occur in complex, unstructured, unpredictable and even chaotic contexts, leading to the production and emergence of new forms of culture and identity. This shift has led to the realization that \u00e2\u20ac\u015bmodern and globalized experiences of (re)attachment, multiple belongings, belonging-at-a-distance, supranational agreements, diaspora cultures, and global cities reveal the limitations of the national optic for characterizing twenty-first century ways of life\u00e2\u20ac\u0165 (Mattea Cussel, 4). As pointed out by Naoki Sakai, the traditional way of understanding international and intercultural dynamics, which relies on contrasting and juxtaposing spaces, cultures, and languages, is no longer as applicable or relevant in the contemporary world. Additionally, the binary logic used to frame concepts, such as colonized vs. colonizer, migrant vs. host society, North vs. South, mother tongue vs. foreign language, and so on, is also losing relevance. Thus, to fully understand the experiences of culture, language and identity in today\u00e2\u20ac\u2122s interconnected world, it is crucial to move away from dichotomies to a more nuanced and complex way of thinking. In this conference, we aim to engage with the concept of contact and its various forms, centering on this shift from international relations to transnational dynamics, and from binary logic to complex and multidimensional thinking.<\/p>\n<p>Deadline: 15.02.2025<\/p>\n<p>Event site:\u00a0<a href=\"https:\/\/www.yorku.ca\/glendon\/research-centres\/crlcc\/crlcc-upcoming-events\/2nd-crlcc-international-conference\/2nd-crlcc-international-conference-call-for-papers\/\">https:\/\/www.yorku.ca\/glendon\/research-centres\/crlcc\/crlcc-upcoming-events\/2nd-crlcc-international-conference\/2nd-crlcc-international-conference-call-for-papers\/<\/a><\/p>\n<\/div><\/div>\n\t\t\t\t<\/li>\n\t\t\t \t<li class=\"event \">\n\t\t\t\t\t<div class=\"event-date multi-date\"><div class=\"startdate\"><div class=\"event-weekday\">Wed<\/div><div class=\"event-day\">07<\/div><div class=\"event-month\">May<\/div><div class=\"event-year\">2025<\/div><\/div><div class=\"enddate\"><div class=\"event-weekday\">Thu<\/div><div class=\"event-day\">08<\/div><div class=\"event-month\">May<\/div><div class=\"event-year\">2025<\/div><\/div><\/div>\n\t\t\t\t\t<div class=\"event-info multi-day\"><div class=\"event-title\"><h3><a href=\"https:\/\/cter.edu.pl\/?page_id=254&amp;lang=pl&amp;rest_route=%2Fwp%2Fv2%2Fpages%2F254&amp;event_id1=7455\">First International Conference on Research Methods and Practices in Translation, Interpreting and AI<\/a><\/h3><\/div><span class=\"event-location\">Algiers, Algeria<\/span><div class=\"event-content\"><p>The Institute of Translation is pleased to invite submissions for the First International Conference on Research Methods and Practices in Translation, Interpreting, and AI, to be held on 7-8 May 2025 in Algiers, Algeria. This event aims to bring together leading scholars, researchers, and practitioners to discuss innovative research methodologies and the latest trends in the fields of translation, interpreting, and artificial intelligence.<\/p>\n<p>Deadline for Abstract Submission: April 05, 2025<\/p>\n<p>Event Site: <a href=\"https:\/\/traduction.univ-alger2.dz\/transterp_ai\/index.php\">https:\/\/traduction.univ-alger2.dz\/transterp_ai\/index.php<\/a><\/p>\n<\/div><\/div>\n\t\t\t\t<\/li>\n\t\t\t \t<li class=\"event \">\n\t\t\t\t\t<div class=\"event-date single-date\"><div class=\"enddate\"><div class=\"event-weekday\">Fri<\/div><div class=\"event-day\">25<\/div><div class=\"event-month\">Apr<\/div><div class=\"event-year\">2025<\/div><\/div><\/div>\n\t\t\t\t\t<div class=\"event-info multi-day\"><div class=\"event-title\"><h3><a href=\"https:\/\/cter.edu.pl\/?page_id=254&amp;lang=pl&amp;rest_route=%2Fwp%2Fv2%2Fpages%2F254&amp;event_id1=6268\">Translation and Language Education in the Age of AI: Theoretical and Practical Frameworks<\/a><\/h3><\/div><span class=\"event-location\">Manchester, UK<\/span><div class=\"event-content\"><p>The impact of generative AI technologies such as ChatGPT is rapidly changing the frameworks of reference for the education and training of future language experts and translators. As a result, the role of language education has been greatly enhanced and simultaneously challenged. The broad availability of easily accessible AI-based resources has been changing the way language learning and translation are understood and practised today by students and teachers alike. By bringing together experts in AI, digital education, language teaching, and translation studies, as well as professional translators and publishers, this conference will offer an opportunity to reflect upon the challenges and possibilities that the AI revolution offers, and to steer future research towards a more integrated approach to digital literacy, language education, and translation training.<\/p>\n<p>Deadline for Abstract Submission: November 1, 2024.<\/p>\n<p>Event site: <a href=\"https:\/\/ilcs.sas.ac.uk\/events\/cfp-translation-and-language-education-age-ai-theoretical-and-practical-frameworks\">https:\/\/ilcs.sas.ac.uk\/events\/cfp-translation-and-language-education-age-ai-theoretical-and-practical-frameworks<\/a><\/p>\n<\/div><\/div>\n\t\t\t\t<\/li>\n\t\t\t \t<li class=\"event \">\n\t\t\t\t\t<div class=\"event-date single-date\"><div class=\"enddate\"><div class=\"event-weekday\">Fri<\/div><div class=\"event-day\">04<\/div><div class=\"event-month\">Apr<\/div><div class=\"event-year\">2025<\/div><\/div><\/div>\n\t\t\t\t\t<div class=\"event-info multi-day\"><div class=\"event-title\"><h3><a href=\"https:\/\/cter.edu.pl\/?page_id=254&amp;lang=pl&amp;rest_route=%2Fwp%2Fv2%2Fpages%2F254&amp;event_id1=6469\">42nd International Conference of the Spanish Association of Applied Linguistics (AESLA)<\/a><\/h3><\/div><span class=\"event-location\">Palma de Mallorca, Spain<\/span><div class=\"event-content\"><p>The chosen theme of the conference is Transforming Language Acquisition and Communication in a Multilingual and Digitally-Mediated World. It highlights the importance of comprehensively exploring the challenges and opportunities presented by the multilingual and digitalized world we live in, particularly in the areas of language acquisition and communication. It calls for in-depth research into the social and educational implications of these changes, with the goal of overcoming linguistic and communicative challenges in an increasingly interconnected and technologically advanced environment.<\/p>\n<p>Deadline: 20.12.2024<\/p>\n<p>Event site:\u00a0<a href=\"https:\/\/aesla.uib.eu\/\">https:\/\/aesla.uib.eu\/<\/a><\/p>\n<\/div><\/div>\n\t\t\t\t<\/li>\n\t\t\t \t<li class=\"event \">\n\t\t\t\t\t<div class=\"event-date multi-date\"><div class=\"startdate\"><div class=\"event-weekday\">Thu<\/div><div class=\"event-day\">03<\/div><div class=\"event-month\">Apr<\/div><div class=\"event-year\">2025<\/div><\/div><div class=\"enddate\"><div class=\"event-weekday\">Fri<\/div><div class=\"event-day\">04<\/div><div class=\"event-month\">Apr<\/div><div class=\"event-year\">2025<\/div><\/div><\/div>\n\t\t\t\t\t<div class=\"event-info multi-day\"><div class=\"event-title\"><h3><a href=\"https:\/\/cter.edu.pl\/?page_id=254&amp;lang=pl&amp;rest_route=%2Fwp%2Fv2%2Fpages%2F254&amp;event_id1=6347\">Translation - Languages - Teaching<\/a><\/h3><\/div><span class=\"event-location\">Montpellier, France<\/span><div class=\"event-content\"><p>The aim of this conference is to create a platform where translation and language teachers, translators, researchers, students of languages and of translation, specialists in translation studies and in education, and anyone who is interested in pedagogy, in language and in translation, can reflect together on the interfaces between the three key words in the title.<\/p>\n<p>Deadline: 15.11.2024<\/p>\n<p>Event site: <a href=\"https:\/\/emma.www.univ-montp3.fr\/fr\/ressources\/ressources-sp%C3%A9cifiques\/translation-languages-teaching?fbclid=IwY2xjawFh845leHRuA2FlbQIxMQABHd-tWD1rQZDkzGkdhruPCXv2aZPcqQIGMIW-YsKlst-JZVqOlzsoLV2w1g_aem_W212Htfht6KwehtbwVbNvQ\">https:\/\/emma.www.univ-montp3.fr\/fr\/ressources\/ressources-sp%C3%A9cifiques\/translation-languages-teaching?fbclid=IwY2xjawFh845leHRuA2FlbQIxMQABHd-tWD1rQZDkzGkdhruPCXv2aZPcqQIGMIW-YsKlst-JZVqOlzsoLV2w1g_aem_W212Htfht6KwehtbwVbNvQ <\/a><\/p>\n<\/div><\/div>\n\t\t\t\t<\/li>\n\t\t\t \t<li class=\"event \">\n\t\t\t\t\t<div class=\"event-date multi-date\"><div class=\"startdate\"><div class=\"event-weekday\">Thu<\/div><div class=\"event-day\">20<\/div><div class=\"event-month\">Mar<\/div><div class=\"event-year\">2025<\/div><\/div><div class=\"enddate\"><div class=\"event-weekday\">Fri<\/div><div class=\"event-day\">21<\/div><div class=\"event-month\">Mar<\/div><div class=\"event-year\">2025<\/div><\/div><\/div>\n\t\t\t\t\t<div class=\"event-info multi-day\"><div class=\"event-title\"><h3><a href=\"https:\/\/cter.edu.pl\/?page_id=254&amp;lang=pl&amp;rest_route=%2Fwp%2Fv2%2Fpages%2F254&amp;event_id1=6282\">The Wonders of Foreign Words. Translational poetics in English poetry and prose, 20th-21st centuries<\/a><\/h3><\/div><span class=\"event-location\">Lausanne, Switzerland<\/span><div class=\"event-content\"><p>A writer's translating practice can fuel his or her work in surprising and stunning ways, and some contemporary poets and novelists have chosen to translate and embed fragments written by others into their own writing. These segments frame sometimes a collection of poems, sometimes a prose chapter. Depending on where they are placed, they provide an added conclusion, some kind of closure, a twist, or, as epigraphs, they serve as springboards to what follows. However, they may also be encased \u2013 or even showcased \u2013 within a new matrix. This literary practice is sometimes so deliberate on the part of an author that it constitutes a form of translational-creative writing of its own, a form of literary experimentation.<\/p>\n<p>Deadline: 25.09.2024<\/p>\n<p>Event site: <a href=\"https:\/\/www.fabula.org\/actualites\/121940\/the-wonders-of-foreign-words-translational-poetics-in-english-poetry.html\">https:\/\/www.fabula.org\/actualites\/121940\/the-wonders-of-foreign-words-translational-poetics-in-english-poetry.html <\/a><\/p>\n<\/div><\/div>\n\t\t\t\t<\/li>\n\t\t\t \t<li class=\"event \">\n\t\t\t\t\t<div class=\"event-date multi-date\"><div class=\"startdate\"><div class=\"event-weekday\">Mon<\/div><div class=\"event-day\">17<\/div><div class=\"event-month\">Mar<\/div><div class=\"event-year\">2025<\/div><\/div><div class=\"enddate\"><div class=\"event-weekday\">Tue<\/div><div class=\"event-day\">18<\/div><div class=\"event-month\">Mar<\/div><div class=\"event-year\">2025<\/div><\/div><\/div>\n\t\t\t\t\t<div class=\"event-info multi-day\"><div class=\"event-title\"><h3><a href=\"https:\/\/cter.edu.pl\/?page_id=254&amp;lang=pl&amp;rest_route=%2Fwp%2Fv2%2Fpages%2F254&amp;event_id1=5889\">4th CTER Congress (CTER 2025)<\/a><\/h3><\/div><span class=\"event-location\">Krak\u00f3w, Poland<\/span><div class=\"event-content\"><p>It is with a great pleasure that we would like to announce that the 4th CTER Congress will be held on 17-18 March 2025 in Krak\u00f3w, Poland. Please save the date in your calendar. More details will be announced in due course.<\/p>\n<\/div><\/div>\n\t\t\t\t<\/li>\n\t\t\t \t<li class=\"event \">\n\t\t\t\t\t<div class=\"event-date multi-date\"><div class=\"startdate\"><div class=\"event-weekday\">Thu<\/div><div class=\"event-day\">13<\/div><div class=\"event-month\">Mar<\/div><div class=\"event-year\">2025<\/div><\/div><div class=\"enddate\"><div class=\"event-weekday\">Fri<\/div><div class=\"event-day\">14<\/div><div class=\"event-month\">Mar<\/div><div class=\"event-year\">2025<\/div><\/div><\/div>\n\t\t\t\t\t<div class=\"event-info multi-day\"><div class=\"event-title\"><h3><a href=\"https:\/\/cter.edu.pl\/?page_id=254&amp;lang=pl&amp;rest_route=%2Fwp%2Fv2%2Fpages%2F254&amp;event_id1=6280\">Translation and Interpreting Today: Research and Profession<\/a><\/h3><\/div><span class=\"event-location\">Belgrade, Serbia<\/span><div class=\"event-content\"><p>Dear Colleagues,<\/p>\n<p>We are pleased to invite you to present your research from any area of translation and interpreting (T&amp;I). This includes, but is not limited to the didactics of translation and specialised language, the theory and history of T&amp;I, issues concerning professional T&amp;I, terminology, translation criticism and the application of modern technologies in the translation process. We welcome you to participate in the International Academic and Professional Conference \"Translation and Interpreting Today: Research and Profession\", which will be held on March 13 and 14, 2025, in-person at the premises of the Association or remotely. The call is open to researchers from Serbia, the region and other countries. We particularly encourage young researchers to submit their presentations. The conference aims to enhance the scholarly and professional approach to T&amp;I through the exchange of knowledge, experience and best practices. The participants' presentations will be published in the journal <em>Prevodilac<\/em> after a blind peer review process.<\/p>\n<p>Deadline: 15.10.2024<\/p>\n<p>Event site: <a href=\"https:\/\/prevodi.rs\/en\/international-academic-and-professional-conference-translation-and-interpreting-today\/\">https:\/\/prevodi.rs\/en\/international-academic-and-professional-conference-translation-and-interpreting-today\/<\/a><\/p>\n<\/div><\/div>\n\t\t\t\t<\/li>\n\t\t\t \t<li class=\"event \">\n\t\t\t\t\t<div class=\"event-date multi-date\"><div class=\"startdate\"><div class=\"event-weekday\">Thu<\/div><div class=\"event-day\">06<\/div><div class=\"event-month\">Mar<\/div><div class=\"event-year\">2025<\/div><\/div><div class=\"enddate\"><div class=\"event-weekday\">Sat<\/div><div class=\"event-day\">08<\/div><div class=\"event-month\">Mar<\/div><div class=\"event-year\">2025<\/div><\/div><\/div>\n\t\t\t\t\t<div class=\"event-info multi-day\"><div class=\"event-title\"><h3><a href=\"https:\/\/cter.edu.pl\/?page_id=254&amp;lang=pl&amp;rest_route=%2Fwp%2Fv2%2Fpages%2F254&amp;event_id1=6341\">Our Food-Webbed World: interdisciplinary culinary landscapes<\/a><\/h3><\/div><span class=\"event-location\">Lisbon, Portugal<\/span><div class=\"event-content\"><p>This event brings together researchers from different scientific areas to generate cross-disciplinary debate on how food shapes our everyday lives at various levels of society and culture. Food practices such as production, consumption, and intangible food culture together form what is the most intricately connective web of human experience. Beginning from the primal need of an individual body while simultaneously demanding inter-reliance and community, we are undeniably in a food-webbed world. Despite this, food-related studies have traditionally been delegated to strictly separate academic spheres, which is why this conference aims to offer an opportunity for truly interdisciplinary dialogue.<\/p>\n<p>Deadline: 31.10.2024<\/p>\n<p>Event site: <a href=\"https:\/\/lisbonconsortium.com\/2024\/09\/06\/cfp-our-food-webbed-world-interdisciplinary-culinary-landscapes\/\">https:\/\/lisbonconsortium.com\/2024\/09\/06\/cfp-our-food-webbed-world-interdisciplinary-culinary-landscapes\/<\/a><\/p>\n<\/div><\/div>\n\t\t\t\t<\/li>\n\t\t\t \t<li class=\"event \">\n\t\t\t\t\t<div class=\"event-date multi-date\"><div class=\"startdate\"><div class=\"event-weekday\">Thu<\/div><div class=\"event-day\">30<\/div><div class=\"event-month\">Jan<\/div><div class=\"event-year\">2025<\/div><\/div><div class=\"enddate\"><div class=\"event-weekday\">Sat<\/div><div class=\"event-day\">01<\/div><div class=\"event-month\">Feb<\/div><div class=\"event-year\">2025<\/div><\/div><\/div>\n\t\t\t\t\t<div class=\"event-info multi-day\"><div class=\"event-title\"><h3><a href=\"https:\/\/cter.edu.pl\/?page_id=254&amp;lang=pl&amp;rest_route=%2Fwp%2Fv2%2Fpages%2F254&amp;event_id1=6152\">Sorting and Translating: Politics - Borders - Belongings<\/a><\/h3><\/div><span class=\"event-location\">Germersheim, Germany<\/span><div class=\"event-content\"><p style=\"text-align: justify;\">The conference addresses the question of how translation participates in the construction and undoing of differences in the social world and how it sorts people into categories. Which categories become relevant in which situation and field (politics, science, law, religion, art etc.)? And how do they interact? Moreover: which categories and distinctions are inscribed in concepts and theories of translation? Which \u2018centrisms\u2019 (e.g. eurocentrism, anthropocentrism) or \u2018biases\u2019 can be identified?<\/p>\n<p style=\"text-align: justify;\"><strong>Submission deadline:<\/strong> June 30, 2024.<\/p>\n<p style=\"text-align: justify;\"><strong>Site:<\/strong> <a href=\"https:\/\/indico.zdv.uni-mainz.de\/event\/9\/abstracts\/\" target=\"_blank\" rel=\"noopener\">https:\/\/indico.zdv.uni-mainz.de\/event\/9\/abstracts\/<\/a><\/p>\n<\/div><\/div>\n\t\t\t\t<\/li>\n\t\t\t \t<li class=\"event \">\n\t\t\t\t\t<div class=\"event-date multi-date\"><div class=\"startdate\"><div class=\"event-weekday\">Thu<\/div><div class=\"event-day\">21<\/div><div class=\"event-month\">Nov<\/div><div class=\"event-year\">2024<\/div><\/div><div class=\"enddate\"><div class=\"event-weekday\">Fri<\/div><div class=\"event-day\">22<\/div><div class=\"event-month\">Nov<\/div><div class=\"event-year\">2024<\/div><\/div><\/div>\n\t\t\t\t\t<div class=\"event-info multi-day\"><div class=\"event-title\"><h3><a href=\"https:\/\/cter.edu.pl\/?page_id=254&amp;lang=pl&amp;rest_route=%2Fwp%2Fv2%2Fpages%2F254&amp;event_id1=5991\">ENSEIGNER LA LANGUE ? TRAVERS LA TRADUCTION | Perspectives franco-italiennes compar\u00e9es<\/a><\/h3><\/div><span class=\"event-location\">Ferrara, Italy<\/span><div class=\"event-content\"><p>L\u2019enseignement des langues ? travers la traduction demeure un domaine riche en potentialit\u00e9s didactiques et culturelles. Ce colloque international qui se d\u00e9roulera les 21 et 22 novembre 2024 dans le cadre du projet PRIN PNRR \u201cRevisiting and E-Mapping Theatre Translations of Ancient and Modern Classics in 16th-century France\u201d vise ? explorer cette th\u00e9matique dans deux perspectives historiquement et culturellement significatives : la Renaissance francophone et la didactique des langues dans l\u2019?re num\u00e9rique<\/p>\n<p><a href=\"https:\/\/imagotrad.hypotheses.org\/1697\" target=\"_blank\" rel=\"noopener\">https:\/\/imagotrad.hypotheses.org\/1697<\/a><\/p>\n<\/div><\/div>\n\t\t\t\t<\/li>\n\t\t\t \t<li class=\"event \">\n\t\t\t\t\t<div class=\"event-date multi-date\"><div class=\"startdate\"><div class=\"event-weekday\">Mon<\/div><div class=\"event-day\">18<\/div><div class=\"event-month\">Nov<\/div><div class=\"event-year\">2024<\/div><\/div><div class=\"enddate\"><div class=\"event-weekday\">Wed<\/div><div class=\"event-day\">20<\/div><div class=\"event-month\">Nov<\/div><div class=\"event-year\">2024<\/div><\/div><\/div>\n\t\t\t\t\t<div class=\"event-info multi-day\"><div class=\"event-title\"><h3><a href=\"https:\/\/cter.edu.pl\/?page_id=254&amp;lang=pl&amp;rest_route=%2Fwp%2Fv2%2Fpages%2F254&amp;event_id1=6160\">Translating and the Computer 2024 (TC46)<\/a><\/h3><\/div><span class=\"event-location\">Luxembourg city, Luxembourg<\/span><div class=\"event-content\"><p style=\"text-align: justify;\">Embracing innovation in language technologies \u00e2\u20ac\u201c From AI to traditional practices -, TC46 welcomes submissions on a broad spectrum of topics related to language technologies in the provision of language services. While there is a special emphasis on the advancements and implications of AI and Generative AI, we strongly encourage contributions that cover a wide range of interests and perspectives in the language services field. Whether you are deeply involved in AI-driven projects or are focused on traditional or emerging practices independent of AI, your insights are invaluable.<\/p>\n<p style=\"text-align: justify;\"><strong>Deadline:<\/strong> 15.07.2024.<\/p>\n<p style=\"text-align: justify;\"><strong>Site:<\/strong> <a href=\"https:\/\/asling.org\/tc46\/\" target=\"_blank\" rel=\"noopener\">https:\/\/asling.org\/tc46\/<\/a><\/p>\n<\/div><\/div>\n\t\t\t\t<\/li>\n\t\t\t \t<li class=\"event \">\n\t\t\t\t\t<div class=\"event-date multi-date\"><div class=\"startdate\"><div class=\"event-weekday\">Thu<\/div><div class=\"event-day\">07<\/div><div class=\"event-month\">Nov<\/div><div class=\"event-year\">2024<\/div><\/div><div class=\"enddate\"><div class=\"event-weekday\">Sat<\/div><div class=\"event-day\">09<\/div><div class=\"event-month\">Nov<\/div><div class=\"event-year\">2024<\/div><\/div><\/div>\n\t\t\t\t\t<div class=\"event-info multi-day\"><div class=\"event-title\"><h3><a href=\"https:\/\/cter.edu.pl\/?page_id=254&amp;lang=pl&amp;rest_route=%2Fwp%2Fv2%2Fpages%2F254&amp;event_id1=6154\">Sustainable Objects?: Books, Screens and Creative Transit in the Cultures of the English Language<\/a><\/h3><\/div><span class=\"event-location\">Porto, Portugal<\/span><div class=\"event-content\"><p>This conference focuses on the endurance of cultural items (works of literature, themes, symbols and motifs, myths, historical figures, etc.) through a range of transformations, with an emphasis on the technologies that enable and sustain various exchanges and relays: from manuscript to print, from codex to digital and audiobook, the mutualities of words and images, the dynamics proper to adaptation, translation, and transmediation.<\/p>\n<p><strong>Submission deadline:<\/strong> June 11, 2024.<\/p>\n<p><strong>Site:<\/strong> <a href=\"https:\/\/cetaps.wixsite.com\/relationalforms9\/call-for-papers\" target=\"_blank\" rel=\"noopener\">https:\/\/cetaps.wixsite.com\/relationalforms9\/call-for-papers<\/a><\/p>\n<\/div><\/div>\n\t\t\t\t<\/li>\n\t\t\t \t<li class=\"event \">\n\t\t\t\t\t<div class=\"event-date multi-date\"><div class=\"startdate\"><div class=\"event-weekday\">Thu<\/div><div class=\"event-day\">07<\/div><div class=\"event-month\">Nov<\/div><div class=\"event-year\">2024<\/div><\/div><div class=\"enddate\"><div class=\"event-weekday\">Sat<\/div><div class=\"event-day\">09<\/div><div class=\"event-month\">Nov<\/div><div class=\"event-year\">2024<\/div><\/div><\/div>\n\t\t\t\t\t<div class=\"event-info multi-day\"><div class=\"event-title\"><h3><a href=\"https:\/\/cter.edu.pl\/?page_id=254&amp;lang=pl&amp;rest_route=%2Fwp%2Fv2%2Fpages%2F254&amp;event_id1=6278\">Translating Shakespeare between the East and West<\/a><\/h3><\/div><span class=\"event-location\">Birmingham, UK<\/span><div class=\"event-content\"><p>Wherever you are, East or West, you will be able to join our conference and enjoy a diverse range of presentations. It will bring together Shakespeare scholars, translation studies scholars, theologians, theatre practitioners, educators and anyone who loves Shakespeare. By inviting different speakers in the area of Chinese Shakespeare from Hong Kong, Taiwan, Mainland China, the US and the UK to speak on the translatability of theatrical productions of Shakespeare in China in different periods \u00e2\u20ac\u201c it is hoped that meaningful discussions will come about on differing translatability issues and socio- political factors underlying these translations at different points in time. This conference will represent the first of its kind that can stimulate thought-provoking discussions regarding the range of problems and opportunities arising from both the original texts and the target languages and cultures which combine to make Shakespeare translation the rich field that it is today.<\/p>\n<p>Deadline: 01.10.2024.<\/p>\n<p>Event site: <a href=\"https:\/\/www.birmingham.ac.uk\/schools\/lcahm\/departments\/languages\/events\/2024\/translatingshakespeare\/call-for-papers\">https:\/\/www.birmingham.ac.uk\/schools\/lcahm\/departments\/languages\/events\/2024\/translatingshakespeare\/call-for-papers<\/a><\/p>\n<\/div><\/div>\n\t\t\t\t<\/li>\n\t\t\t \t<li class=\"event \">\n\t\t\t\t\t<div class=\"event-date multi-date\"><div class=\"startdate\"><div class=\"event-weekday\">Wed<\/div><div class=\"event-day\">06<\/div><div class=\"event-month\">Nov<\/div><div class=\"event-year\">2024<\/div><\/div><div class=\"enddate\"><div class=\"event-weekday\">Fri<\/div><div class=\"event-day\">08<\/div><div class=\"event-month\">Nov<\/div><div class=\"event-year\">2024<\/div><\/div><\/div>\n\t\t\t\t\t<div class=\"event-info multi-day\"><div class=\"event-title\"><h3><a href=\"https:\/\/cter.edu.pl\/?page_id=254&amp;lang=pl&amp;rest_route=%2Fwp%2Fv2%2Fpages%2F254&amp;event_id1=6156\">The 4th International Congress on Language and Translation Studies<\/a><\/h3><\/div><span class=\"event-location\">Online, Turkey<\/span><div class=\"event-content\"><p style=\"text-align: justify;\">The congress aims to bring together distinguished scholars and researchers studying linguistics, translation studies, SLA, culture studies, and foreign language teaching. Its objective is to review the theories and research techniques in these fields, address contemporary issues, evaluate past and present critically, and make suggestions for the future. We intend for the congress to pave the way for new perspectives and directions, creating a dynamic online platform for discussions that transcend binary oppositions between the past and the present, the old and the new, and the traditional and the modern.<\/p>\n<p><strong>Deadline for abstract submission:<\/strong> September 30, 2024<\/p>\n<p><strong>Site:<\/strong> <a href=\"https:\/\/www.selcuk.edu.tr\/Birim\/hizmetler\/LOTUS\/1976\/invitation-letter\/43992\" target=\"_blank\" rel=\"noopener\">https:\/\/www.selcuk.edu.tr\/Birim\/hizmetler\/LOTUS\/1976\/invitation-letter\/43992<\/a><\/p>\n<\/div><\/div>\n\t\t\t\t<\/li>\n\t\t\t \t<li class=\"event \">\n\t\t\t\t\t<div class=\"event-date multi-date\"><div class=\"startdate\"><div class=\"event-weekday\">Sat<\/div><div class=\"event-day\">02<\/div><div class=\"event-month\">Nov<\/div><div class=\"event-year\">2024<\/div><\/div><div class=\"enddate\"><div class=\"event-weekday\">Sun<\/div><div class=\"event-day\">03<\/div><div class=\"event-month\">Nov<\/div><div class=\"event-year\">2024<\/div><\/div><\/div>\n\t\t\t\t\t<div class=\"event-info multi-day\"><div class=\"event-title\"><h3><a href=\"https:\/\/cter.edu.pl\/?page_id=254&amp;lang=pl&amp;rest_route=%2Fwp%2Fv2%2Fpages%2F254&amp;event_id1=5993\">The 5th International Symposium on Applied Linguistics Research<\/a><\/h3><\/div><span class=\"event-location\">Online, Saudi Arabia<\/span><div class=\"event-content\"><p>This symposium is organized and hosted by the Applied Linguistics Research Lab at the College of Humanities and Sciences, Prince Sultan University (PSU). It aims at promoting Applied Linguistic research in Saudi Arabia and the Gulf Area through bringing together international names and high-quality research in various Applied Linguistic disciplines. These include, but are not limited to, Translation and Stylistics, Second Language Acquisition, Assessment, Corpus Linguistics and Discourse Analysis, and Psycholinguistics and Bilingualism.<\/p>\n<p><a href=\"https:\/\/info.psu.edu.sa\/VirtualEventsPlatform\/alr2024\/\" target=\"_blank\" rel=\"noopener\">https:\/\/info.psu.edu.sa\/VirtualEventsPlatform\/alr2024\/<\/a><\/p>\n<p>&nbsp;<\/p>\n<\/div><\/div>\n\t\t\t\t<\/li>\n\t\t\t \t<li class=\"event \">\n\t\t\t\t\t<div class=\"event-date multi-date\"><div class=\"startdate\"><div class=\"event-weekday\">Thu<\/div><div class=\"event-day\">10<\/div><div class=\"event-month\">Oct<\/div><div class=\"event-year\">2024<\/div><\/div><div class=\"enddate\"><div class=\"event-weekday\">Sat<\/div><div class=\"event-day\">12<\/div><div class=\"event-month\">Oct<\/div><div class=\"event-year\">2024<\/div><\/div><\/div>\n\t\t\t\t\t<div class=\"event-info multi-day\"><div class=\"event-title\"><h3><a href=\"https:\/\/cter.edu.pl\/?page_id=254&amp;lang=pl&amp;rest_route=%2Fwp%2Fv2%2Fpages%2F254&amp;event_id1=6166\">TIFO 2024<\/a><\/h3><\/div><span class=\"event-location\">Olomouc, Czech Republic<\/span><div class=\"event-content\"><p>The\u00a02024\u00a0conference theme is \"Technological turn in translator and interpreter training\", and it is supposed to address issues in translator\/interpreter education and training in the \"Age of AI\". The TIFO 2024 guest speakers are\u00a0Kilian Seeber\u00a0(Geneva University) and\u00a0Gary Massey\u00a0(Zurich University of Applied Sciences).<\/p>\n<p><em>We welcome proposals addressing, without limitation, the following topics:<\/em><\/p>\n<ul>\n<li><em>A competent translator in the age of AI<\/em><\/li>\n<li><em>The role of AI in training: costs and benefits<\/em><\/li>\n<li><em>Shocks and shifts in the T&amp;I market<\/em><\/li>\n<li><em>Aligning the use of T&amp;I technologies in the classroom and in the field<\/em><\/li>\n<li><em>Leveraging the big data: LLMs, corpora, NMT, terminology management\u2026<\/em><\/li>\n<li><em>Fostering critical thinking in the times of AI<\/em><\/li>\n<li><em>The role of traditional methods: pen and paper gone for good?<\/em><\/li>\n<li><em>Developing human added value in language services<\/em><\/li>\n<li><em>Cooperative learning in and outside the classroom<\/em><\/li>\n<li><em>Post-editing NMT: best practices and efficient training<\/em><\/li>\n<li><em>Digital literacy of trainers and trainees: match, or mismatch?<\/em><\/li>\n<\/ul>\n<table width=\"876\">\n<tbody>\n<tr>\n<td><strong><em>For further details kindly\u00a0refer to\u00a0the conference website\u00a0<\/em><\/strong><strong><em><a href=\"https:\/\/tifo.upol.cz\/\">https:\/\/tifo.upol.cz<\/a>.<\/em><\/strong><\/td>\n<\/tr>\n<\/tbody>\n<\/table>\n<\/div><\/div>\n\t\t\t\t<\/li>\n\t\t\t \t<li class=\"event \">\n\t\t\t\t\t<div class=\"event-date multi-date\"><div class=\"startdate\"><div class=\"event-weekday\">Wed<\/div><div class=\"event-day\">25<\/div><div class=\"event-month\">Sep<\/div><div class=\"event-year\">2024<\/div><\/div><div class=\"enddate\"><div class=\"event-weekday\">Thu<\/div><div class=\"event-day\">26<\/div><div class=\"event-month\">Sep<\/div><div class=\"event-year\">2024<\/div><\/div><\/div>\n\t\t\t\t\t<div class=\"event-info multi-day\"><div class=\"event-title\"><h3><a href=\"https:\/\/cter.edu.pl\/?page_id=254&amp;lang=pl&amp;rest_route=%2Fwp%2Fv2%2Fpages%2F254&amp;event_id1=5989\">2nd\u00a0International Conference on Concept Systems and Frames in Terminology (CSFT)<\/a><\/h3><\/div><span class=\"event-location\">Innsbruck, Austria<\/span><div class=\"event-content\"><p>As in the first edition, the aim is to discuss and explore the criteria that should guide the representation of the system of concepts behind the terminology of a domain. As the name of the conference indicates, we aim to contrast on one hand the traditional approach of setting up a concept system or ontology, which represents terms as nodes and relationships as arrows between them, and on the other hand frames, which take the relationships as the basis for the structure of events in the domain.<\/p>\n<p>Call Deadline: 16th\u00c2 of April 2024 - Extended deadline for submission.<\/p>\n<p><a href=\"https:\/\/www.uibk.ac.at\/congress\/csft-2024\/\" target=\"_blank\" rel=\"noopener\">https:\/\/www.uibk.ac.at\/congress\/csft-2024\/<\/a><\/p>\n<\/div><\/div>\n\t\t\t\t<\/li>\n\t\t\t \t<li class=\"event \">\n\t\t\t\t\t<div class=\"event-date multi-date\"><div class=\"startdate\"><div class=\"event-weekday\">Thu<\/div><div class=\"event-day\">19<\/div><div class=\"event-month\">Sep<\/div><div class=\"event-year\">2024<\/div><\/div><div class=\"enddate\"><div class=\"event-weekday\">Sat<\/div><div class=\"event-day\">21<\/div><div class=\"event-month\">Sep<\/div><div class=\"event-year\">2024<\/div><\/div><\/div>\n\t\t\t\t\t<div class=\"event-info multi-day\"><div class=\"event-title\"><h3><a href=\"https:\/\/cter.edu.pl\/?page_id=254&amp;lang=pl&amp;rest_route=%2Fwp%2Fv2%2Fpages%2F254&amp;event_id1=6158\">Translata V: 5th International Conference on Translation and Interpreting Studies Interfaces in Translation<\/a><\/h3><\/div><span class=\"event-location\">Innsbruck, Austria<\/span><div class=\"event-content\"><p>TRANSLATA V is the fifth in a series of triennial conferences on Translation and Interpreting Studies at the University of Innsbruck. This conference series was established in 2011 and, from the outset, has always been one of the largest conferences on Translation and Interpreting Studies worldwide. TRANSLATA is a conference devoted to basic research in translatology with the principle aim of re-establishing translation proper (= professional translation and interpreting) as the core focus of Translation and Interpreting Studies.<\/p>\n<p><strong>Site:<\/strong> <a href=\"https:\/\/www.uibk.ac.at\/translation\/translata-2024\/index.html.en\" target=\"_blank\" rel=\"noopener\">https:\/\/www.uibk.ac.at\/translation\/translata-2024\/index.html.en<\/a><\/p>\n<\/div><\/div>\n\t\t\t\t<\/li>\n\t\t\t \t<li class=\"event konferencje-zagraniczne\">\n\t\t\t\t\t<div class=\"event-date multi-date\"><div class=\"startdate\"><div class=\"event-weekday\">Fri<\/div><div class=\"event-day\">05<\/div><div class=\"event-month\">Jul<\/div><div class=\"event-year\">2024<\/div><\/div><div class=\"enddate\"><div class=\"event-weekday\">Sun<\/div><div class=\"event-day\">07<\/div><div class=\"event-month\">Jul<\/div><div class=\"event-year\">2024<\/div><\/div><\/div>\n\t\t\t\t\t<div class=\"event-info multi-day\"><div class=\"event-title\"><h3><a href=\"https:\/\/cter.edu.pl\/?page_id=254&amp;lang=pl&amp;rest_route=%2Fwp%2Fv2%2Fpages%2F254&amp;event_id1=5997\">XX CONGRESO INTERNACIONAL &quot;TRADUCCI\u00d3N, TEXTO E INTERFERENCIAS&quot;<\/a><\/h3><\/div><span class=\"event-location\">Soria, Spain<\/span><div class=\"event-content\"><p>Las contribuciones presentadas versar\u00e1n sobre cualquiera de los siguientes apartados: Traducci\u00f3n especializada; Terminolog\u00eda, Lexicolog\u00eda y Lexicograf\u00ed\u00ada; Lenguas de especialidad; Teor\u00ed\u00ada e Historia de la Traducci\u00f3n; Did\u00e1ctica de la Traducci\u00f3n; Diccionarios, Tesauros y Glosarios; Herramientas auxiliares para la Traducci\u00f3n; Interpretaci\u00f3n en todas sus modalidades.<\/p>\n<p><a href=\"https:\/\/www.uco.es\/congresotraduccion\/index.php?sec=home\" target=\"_blank\" rel=\"noopener\">https:\/\/www.uco.es\/congresotraduccion\/index.php?sec=home<\/a><\/p>\n<\/div><\/div>\n\t\t\t\t<\/li>\n\t\t\t \t<li class=\"event konferencje-zagraniczne\">\n\t\t\t\t\t<div class=\"event-date multi-date\"><div class=\"startdate\"><div class=\"event-weekday\">Thu<\/div><div class=\"event-day\">04<\/div><div class=\"event-month\">Jul<\/div><div class=\"event-year\">2024<\/div><\/div><div class=\"enddate\"><div class=\"event-weekday\">Fri<\/div><div class=\"event-day\">05<\/div><div class=\"event-month\">Jul<\/div><div class=\"event-year\">2024<\/div><\/div><\/div>\n\t\t\t\t\t<div class=\"event-info multi-day\"><div class=\"event-title\"><h3><a href=\"https:\/\/cter.edu.pl\/?page_id=254&amp;lang=pl&amp;rest_route=%2Fwp%2Fv2%2Fpages%2F254&amp;event_id1=5987\">Symposium &quot;Comics in the Globalized World&quot;, subtitled &quot;Circulation, Translation, Transmediality&quot;<\/a><\/h3><\/div><span class=\"event-location\">Hamburg, Germany<\/span><div class=\"event-content\"><p>Since its origins as comic strips in the American press at the tail end of the 19th century, comics have been a global cultural phenomenon, meaning that its artistic and industrial production is deeply informed by its circulation from country to country, continent to continent (Gociol &amp; Guti\u00e9rrez, 2012) and, also, from one medium to another. This is more true today than ever, as evidenced in bookstores around the world: Spanish superheroes, Latin American graphic novels created to be sold in the French market, mangaesque stories of homosexual love adapted to German tastes.<\/p>\n<p>Proposals for the International Symposium should include a title and abstract (max. 300 words plus bibliography) and a short author biography (max. 100 words). until May 15th. Contributions can be submitted in Spanish or English and should be sent to diego.labra@uni-hamburg.de. As the selected contributions will be compiled into a collective volume to be published this year, accepted presentations should send the full paper by July 17th.<\/p>\n<p><a href=\"https:\/\/www.slm.uni-hamburg.de\/romanistik\/ueber-das-institut\/aktuelles\/2024-01-cfp-simposio-internacional-la-historieta-en-el-mundo-globalizado.html\" target=\"_blank\" rel=\"noopener\">https:\/\/www.slm.uni-hamburg.de\/romanistik\/ueber-das-institut\/aktuelles\/2024-01-cfp-simposio-internacional-la-historieta-en-el-mundo-globalizado.html<\/a><\/p>\n<\/div><\/div>\n\t\t\t\t<\/li>\n\t\t\t \t<li class=\"event \">\n\t\t\t\t\t<div class=\"event-date multi-date\"><div class=\"startdate\"><div class=\"event-weekday\">Wed<\/div><div class=\"event-day\">26<\/div><div class=\"event-month\">Jun<\/div><div class=\"event-year\">2024<\/div><\/div><div class=\"enddate\"><div class=\"event-weekday\">Fri<\/div><div class=\"event-day\">28<\/div><div class=\"event-month\">Jun<\/div><div class=\"event-year\">2024<\/div><\/div><\/div>\n\t\t\t\t\t<div class=\"event-info multi-day\"><div class=\"event-title\"><h3><a href=\"https:\/\/cter.edu.pl\/?page_id=254&amp;lang=pl&amp;rest_route=%2Fwp%2Fv2%2Fpages%2F254&amp;event_id1=5995\">5th East Asian Translation Studies Conference (EATS5)<\/a><\/h3><\/div><span class=\"event-location\">Hybrid, Brisbane, Australia<\/span><div class=\"event-content\"><p>The East Asian Translation Studies Conference aims to provide a platform for translators and researchers working in the East Asian context to exchange ideas on issues related to translation. The 5th Conference, to be held at the University of Queensland in Brisbane (Australia) from 26 to 28 June 2024, will mark ten years since the foundation Conference at the University of East Anglia (UK). For this event celebrating a decade of East Asian Translation Studies conferences, we invite contributions from researchers and translators which investigate the topic of Negotiating the Borders of Translation in East Asia.<\/p>\n<p><a href=\"https:\/\/languages-cultures.uq.edu.au\/events\/eats5\" target=\"_blank\" rel=\"noopener\">https:\/\/languages-cultures.uq.edu.au\/events\/eats5<\/a><\/p>\n<\/div><\/div>\n\t\t\t\t<\/li>\n\t\t\t \t<li class=\"event konferencje-krajowe\">\n\t\t\t\t\t<div class=\"event-date multi-date\"><div class=\"startdate\"><div class=\"event-weekday\">Wed<\/div><div class=\"event-day\">22<\/div><div class=\"event-month\">May<\/div><div class=\"event-year\">2024<\/div><\/div><div class=\"enddate\"><div class=\"event-weekday\">Thu<\/div><div class=\"event-day\">23<\/div><div class=\"event-month\">May<\/div><div class=\"event-year\">2024<\/div><\/div><\/div>\n\t\t\t\t\t<div class=\"event-info multi-day\"><div class=\"event-title\"><h3><a href=\"https:\/\/cter.edu.pl\/?page_id=254&amp;lang=pl&amp;rest_route=%2Fwp%2Fv2%2Fpages%2F254&amp;event_id1=5999\">II Simposio Internacional en Traducci\u00f3n e Interpretaci\u00f3n especializadas<\/a><\/h3><\/div><span class=\"event-location\">Online, Poland<\/span><div class=\"event-content\"><p>Tras el gran \u00e9xito obtenido en la primera edici\u00f3n, el Departamento de Estudios Hisp\u00e1nicos de la Universidad Maria Curie-Sklodowska (Polonia) tiene el placer de invitar a todos los especialistas en Traducci\u00f3n y\/o Interpretaci\u00f3n especializada(s) al II Simposio Internacional de Traducci\u00f3n e Interpretaci\u00f3n especializadas, que se celebrar\u00e1 en l\u00ednea entre el 22 y el 23 de mayo de 2024. Las conferencias plenarias correr\u00e1n a cargo de reputadas investigadoras en la materia: Prof.? Mar\u00ed\u00ada Gabriela Piemonti de la Universidad Nacional de Rosario (Argentina) y Prof.? Agata Komorowska de la Universidad Jaguel\u00f3nica de Cracovia (Polonia).<\/p>\n<p><a href=\"https:\/\/www.umcs.pl\/pl\/simposio-internacional-de-traduccion-e-interpretacion-especializadas,22847.htm\" target=\"_blank\" rel=\"noopener\">https:\/\/www.umcs.pl\/pl\/simposio-internacional-de-traduccion-e-interpretacion-especializadas,22847.htm<\/a><\/p>\n<\/div><\/div>\n\t\t\t\t<\/li>\n\t\t\t \t<li class=\"event \">\n\t\t\t\t\t<div class=\"event-date multi-date\"><div class=\"startdate\"><div class=\"event-weekday\">Mon<\/div><div class=\"event-day\">22<\/div><div class=\"event-month\">Apr<\/div><div class=\"event-year\">2024<\/div><\/div><div class=\"enddate\"><div class=\"event-weekday\">Wed<\/div><div class=\"event-day\">24<\/div><div class=\"event-month\">Apr<\/div><div class=\"event-year\">2024<\/div><\/div><\/div>\n\t\t\t\t\t<div class=\"event-info multi-day\"><div class=\"event-title\"><h3><a href=\"https:\/\/cter.edu.pl\/?page_id=254&amp;lang=pl&amp;rest_route=%2Fwp%2Fv2%2Fpages%2F254&amp;event_id1=5895\">BP24 Translation Conference<\/a><\/h3><\/div><span class=\"event-location\">Seville, Spain<\/span><div class=\"event-content\"><p>Join hundreds of freelance translators (a.k.a. Badass Polyglots) at Europe\u2019s favourite translation conference<\/p>\n<p>Join us in Sevilla or online \u2014 We offer flexible options to be part of a welcoming professional crowd where the focus is on continuing education and building an enthusiastic international community<\/p>\n<p>The two overarching themes of the conference are:<\/p>\n<ul>\n<li>Business &amp; Practice<\/li>\n<li>Badass Polyglots<\/li>\n<\/ul>\n<p>Conference site: <a href=\"https:\/\/bpconf.com\/BP24\/\" target=\"_blank\" rel=\"noopener\">https:\/\/bpconf.com\/BP24\/<\/a><\/p>\n<\/div><\/div>\n\t\t\t\t<\/li>\n\t\t\t \t<li class=\"event konferencje-krajowe\">\n\t\t\t\t\t<div class=\"event-date single-date\"><div class=\"enddate\"><div class=\"event-weekday\">Mon<\/div><div class=\"event-day\">15<\/div><div class=\"event-month\">Apr<\/div><div class=\"event-year\">2024<\/div><\/div><\/div>\n\t\t\t\t\t<div class=\"event-info multi-day\"><div class=\"event-title\"><h3><a href=\"https:\/\/cter.edu.pl\/?page_id=254&amp;lang=pl&amp;rest_route=%2Fwp%2Fv2%2Fpages%2F254&amp;event_id1=5985\">Translating Europe Workshop: Points of View on Translation 2024<\/a><\/h3><\/div><span class=\"event-location\">Krak\u00f3w, Poland and online<\/span><div class=\"event-content\"><p class=\"elementtoproof\" style=\"margin-bottom: 12.0pt; line-height: 115%; background: white;\"><span style=\"font-size: 12.0pt; line-height: 115%; color: black;\">We are happy to inform you that on 15th April 2024 the Chair for Translation Studies, Jagiellonian University, in cooperation with the <\/span><span style=\"font-size: 12.0pt; line-height: 115%; color: #444444;\">Directorate-General for Translation, European Commission, <\/span><span style=\"font-size: 12.0pt; line-height: 115%; color: black;\">is organising a <\/span><b><span style=\"font-size: 12.0pt; line-height: 115%; color: #444444; background: white;\">Translating Europe Workshop: Points of View on Translation 2024<\/span><\/b><span style=\"font-size: 12.0pt; line-height: 115%; color: #444444; background: white;\">, in hybrid mode.<\/span><\/p>\n<p style=\"margin-bottom: 12.0pt; line-height: 115%; background: white;\"><span style=\"font-size: 12.0pt; line-height: 115%; color: #444444; background: white;\">The m<\/span><span style=\"font-size: 12.0pt; line-height: 115%; color: black;\">ain theme of the conference is <i>Points of View on Translation Services: Potential and Challenges of Modern Technologies<\/i>.<\/span><\/p>\n<\/div><\/div>\n\t\t\t\t<\/li>\n\t\t\t \t<li class=\"event \">\n\t\t\t\t\t<div class=\"event-date multi-date\"><div class=\"startdate\"><div class=\"event-weekday\">Wed<\/div><div class=\"event-day\">01<\/div><div class=\"event-month\">Nov<\/div><div class=\"event-year\">2023<\/div><\/div><div class=\"enddate\"><div class=\"event-weekday\">Fri<\/div><div class=\"event-day\">03<\/div><div class=\"event-month\">Nov<\/div><div class=\"event-year\">2023<\/div><\/div><\/div>\n\t\t\t\t\t<div class=\"event-info multi-day\"><div class=\"event-title\"><h3><a href=\"https:\/\/cter.edu.pl\/?page_id=254&amp;lang=pl&amp;rest_route=%2Fwp%2Fv2%2Fpages%2F254&amp;event_id1=5892\">APTIS 2023<\/a><\/h3><\/div><span class=\"event-location\">Belfast, Northern Ireland<\/span><div class=\"event-content\"><p>5th Conference of the Association of Programmes in Translation and Interpreting Studies, UK and Ireland<\/p>\n<p>Queen\u2019s University Belfast, 1-3 November 2023<\/p>\n<p>Organised by the Centre for Translation and Interpreting, QUB<br \/>\nAdvised by APTIS, please click <a href=\"https:\/\/www.aptis-translation-interpreting.org\/\" target=\"_blank\" rel=\"noopener\">here<\/a> for the APTIS website<\/p>\n<\/div><\/div>\n\t\t\t\t<\/li>\n\t\t\t \t<li class=\"event \">\n\t\t\t\t\t<div class=\"event-date multi-date\"><div class=\"startdate\"><div class=\"event-weekday\">Fri<\/div><div class=\"event-day\">22<\/div><div class=\"event-month\">Sep<\/div><div class=\"event-year\">2023<\/div><\/div><div class=\"enddate\"><div class=\"event-weekday\">Sat<\/div><div class=\"event-day\">23<\/div><div class=\"event-month\">Sep<\/div><div class=\"event-year\">2023<\/div><\/div><\/div>\n\t\t\t\t\t<div class=\"event-info multi-day\"><div class=\"event-title\"><h3><a href=\"https:\/\/cter.edu.pl\/?page_id=254&amp;lang=pl&amp;rest_route=%2Fwp%2Fv2%2Fpages%2F254&amp;event_id1=5740\">Translation, Interpreting, &amp; Culture 2023: Virality and Isolation in the Era of Deepening Divides<\/a><\/h3><\/div><span class=\"event-location\">Bratislava, Slovakia<\/span><div class=\"event-content\"><p style=\"text-align: justify;\">TIC 2023 as the third event in the series wishes to provide a platform for (trans\/post)disciplinary discussions of translation and interpreting as both tools and critical and activist practices that shape global and local contemporaneity in an age of digital colonisation.<\/p>\n<p>...<\/p>\n<p style=\"text-align: justify;\">TIC 2023 wishes to make the growing social, economic, and ideological differences accompanied and facilitated by the ways information travel the basis for event\u2019s critical and academic discussions. We will welcome papers addressing any aspects of translation and interpreting in an age when such matters as algorithm awareness divide or the inability of digital assistants to account for diverse accents are not issues solely reserved for investigation in specialised fields, but are part of our everyday experience.<\/p>\n<p>Major themes:<\/p>\n<ul>\n<li>Translation and interpreting building borders and bridges<\/li>\n<li>Virality \u2013 opportunity and challenge for translating and interpreting world<\/li>\n<li>Access and inclusion \u2013 communication designs for all<\/li>\n<li>Creativity in human-machine cooperation in the context of current developments in technologies, experimental literature, and translation and interpreting<\/li>\n<li>Negotiating translation\/interpreting zones<\/li>\n<li>Activism and manipulation: towards objective methods for knowledge-based action in TIS<\/li>\n<li>Political motivation for setting initial norm in translation\/interpreting projects<\/li>\n<li>Language hostility and hospitality as a decisive factor in integration of refugees in new societies<\/li>\n<li>Social representation theory as a tool for measuring translators\u2019 status and public image<\/li>\n<li>Translators\u2019 and interpreters\u2019 visibility and social responsibility<\/li>\n<li>Isolation and remoteness \u2013 future for a new generation of translators and interpreters?<\/li>\n<li>Historical justice in narrating translation histories<\/li>\n<li>Generational and technological turn in TIS<\/li>\n<li>Translator and interpreter training in post-pandemic world<\/li>\n<\/ul>\n<p>Check the <a href=\"https:\/\/www.tic-conference.eu\/en\/about-the-conference\/#aims-and-purpose\" target=\"_blank\" rel=\"noopener\">conference website<\/a> for more details.<\/p>\n<\/div><\/div>\n\t\t\t\t<\/li>\n\t\t\t \t<li class=\"event \">\n\t\t\t\t\t<div class=\"event-date multi-date\"><div class=\"startdate\"><div class=\"event-weekday\">Mon<\/div><div class=\"event-day\">04<\/div><div class=\"event-month\">Sep<\/div><div class=\"event-year\">2023<\/div><\/div><div class=\"enddate\"><div class=\"event-weekday\">Fri<\/div><div class=\"event-day\">08<\/div><div class=\"event-month\">Sep<\/div><div class=\"event-year\">2023<\/div><\/div><\/div>\n\t\t\t\t\t<div class=\"event-info multi-day\"><div class=\"event-title\"><h3><a href=\"https:\/\/cter.edu.pl\/?page_id=254&amp;lang=pl&amp;rest_route=%2Fwp%2Fv2%2Fpages%2F254&amp;event_id1=5758\">MT Summit 2023<\/a><\/h3><\/div><span class=\"event-location\">Macau, China<\/span><div class=\"event-content\"><p>With the coming of the MT Summit XIX, the 19th Machine Translation Summit, held from September 4 to 8, 2023, we are pleased to announce that we are putting out a call for papers and presentations, as well as for proposals for workshops and tutorials.<\/p>\n<p>COVID-19 has forced many international conferences to go fully online, and this was no different for the previous MT Summit. This time, however, we\u2019re looking to provide both real opportunities for face-to-face discussions and for encounters that take place online.<\/p>\n<p>The conference will take place in the convention center located on the Cotai Strip, which is at the heart of modern Macao\u2019s accommodation, event, and entertainment offerings. We will also continue to monitor the pandemic situation closely to ensure the safety of participants, and, if necessary, will convert to a completely virtual format.<\/p>\n<p>The MT Summit XIX is organized by the Asia-Pacific Association for Machine Translation. This biennial MT Summit brings together the Asian-Pacific (AAMT), American (AMTA), and European (EAMT) branches of the International Association for Machine Translation (IAMT), creating an invaluable opportunity to discuss the issues of the day with a truly global gathering of all the stakeholders of machine translation. This includes researchers of MT and translation, developers, providers, translators, and general users. For researchers, MT Summit XIX provides a unique context in which to share their latest results with colleagues, as well as an opportunity to understand real-world user requirements. MT providers, translators, and general users in both business and government settings will benefit from updates on leading-edge R&amp;D in Machine Translation and have a chance to present and discuss their own use cases. In all of these contexts, we strongly encourage and hope that students will also make submissions and participate.<\/p>\n<p>For more details, see the <a href=\"https:\/\/mtsummit2023.scimeeting.cn\/en\/web\/index\/\" target=\"_blank\" rel=\"noopener\">conference site<\/a>.<\/p>\n<\/div><\/div>\n\t\t\t\t<\/li>\n\t\t\t \t<li class=\"event \">\n\t\t\t\t\t<div class=\"event-date multi-date\"><div class=\"startdate\"><div class=\"event-weekday\">Wed<\/div><div class=\"event-day\">26<\/div><div class=\"event-month\">Jul<\/div><div class=\"event-year\">2023<\/div><\/div><div class=\"enddate\"><div class=\"event-weekday\">Sat<\/div><div class=\"event-day\">29<\/div><div class=\"event-month\">Jul<\/div><div class=\"event-year\">2023<\/div><\/div><\/div>\n\t\t\t\t\t<div class=\"event-info multi-day\"><div class=\"event-title\"><h3><a href=\"https:\/\/cter.edu.pl\/?page_id=254&amp;lang=pl&amp;rest_route=%2Fwp%2Fv2%2Fpages%2F254&amp;event_id1=5738\">International Symposium on Translation Communication &amp; Intercultural Studies 2023<\/a><\/h3><\/div><span class=\"event-location\">Singapore<\/span><div class=\"event-content\"><p style=\"text-align: justify;\">In order to promote the exchange of academic achievements and the international dissemination of research on translation and interpreting, and to enhance the international influence of China Association for Comparative Studies of English and Chinese (CACSEC) on translation and interpreting research, the Professional Committee of Translation and Interpreting (PCTI) of CACSEC will hold an\u00a0<strong><em>International Symposium on Translation Communication and Intercultural Studies---2023 High-level Forum of the PCTI of the CACSEC<\/em><\/strong>\u00a0at the Chinese\u00a0Heritage Centre\u00a0of Nanyang University of Technology, Singapore on July 26-29, 2023 (check-in on July 25, leave on July 30). This symposium\/high-level forum\u00a0is sponsored\u00a0\u00a0by\u00a0the Chinese Heritage Centre, Nanyang Technological University,\u00a0Singapore,\u00a0and\u00a0cosponsored by\u00a0<em>Translation Research and Teaching<\/em>, A journal of Chinese humanities and social sciences. We welcome experts and scholars from all over the world in translation and interpreting to Singapore for the grand event.<\/p>\n<p>Main Topics (but not limited to the following):<\/p>\n<ul>\n<li>Chinese and English comparison, translation and interpreting<\/li>\n<li>Cognitive interpreting\/Embodied-interpreting and cognitive process of translation<\/li>\n<li>International communication of translation and interpreting<\/li>\n<li>The profession and ethics of translation and interpreting<\/li>\n<li>\"Digital+\" translation multimodality and applied translation<\/li>\n<li>Translation and interpreting teaching in the context of COVID-19<\/li>\n<li>Translation of Chinese culture and classics into English<\/li>\n<li>Chinese and foreign translators and translation history<\/li>\n<\/ul>\n<p>Check the<a href=\"https:\/\/mp.weixin.qq.com\/s\/sc-kcF7DAIQj_-EAFok-Lg?fbclid=IwAR2DOxZJA57eZ6FX5gVAk_zXl54k99D0v-kxC_LaERxQxg2zWa6rHaXl-dc\" target=\"_blank\" rel=\"noopener\"> conference site<\/a> for more details.<\/p>\n<\/div><\/div>\n\t\t\t\t<\/li>\n\t\t\t \t<li class=\"event \">\n\t\t\t\t\t<div class=\"event-date multi-date\"><div class=\"startdate\"><div class=\"event-weekday\">Thu<\/div><div class=\"event-day\">06<\/div><div class=\"event-month\">Jul<\/div><div class=\"event-year\">2023<\/div><\/div><div class=\"enddate\"><div class=\"event-weekday\">Fri<\/div><div class=\"event-day\">07<\/div><div class=\"event-month\">Jul<\/div><div class=\"event-year\">2023<\/div><\/div><\/div>\n\t\t\t\t\t<div class=\"event-info multi-day\"><div class=\"event-title\"><h3><a href=\"https:\/\/cter.edu.pl\/?page_id=254&amp;lang=pl&amp;rest_route=%2Fwp%2Fv2%2Fpages%2F254&amp;event_id1=5736\">Translab4: Translation and Labour<\/a><\/h3><\/div><span class=\"event-location\">London, UK<\/span><div class=\"event-content\"><p style=\"text-align: justify;\">This symposium will be devoted to explorations of the concept of labour arising from Translab\u2019s<br \/>\nhallmark blending of \u2018translation\u2019 and \u2018collaboration\u2019. It posits that the concept of labour, as distinct from \u2018work\u2019 (Arendt 1958\/1998; Narotzky 2018), warrants more sustained engagement on the part of both Translation Studies and the translation profession. While digital labour (Fuchs 2020), playbor (K\u00fccklich 2005), fan labour (De Kosnik 2012), affective labour (Hardt 1999; Koskinen 2020), emotional labour (Hochschild 1993), or (im)material labour (Negri &amp; Hardt 2004) may present themselves as particularly topical sites for such exploration, both labour and work are also important yet largely underarticulated dimensions in discussions about translation in a professional context and in debates about the distinction between professional and non-professional translation. Last but not least, we are keen to extend consideration of the labour concept to translation as such, and to<br \/>\ninterrogate its relevance to current debates about the translation concept.<\/p>\n<p>To explore translation from the vantage point of labour and work, we invite paper proposals addressing the labour of translation and interpreting in both theory and practice, and in, among others, the following contexts, either separately or jointly where these overlap:<\/p>\n<ul>\n<li>translation and interpreting as labour, work, and action<\/li>\n<li>flows of translational capital and value accumulation in professional and non-professional contexts<\/li>\n<li>translation and interpreting as digital labour<\/li>\n<li>translation and interpreting as (im)material labour<\/li>\n<li>translation and interpreting as fan labour<\/li>\n<li>translation and interpreting as affective labour and\/or emotional labour<\/li>\n<li>narratives of translational labour\/work and their effect(s) on the interests and status of translators and other stakeholders<\/li>\n<\/ul>\n<p>See the <a href=\"https:\/\/transcultcom.univie.ac.at\/fileadmin\/user_upload\/p_transcult_com\/News_und_Events\/CfP_Translation_and_Labour.pdf\" target=\"_blank\" rel=\"noopener\">conference site<\/a> for more details.<\/p>\n<\/div><\/div>\n\t\t\t\t<\/li>\n\t\t\t \t<li class=\"event \">\n\t\t\t\t\t<div class=\"event-date multi-date\"><div class=\"startdate\"><div class=\"event-weekday\">Mon<\/div><div class=\"event-day\">26<\/div><div class=\"event-month\">Jun<\/div><div class=\"event-year\">2023<\/div><\/div><div class=\"enddate\"><div class=\"event-weekday\">Tue<\/div><div class=\"event-day\">27<\/div><div class=\"event-month\">Jun<\/div><div class=\"event-year\">2023<\/div><\/div><\/div>\n\t\t\t\t\t<div class=\"event-info multi-day\"><div class=\"event-title\"><h3><a href=\"https:\/\/cter.edu.pl\/?page_id=254&amp;lang=pl&amp;rest_route=%2Fwp%2Fv2%2Fpages%2F254&amp;event_id1=5732\">Translation and the News<\/a><\/h3><\/div><span class=\"event-location\">Lisbon, Portugal<\/span><div class=\"event-content\"><p>Universidade Cat\u00f3lica Portuguesa will host the international conference \"Translation and the News: state of the art, dialogues, reflections\".<\/p>\n<p>The fundamental aim of the event is\u00a0to enquire into the various intersections that can arise from putting journalism and translation studies in dialogue, thus contributing\u00a0to the development of a subarea of both translation and journalism studies which has still room to explore. Journalistic translation opens up new research avenues concerning both news and translation. However, while translation studies\u2019 scholars have initiated a discussion around translation practices in the news,\u00a0journalism studies have not yet addressed the relevance of translation as a key practice in news writing.<\/p>\n<p>Check the <a href=\"https:\/\/fch.lisboa.ucp.pt\/news\/call-papers-international-conference-translation-and-news-70236?fbclid=IwAR01j-g-rrSJf-qI6UumQleVZvbqsdrWC7q-xNlTaQmWoBLYrYLOpsi3cYI\" target=\"_blank\" rel=\"noopener\">conference website<\/a> for more details.<\/p>\n<\/div><\/div>\n\t\t\t\t<\/li>\n\t\t\t \t<li class=\"event \">\n\t\t\t\t\t<div class=\"event-date multi-date\"><div class=\"startdate\"><div class=\"event-weekday\">Mon<\/div><div class=\"event-day\">12<\/div><div class=\"event-month\">Jun<\/div><div class=\"event-year\">2023<\/div><\/div><div class=\"enddate\"><div class=\"event-weekday\">Thu<\/div><div class=\"event-day\">15<\/div><div class=\"event-month\">Jun<\/div><div class=\"event-year\">2023<\/div><\/div><\/div>\n\t\t\t\t\t<div class=\"event-info multi-day\"><div class=\"event-title\"><h3><a href=\"https:\/\/cter.edu.pl\/?page_id=254&amp;lang=pl&amp;rest_route=%2Fwp%2Fv2%2Fpages%2F254&amp;event_id1=5729\">24th Annual Conference of the European Association for Machine Translation<\/a><\/h3><\/div><span class=\"event-location\">Tampere, Finland<\/span><div class=\"event-content\"><p>The European Association for Machine Translation (EAMT) invites everyone interested in machine translation and translation-related tools and resources \u2015 developers, researchers, users, translation and localization professionals and managers \u2015 to participate in this conference.<\/p>\n<p>We expect to receive manuscripts in these four categories:<\/p>\n<ol>\n<li>Research: technical<\/li>\n<li>Research: translators &amp; users<\/li>\n<li>Implementations &amp; case studies<\/li>\n<li>Products &amp; Projects<\/li>\n<\/ol>\n<p>Important deadlines:<\/p>\n<ul>\n<li>Deadline for paper submission: 10 March 2023<\/li>\n<li>Notification to authors: 6 April 2023<\/li>\n<li>Author Registration: 5 May 2023<\/li>\n<li>Camera ready deadline: 5 May 2023<\/li>\n<\/ul>\n<p>Check the <a href=\"https:\/\/events.tuni.fi\/eamt23\/second-call-for-papers\/?fbclid=IwAR2f-tpkLFByB0vUwW-MPzYZJqvxAsZto-vi6iGtTTInsiIUlzyPF67bP6Q\" target=\"_blank\" rel=\"noopener\">conference site<\/a> for more details.<\/p>\n<\/div><\/div>\n\t\t\t\t<\/li>\n\t\t\t \t<li class=\"event \">\n\t\t\t\t\t<div class=\"event-date multi-date\"><div class=\"startdate\"><div class=\"event-weekday\">Wed<\/div><div class=\"event-day\">31<\/div><div class=\"event-month\">May<\/div><div class=\"event-year\">2023<\/div><\/div><div class=\"enddate\"><div class=\"event-weekday\">Fri<\/div><div class=\"event-day\">02<\/div><div class=\"event-month\">Jun<\/div><div class=\"event-year\">2023<\/div><\/div><\/div>\n\t\t\t\t\t<div class=\"event-info multi-day\"><div class=\"event-title\"><h3><a href=\"https:\/\/cter.edu.pl\/?page_id=254&amp;lang=pl&amp;rest_route=%2Fwp%2Fv2%2Fpages%2F254&amp;event_id1=5734\">2nd Conference on Translation and Interpreting: Translation as (inter)cultural mediation<\/a><\/h3><\/div><span class=\"event-location\">Madrid, Spain<\/span><div class=\"event-content\"><p>This\u00a0<strong>Second International Conference on Translation and Interpreting at the Universidad Rey Juan Carlos<\/strong> will be held at the university campus in Aranjuez (Madrid). We expect\u00a0proposals\u00a0focused on the following themes (non-exhaustive list):<\/p>\n<ul>\n<li>Translation as cultural mediation and a cultural tool in literature and films<\/li>\n<li>Components of cultural competence in interpreters and translators<\/li>\n<li>Acculturation as\u00a0an impediment or an aid to mediation<\/li>\n<li>Intercultural communication, translation and interpreting in public services<\/li>\n<li>Intercultural communication, translation and culture in the business world<\/li>\n<li>Accessibility through translation and interpreting (audio description, subtitling for the deaf and hard of hearing [SDH]\u00a0or sign language)<\/li>\n<li>Cultural aspects in specialised translation<\/li>\n<li>Machine translation and culture<\/li>\n<\/ul>\n<p>See the <a href=\"https:\/\/eventos.urjc.es\/94484\/detail\/ii-congreso-internacional-de-traduccion-e-interpretacion-traduccion-como-mediacion-intercultural.html?fbclid=IwAR1fG8znumdLygYGdyGNQorv5K-eoGMeM2Na3-mokb62QNlh9pWE1Sztits\" target=\"_blank\" rel=\"noopener\">conference site<\/a> for more details.<\/p>\n<\/div><\/div>\n\t\t\t\t<\/li>\n\t\t\t \t<li class=\"event \">\n\t\t\t\t\t<div class=\"event-date multi-date\"><div class=\"startdate\"><div class=\"event-weekday\">Mon<\/div><div class=\"event-day\">22<\/div><div class=\"event-month\">May<\/div><div class=\"event-year\">2023<\/div><\/div><div class=\"enddate\"><div class=\"event-weekday\">Wed<\/div><div class=\"event-day\">24<\/div><div class=\"event-month\">May<\/div><div class=\"event-year\">2023<\/div><\/div><\/div>\n\t\t\t\t\t<div class=\"event-info multi-day\"><div class=\"event-title\"><h3><a href=\"https:\/\/cter.edu.pl\/?page_id=254&amp;lang=pl&amp;rest_route=%2Fwp%2Fv2%2Fpages%2F254&amp;event_id1=5673\">16th Annual Global Partners in Education Conference<\/a><\/h3><\/div><span class=\"event-location\">Greenville, NC, USA<\/span><div class=\"event-content\"><p style=\"text-align: justify;\">The 16th Annual Global Partners in Education Conference will be hosted by East Carolina University (ECU) in Greenville, NC, USA from May 22 \u2013 24, 2023. This will be our first in-person conference in three years. We invite instructors, technical support personnel, students, and administrators from GPE partner institutions around the world to join us at ECU for this important knowledge sharing and networking event. Some sessions will be streamed and recorded for those who cannot attend in person.<\/p>\n<p style=\"text-align: justify;\">Aligning with GPE\u2019s mission to prepare students with the skills, knowledge, and adaptability to thrive in an interconnected world, the theme of this year\u2019s conference is \u201cIntercultural Communication: Preparing Students for an Interconnected World.\u201d Intercultural communication is essential for student success. Regardless of whether they stay in their hometown after graduation, move to a bigger city, or choose to live abroad, it is inevitable that students in today\u2019s world will work, live, and play with culturally diverse others. Good intercultural communication is also extraordinarily important for those working in GPE programming. It has always been our philosophy that the majority of challenges faced in our programming can be resolved with good communication.<\/p>\n<p style=\"text-align: justify;\">Throughout the conference we will explore how to build intercultural communication competency both amongst ourselves and our students. It will also be an opportunity to discuss ways to improve existing programming and develop\/introduce ideas for new programming and initiatives. Participants will be given the opportunity to share their research and best practices and will have ample time to network with fellow participants to help further international efforts on their home campuses.<\/p>\n<p>For more details see the <a href=\"https:\/\/www.thegpe.org\/conferences\/16th-annual-global-partners-in-education-conference\/\" target=\"_blank\" rel=\"noopener\">conference website<\/a><\/p>\n<\/div><\/div>\n\t\t\t\t<\/li>\n\t\t\t \t<li class=\"event \">\n\t\t\t\t\t<div class=\"event-date multi-date\"><div class=\"startdate\"><div class=\"event-weekday\">Fri<\/div><div class=\"event-day\">19<\/div><div class=\"event-month\">May<\/div><div class=\"event-year\">2023<\/div><\/div><div class=\"enddate\"><div class=\"event-weekday\">Sun<\/div><div class=\"event-day\">21<\/div><div class=\"event-month\">May<\/div><div class=\"event-year\">2023<\/div><\/div><\/div>\n\t\t\t\t\t<div class=\"event-info multi-day\"><div class=\"event-title\"><h3><a href=\"https:\/\/cter.edu.pl\/?page_id=254&amp;lang=pl&amp;rest_route=%2Fwp%2Fv2%2Fpages%2F254&amp;event_id1=5675\">8th Young Linguists\u2019 Meeting in Poznan (YLMP 2023): 3rd Call for Papers<\/a><\/h3><\/div><span class=\"event-location\">Pozna\u0144, Poland<\/span><div class=\"event-content\"><p style=\"text-align: justify;\">8th Young Linguists' Meeting in Poznan (YLMP 2023) will take place on 19-21 May 2023 in Poznan, Poland. The conference will be organized by the Faculty of English, Adam Mickiewicz University, Poznan. The leitmotif of YLMP2023 is: \u201cLanguage and communication in the times of crisis\u201d<\/p>\n<p>We welcome submissions for oral and poster presentations in the following areas:<\/p>\n<ul>\n<li>psycholinguistics<\/li>\n<li>cognitive linguistics<\/li>\n<li>sociolinguistics and discourse studies<\/li>\n<li>language teaching methodology<\/li>\n<li>translation and interpreting studies<\/li>\n<li>experimental linguistics<\/li>\n<li>pragmatics<\/li>\n<li>syntax<\/li>\n<li>neurolinguistics<\/li>\n<li>clinical linguistics<\/li>\n<li>phonetics and phonology<\/li>\n<\/ul>\n<p><strong>PLENARY SPEAKERS:<\/strong><\/p>\n<ul>\n<li>Jo Angouri (University of Warwick): \u201cFrom interaction analysis to policy change: Putting sociolinguistic research at the centre of the impact agenda\u201d<\/li>\n<li>Sharon O\u2019Brien (Dublin City University): \u201cTranslation and interpreting as essential crisis communication tools\u201d<\/li>\n<li>Trena Paulus (East Tennessee State University): \u201cHow a crisis is discursively constructed in social media conversations\u201d<\/li>\n<li>Guillaume Thierry (Bangor University &amp; Adam Mickiewicz University, Poznan): \u201cRisk taking and lying: How bilinguals can perceive or select their languages strategically \u2013 Implications for language use in situations of conflict\u201d<\/li>\n<\/ul>\n<p><strong>WORKSHOPS:<\/strong><\/p>\n<ul>\n<li>Jo Angouri (University of Warwick): \u201cThe core ingredients of a good PhD journey\u201d<\/li>\n<li>Mathew Cie\u015bla (University of Alabama &amp; Adam Mickiewicz University, Poznan): \u201cAn introduction to PsychoPy experiment builder for linguistics research\u201d<\/li>\n<li>Trena Paulus (East Tennessee State University): \u201cUsing ATLAS.ti software to qualitatively analyze social media data\u201d<\/li>\n<li>Guillaume Thierry (Bangor University &amp; Adam Mickiewicz University, Poznan): \u201cMy recipe for a robust scientific paper: Just as for cooking, it is not just about the ingredients\u201d<\/li>\n<\/ul>\n<p>&nbsp;<\/p>\n<p><strong>INVITED THEMATIC SESSIONS:<\/strong><\/p>\n<ul>\n<li>\u201cBehavioral and physiological correlates of foreign language acquisition\u201d (Convenors: Mathew Cie\u015bla &amp; Katarzyna Jankowiak)<\/li>\n<li>\u201cLinguistic dimensions of Gesture Studies\u201d (Convenors: Tomasz Dyrmo &amp; Anna Jelec)<\/li>\n<li>\u201cDiscourse analysis in the exploration of health communication\u201d (Convenors: Bart\u0142omiej Kruk &amp; Magdalena Zabielska)<\/li>\n<li>\u201cTranslation in the times of crisis: Technology and human factors\u201d (Convenors: Olga Witczak &amp; Olha Lehka-Paul)<\/li>\n<\/ul>\n<p>&nbsp;<\/p>\n<p><strong>SPECIAL SESSION: <\/strong>\u201cLess researched languages and literatures\u201d<\/p>\n<p><strong>IMPORTANT DATES:<\/strong><\/p>\n<ul>\n<li>Extended abstract submission deadline for all abstracts: \u00a0<strong>January 31st, 2023<\/strong><\/li>\n<li>Notification of acceptance for papers and posters: <strong>February 24th, 2023<\/strong><\/li>\n<li>Registration deadline: <strong>March 31st, 2023<\/strong><\/li>\n<li>YLMP 2023: <strong>19-21 May 2023<\/strong><\/li>\n<\/ul>\n<p><strong>For more information, please visit our website and social media platforms:<\/strong><\/p>\n<ul>\n<li><a href=\"http:\/\/www.ylmp2023.amu.edu.pl\">www.ylmp2023.amu.edu.pl<\/a><\/li>\n<li><a href=\"http:\/\/www.twitter.com\/CongressYlmp\">www.twitter.com\/CongressYlmp<\/a><\/li>\n<li><a href=\"http:\/\/www.facebook.com\/ylmpcongress\">www.facebook.com\/ylmpcongress<\/a><\/li>\n<li><a href=\"http:\/\/www.instagram.com\/ylmp_congress\/\">www.instagram.com\/ylmp_congress\/<\/a><\/li>\n<\/ul>\n<\/div><\/div>\n\t\t\t\t<\/li>\n\t\t\t \t<li class=\"event konferencje-krajowe\">\n\t\t\t\t\t<div class=\"event-date multi-date\"><div class=\"startdate\"><div class=\"event-weekday\">Thu<\/div><div class=\"event-day\">11<\/div><div class=\"event-month\">May<\/div><div class=\"event-year\">2023<\/div><\/div><div class=\"enddate\"><div class=\"event-weekday\">Sat<\/div><div class=\"event-day\">13<\/div><div class=\"event-month\">May<\/div><div class=\"event-year\">2023<\/div><\/div><\/div>\n\t\t\t\t\t<div class=\"event-info multi-day\"><div class=\"event-title\"><h3><a href=\"https:\/\/cter.edu.pl\/?page_id=254&amp;lang=pl&amp;rest_route=%2Fwp%2Fv2%2Fpages%2F254&amp;event_id1=5575\">III Wroc\u0142awskie Spotkania Terminologiczne TERMOS 2023<\/a><\/h3><\/div><span class=\"event-location\">Wroc\u0142aw, Poland<\/span><div class=\"event-content\"><p>Instytut Filologii Roma\u0144skiej i Katedra Filologii Niderlandzkiej im. Erazma z Rotterdamu\u00a0zapraszaj\u0105 na mi\u0119dzynarodow\u0105 konferencj\u0119 naukow\u0105<br \/>\npt. TERMINY I ICH U\u017bYTKOWNICY<\/p>\n<p>W czasie konferencji WYK\u0141ADY PLENARNE wyg\u0142osz\u0105:<br \/>\n\u2022 prof. Val\u00e9rie Delavigne (Universit\u00e9 Sorbonne Nouvelle, FRANCJA)<br \/>\n\u2022 dr hab. Tomasz Piekot (Uniwersytet Wroc\u0142awski, POLSKA)<br \/>\n\u2022 prof. dr. Rita Temmerman (Vrije Universiteit Brussel, BELGIA)<br \/>\n\u2022 prof. dr hab. Magdalena Zawis\u0142awska (Uniwersytet Warszawski, POLSKA)<\/p>\n<p>J\u0118ZYKI KONFERENCJI: angielski, francuski, niderlandzki, polski. Strona konferencji:\u00a0<a href=\"https:\/\/ifr.uni.wroc.pl\/pl\/termos-2023\">TERMOS 2023\u00a0<\/a><\/p>\n<\/div><\/div>\n\t\t\t\t<\/li>\n\t\t\t \t<li class=\"event konferencje-krajowe\">\n\t\t\t\t\t<div class=\"event-date multi-date\"><div class=\"startdate\"><div class=\"event-weekday\">Mon<\/div><div class=\"event-day\">24<\/div><div class=\"event-month\">Apr<\/div><div class=\"event-year\">2023<\/div><\/div><div class=\"enddate\"><div class=\"event-weekday\">Tue<\/div><div class=\"event-day\">25<\/div><div class=\"event-month\">Apr<\/div><div class=\"event-year\">2023<\/div><\/div><\/div>\n\t\t\t\t\t<div class=\"event-info multi-day\"><div class=\"event-title\"><h3><a href=\"https:\/\/cter.edu.pl\/?page_id=254&amp;lang=pl&amp;rest_route=%2Fwp%2Fv2%2Fpages%2F254&amp;event_id1=5671\">5th International Communication Styles Conference<\/a><\/h3><\/div><span class=\"event-location\">Krak\u00f3w<\/span><div class=\"event-content\"><p>The International Communication Styles conference is the fifth in the series of biannual conferences which were initiated in 2013 and took place four times in\u00a0<a href=\"https:\/\/kpu.krosno.pl\/fa\/en\/research-conferences\/\">Krosno, Poland<\/a>\u00a0(see the\u00a0<a href=\"https:\/\/www.youtube.com\/watch?v=jb0LNusnXTg\">first conference opening speech by Geert Hofstede<\/a>). This time, after a pandemic break, we would like to invite international scholars to the city of Krakow, Poland.<\/p>\n<p>We welcome papers related to all aspects of communication styles, broadly understood as clusters of features of verbal and nonverbal language that run the spectrum of discourses, genres and media and mark social and cultural differences. The 5th ICS Conference brings into focus the theme of communication in times of permacrisis, recently named the Collins Word of the Year 2022 and understood as \u201can extended period of instability and insecurity\u201d. It aims to examine the diverse effects of social, political, economic, and cultural conflicts in public and private communication across cultures and genres.<\/p>\n<p>For details see the <a href=\"https:\/\/tertium.edu.pl\/en\/konferencje-tertium\/fifth-international-communication-styles-conference-communication-in-times-of-permacrisis\/\" target=\"_blank\" rel=\"noopener\">conference website<\/a><\/p>\n<\/div><\/div>\n\t\t\t\t<\/li>\n\t\t\t \t<li class=\"event \">\n\t\t\t\t\t<div class=\"event-date multi-date\"><div class=\"startdate\"><div class=\"event-weekday\">Fri<\/div><div class=\"event-day\">11<\/div><div class=\"event-month\">Nov<\/div><div class=\"event-year\">2022<\/div><\/div><div class=\"enddate\"><div class=\"event-weekday\">Sat<\/div><div class=\"event-day\">12<\/div><div class=\"event-month\">Nov<\/div><div class=\"event-year\">2022<\/div><\/div><\/div>\n\t\t\t\t\t<div class=\"event-info multi-day\"><div class=\"event-title\"><h3><a href=\"https:\/\/cter.edu.pl\/?page_id=254&amp;lang=pl&amp;rest_route=%2Fwp%2Fv2%2Fpages%2F254&amp;event_id1=5562\">Translation and Interpreting Forum (TIFO 2022)<\/a><\/h3><\/div><div class=\"event-content\"><h2 align=\"center\">Department of English and American Studies<br \/>\nTranslation and Interpreting Section<br \/>\nFaculty of Arts, Palack\u00fd University Olomouc, Czech Republic<\/h2>\n<p align=\"center\">is pleased to invite you to the<\/p>\n<p align=\"center\">Translation and Interpreting Forum Olomouc 2022<\/p>\n<p align=\"center\"><img loading=\"lazy\" decoding=\"async\" class=\"size-full wp-image-5563 aligncenter\" src=\"http:\/\/cter.edu.pl\/wp-content\/uploads\/2022\/09\/tifo2022.jpg\" alt=\"\" width=\"288\" height=\"106\" \/><\/p>\n<h1 align=\"center\">\"Room for (Ex)Change in T&amp;I Training\"<\/h1>\n<p class=\"black\" align=\"center\">November 11\u201312, 2022<\/p>\n<p>Since 2011, when it was held for the first time, the Translation and Interpreting Forum Olomouc has established itself as an open platform which is not limited only to an academic exchange within translation and interpreting studies research but embraces discussion with all players in the field of cross-language communication\u00a0(see archive for\u00a0<a href=\"https:\/\/tifo.upol.cz\/2019\/index.html\" target=\"_blank\" rel=\"noopener\">TIFO 2019<\/a>,\u00a0<a href=\"https:\/\/tifo.upol.cz\/2017\/index.html\" target=\"_blank\" rel=\"noopener\">2017<\/a>,\u00a0<a href=\"https:\/\/tifo.upol.cz\/2014\/index.html\" target=\"_blank\" rel=\"noopener\">2014<\/a>,\u00a0<a href=\"https:\/\/tifo.upol.cz\/2012\/index.html\" target=\"_blank\" rel=\"noopener\">2012<\/a>,\u00a0<a href=\"https:\/\/tifo.upol.cz\/2011\/index.html\" target=\"_blank\" rel=\"noopener\">2011<\/a>).<\/p>\n<p>For details, see the <a href=\"https:\/\/tifo.upol.cz\/index.html\" target=\"_blank\" rel=\"noopener\">conference website<\/a><\/p>\n<\/div><\/div>\n\t\t\t\t<\/li>\n\t\t\t \t<li class=\"event \">\n\t\t\t\t\t<div class=\"event-date single-date\"><div class=\"enddate\"><div class=\"event-weekday\">Fri<\/div><div class=\"event-day\">30<\/div><div class=\"event-month\">Sep<\/div><div class=\"event-year\">2022<\/div><\/div><\/div>\n\t\t\t\t\t<div class=\"event-info multi-day\"><div class=\"event-title\"><h3><a href=\"https:\/\/cter.edu.pl\/?page_id=254&amp;lang=pl&amp;rest_route=%2Fwp%2Fv2%2Fpages%2F254&amp;event_id1=5565\">SPACE IS NO DISTANCE 2022<\/a><\/h3><\/div><span class=\"event-time\">16:00<\/span><span class=\"event-location\">MS Teams (online)<\/span><div class=\"event-content\"><p>As last year, to commemorate St Jerome \u2013 the patron saint of translators, whose death anniversary falls on the 30th September, we kindly invite you an online roundtable discussion which will be an opportunity to:<\/p>\n<ul>\n<li>share ideas for translator education<\/li>\n<li>discuss the challenges of distance learning<\/li>\n<li>integrate academics interested in translation pedagogy<\/li>\n<li>celebrate the Translator\u2019s Day<\/li>\n<li>and more\u2026<\/li>\n<\/ul>\n<p>See more <a href=\"http:\/\/cter.edu.pl\/en\/space-is-no-distance-2022-3\/\" target=\"_blank\" rel=\"noopener\">here<\/a><\/p>\n<\/div><\/div>\n\t\t\t\t<\/li>\n\t\t\t \t<li class=\"event \">\n\t\t\t\t\t<div class=\"event-date multi-date\"><div class=\"startdate\"><div class=\"event-weekday\">Thu<\/div><div class=\"event-day\">22<\/div><div class=\"event-month\">Sep<\/div><div class=\"event-year\">2022<\/div><\/div><div class=\"enddate\"><div class=\"event-weekday\">Fri<\/div><div class=\"event-day\">23<\/div><div class=\"event-month\">Sep<\/div><div class=\"event-year\">2022<\/div><\/div><\/div>\n\t\t\t\t\t<div class=\"event-info multi-day\"><div class=\"event-title\"><h3><a href=\"https:\/\/cter.edu.pl\/?page_id=254&amp;lang=pl&amp;rest_route=%2Fwp%2Fv2%2Fpages%2F254&amp;event_id1=5081\">Translation in Transition 6<\/a><\/h3><\/div><span class=\"event-location\">Prague, Czech Republic<\/span><div class=\"event-content\"><p style=\"text-align: justify;\">The conference is a continuation of the well-established Translation in Transition series that serves as a meeting point for scholars conducting research in translation based on an empirical methodological paradigm. With the previous conferences in mind, held in Copenhagen, Germersheim, Ghent, Barcelona and Kent (Ohio), the Prague edition wants to put special emphasis on three main directions: we would like to draw on the vast resources of the Czech National Corpus (including InterCorp, a large multilingual parallel corpus), and concentrate on the methodological interplay between translation studies and contrastive linguistics. At the same time, prominence will be given to machine translation, as Prague is one of its international centres.<\/p>\n<p>For more details visit:\u00a0<a href=\"https:\/\/tt2022.ff.cuni.cz\/\" target=\"_blank\" rel=\"noopener\">Translation in Transition 6 (cuni.cz)<\/a><\/p>\n<\/div><\/div>\n\t\t\t\t<\/li>\n\t\t\t \t<li class=\"event \">\n\t\t\t\t\t<div class=\"event-date multi-date\"><div class=\"startdate\"><div class=\"event-weekday\">Wed<\/div><div class=\"event-day\">22<\/div><div class=\"event-month\">Jun<\/div><div class=\"event-year\">2022<\/div><\/div><div class=\"enddate\"><div class=\"event-weekday\">Sat<\/div><div class=\"event-day\">25<\/div><div class=\"event-month\">Jun<\/div><div class=\"event-year\">2022<\/div><\/div><\/div>\n\t\t\t\t\t<div class=\"event-info multi-day\"><div class=\"event-title\"><h3><a href=\"https:\/\/cter.edu.pl\/?page_id=254&amp;lang=pl&amp;rest_route=%2Fwp%2Fv2%2Fpages%2F254&amp;event_id1=5439\">10th EST Congress: Advancing Translation Studies<\/a><\/h3><\/div><span class=\"event-location\">Oslo, Norway<\/span><div class=\"event-content\"><p style=\"text-align: justify;\">EST congresses are a unique opportunity to bring together numerous specialists in very\u00a0diverse areas of Translation Studies, providing interdisciplinary gatherings that encourage\u00a0advancements in the field when common grounds are discussed, areas of study are crossed,\u00a0and professional practices are debated. In these times characterized by different degrees of\u00a0confinement and isolation but also by critical global challenges on worldwide\u00a0communications, both human and machine, in professional and in everyday life, we want to\u00a0emphasize the need for fruitful encounters that allow us to continue advancing in our field\u00a0towards the future. Translation is always involved in overcoming the challenges of global\u00a0communication and defying isolation, and this is why we would like to embrace\u00a0advancement as a common and diverse space of collaboration among disciplines while\u00a0crossing theoretical approaches and enhancing professional practices.<br \/>\nRecent and ongoing global crises require special attention and new directions in many\u00a0interdisciplinary areas at the crossroads of Translation and Interpreting Studies, such as\u00a0ecology of translation; challenges on multiculturality; migration fluxes; intercultural\u00a0mediations; gender and racial awareness in translation practices; new horizons for machine\u00a0translation; emotional &amp; cognitive aspects; identity perspectives; imagological approaches;\u00a0audiovisual translation techniques; multimodal settings; corpus linguistics projects; remote\u00a0interpreting tools and their uses; new methods of translation &amp; interpreting training; sign\u00a0language interpreting strategies; non-professional translation &amp; interpreting environments;\u00a0diversity of local and global communities; ethical and other dilemmas are only a few\u00a0examples of where progress can be made when Translation and Interpreting Studies meet\u00a0critical areas of human interest.<br \/>\nAs in earlier EST congresses, the 10th EST Congress will mainly be organized around\u00a0thematic panels. We welcome proposals for papers related to the general conference theme.\u00a0Papers can adopt various (inter)disciplinary, methodological, conceptual, professional,\u00a0historical or geographical approaches relating to the concept or experience of the conference\u00a0theme Advancing Translation Studies. The descriptions of the panels can be found on the\u00a0congress website (hf.uio.no\/est). Please consider submitting your abstract to a panel when\u00a0there is a thematic relation to what you wish to present. See more <a href=\"https:\/\/www.hf.uio.no\/english\/research\/news-and-events\/events\/conferences\/est22\/\" target=\"_blank\" rel=\"noopener\">here<\/a>.<\/p>\n<\/div><\/div>\n\t\t\t\t<\/li>\n\t\t\t \t<li class=\"event \">\n\t\t\t\t\t<div class=\"event-date multi-date\"><div class=\"startdate\"><div class=\"event-weekday\">Mon<\/div><div class=\"event-day\">16<\/div><div class=\"event-month\">May<\/div><div class=\"event-year\">2022<\/div><\/div><div class=\"enddate\"><div class=\"event-weekday\">Thu<\/div><div class=\"event-day\">19<\/div><div class=\"event-month\">May<\/div><div class=\"event-year\">2022<\/div><\/div><\/div>\n\t\t\t\t\t<div class=\"event-info multi-day\"><div class=\"event-title\"><h3><a href=\"https:\/\/cter.edu.pl\/?page_id=254&amp;lang=pl&amp;rest_route=%2Fwp%2Fv2%2Fpages%2F254&amp;event_id1=5434\">Across Borders<\/a><\/h3><\/div><span class=\"event-location\">Greenville, NC, USA<\/span><div class=\"event-content\"><p style=\"text-align: justify;\">The organizers of the conference wish to invite scholars in humanities, social sciences, and fine and performing arts, including communication, literature, linguistics, translation and interpretation, media, journalism, cultural studies, theatre, dance, graphic design, art, music and others to a discussion on the broad topic of Freedom of Expression: Communication, Identity and Culture. Potential submissions can include traditional paper abstracts, videos of performances, photographs, images of art, etc. Contributions will be paneled for discussions related to the conference theme. See more <a href=\"https:\/\/kpu.krosno.pl\/fa\/across-borders-ix-conference-call-for-papers\/\" target=\"_blank\" rel=\"noopener\">here<\/a><\/p>\n<\/div><\/div>\n\t\t\t\t<\/li>\n\t\t\t \t<li class=\"event \">\n\t\t\t\t\t<div class=\"event-date multi-date\"><div class=\"startdate\"><div class=\"event-weekday\">Mon<\/div><div class=\"event-day\">16<\/div><div class=\"event-month\">May<\/div><div class=\"event-year\">2022<\/div><\/div><div class=\"enddate\"><div class=\"event-weekday\">Wed<\/div><div class=\"event-day\">18<\/div><div class=\"event-month\">May<\/div><div class=\"event-year\">2022<\/div><\/div><\/div>\n\t\t\t\t\t<div class=\"event-info multi-day\"><div class=\"event-title\"><h3><a href=\"https:\/\/cter.edu.pl\/?page_id=254&amp;lang=pl&amp;rest_route=%2Fwp%2Fv2%2Fpages%2F254&amp;event_id1=5437\">15th GPE Conference<\/a><\/h3><\/div><span class=\"event-location\">Greenville, NC, USA [ONLINE]<\/span><div class=\"event-content\"><p style=\"text-align: justify;\">GPE XV provides an opportunity for faculty, technical support personnel, students, and administrators from GPE partner institutions around the world to discuss timely and relevant issues related to our virtual exchange activity, share research and best practices, discuss ways to improve existing programming, and introduce new initiatives. This year the focus will be on collaboration and building strong partnerships. See more <a href=\"http:\/\/www.thegpe.org\/conferences\/15th-annual-global-partners-in-education-conference\/\" target=\"_blank\" rel=\"noopener\">here<\/a>.<\/p>\n<\/div><\/div>\n\t\t\t\t<\/li>\n\t\t\t \t<li class=\"event konferencje-krajowe\">\n\t\t\t\t\t<div class=\"event-date multi-date\"><div class=\"startdate\"><div class=\"event-weekday\">Thu<\/div><div class=\"event-day\">17<\/div><div class=\"event-month\">Mar<\/div><div class=\"event-year\">2022<\/div><\/div><div class=\"enddate\"><div class=\"event-weekday\">Fri<\/div><div class=\"event-day\">18<\/div><div class=\"event-month\">Mar<\/div><div class=\"event-year\">2022<\/div><\/div><\/div>\n\t\t\t\t\t<div class=\"event-info multi-day\"><div class=\"event-title\"><h3><a href=\"https:\/\/cter.edu.pl\/?page_id=254&amp;lang=pl&amp;rest_route=%2Fwp%2Fv2%2Fpages%2F254&amp;event_id1=4643\">3rd CTER Congress (CTER 2022)<\/a><\/h3><\/div><span class=\"event-location\">Krak\u00f3w, Poland<\/span><div class=\"event-content\"><p>The 3rd CTER Congress will be held in Krak\u00f3w, Poland on 17th-18th March, 2022. More information will be provided in the First Circular (due out soon).\u00a0 To catch up with the latest CTER 2022 news, please visit the <a href=\"http:\/\/cter.edu.pl\/en\/third-cter-congress-2022\/\" target=\"_blank\" rel=\"noopener\">conference site<\/a>.<\/p>\n<\/div><\/div>\n\t\t\t\t<\/li>\n\t\t\t \t<li class=\"event konferencje-zagraniczne\">\n\t\t\t\t\t<div class=\"event-date multi-date\"><div class=\"startdate\"><div class=\"event-weekday\">Thu<\/div><div class=\"event-day\">18<\/div><div class=\"event-month\">Nov<\/div><div class=\"event-year\">2021<\/div><\/div><div class=\"enddate\"><div class=\"event-weekday\">Fri<\/div><div class=\"event-day\">19<\/div><div class=\"event-month\">Nov<\/div><div class=\"event-year\">2021<\/div><\/div><\/div>\n\t\t\t\t\t<div class=\"event-info multi-day\"><div class=\"event-title\"><h3><a href=\"https:\/\/cter.edu.pl\/?page_id=254&amp;lang=pl&amp;rest_route=%2Fwp%2Fv2%2Fpages%2F254&amp;event_id1=5008\">APTIS 2021<\/a><\/h3><\/div><span class=\"event-location\">Dublin<\/span><div class=\"event-content\"><p style=\"text-align: justify;\">SALIS at Dublin City University is proud to host the <strong>3rd Conference of the Association of Programmes in Translation and Interpreting Studies, UK and Ireland (APTIS) on 18th-19th November 2021.\u00a0\u00a0<\/strong>The conference, which focuses on 'Evolving Profiles: The Future of Translation and Interpreting Training' will look to the future and ask scholars, practitioners, and other stakeholders on these islands to come together to discuss evolving profiles of translation and interpreting training. <u>The event will be fully online<\/u>. Read more at: <a href=\"https:\/\/www.aptis-translation-interpreting.org\/aptis-2020\" target=\"_blank\" rel=\"noopener\">https:\/\/www.aptis-translation-interpreting.org\/aptis-2020<\/a><\/p>\n<\/div><\/div>\n\t\t\t\t<\/li>\n\t\t\t \t<li class=\"event konferencje-zagraniczne\">\n\t\t\t\t\t<div class=\"event-date multi-date\"><div class=\"startdate\"><div class=\"event-weekday\">Tue<\/div><div class=\"event-day\">02<\/div><div class=\"event-month\">Nov<\/div><div class=\"event-year\">2021<\/div><\/div><div class=\"enddate\"><div class=\"event-weekday\">Fri<\/div><div class=\"event-day\">05<\/div><div class=\"event-month\">Nov<\/div><div class=\"event-year\">2021<\/div><\/div><\/div>\n\t\t\t\t\t<div class=\"event-info multi-day\"><div class=\"event-title\"><h3><a href=\"https:\/\/cter.edu.pl\/?page_id=254&amp;lang=pl&amp;rest_route=%2Fwp%2Fv2%2Fpages%2F254&amp;event_id1=4649\">ICTIC 3<\/a><\/h3><\/div><span class=\"event-location\">Forli, Italy<\/span><div class=\"event-content\"><p style=\"text-align: justify;\">The 3<sup>rd<\/sup> International Conference on Translation, Interpreting and Congition (ICTIC 3) will be on 2-5 November, 2021 at the Forl\u00ec Campus of the Universit\u00e0 di Bologna, Italy. The event, organised by the Laboratory for Multilectal Mediated Communication &amp; Cognition (MC2 Lab) of the Dipartimento di Interpretazione e Traduzione of the Universit\u00e0 di Bologna and endorsed by the TREC network, is being planned in a face-to-face mode exclusively. Should the COVID pandemic preclude the on-site mode, the conference will be held online. For further details, please consult the <a href=\"https:\/\/eventi.unibo.it\/ictic3\/\">conference site<\/a>.<\/p>\n<\/div><\/div>\n\t\t\t\t<\/li>\n\t\t\t \t<li class=\"event konferencje-zagraniczne\">\n\t\t\t\t\t<div class=\"event-date multi-date\"><div class=\"startdate\"><div class=\"event-weekday\">Sat<\/div><div class=\"event-day\">09<\/div><div class=\"event-month\">Oct<\/div><div class=\"event-year\">2021<\/div><\/div><div class=\"enddate\"><div class=\"event-weekday\">Sun<\/div><div class=\"event-day\">10<\/div><div class=\"event-month\">Oct<\/div><div class=\"event-year\">2021<\/div><\/div><\/div>\n\t\t\t\t\t<div class=\"event-info multi-day\"><div class=\"event-title\"><h3><a href=\"https:\/\/cter.edu.pl\/?page_id=254&amp;lang=pl&amp;rest_route=%2Fwp%2Fv2%2Fpages%2F254&amp;event_id1=4724\">The Sixth International Conference on Languages, Linguistics, Translation and Literature (online)<\/a><\/h3><\/div><span class=\"event-location\">Ahwaz, Iran<\/span><div class=\"event-content\"><p><strong>The Sixth International Conference on Languages, Linguistics, Translation and Literature (virtually) <\/strong>is organized by different universities and research centers and will be conducted <strong>virtually<\/strong>.<\/p>\n<p>The conference will be dedicated to current issues of linguistics, languages, dialects, literature and translation.<\/p>\n<p style=\"text-align: justify;\">Academics and university lecturers are cordially invited to present their research regarding current issues of linguistics, languages, dialects, literature and translation in <strong>English, Arabic or Persian<\/strong>.<\/p>\n<p style=\"text-align: justify;\">The full papers of the conference will be published as the book of conference (provided with International Standard Book Number (ISBN) and according to the Governmental Approval (The Ministry)), and also will be indexed in CIVILICA (however, the book of abstracts will be published too).<\/p>\n<p>For more details, see the <a href=\"https:\/\/llld.ir\/en\/\" target=\"_blank\" rel=\"noopener\">conference website<\/a>.<\/p>\n<\/div><\/div>\n\t\t\t\t<\/li>\n\t\t\t \t<li class=\"event konferencje-krajowe\">\n\t\t\t\t\t<div class=\"event-date multi-date\"><div class=\"startdate\"><div class=\"event-weekday\">Mon<\/div><div class=\"event-day\">27<\/div><div class=\"event-month\">Sep<\/div><div class=\"event-year\">2021<\/div><\/div><div class=\"enddate\"><div class=\"event-weekday\">Wed<\/div><div class=\"event-day\">29<\/div><div class=\"event-month\">Sep<\/div><div class=\"event-year\">2021<\/div><\/div><\/div>\n\t\t\t\t\t<div class=\"event-info multi-day\"><div class=\"event-title\"><h3><a href=\"https:\/\/cter.edu.pl\/?page_id=254&amp;lang=pl&amp;rest_route=%2Fwp%2Fv2%2Fpages%2F254&amp;event_id1=4432\">I KONGRES POLSKIEGO PRZEK\u0141ADOZNAWSTWA<\/a><\/h3><\/div><span class=\"event-location\">Krak\u00f3w, Poland<\/span><div class=\"event-content\"><p style=\"text-align: justify;\">Centrum Bada\u0144 Przek\u0142adoznawczych przy Wydziale Polonistyki Uniwersytetu Jagiello\u0144skiego,, Wydzia\u0142 Filologii Polskiej i Klasycznej Uniwersytetu im. Adama Mickiewicza w Poznaniu, Instytut Bada\u0144 Literackich Polskiej Akademii Nauk oraz Fundacja \u201eCentrum Mi\u0119dzynarodowych Bada\u0144 Polonistycznych\u201d zapraszaj\u0105 do udzia\u0142u w pierwszym Kongresie Polskiego Przek\u0142adoznawstwa.<\/p>\n<p style=\"text-align: justify;\">W ramach kongresu odb\u0119d\u0105 si\u0119 \"wyk\u0142ady, sesje referat\u00f3w i dyskusje plenarne po\u015bwi\u0119cone istotnym problemom polskiego przek\u0142adoznawstwa, w tym rozwojowi kadr i kszta\u0142ceniu doktorant\u00f3w\".<\/p>\n<p><a href=\"https:\/\/kongres-przekladoznawstwa.confer.uj.edu.pl\/\" target=\"_blank\" rel=\"noopener\">Wi\u0119cej szczeg\u00f3\u0142\u00f3w...<\/a><\/p>\n<\/div><\/div>\n\t\t\t\t<\/li>\n\t\t\t \t<li class=\"event \">\n\t\t\t\t\t<div class=\"event-date multi-date\"><div class=\"startdate\"><div class=\"event-weekday\">Mon<\/div><div class=\"event-day\">20<\/div><div class=\"event-month\">Sep<\/div><div class=\"event-year\">2021<\/div><\/div><div class=\"enddate\"><div class=\"event-weekday\">Wed<\/div><div class=\"event-day\">22<\/div><div class=\"event-month\">Sep<\/div><div class=\"event-year\">2021<\/div><\/div><\/div>\n\t\t\t\t\t<div class=\"event-info multi-day\"><div class=\"event-title\"><h3><a href=\"https:\/\/cter.edu.pl\/?page_id=254&amp;lang=pl&amp;rest_route=%2Fwp%2Fv2%2Fpages%2F254&amp;event_id1=4813\">TRANSLATA IV 2021<\/a><\/h3><\/div><span class=\"event-location\">Innsbruck, Austria<\/span><div class=\"event-content\"><p style=\"text-align: justify;\">TRANSLATA IV is the fourth in a series of triennial conferences on Translation and Interpreting Studies at the University of Innsbruck. This conference series was established in 2011 and, from the outset, has always been one of the largest conferences on Translation and Interpreting Studies worldwide. TRANSLATA is a conference devoted to basic research in translatology with the principle aim of re-establishing translation proper (= professional translation and interpreting) as the core focus of Translation and Interpreting Studies. TRANSLATA IV is dedicated to its founding father Professor Emeritus Lew N. Zybatow, who celebrated his 70th birthday in 2021.<\/p>\n<p style=\"text-align: justify;\">The theme of TRANSLATA IV should reflect our interest in the rapid developments in the era of digitalisation that have changed the practice of translation for a number of years now. These changes also give rise to the question of how the field of Translation and Interpreting Studies can and should react to these developments. Under the main theme of \u201cFuture Perspectives in Translation and Interpreting Studies\u201d, TRANSLATA IV provides those concerned with the theoretical, practical, didactical, and commercial aspects of translation with a forum to discuss current questions and problems in the field of translation and the training of translators and interpreters. Thus, fundamental topical questions in theoretical and applied studies of translation related to the following areas of research will be the main focus of this conference.<\/p>\n<p>Find out more on\u00a0<a href=\"https:\/\/www.uibk.ac.at\/translation\/translata-2021\/\" target=\"_blank\" rel=\"noopener\">the conference site<\/a><\/p>\n<\/div><\/div>\n\t\t\t\t<\/li>\n\t\t\t \t<li class=\"event konferencje-zagraniczne\">\n\t\t\t\t\t<div class=\"event-date multi-date\"><div class=\"startdate\"><div class=\"event-weekday\">Tue<\/div><div class=\"event-day\">11<\/div><div class=\"event-month\">May<\/div><div class=\"event-year\">2021<\/div><\/div><div class=\"enddate\"><div class=\"event-weekday\">Thu<\/div><div class=\"event-day\">13<\/div><div class=\"event-month\">May<\/div><div class=\"event-year\">2021<\/div><\/div><\/div>\n\t\t\t\t\t<div class=\"event-info multi-day\"><div class=\"event-title\"><h3><a href=\"https:\/\/cter.edu.pl\/?page_id=254&amp;lang=pl&amp;rest_route=%2Fwp%2Fv2%2Fpages%2F254&amp;event_id1=4727\">Computer-Assisted Literary Translation Conference (CALT 2021)<\/a><\/h3><\/div><span class=\"event-location\">Swansea, UK (online)<\/span><div class=\"event-content\"><p>For details, see the conference site at: <a href=\"https:\/\/calt2021conference.wordpress.com\/\">CALT2021@Swansea (wordpress.com)<\/a><\/p>\n<\/div><\/div>\n\t\t\t\t<\/li>\n\t\t\t \t<li class=\"event \">\n\t\t\t\t\t<div class=\"event-date multi-date\"><div class=\"startdate\"><div class=\"event-weekday\">Tue<\/div><div class=\"event-day\">02<\/div><div class=\"event-month\">Feb<\/div><div class=\"event-year\">2021<\/div><\/div><div class=\"enddate\"><div class=\"event-weekday\">Wed<\/div><div class=\"event-day\">03<\/div><div class=\"event-month\">Feb<\/div><div class=\"event-year\">2021<\/div><\/div><\/div>\n\t\t\t\t\t<div class=\"event-info multi-day\"><div class=\"event-title\"><h3><a href=\"https:\/\/cter.edu.pl\/?page_id=254&amp;lang=pl&amp;rest_route=%2Fwp%2Fv2%2Fpages%2F254&amp;event_id1=4565\">The Fifth Annual International Conference on Languages, Linguistics, Translation and Literature<\/a><\/h3><\/div><span class=\"event-location\">Ahwaz, Iran<\/span><div class=\"event-content\"><p style=\"text-align: justify;\">The conference will be dedicated to current issues of linguistics, languages, dialects, literature and translation. Academics and university lecturers are cordially invited to present their research regarding current issues of linguistics, languages, dialects, literature and translation in <strong>English<\/strong> <strong>or Arabic<\/strong>.<\/p>\n<p style=\"text-align: justify;\">The selective full papers of the conference will be published as the book of conference and also will be indexed in CIVILICA (however, the book of abstracts will be published too).\u00a0 Visit the <a href=\"https:\/\/llld.ir\/en\/\" target=\"_blank\" rel=\"noopener\">conference website<\/a> for more details.<\/p>\n<\/div><\/div>\n\t\t\t\t<\/li>\n\t\t\t \t<li class=\"event konferencje-zagraniczne\">\n\t\t\t\t\t<div class=\"event-date multi-date\"><div class=\"startdate\"><div class=\"event-weekday\">Wed<\/div><div class=\"event-day\">09<\/div><div class=\"event-month\">Dec<\/div><div class=\"event-year\">2020<\/div><\/div><div class=\"enddate\"><div class=\"event-weekday\">Fri<\/div><div class=\"event-day\">11<\/div><div class=\"event-month\">Dec<\/div><div class=\"event-year\">2020<\/div><\/div><\/div>\n\t\t\t\t\t<div class=\"event-info multi-day\"><div class=\"event-title\"><h3><a href=\"https:\/\/cter.edu.pl\/?page_id=254&amp;lang=pl&amp;rest_route=%2Fwp%2Fv2%2Fpages%2F254&amp;event_id1=4570\">CIUTI - Translation and Interpreting Conference<\/a><\/h3><\/div><span class=\"event-location\">ISIT, Paris, France<\/span><div class=\"event-content\"><p style=\"text-align: justify;\">Join us once again during the annual CIUTI Conference. During this conference, CIUTI (Conf\u00e9rence Internationale des Instituts Universitaires de Traducteurs et d'Interpr\u00e8tes) brings together the world's most prestigious translation and interpreting programs. Visit the <a href=\"https:\/\/www.ciuti.org\/events\/\" target=\"_blank\" rel=\"noopener\">conference website<\/a> for more details.<\/p>\n<\/div><\/div>\n\t\t\t\t<\/li>\n\t\t\t \t<li class=\"event \">\n\t\t\t\t\t<div class=\"event-date multi-date\"><div class=\"startdate\"><div class=\"event-weekday\">Thu<\/div><div class=\"event-day\">12<\/div><div class=\"event-month\">Nov<\/div><div class=\"event-year\">2020<\/div><\/div><div class=\"enddate\"><div class=\"event-weekday\">Fri<\/div><div class=\"event-day\">13<\/div><div class=\"event-month\">Nov<\/div><div class=\"event-year\">2020<\/div><\/div><\/div>\n\t\t\t\t\t<div class=\"event-info multi-day\"><div class=\"event-title\"><h3><a href=\"https:\/\/cter.edu.pl\/?page_id=254&amp;lang=pl&amp;rest_route=%2Fwp%2Fv2%2Fpages%2F254&amp;event_id1=4585\">(Hi)stories of Translation and Translators 2020<\/a><\/h3><\/div><span class=\"event-location\">Istanbul, Turkey<\/span><div class=\"event-content\"><p><img loading=\"lazy\" decoding=\"async\" class=\"wp-image-4576 alignright\" src=\"http:\/\/cter.edu.pl\/wp-content\/uploads\/2020\/08\/THE-3RD-ID-TS-GRADUATE-EVENT-FOR-DOCTORAL-STUDENTS.png\" alt=\"\" width=\"204\" height=\"289\" srcset=\"https:\/\/cter.edu.pl\/wp-content\/uploads\/2020\/08\/THE-3RD-ID-TS-GRADUATE-EVENT-FOR-DOCTORAL-STUDENTS.png 1587w, https:\/\/cter.edu.pl\/wp-content\/uploads\/2020\/08\/THE-3RD-ID-TS-GRADUATE-EVENT-FOR-DOCTORAL-STUDENTS-212x300.png 212w, https:\/\/cter.edu.pl\/wp-content\/uploads\/2020\/08\/THE-3RD-ID-TS-GRADUATE-EVENT-FOR-DOCTORAL-STUDENTS-768x1086.png 768w, https:\/\/cter.edu.pl\/wp-content\/uploads\/2020\/08\/THE-3RD-ID-TS-GRADUATE-EVENT-FOR-DOCTORAL-STUDENTS-724x1024.png 724w\" sizes=\"auto, (max-width: 204px) 100vw, 204px\" \/><\/p>\n<p style=\"text-align: justify;\">You are kindy invited to participate in an online conference for doctoral students to be held at the\u00a0 Department of Translation and Interpreting Studies, Bo\u011fazi\u00e7i University, Istanbul on 12-13th November 2020.<\/p>\n<p>Read the <a href=\"http:\/\/cter.edu.pl\/wp-content\/uploads\/2020\/08\/CFP_IDTS_2020-GRADUATE-EVENT.pdf\" target=\"_blank\" rel=\"noopener\">Call for papers<\/a> for further information.<\/p>\n<\/div><\/div>\n\t\t\t\t<\/li>\n\t\t\t \t<li class=\"event konferencje-zagraniczne\">\n\t\t\t\t\t<div class=\"event-date multi-date\"><div class=\"startdate\"><div class=\"event-weekday\">Wed<\/div><div class=\"event-day\">08<\/div><div class=\"event-month\">Jul<\/div><div class=\"event-year\">2020<\/div><\/div><div class=\"enddate\"><div class=\"event-weekday\">Fri<\/div><div class=\"event-day\">10<\/div><div class=\"event-month\">Jul<\/div><div class=\"event-year\">2020<\/div><\/div><\/div>\n\t\t\t\t\t<div class=\"event-info multi-day\"><div class=\"event-title\"><h3><a href=\"https:\/\/cter.edu.pl\/?page_id=254&amp;lang=pl&amp;rest_route=%2Fwp%2Fv2%2Fpages%2F254&amp;event_id1=4233\">FIFTH INTERNATIONAL CONFERENCE ON RESEARCH INTO THE DIDACTICS OF TRANSLATION<\/a><\/h3><\/div><span class=\"event-location\">Barcelona, Catalunya, Spain<\/span><div class=\"event-content\"><p>The aim of this conference is to bring together researchers in all fields pertaining to translator and interpreter training. More info: <a href=\"http:\/\/grupsderecerca.uab.cat\/pacte\/en\/circular1en\">http:\/\/grupsderecerca.uab.cat\/pacte\/en\/circular1en<\/a><\/p>\n<\/div><\/div>\n\t\t\t\t<\/li>\n\t\t\t \t<li class=\"event konferencje-zagraniczne\">\n\t\t\t\t\t<div class=\"event-date single-date\"><div class=\"enddate\"><div class=\"event-weekday\">Tue<\/div><div class=\"event-day\">07<\/div><div class=\"event-month\">Jul<\/div><div class=\"event-year\">2020<\/div><\/div><\/div>\n\t\t\t\t\t<div class=\"event-info multi-day\"><div class=\"event-title\"><h3><a href=\"https:\/\/cter.edu.pl\/?page_id=254&amp;lang=pl&amp;rest_route=%2Fwp%2Fv2%2Fpages%2F254&amp;event_id1=4235\">FOURTH SPECIALIST SEMINAR ON THE DIDACTICS OF TRANSLATION<\/a><\/h3><\/div><span class=\"event-location\">Barcelona, Catalunya, Spain<\/span><div class=\"event-content\"><p>This seminar focuses on training translator trainers and is aimed at Master\u2019s and PhD students, new teachers of translation, and professional translators who are interested in teaching. More info: <a href=\"http:\/\/grupsderecerca.uab.cat\/pacte\/en\/circular1en\">http:\/\/grupsderecerca.uab.cat\/pacte\/en\/circular1en<\/a><\/p>\n<\/div><\/div>\n\t\t\t\t<\/li>\n\t\t\t \t<li class=\"event konferencje-krajowe\">\n\t\t\t\t\t<div class=\"event-date multi-date\"><div class=\"startdate\"><div class=\"event-weekday\">Fri<\/div><div class=\"event-day\">26<\/div><div class=\"event-month\">Jun<\/div><div class=\"event-year\">2020<\/div><\/div><div class=\"enddate\"><div class=\"event-weekday\">Sun<\/div><div class=\"event-day\">28<\/div><div class=\"event-month\">Jun<\/div><div class=\"event-year\">2020<\/div><\/div><\/div>\n\t\t\t\t\t<div class=\"event-info multi-day\"><div class=\"event-title\"><h3><a href=\"https:\/\/cter.edu.pl\/?page_id=254&amp;lang=pl&amp;rest_route=%2Fwp%2Fv2%2Fpages%2F254&amp;event_id1=4503\">21st Roundtable for the Semiotics of Law (IRLS) and 15th Conference on Legal Translation and Interpreting and Comparative Legilinguistics (Legal Linguistics)<\/a><\/h3><\/div><span class=\"event-location\">Pozna\u0144, Poland<\/span><div class=\"event-content\"><ul>\n<li>Event circular: <a href=\"http:\/\/cter.edu.pl\/wp-content\/uploads\/2020\/02\/IRSL-CFP-2020-1.pdf\">IRSL CFP 2020<\/a><\/li>\n<li>For more details, see the website at: <a href=\"http:\/\/lingualegis.amu.edu.pl\/?page_id=808&amp;lang=en\">http:\/\/lingualegis.amu.edu.pl\/?page_id=808&amp;lang=en<\/a><\/li>\n<\/ul>\n<\/div><\/div>\n\t\t\t\t<\/li>\n\t\t\t \t<li class=\"event \">\n\t\t\t\t\t<div class=\"event-date multi-date\"><div class=\"startdate\"><div class=\"event-weekday\">Thu<\/div><div class=\"event-day\">25<\/div><div class=\"event-month\">Jun<\/div><div class=\"event-year\">2020<\/div><\/div><div class=\"enddate\"><div class=\"event-weekday\">Fri<\/div><div class=\"event-day\">26<\/div><div class=\"event-month\">Jun<\/div><div class=\"event-year\">2020<\/div><\/div><\/div>\n\t\t\t\t\t<div class=\"event-info multi-day\"><div class=\"event-title\"><h3><a href=\"https:\/\/cter.edu.pl\/?page_id=254&amp;lang=pl&amp;rest_route=%2Fwp%2Fv2%2Fpages%2F254&amp;event_id1=4415\">Imago Mundi 2020<\/a><\/h3><\/div><span class=\"event-location\">Warsaw, Poland<\/span><div class=\"event-content\"><p>The Institute of Applied Linguistics of the University of Warsaw kindly invites\u00a0 you to participate in the 7th conference in the <em>Imago mundi <\/em>series, under the title of <em>Teaches, entertains, dumbfounds, frightens ... The roles of the translator and translation<br \/>\nin the modern world, <\/em>which will be held on\u00a0 25th-26th June 2020 in Warsaw.<\/p>\n<p>The conference themes will cover, <em>among others<\/em>:<\/p>\n<ul>\n<li>contemporary roles and position of translation and the translator - his ecosystem, working conditions, identity and self-awareness;<\/li>\n<li>changes in translation strategies and techniques forced by translation initiators and recipients, or proposed by translators;<\/li>\n<li>the impact of new tools on the translation process;<\/li>\n<li>new forms of translation activity and new didactic models.<\/li>\n<\/ul>\n<p>Two panel discussions, devoted to the present state of translation and its future, are also being planned.<\/p>\n<p>For more details see the <a href=\"https:\/\/www.ils.uw.edu.pl\/nauka-i-badania\/konferencje\/imago\/\" target=\"_blank\" rel=\"noopener\">conference<\/a> site.<\/p>\n<\/div><\/div>\n\t\t\t\t<\/li>\n\t\t\t \t<li class=\"event \">\n\t\t\t\t\t<div class=\"event-date multi-date\"><div class=\"startdate\"><div class=\"event-weekday\">Wed<\/div><div class=\"event-day\">24<\/div><div class=\"event-month\">Jun<\/div><div class=\"event-year\">2020<\/div><\/div><div class=\"enddate\"><div class=\"event-weekday\">Fri<\/div><div class=\"event-day\">26<\/div><div class=\"event-month\">Jun<\/div><div class=\"event-year\">2020<\/div><\/div><\/div>\n\t\t\t\t\t<div class=\"event-info multi-day\"><div class=\"event-title\"><h3><a href=\"https:\/\/cter.edu.pl\/?page_id=254&amp;lang=pl&amp;rest_route=%2Fwp%2Fv2%2Fpages%2F254&amp;event_id1=4214\">: 5th International Conference on Non-Professional Interpreting and Translation<\/a><\/h3><\/div><span class=\"event-location\">Amsterdam, the Netherlands<\/span><div class=\"event-content\"><p>Conference <a href=\"https:\/\/www.npit5.com\/\">website<\/a><\/p>\n<\/div><\/div>\n\t\t\t\t<\/li>\n\t\t\t \t<li class=\"event \">\n\t\t\t\t\t<div class=\"event-date multi-date\"><div class=\"startdate\"><div class=\"event-weekday\">Thu<\/div><div class=\"event-day\">11<\/div><div class=\"event-month\">Jun<\/div><div class=\"event-year\">2020<\/div><\/div><div class=\"enddate\"><div class=\"event-weekday\">Fri<\/div><div class=\"event-day\">12<\/div><div class=\"event-month\">Jun<\/div><div class=\"event-year\">2020<\/div><\/div><\/div>\n\t\t\t\t\t<div class=\"event-info multi-day\"><div class=\"event-title\"><h3><a href=\"https:\/\/cter.edu.pl\/?page_id=254&amp;lang=pl&amp;rest_route=%2Fwp%2Fv2%2Fpages%2F254&amp;event_id1=4216\">ICIT 2020 : International Conference on Interpreting and Translation<\/a><\/h3><\/div><span class=\"event-location\">Copenhagen, Denmark<\/span><div class=\"event-content\"><p>Conference <a href=\"https:\/\/waset.org\/conference\/2020\/06\/Copenhagen\/ICIT\">website<\/a><\/p>\n<\/div><\/div>\n\t\t\t\t<\/li>\n\t\t\t \t<li class=\"event \">\n\t\t\t\t\t<div class=\"event-date multi-date\"><div class=\"startdate\"><div class=\"event-weekday\">Thu<\/div><div class=\"event-day\">28<\/div><div class=\"event-month\">May<\/div><div class=\"event-year\">2020<\/div><\/div><div class=\"enddate\"><div class=\"event-weekday\">Sat<\/div><div class=\"event-day\">30<\/div><div class=\"event-month\">May<\/div><div class=\"event-year\">2020<\/div><\/div><\/div>\n\t\t\t\t\t<div class=\"event-info multi-day\"><div class=\"event-title\"><h3><a href=\"https:\/\/cter.edu.pl\/?page_id=254&amp;lang=pl&amp;rest_route=%2Fwp%2Fv2%2Fpages%2F254&amp;event_id1=4421\">The \u0141\u00f3d\u017a-ZHAW Duo Colloquium on Translation and Meaning<\/a><\/h3><\/div><span class=\"event-location\">\u0141\u00f3d\u017a, Poland<\/span><div class=\"event-content\"><p align=\"justify\">The \u0141\u00f3d\u017a session of the Duo Colloquium will be held from 28-30 May 2020 at the Faculty of Philology of the University of \u0141\u00f3d\u017a, 171\/173 Pomorska Street, 90-236 \u0141\u00f3d\u017a, Poland. The follow-up event at ZHAW Zurich University of Applied Sciences, Winterthur, Switzerland, will take place from 3-5 September 2020. A separate call for the ZHAW session will be issued early in 2020.<\/p>\n<p align=\"justify\">In line with the previous sessions held in \u0141\u00f3d\u017a, the 2020 \u0141\u00f3d\u017a session will be geared towards theory and will deal with theoretical aspects of the central theme of the Duo Colloquium and the sub-themes suggested for it. The ZHAW session will have a more applied orientation.<\/p>\n<p align=\"justify\">This year\u2019s central theme is <strong><em>Contextuality in Translation and Interpreting.<\/em><\/strong><\/p>\n<p align=\"justify\"><a href=\"http:\/\/www.duo.uni.lodz.pl\/\" target=\"_blank\" rel=\"noopener\">Read more...<\/a><\/p>\n<\/div><\/div>\n\t\t\t\t<\/li>\n\t\t\t \t<li class=\"event \">\n\t\t\t\t\t<div class=\"event-date multi-date\"><div class=\"startdate\"><div class=\"event-weekday\">Fri<\/div><div class=\"event-day\">24<\/div><div class=\"event-month\">Apr<\/div><div class=\"event-year\">2020<\/div><\/div><div class=\"enddate\"><div class=\"event-weekday\">Sun<\/div><div class=\"event-day\">26<\/div><div class=\"event-month\">Apr<\/div><div class=\"event-year\">2020<\/div><\/div><\/div>\n\t\t\t\t\t<div class=\"event-info multi-day\"><div class=\"event-title\"><h3><a href=\"https:\/\/cter.edu.pl\/?page_id=254&amp;lang=pl&amp;rest_route=%2Fwp%2Fv2%2Fpages%2F254&amp;event_id1=4212\">ATISA X: Translation, interpreting and movement(s) Biennial Conference of the American Translation and Interpreting Studies Association<\/a><\/h3><\/div><span class=\"event-location\">Santa Barbara, USA<\/span><div class=\"event-content\"><p>Conference <a href=\"http:\/\/www.atisa.org\/sites\/default\/files\/CFP_ATISA_2020.pdf\">website<\/a><\/p>\n<\/div><\/div>\n\t\t\t\t<\/li>\n\t\t\t \t<li class=\"event \">\n\t\t\t\t\t<div class=\"event-date multi-date\"><div class=\"startdate\"><div class=\"event-weekday\">Tue<\/div><div class=\"event-day\">21<\/div><div class=\"event-month\">Apr<\/div><div class=\"event-year\">2020<\/div><\/div><div class=\"enddate\"><div class=\"event-weekday\">Wed<\/div><div class=\"event-day\">22<\/div><div class=\"event-month\">Apr<\/div><div class=\"event-year\">2020<\/div><\/div><\/div>\n\t\t\t\t\t<div class=\"event-info multi-day\"><div class=\"event-title\"><h3><a href=\"https:\/\/cter.edu.pl\/?page_id=254&amp;lang=pl&amp;rest_route=%2Fwp%2Fv2%2Fpages%2F254&amp;event_id1=4479\">CTER Assessment Literacy Workshop 2020<\/a><\/h3><\/div><span class=\"event-location\">Krak\u00f3w, Poland<\/span><div class=\"event-content\"><p style=\"text-align: justify;\"><img loading=\"lazy\" decoding=\"async\" class=\" wp-image-4448 aligncenter\" src=\"http:\/\/cter.edu.pl\/wp-content\/uploads\/2020\/01\/lw2020_logo_mini-300x170.png\" alt=\"\" width=\"228\" height=\"129\" \/>The Consortium for Translation Education Research (CTER) in association with the University of Westminster in London, England and the Jagiellonian University in Krak\u00f3w, Poland are pleased to announce a jointly organised workshop on assessment literacy for translator trainers. This 2-day training workshop will be led by Dr Elsa Huertas Barros and Juliet Vine who have been actively involved in research on translator education and, in particular, assessment practices over the last five years. The workshop has the official endorsement of the Consortium for Translation Education Research (CTER).<\/p>\n<p>Read more on the <a href=\"http:\/\/cter.edu.pl\/en\/cter-assessment-workshop-2020\/\" target=\"_blank\" rel=\"noopener\">workshop site<\/a>.<\/p>\n<\/div><\/div>\n\t\t\t\t<\/li>\n\t\t\t \t<li class=\"event \">\n\t\t\t\t\t<div class=\"event-date multi-date\"><div class=\"startdate\"><div class=\"event-weekday\">Wed<\/div><div class=\"event-day\">25<\/div><div class=\"event-month\">Mar<\/div><div class=\"event-year\">2020<\/div><\/div><div class=\"enddate\"><div class=\"event-weekday\">Fri<\/div><div class=\"event-day\">27<\/div><div class=\"event-month\">Mar<\/div><div class=\"event-year\">2020<\/div><\/div><\/div>\n\t\t\t\t\t<div class=\"event-info multi-day\"><div class=\"event-title\"><h3><a href=\"https:\/\/cter.edu.pl\/?page_id=254&amp;lang=pl&amp;rest_route=%2Fwp%2Fv2%2Fpages%2F254&amp;event_id1=4295\">Tertium 2020: Language in the Third Millennium XI<\/a><\/h3><\/div><span class=\"event-location\">Krak\u00f3w, Poland<\/span><div class=\"event-content\"><p style=\"text-align: justify;\">We kindly invite you to the eleventh conference in the series <em>Language in the Third Millennium<\/em>. The conferences so far (2000-2018) have been held in Polish only.\u00a0 This time, however, the conference will be international, with presentations delivered in both <strong>English <\/strong>and<strong> Polish<\/strong>. The event will be held on <strong>25-27 March in Krakow, Poland <\/strong>(Wednesday-Friday).<\/p>\n<p>For more details, please access the <strong>conference website<\/strong> at:<\/p>\n<ul>\n<li><a href=\"https:\/\/tertium.edu.pl\/en\/conferences\/language-in-the-third-millenium-eleven-.html\" target=\"_blank\" rel=\"noopener\">https:\/\/tertium.edu.pl\/en\/conferences\/language-in-the-third-millenium-eleven-.html<\/a> (EN)<\/li>\n<li><a href=\"https:\/\/cter.edu.pl\/wp-admin\/post-new.php?post_type=el_events\" target=\"_blank\" rel=\"noopener\">https:\/\/cter.edu.pl\/wp-admin\/post-new.php?post_type=el_events<\/a> (PL)<\/li>\n<\/ul>\n<\/div><\/div>\n\t\t\t\t<\/li>\n\t\t\t \t<li class=\"event \">\n\t\t\t\t\t<div class=\"event-date multi-date\"><div class=\"startdate\"><div class=\"event-weekday\">Thu<\/div><div class=\"event-day\">05<\/div><div class=\"event-month\">Mar<\/div><div class=\"event-year\">2020<\/div><\/div><div class=\"enddate\"><div class=\"event-weekday\">Sat<\/div><div class=\"event-day\">07<\/div><div class=\"event-month\">Mar<\/div><div class=\"event-year\">2020<\/div><\/div><\/div>\n\t\t\t\t\t<div class=\"event-info multi-day\"><div class=\"event-title\"><h3><a href=\"https:\/\/cter.edu.pl\/?page_id=254&amp;lang=pl&amp;rest_route=%2Fwp%2Fv2%2Fpages%2F254&amp;event_id1=4254\">II Wroc\u0142awskie Spotkania Terminologiczne - TERMOS 2020<\/a><\/h3><\/div><span class=\"event-location\">Wroc\u0142aw, Poland<\/span><div class=\"event-content\"><p>Registration: <a href=\"https:\/\/forms.office.com\/Pages\/ResponsePage.aspx?id=-b5xKxM7MkS19B9awieNDKqOx2tMd79Dv85suLA6SwZUN0w5TUszUUUxMkJJNVpMSjcwNElLMVU4Vi4u\">https:\/\/forms.office.com\/Pages\/ResponsePage.aspx?id=-b5xKxM7MkS19B9awieNDKqOx2tMd79Dv85suLA6SwZUN0w5TUszUUUxMkJJNVpMSjcwNElLMVU4Vi4u<\/a><\/p>\n<\/div><\/div>\n\t\t\t\t<\/li>\n\t\t\t \t<li class=\"event \">\n\t\t\t\t\t<div class=\"event-date multi-date\"><div class=\"startdate\"><div class=\"event-weekday\">Thu<\/div><div class=\"event-day\">06<\/div><div class=\"event-month\">Feb<\/div><div class=\"event-year\">2020<\/div><\/div><div class=\"enddate\"><div class=\"event-weekday\">Sat<\/div><div class=\"event-day\">08<\/div><div class=\"event-month\">Feb<\/div><div class=\"event-year\">2020<\/div><\/div><\/div>\n\t\t\t\t\t<div class=\"event-info multi-day\"><div class=\"event-title\"><h3><a href=\"https:\/\/cter.edu.pl\/?page_id=254&amp;lang=pl&amp;rest_route=%2Fwp%2Fv2%2Fpages%2F254&amp;event_id1=4210\">4th International Conf4th International Conference on Language, Linguistics, Literature and Translation: Exploring Cultural Intersectionserence on Language, Linguistics, Literature and Translation: Exploring Cultural Intersections<\/a><\/h3><\/div><span class=\"event-location\">Muscat, Oman<\/span><div class=\"event-content\"><p>Conference <a href=\"https:\/\/squengl.com\/conference\/\">website<\/a><\/p>\n<\/div><\/div>\n\t\t\t\t<\/li>\n\t\t\t \t<li class=\"event \">\n\t\t\t\t\t<div class=\"event-date multi-date\"><div class=\"startdate\"><div class=\"event-weekday\">Sat<\/div><div class=\"event-day\">01<\/div><div class=\"event-month\">Feb<\/div><div class=\"event-year\">2020<\/div><\/div><div class=\"enddate\"><div class=\"event-weekday\">Sun<\/div><div class=\"event-day\">02<\/div><div class=\"event-month\">Feb<\/div><div class=\"event-year\">2020<\/div><\/div><\/div>\n\t\t\t\t\t<div class=\"event-info multi-day\"><div class=\"event-title\"><h3><a href=\"https:\/\/cter.edu.pl\/?page_id=254&amp;lang=pl&amp;rest_route=%2Fwp%2Fv2%2Fpages%2F254&amp;event_id1=4218\">The Fourth Annual International Conference on Languages, Linguistics, Translation and Literature<\/a><\/h3><\/div><span class=\"event-location\">Ahwaz, Iran<\/span><div class=\"event-content\"><p>Conference <a href=\"http:\/\/llld.ir\/en\/\">website<\/a><\/p>\n<\/div><\/div>\n\t\t\t\t<\/li>\n\t\t\t \t<li class=\"event \">\n\t\t\t\t\t<div class=\"event-date multi-date\"><div class=\"startdate\"><div class=\"event-weekday\">Mon<\/div><div class=\"event-day\">09<\/div><div class=\"event-month\">Dec<\/div><div class=\"event-year\">2019<\/div><\/div><div class=\"enddate\"><div class=\"event-weekday\">Wed<\/div><div class=\"event-day\">11<\/div><div class=\"event-month\">Dec<\/div><div class=\"event-year\">2019<\/div><\/div><\/div>\n\t\t\t\t\t<div class=\"event-info multi-day\"><div class=\"event-title\"><h3><a href=\"https:\/\/cter.edu.pl\/?page_id=254&amp;lang=pl&amp;rest_route=%2Fwp%2Fv2%2Fpages%2F254&amp;event_id1=4208\">Translation Studies and the Digital Humanities<\/a><\/h3><\/div><span class=\"event-location\">Hong Kong<\/span><div class=\"event-content\"><p>Conference <a href=\"http:\/\/dh.tra.cuhk.edu.hk\/?fbclid=IwAR1h8nzeQJ0TsceZq9OVgKbHOsIrNqLLYx8zhNDdAWvyeT3VDJPlmzQk8xg\">website<\/a><\/p>\n<\/div><\/div>\n\t\t\t\t<\/li>\n\t\t\t \t<li class=\"event \">\n\t\t\t\t\t<div class=\"event-date multi-date\"><div class=\"startdate\"><div class=\"event-weekday\">Sat<\/div><div class=\"event-day\">23<\/div><div class=\"event-month\">Nov<\/div><div class=\"event-year\">2019<\/div><\/div><div class=\"enddate\"><div class=\"event-weekday\">Sun<\/div><div class=\"event-day\">24<\/div><div class=\"event-month\">Nov<\/div><div class=\"event-year\">2019<\/div><\/div><\/div>\n\t\t\t\t\t<div class=\"event-info multi-day\"><div class=\"event-title\"><h3><a href=\"https:\/\/cter.edu.pl\/?page_id=254&amp;lang=pl&amp;rest_route=%2Fwp%2Fv2%2Fpages%2F254&amp;event_id1=4196\">APTIS 2019<\/a><\/h3><\/div><span class=\"event-location\">Newcastle-upon-Tyne<\/span><div class=\"event-content\"><p>The Second Annual Conference organised by the UK and Ireland\u2019s Association of Programmes in Translation and Interpreting Studies.<\/p>\n<p>&nbsp;<\/p>\n<p>&nbsp;<\/p>\n<\/div><\/div>\n\t\t\t\t<\/li>\n\t\t\t \t<li class=\"event \">\n\t\t\t\t\t<div class=\"event-date multi-date\"><div class=\"startdate\"><div class=\"event-weekday\">Fri<\/div><div class=\"event-day\">15<\/div><div class=\"event-month\">Nov<\/div><div class=\"event-year\">2019<\/div><\/div><div class=\"enddate\"><div class=\"event-weekday\">Sat<\/div><div class=\"event-day\">16<\/div><div class=\"event-month\">Nov<\/div><div class=\"event-year\">2019<\/div><\/div><\/div>\n\t\t\t\t\t<div class=\"event-info multi-day\"><div class=\"event-title\"><h3><a href=\"https:\/\/cter.edu.pl\/?page_id=254&amp;lang=pl&amp;rest_route=%2Fwp%2Fv2%2Fpages%2F254&amp;event_id1=4206\">Teaching Translation vs. Training Translators (TIFO 2019)<\/a><\/h3><\/div><span class=\"event-location\">Olomouc, Czech Republic<\/span><div class=\"event-content\"><p>Conference <a href=\"http:\/\/tifo.upol.cz\/\">website<\/a><\/p>\n<\/div><\/div>\n\t\t\t\t<\/li>\n\t\t\t \t<li class=\"event \">\n\t\t\t\t\t<div class=\"event-date multi-date\"><div class=\"startdate\"><div class=\"event-weekday\">Thu<\/div><div class=\"event-day\">24<\/div><div class=\"event-month\">Oct<\/div><div class=\"event-year\">2019<\/div><\/div><div class=\"enddate\"><div class=\"event-weekday\">Fri<\/div><div class=\"event-day\">25<\/div><div class=\"event-month\">Oct<\/div><div class=\"event-year\">2019<\/div><\/div><\/div>\n\t\t\t\t\t<div class=\"event-info multi-day\"><div class=\"event-title\"><h3><a href=\"https:\/\/cter.edu.pl\/?page_id=254&amp;lang=pl&amp;rest_route=%2Fwp%2Fv2%2Fpages%2F254&amp;event_id1=4200\">3rd Valencia\/Napoli Colloquium on Gender and Translation: Feminism(s) and\/in Translation<\/a><\/h3><\/div><span class=\"event-location\">Valencia, Spain<\/span><div class=\"event-content\"><p>Conference <a href=\"https:\/\/aedean.org\/wp-content\/uploads\/VN3-CFP_1.pdf\">website<\/a><\/p>\n<\/div><\/div>\n\t\t\t\t<\/li>\n\t\t\t \t<li class=\"event \">\n\t\t\t\t\t<div class=\"event-date multi-date\"><div class=\"startdate\"><div class=\"event-weekday\">Tue<\/div><div class=\"event-day\">15<\/div><div class=\"event-month\">Oct<\/div><div class=\"event-year\">2019<\/div><\/div><div class=\"enddate\"><div class=\"event-weekday\">Wed<\/div><div class=\"event-day\">16<\/div><div class=\"event-month\">Oct<\/div><div class=\"event-year\">2019<\/div><\/div><\/div>\n\t\t\t\t\t<div class=\"event-info multi-day\"><div class=\"event-title\"><h3><a href=\"https:\/\/cter.edu.pl\/?page_id=254&amp;lang=pl&amp;rest_route=%2Fwp%2Fv2%2Fpages%2F254&amp;event_id1=4252\">Teaching Translation vs. Training Translators<\/a><\/h3><\/div><span class=\"event-location\">Olomouc, The Czech Republic<\/span><div class=\"event-content\"><p>Event details: <a href=\"http:\/\/tifo.upol.cz\/\">http:\/\/tifo.upol.cz\/<\/a><\/p>\n<\/div><\/div>\n\t\t\t\t<\/li>\n\t\t\t \t<li class=\"event \">\n\t\t\t\t\t<div class=\"event-date single-date\"><div class=\"enddate\"><div class=\"event-weekday\">Fri<\/div><div class=\"event-day\">27<\/div><div class=\"event-month\">Sep<\/div><div class=\"event-year\">2019<\/div><\/div><\/div>\n\t\t\t\t\t<div class=\"event-info multi-day\"><div class=\"event-title\"><h3><a href=\"https:\/\/cter.edu.pl\/?page_id=254&amp;lang=pl&amp;rest_route=%2Fwp%2Fv2%2Fpages%2F254&amp;event_id1=4202\">MUMTTT 2019 : The 4th WorkMUMTTT 2019 : The 4th Workshop on Multi-word Units in Machine Translation and Translation Technologyhop on Multi-word Units in Machine Translation and Translation Technology<\/a><\/h3><\/div><span class=\"event-location\">Malaga, Spain<\/span><div class=\"event-content\"><p>Conference <a href=\"http:\/\/www.lexytrad.es\/europhras2019\/mumttt-2019-2\/\">website<\/a><\/p>\n<\/div><\/div>\n\t\t\t\t<\/li>\n\t\t\t \t<li class=\"event \">\n\t\t\t\t\t<div class=\"event-date single-date\"><div class=\"enddate\"><div class=\"event-weekday\">Sat<\/div><div class=\"event-day\">21<\/div><div class=\"event-month\">Sep<\/div><div class=\"event-year\">2019<\/div><\/div><\/div>\n\t\t\t\t\t<div class=\"event-info multi-day\"><div class=\"event-title\"><h3><a href=\"https:\/\/cter.edu.pl\/?page_id=254&amp;lang=pl&amp;rest_route=%2Fwp%2Fv2%2Fpages%2F254&amp;event_id1=4204\">GALA 2019 Munich \u2013 The Role of the Human Being in an AI-driven Language Service Industry<\/a><\/h3><\/div><span class=\"event-location\">Munich, Germany<\/span><div class=\"event-content\"><p>Conference <a href=\"https:\/\/www.gala-global.org\/conference\/gala-conference-2019\/call-proposals\">website<\/a><\/p>\n<\/div><\/div>\n\t\t\t\t<\/li>\n\t\t\t \t<li class=\"event konferencje-krajowe\">\n\t\t\t\t\t<div class=\"event-date multi-date\"><div class=\"startdate\"><div class=\"event-weekday\">Fri<\/div><div class=\"event-day\">13<\/div><div class=\"event-month\">Sep<\/div><div class=\"event-year\">2019<\/div><\/div><div class=\"enddate\"><div class=\"event-weekday\">Sat<\/div><div class=\"event-day\">14<\/div><div class=\"event-month\">Sep<\/div><div class=\"event-year\">2019<\/div><\/div><\/div>\n\t\t\t\t\t<div class=\"event-info multi-day\"><div class=\"event-title\"><h3><a href=\"https:\/\/cter.edu.pl\/?page_id=254&amp;lang=pl&amp;rest_route=%2Fwp%2Fv2%2Fpages%2F254&amp;event_id1=3968\">TTI 6<\/a><\/h3><\/div><span class=\"event-location\">\u0141\u00f3d\u017a, Poland<\/span><div class=\"event-content\"><p>The <strong>Teaching Translation and Interpreting (TTI 6)\u00a0<\/strong>conference will be held at the University of \u0141\u00f3d\u017a on 13th-14th September 2019.<\/p>\n<p>The topics of the conference include:<\/p>\n<ul>\n<li>translator training<\/li>\n<li>translation curricula<\/li>\n<li>teaching, learning and training interpreting<\/li>\n<li>teaching, learning and training audiovisual translation<\/li>\n<li>translator training in the academia<\/li>\n<li>translation competence<\/li>\n<li>translator expertise<\/li>\n<li>competencies of professional translator trainers<\/li>\n<li>translation as a profession<\/li>\n<li>the use of computer in translation education<\/li>\n<li>interdisciplinary approaches to translation education<\/li>\n<\/ul>\n<p>For details, please consult the <a href=\"http:\/\/tti.uni.lodz.pl\/\" target=\"_blank\" rel=\"noopener\">conference website<\/a>.<\/p>\n<p>&nbsp;<\/p>\n<\/div><\/div>\n\t\t\t\t<\/li>\n\t\t\t \t<li class=\"event \">\n\t\t\t\t\t<div class=\"event-date multi-date\"><div class=\"startdate\"><div class=\"event-weekday\">Mon<\/div><div class=\"event-day\">09<\/div><div class=\"event-month\">Sep<\/div><div class=\"event-year\">2019<\/div><\/div><div class=\"enddate\"><div class=\"event-weekday\">Fri<\/div><div class=\"event-day\">13<\/div><div class=\"event-month\">Sep<\/div><div class=\"event-year\">2019<\/div><\/div><\/div>\n\t\t\t\t\t<div class=\"event-info multi-day\"><div class=\"event-title\"><h3><a href=\"https:\/\/cter.edu.pl\/?page_id=254&amp;lang=pl&amp;rest_route=%2Fwp%2Fv2%2Fpages%2F254&amp;event_id1=4198\">EST Congress<\/a><\/h3><\/div><span class=\"event-location\">Stellenbosch, Republic of South Africa<\/span><div class=\"event-content\"><p>The 9th EST COngress will be an opportunity for members of the European Society for\u00a0 Translation Studies to explore the theme of <em>Living Translation: People, Processes, Products.<\/em><\/p>\n<\/div><\/div>\n\t\t\t\t<\/li>\n\t\t\t \t<li class=\"event konferencje-krajowe\">\n\t\t\t\t\t<div class=\"event-date multi-date\"><div class=\"startdate\"><div class=\"event-weekday\">Thu<\/div><div class=\"event-day\">14<\/div><div class=\"event-month\">Mar<\/div><div class=\"event-year\">2019<\/div><\/div><div class=\"enddate\"><div class=\"event-weekday\">Fri<\/div><div class=\"event-day\">15<\/div><div class=\"event-month\">Mar<\/div><div class=\"event-year\">2019<\/div><\/div><\/div>\n\t\t\t\t\t<div class=\"event-info multi-day\"><div class=\"event-title\"><h3><a href=\"https:\/\/cter.edu.pl\/?page_id=254&amp;lang=pl&amp;rest_route=%2Fwp%2Fv2%2Fpages%2F254&amp;event_id1=3489\">2nd CTER Congress<\/a><\/h3><\/div><span class=\"event-location\">Krak\u00f3w, Poland<\/span><div class=\"event-content\"><p style=\"text-align: justify;\">\u00a0The 2nd CTER Congress (CTER 2019), organised with the endorsement of the European Society for Translation Studies (EST), will focus on a broad spectrum of issues pertaining to translation pedagogy, including those which relate to the epistemological bases of translator education, teaching content, methods, tools and field-related research. The lead theme of the conference is <em><strong>Complexity and Dispersion in Translation Pedagogy<\/strong><\/em>. We kindly invite you to familiarize yourselves with the <a href=\"http:\/\/cter.edu.pl\/en\/3579-2\/\">details of the conference<\/a>.<\/p>\n<\/div><\/div>\n\t\t\t\t<\/li>\n\t\t\t \t<li class=\"event \">\n\t\t\t\t\t<div class=\"event-date multi-date\"><div class=\"startdate\"><div class=\"event-weekday\">Thu<\/div><div class=\"event-day\">13<\/div><div class=\"event-month\">Dec<\/div><div class=\"event-year\">2018<\/div><\/div><div class=\"enddate\"><div class=\"event-weekday\">Sat<\/div><div class=\"event-day\">15<\/div><div class=\"event-month\">Dec<\/div><div class=\"event-year\">2018<\/div><\/div><\/div>\n\t\t\t\t\t<div class=\"event-info multi-day\"><div class=\"event-title\"><h3><a href=\"https:\/\/cter.edu.pl\/?page_id=254&amp;lang=pl&amp;rest_route=%2Fwp%2Fv2%2Fpages%2F254&amp;event_id1=3486\">Translation and Performative Practices<\/a><\/h3><\/div><span class=\"event-location\">Tartu, Estonia<\/span><div class=\"event-content\"><p><a href=\"https:\/\/www.maailmakeeled.ut.ee\/en\/itineraries-in-translation-history-IV\" target=\"_blank\">https:\/\/www.maailmakeeled.ut.ee\/en\/itineraries-in-translation-history-IV<\/a><\/p>\n<\/div><\/div>\n\t\t\t\t<\/li>\n\t\t\t \t<li class=\"event konferencje-zagraniczne\">\n\t\t\t\t\t<div class=\"event-date multi-date\"><div class=\"startdate\"><div class=\"event-weekday\">Fri<\/div><div class=\"event-day\">23<\/div><div class=\"event-month\">Nov<\/div><div class=\"event-year\">2018<\/div><\/div><div class=\"enddate\"><div class=\"event-weekday\">Sun<\/div><div class=\"event-day\">25<\/div><div class=\"event-month\">Nov<\/div><div class=\"event-year\">2018<\/div><\/div><\/div>\n\t\t\t\t\t<div class=\"event-info multi-day\"><div class=\"event-title\"><h3><a href=\"https:\/\/cter.edu.pl\/?page_id=254&amp;lang=pl&amp;rest_route=%2Fwp%2Fv2%2Fpages%2F254&amp;event_id1=3448\">Hans J. Vermeer Conference 2018<\/a><\/h3><\/div><span class=\"event-location\">Germersheim\/Germany<\/span><div class=\"event-content\"><p>https:\/\/vermeerconf.en.fb06.uni-mainz.de\/<\/p>\n<\/div><\/div>\n\t\t\t\t<\/li>\n\t\t\t \t<li class=\"event konferencje-zagraniczne\">\n\t\t\t\t\t<div class=\"event-date multi-date\"><div class=\"startdate\"><div class=\"event-weekday\">Fri<\/div><div class=\"event-day\">23<\/div><div class=\"event-month\">Nov<\/div><div class=\"event-year\">2018<\/div><\/div><div class=\"enddate\"><div class=\"event-weekday\">Sat<\/div><div class=\"event-day\">24<\/div><div class=\"event-month\">Nov<\/div><div class=\"event-year\">2018<\/div><\/div><\/div>\n\t\t\t\t\t<div class=\"event-info multi-day\"><div class=\"event-title\"><h3><a href=\"https:\/\/cter.edu.pl\/?page_id=254&amp;lang=pl&amp;rest_route=%2Fwp%2Fv2%2Fpages%2F254&amp;event_id1=3429\">1st Annual Aptis Conference: Challenges and Opportunities in Teaching Translation and Interpreting<\/a><\/h3><\/div><span class=\"event-location\">Birmingham\/UK<\/span><div class=\"event-content\"><p>http:\/\/aptisconference2018@gmail.com<\/p>\n<\/div><\/div>\n\t\t\t\t<\/li>\n\t\t\t \t<li class=\"event konferencje-zagraniczne\">\n\t\t\t\t\t<div class=\"event-date multi-date\"><div class=\"startdate\"><div class=\"event-weekday\">Fri<\/div><div class=\"event-day\">16<\/div><div class=\"event-month\">Nov<\/div><div class=\"event-year\">2018<\/div><\/div><div class=\"enddate\"><div class=\"event-weekday\">Sat<\/div><div class=\"event-day\">17<\/div><div class=\"event-month\">Nov<\/div><div class=\"event-year\">2018<\/div><\/div><\/div>\n\t\t\t\t\t<div class=\"event-info multi-day\"><div class=\"event-title\"><h3><a href=\"https:\/\/cter.edu.pl\/?page_id=254&amp;lang=pl&amp;rest_route=%2Fwp%2Fv2%2Fpages%2F254&amp;event_id1=3446\">Discuss Interpreting-ISIT International Conference on Interpreting Languages<\/a><\/h3><\/div><span class=\"event-location\">Paris\/France<\/span><div class=\"event-content\"><p>http:\/\/www.isit-discussinterpreting.com<\/p>\n<\/div><\/div>\n\t\t\t\t<\/li>\n\t\t\t \t<li class=\"event konferencje-zagraniczne\">\n\t\t\t\t\t<div class=\"event-date multi-date\"><div class=\"startdate\"><div class=\"event-weekday\">Fri<\/div><div class=\"event-day\">09<\/div><div class=\"event-month\">Nov<\/div><div class=\"event-year\">2018<\/div><\/div><div class=\"enddate\"><div class=\"event-weekday\">Sun<\/div><div class=\"event-day\">11<\/div><div class=\"event-month\">Nov<\/div><div class=\"event-year\">2018<\/div><\/div><\/div>\n\t\t\t\t\t<div class=\"event-info multi-day\"><div class=\"event-title\"><h3><a href=\"https:\/\/cter.edu.pl\/?page_id=254&amp;lang=pl&amp;rest_route=%2Fwp%2Fv2%2Fpages%2F254&amp;event_id1=3440\">1st Joint International Conference on New Literacies<\/a><\/h3><\/div><span class=\"event-location\">George Town\/Malaysia<\/span><div class=\"event-content\"><p>http:\/\/csi2018.weebly.com\/<\/p>\n<\/div><\/div>\n\t\t\t\t<\/li>\n\t\t\t \t<li class=\"event konferencje-krajowe\">\n\t\t\t\t\t<div class=\"event-date multi-date\"><div class=\"startdate\"><div class=\"event-weekday\">Thu<\/div><div class=\"event-day\">18<\/div><div class=\"event-month\">Oct<\/div><div class=\"event-year\">2018<\/div><\/div><div class=\"enddate\"><div class=\"event-weekday\">Fri<\/div><div class=\"event-day\">19<\/div><div class=\"event-month\">Oct<\/div><div class=\"event-year\">2018<\/div><\/div><\/div>\n\t\t\t\t\t<div class=\"event-info multi-day\"><div class=\"event-title\"><h3><a href=\"https:\/\/cter.edu.pl\/?page_id=254&amp;lang=pl&amp;rest_route=%2Fwp%2Fv2%2Fpages%2F254&amp;event_id1=3427\">\u015amiech w literaturze<\/a><\/h3><\/div><span class=\"event-location\">Cz\u0119stochowa\/Poland<\/span><\/div>\n\t\t\t\t<\/li>\n\t\t\t \t<li class=\"event konferencje-krajowe\">\n\t\t\t\t\t<div class=\"event-date multi-date\"><div class=\"startdate\"><div class=\"event-weekday\">Mon<\/div><div class=\"event-day\">15<\/div><div class=\"event-month\">Oct<\/div><div class=\"event-year\">2018<\/div><\/div><div class=\"enddate\"><div class=\"event-weekday\">Tue<\/div><div class=\"event-day\">16<\/div><div class=\"event-month\">Oct<\/div><div class=\"event-year\">2018<\/div><\/div><\/div>\n\t\t\t\t\t<div class=\"event-info multi-day\"><div class=\"event-title\"><h3><a href=\"https:\/\/cter.edu.pl\/?page_id=254&amp;lang=pl&amp;rest_route=%2Fwp%2Fv2%2Fpages%2F254&amp;event_id1=3418\">Dimensions of Business Language and Culture DOBLAC 2018<\/a><\/h3><\/div><span class=\"event-location\">Katowice, Poland<\/span><div class=\"event-content\"><p>http:\/\/doblacwebpageeng.wixsite.com\/doblac18pl\/kontakt<\/p>\n<\/div><\/div>\n\t\t\t\t<\/li>\n\t\t\t \t<li class=\"event konferencje-zagraniczne\">\n\t\t\t\t\t<div class=\"event-date multi-date\"><div class=\"startdate\"><div class=\"event-weekday\">Sat<\/div><div class=\"event-day\">13<\/div><div class=\"event-month\">Oct<\/div><div class=\"event-year\">2018<\/div><\/div><div class=\"enddate\"><div class=\"event-weekday\">Sun<\/div><div class=\"event-day\">14<\/div><div class=\"event-month\">Oct<\/div><div class=\"event-year\">2018<\/div><\/div><\/div>\n\t\t\t\t\t<div class=\"event-info multi-day\"><div class=\"event-title\"><h3><a href=\"https:\/\/cter.edu.pl\/?page_id=254&amp;lang=pl&amp;rest_route=%2Fwp%2Fv2%2Fpages%2F254&amp;event_id1=3472\">WITTA 2018, The Second WITTA Congress<\/a><\/h3><\/div><span class=\"event-location\">London, UK<\/span><div class=\"event-content\"><p style=\"text-align: justify;\">We are happy to announce that the Second\u00a0WITTA (World Interpreter and Translator Training Association) Congress <em>cum<\/em>\u00a0International Symposium on Translation and Interpreting Education, to be hosted by University of Westminster, will take place in London, Britain, on October\u00a013-14, 2018.<\/p>\n<p><a href=\"http:\/\/www.witta.org.cn\/news\/387.html\" target=\"_blank\">http:\/\/www.witta.org.cn\/news\/387.html<\/a><\/p>\n<\/div><\/div>\n\t\t\t\t<\/li>\n\t\t\t \t<li class=\"event konferencje-zagraniczne\">\n\t\t\t\t\t<div class=\"event-date multi-date\"><div class=\"startdate\"><div class=\"event-weekday\">Thu<\/div><div class=\"event-day\">11<\/div><div class=\"event-month\">Oct<\/div><div class=\"event-year\">2018<\/div><\/div><div class=\"enddate\"><div class=\"event-weekday\">Sat<\/div><div class=\"event-day\">13<\/div><div class=\"event-month\">Oct<\/div><div class=\"event-year\">2018<\/div><\/div><\/div>\n\t\t\t\t\t<div class=\"event-info multi-day\"><div class=\"event-title\"><h3><a href=\"https:\/\/cter.edu.pl\/?page_id=254&amp;lang=pl&amp;rest_route=%2Fwp%2Fv2%2Fpages%2F254&amp;event_id1=3456\">Translation Landscapes III<\/a><\/h3><\/div><span class=\"event-location\">Pobierowo\/Poland<\/span><div class=\"event-content\"><p>Info: translation.ifg@gmail.com<\/p>\n<\/div><\/div>\n\t\t\t\t<\/li>\n\t\t\t \t<li class=\"event konferencje-zagraniczne\">\n\t\t\t\t\t<div class=\"event-date multi-date\"><div class=\"startdate\"><div class=\"event-weekday\">Wed<\/div><div class=\"event-day\">10<\/div><div class=\"event-month\">Oct<\/div><div class=\"event-year\">2018<\/div><\/div><div class=\"enddate\"><div class=\"event-weekday\">Thu<\/div><div class=\"event-day\">11<\/div><div class=\"event-month\">Oct<\/div><div class=\"event-year\">2018<\/div><\/div><\/div>\n\t\t\t\t\t<div class=\"event-info multi-day\"><div class=\"event-title\"><h3><a href=\"https:\/\/cter.edu.pl\/?page_id=254&amp;lang=pl&amp;rest_route=%2Fwp%2Fv2%2Fpages%2F254&amp;event_id1=3431\">A Space for Translation: Thresholds of Interpretation<\/a><\/h3><\/div><span class=\"event-location\">Hong Kong\/China<\/span><div class=\"event-content\"><p>http:\/\/traserver.tra.cuhk.edu.hk\/space-web\/<\/p>\n<\/div><\/div>\n\t\t\t\t<\/li>\n\t\t\t \t<li class=\"event konferencje-zagraniczne\">\n\t\t\t\t\t<div class=\"event-date multi-date\"><div class=\"startdate\"><div class=\"event-weekday\">Fri<\/div><div class=\"event-day\">28<\/div><div class=\"event-month\">Sep<\/div><div class=\"event-year\">2018<\/div><\/div><div class=\"enddate\"><div class=\"event-weekday\">Sat<\/div><div class=\"event-day\">29<\/div><div class=\"event-month\">Sep<\/div><div class=\"event-year\">2018<\/div><\/div><\/div>\n\t\t\t\t\t<div class=\"event-info multi-day\"><div class=\"event-title\"><h3><a href=\"https:\/\/cter.edu.pl\/?page_id=254&amp;lang=pl&amp;rest_route=%2Fwp%2Fv2%2Fpages%2F254&amp;event_id1=3433\">Fit-For-Market Translator and Interpreter Training in a Digital Age<\/a><\/h3><\/div><span class=\"event-location\">Budapest\/Hungary<\/span><div class=\"event-content\"><p>http:\/\/etransfair.eu\/fitformarket2018<\/p>\n<\/div><\/div>\n\t\t\t\t<\/li>\n\t\t\t \t<li class=\"event konferencje-krajowe\">\n\t\t\t\t\t<div class=\"event-date multi-date\"><div class=\"startdate\"><div class=\"event-weekday\">Thu<\/div><div class=\"event-day\">27<\/div><div class=\"event-month\">Sep<\/div><div class=\"event-year\">2018<\/div><\/div><div class=\"enddate\"><div class=\"event-weekday\">Fri<\/div><div class=\"event-day\">28<\/div><div class=\"event-month\">Sep<\/div><div class=\"event-year\">2018<\/div><\/div><\/div>\n\t\t\t\t\t<div class=\"event-info multi-day\"><div class=\"event-title\"><h3><a href=\"https:\/\/cter.edu.pl\/?page_id=254&amp;lang=pl&amp;rest_route=%2Fwp%2Fv2%2Fpages%2F254&amp;event_id1=3438\">Translaton 1: Current paradigms in research on translation and interpreting. Opportunities and challenges<\/a><\/h3><\/div><span class=\"event-location\">Wroc\u0142aw\/Poland<\/span><div class=\"event-content\"><p>http:\/\/www.ifg.uni.wroc.pl\/wydarzenia\/miedzynarodowa-konferencja-translaton-1-wspolczesne-paradygmaty-badan-translatorycznych\/<\/p>\n<\/div><\/div>\n\t\t\t\t<\/li>\n\t\t\t \t<li class=\"event konferencje-krajowe\">\n\t\t\t\t\t<div class=\"event-date multi-date\"><div class=\"startdate\"><div class=\"event-weekday\">Thu<\/div><div class=\"event-day\">27<\/div><div class=\"event-month\">Sep<\/div><div class=\"event-year\">2018<\/div><\/div><div class=\"enddate\"><div class=\"event-weekday\">Fri<\/div><div class=\"event-day\">28<\/div><div class=\"event-month\">Sep<\/div><div class=\"event-year\">2018<\/div><\/div><\/div>\n\t\t\t\t\t<div class=\"event-info multi-day\"><div class=\"event-title\"><h3><a href=\"https:\/\/cter.edu.pl\/?page_id=254&amp;lang=pl&amp;rest_route=%2Fwp%2Fv2%2Fpages%2F254&amp;event_id1=3454\">Translaton<\/a><\/h3><\/div><span class=\"event-location\">Wroc\u0142aw\/Poland<\/span><div class=\"event-content\"><p>http:\/\/www.ifg.uni.wroc.pl\/wydarzenia\/miedzynarodowa-konferencja-translaton-1-wspolczesne-paradygmaty-badan-translatorycznych\/<\/p>\n<\/div><\/div>\n\t\t\t\t<\/li>\n\t\t\t \t<li class=\"event konferencje-zagraniczne\">\n\t\t\t\t\t<div class=\"event-date multi-date\"><div class=\"startdate\"><div class=\"event-weekday\">Wed<\/div><div class=\"event-day\">26<\/div><div class=\"event-month\">Sep<\/div><div class=\"event-year\">2018<\/div><\/div><div class=\"enddate\"><div class=\"event-weekday\">Fri<\/div><div class=\"event-day\">28<\/div><div class=\"event-month\">Sep<\/div><div class=\"event-year\">2018<\/div><\/div><\/div>\n\t\t\t\t\t<div class=\"event-info multi-day\"><div class=\"event-title\"><h3><a href=\"https:\/\/cter.edu.pl\/?page_id=254&amp;lang=pl&amp;rest_route=%2Fwp%2Fv2%2Fpages%2F254&amp;event_id1=3444\">Translation<\/a><\/h3><\/div><span class=\"event-location\">Nitra\/Slovakia<\/span><div class=\"event-content\"><p>http:\/\/tic-conference.eu\/index.php\/en\/<\/p>\n<\/div><\/div>\n\t\t\t\t<\/li>\n\t\t\t \t<li class=\"event konferencje-zagraniczne\">\n\t\t\t\t\t<div class=\"event-date multi-date\"><div class=\"startdate\"><div class=\"event-weekday\">Mon<\/div><div class=\"event-day\">24<\/div><div class=\"event-month\">Sep<\/div><div class=\"event-year\">2018<\/div><\/div><div class=\"enddate\"><div class=\"event-weekday\">Wed<\/div><div class=\"event-day\">26<\/div><div class=\"event-month\">Sep<\/div><div class=\"event-year\">2018<\/div><\/div><\/div>\n\t\t\t\t\t<div class=\"event-info multi-day\"><div class=\"event-title\"><h3><a href=\"https:\/\/cter.edu.pl\/?page_id=254&amp;lang=pl&amp;rest_route=%2Fwp%2Fv2%2Fpages%2F254&amp;event_id1=3436\">National Identity in Translation<\/a><\/h3><\/div><span class=\"event-location\">Lviv\/Ukraine<\/span><div class=\"event-content\"><p>http:\/\/www.natid.ur.edu.pl\/callforpapers.html<\/p>\n<\/div><\/div>\n\t\t\t\t<\/li>\n\t\t\t \t<li class=\"event konferencje-zagraniczne\">\n\t\t\t\t\t<div class=\"event-date multi-date\"><div class=\"startdate\"><div class=\"event-weekday\">Wed<\/div><div class=\"event-day\">12<\/div><div class=\"event-month\">Sep<\/div><div class=\"event-year\">2018<\/div><\/div><div class=\"enddate\"><div class=\"event-weekday\">Wed<\/div><div class=\"event-day\">19<\/div><div class=\"event-month\">Sep<\/div><div class=\"event-year\">2018<\/div><\/div><\/div>\n\t\t\t\t\t<div class=\"event-info multi-day\"><div class=\"event-title\"><h3><a href=\"https:\/\/cter.edu.pl\/?page_id=254&amp;lang=pl&amp;rest_route=%2Fwp%2Fv2%2Fpages%2F254&amp;event_id1=3470\">Translation in History \u2013 History in Translation 2018<\/a><\/h3><\/div><span class=\"event-location\">Vienna, Austria<\/span><div class=\"event-content\"><p>The second international summer school on Translation History in Vienna will specifically focus on questions of methods in Translation History and their relationship to translation theory.<\/p>\n<p><a href=\"https:\/\/summerschool-translation-history.univie.ac.at\" target=\"_blank\">https:\/\/summerschool-translation-history.univie.ac.at<\/a><\/p>\n<\/div><\/div>\n\t\t\t\t<\/li>\n\t\t\t \t<li class=\"event konferencje-zagraniczne\">\n\t\t\t\t\t<div class=\"event-date multi-date\"><div class=\"startdate\"><div class=\"event-weekday\">Sun<\/div><div class=\"event-day\">09<\/div><div class=\"event-month\">Sep<\/div><div class=\"event-year\">2018<\/div><\/div><div class=\"enddate\"><div class=\"event-weekday\">Thu<\/div><div class=\"event-day\">13<\/div><div class=\"event-month\">Sep<\/div><div class=\"event-year\">2018<\/div><\/div><\/div>\n\t\t\t\t\t<div class=\"event-info multi-day\"><div class=\"event-title\"><h3><a href=\"https:\/\/cter.edu.pl\/?page_id=254&amp;lang=pl&amp;rest_route=%2Fwp%2Fv2%2Fpages%2F254&amp;event_id1=3452\">9th Congress of the European Society for Translation Studies<\/a><\/h3><\/div><span class=\"event-location\">Stellenbosch University,South Africa<\/span><div class=\"event-content\"><p>http:\/\/est2019.com\/<\/p>\n<\/div><\/div>\n\t\t\t\t<\/li>\n\t\t\t \t<li class=\"event konferencje-zagraniczne\">\n\t\t\t\t\t<div class=\"event-date multi-date\"><div class=\"startdate\"><div class=\"event-weekday\">Mon<\/div><div class=\"event-day\">03<\/div><div class=\"event-month\">Sep<\/div><div class=\"event-year\">2018<\/div><\/div><div class=\"enddate\"><div class=\"event-weekday\">Fri<\/div><div class=\"event-day\">07<\/div><div class=\"event-month\">Sep<\/div><div class=\"event-year\">2018<\/div><\/div><\/div>\n\t\t\t\t\t<div class=\"event-info multi-day\"><div class=\"event-title\"><h3><a href=\"https:\/\/cter.edu.pl\/?page_id=254&amp;lang=pl&amp;rest_route=%2Fwp%2Fv2%2Fpages%2F254&amp;event_id1=3442\">3rd International Summer School in Translation Technology<\/a><\/h3><\/div><span class=\"event-location\">Antwerp\/Belgium<\/span><div class=\"event-content\"><p>http:\/\/www.arts.kuleuven.be\/transtech-summerschool<\/p>\n<\/div><\/div>\n\t\t\t\t<\/li>\n\t\t\t \t<li class=\"event konferencje-krajowe\">\n\t\t\t\t\t<div class=\"event-date single-date\"><div class=\"enddate\"><div class=\"event-weekday\">Sat<\/div><div class=\"event-day\">16<\/div><div class=\"event-month\">Jun<\/div><div class=\"event-year\">2018<\/div><\/div><\/div>\n\t\t\t\t\t<div class=\"event-info multi-day\"><div class=\"event-title\"><h3><a href=\"https:\/\/cter.edu.pl\/?page_id=254&amp;lang=pl&amp;rest_route=%2Fwp%2Fv2%2Fpages%2F254&amp;event_id1=3420\">J\u0119zyk-nauka-technika<\/a><\/h3><\/div><span class=\"event-location\">Gliwice\/Poland<\/span><\/div>\n\t\t\t\t<\/li>\n\t\t\t \t<li class=\"event konferencje-krajowe\">\n\t\t\t\t\t<div class=\"event-date multi-date\"><div class=\"startdate\"><div class=\"event-weekday\">Sat<\/div><div class=\"event-day\">09<\/div><div class=\"event-month\">Jun<\/div><div class=\"event-year\">2018<\/div><\/div><div class=\"enddate\"><div class=\"event-weekday\">Sun<\/div><div class=\"event-day\">10<\/div><div class=\"event-month\">Jun<\/div><div class=\"event-year\">2018<\/div><\/div><\/div>\n\t\t\t\t\t<div class=\"event-info multi-day\"><div class=\"event-title\"><h3><a href=\"https:\/\/cter.edu.pl\/?page_id=254&amp;lang=pl&amp;rest_route=%2Fwp%2Fv2%2Fpages%2F254&amp;event_id1=3422\">Zrozumie\u0107 wieloj\u0119zyczno\u015b\u0107<\/a><\/h3><\/div><span class=\"event-location\">Warszawa\/Poland<\/span><div class=\"event-content\"><p>http:\/\/multilingualism2018.uw.edu.pl<\/p>\n<\/div><\/div>\n\t\t\t\t<\/li>\n\t\t\t \t<li class=\"event konferencje-zagraniczne\">\n\t\t\t\t\t<div class=\"event-date multi-date\"><div class=\"startdate\"><div class=\"event-weekday\">Fri<\/div><div class=\"event-day\">08<\/div><div class=\"event-month\">Jun<\/div><div class=\"event-year\">2018<\/div><\/div><div class=\"enddate\"><div class=\"event-weekday\">Sat<\/div><div class=\"event-day\">09<\/div><div class=\"event-month\">Jun<\/div><div class=\"event-year\">2018<\/div><\/div><\/div>\n\t\t\t\t\t<div class=\"event-info multi-day\"><div class=\"event-title\"><h3><a href=\"https:\/\/cter.edu.pl\/?page_id=254&amp;lang=pl&amp;rest_route=%2Fwp%2Fv2%2Fpages%2F254&amp;event_id1=3425\">Fachsprache Polnisch - Sprache mit Zukunft. Specjalistyczny j\u0119zyk polski - j\u0119zyk z przysz\u0142o\u015bci\u0105<\/a><\/h3><\/div><span class=\"event-location\">Frankfurt(Oder)\/Germany<\/span><div class=\"event-content\"><p>http:\/\/www.sz.europa-uni.de\/de\/lektorate\/polnisch\/Konferenz\/index.html<\/p>\n<\/div><\/div>\n\t\t\t\t<\/li>\n\t\t\t \t<li class=\"event \">\n\t\t\t\t\t<div class=\"event-date multi-date\"><div class=\"startdate\"><div class=\"event-weekday\">Thu<\/div><div class=\"event-day\">07<\/div><div class=\"event-month\">Jun<\/div><div class=\"event-year\">2018<\/div><\/div><div class=\"enddate\"><div class=\"event-weekday\">Fri<\/div><div class=\"event-day\">08<\/div><div class=\"event-month\">Jun<\/div><div class=\"event-year\">2018<\/div><\/div><\/div>\n\t\t\t\t\t<div class=\"event-info multi-day\"><div class=\"event-title\"><h3><a href=\"https:\/\/cter.edu.pl\/?page_id=254&amp;lang=pl&amp;rest_route=%2Fwp%2Fv2%2Fpages%2F254&amp;event_id1=3459\">2018 MSU Conference on Translation Pedagogy<\/a><\/h3><\/div><span class=\"event-location\">Montclair State University, New Jersey, USA<\/span><div class=\"event-content\"><p>https:\/\/www.montclair.edu\/translation-and-interpreting\/2018-conference-on-translation-pedagogy\/<\/p>\n<\/div><\/div>\n\t\t\t\t<\/li>\n\t\t\t \t<li class=\"event konferencje-zagraniczne\">\n\t\t\t\t\t<div class=\"event-date single-date\"><div class=\"enddate\"><div class=\"event-weekday\">Sat<\/div><div class=\"event-day\">16<\/div><div class=\"event-month\">Dec<\/div><div class=\"event-year\">2017<\/div><\/div><\/div>\n\t\t\t\t\t<div class=\"event-info multi-day\"><div class=\"event-title\"><h3><a href=\"https:\/\/cter.edu.pl\/?page_id=254&amp;lang=pl&amp;rest_route=%2Fwp%2Fv2%2Fpages%2F254&amp;event_id1=3417\">Pseudotranslation: New Perspectives \/ Pseudo-Traduction: Nouvelles Perspectives<\/a><\/h3><\/div><span class=\"event-location\">Brussels, Belgium<\/span><div class=\"event-content\"><p>Contact\u00a0: <a href=\"mailto:tom.toremans@kuleuven.be\" target=\"_blank\">tom.toremans@kuleuven.be<\/a><\/p>\n<\/div><\/div>\n\t\t\t\t<\/li>\n\t\t\t \t<li class=\"event konferencje-zagraniczne\">\n\t\t\t\t\t<div class=\"event-date multi-date\"><div class=\"startdate\"><div class=\"event-weekday\">Sat<\/div><div class=\"event-day\">09<\/div><div class=\"event-month\">Dec<\/div><div class=\"event-year\">2017<\/div><\/div><div class=\"enddate\"><div class=\"event-weekday\">Sun<\/div><div class=\"event-day\">10<\/div><div class=\"event-month\">Dec<\/div><div class=\"event-year\">2017<\/div><\/div><\/div>\n\t\t\t\t\t<div class=\"event-info multi-day\"><div class=\"event-title\"><h3><a href=\"https:\/\/cter.edu.pl\/?page_id=254&amp;lang=pl&amp;rest_route=%2Fwp%2Fv2%2Fpages%2F254&amp;event_id1=3416\">Genealogies of Knowledge I: Translating Political and Scientific Thought across Time and Space<\/a><\/h3><\/div><span class=\"event-location\">Manchester, UK<\/span><div class=\"event-content\"><p><a href=\"http:\/\/genealogiesofknowledge.net\/2016\/11\/23\/genealogies-knowledge-i-translating-political-scientific-thought-across-time-space\/\" target=\"_blank\">http:\/\/genealogiesofknowledge.net\/2016\/11\/23\/genealogies-knowledge-i-translating-political-scientific-thought-across-time-space\/<\/a><\/p>\n<\/div><\/div>\n\t\t\t\t<\/li>\n\t\t\t \t<li class=\"event konferencje-krajowe\">\n\t\t\t\t\t<div class=\"event-date multi-date\"><div class=\"startdate\"><div class=\"event-weekday\">Thu<\/div><div class=\"event-day\">26<\/div><div class=\"event-month\">Oct<\/div><div class=\"event-year\">2017<\/div><\/div><div class=\"enddate\"><div class=\"event-weekday\">Fri<\/div><div class=\"event-day\">27<\/div><div class=\"event-month\">Oct<\/div><div class=\"event-year\">2017<\/div><\/div><\/div>\n\t\t\t\t\t<div class=\"event-info multi-day\"><div class=\"event-title\"><h3><a href=\"https:\/\/cter.edu.pl\/?page_id=254&amp;lang=pl&amp;rest_route=%2Fwp%2Fv2%2Fpages%2F254&amp;event_id1=3415\">Przestrzenie przekladu 3<\/a><\/h3><\/div><span class=\"event-time\">10:00<\/span><span class=\"event-location\">Sosnowiec, Poland<\/span><div class=\"event-content\"><p>http:\/\/www.ifw.us.edu.pl\/przestrzenie-przekladu-3-konferencja\/<\/p>\n<\/div><\/div>\n\t\t\t\t<\/li>\n\t\t\t \t<li class=\"event konferencje-zagraniczne\">\n\t\t\t\t\t<div class=\"event-date multi-date\"><div class=\"startdate\"><div class=\"event-weekday\">Wed<\/div><div class=\"event-day\">25<\/div><div class=\"event-month\">Oct<\/div><div class=\"event-year\">2017<\/div><\/div><div class=\"enddate\"><div class=\"event-weekday\">Fri<\/div><div class=\"event-day\">27<\/div><div class=\"event-month\">Oct<\/div><div class=\"event-year\">2017<\/div><\/div><\/div>\n\t\t\t\t\t<div class=\"event-info multi-day\"><div class=\"event-title\"><h3><a href=\"https:\/\/cter.edu.pl\/?page_id=254&amp;lang=pl&amp;rest_route=%2Fwp%2Fv2%2Fpages%2F254&amp;event_id1=3413\">Literature, Translation, and Mediation by and for Children: Gender, Diversity, and Stereotype<\/a><\/h3><\/div><span class=\"event-location\">Bologna, Italy<\/span><div class=\"event-content\"><p><a href=\"https:\/\/eventi.unibo.it\/convegno-metra2017\" target=\"_blank\">https:\/\/eventi.unibo.it\/convegno-metra2017<\/a><\/p>\n<\/div><\/div>\n\t\t\t\t<\/li>\n\t\t\t \t<li class=\"event konferencje-zagraniczne\">\n\t\t\t\t\t<div class=\"event-date multi-date\"><div class=\"startdate\"><div class=\"event-weekday\">Wed<\/div><div class=\"event-day\">25<\/div><div class=\"event-month\">Oct<\/div><div class=\"event-year\">2017<\/div><\/div><div class=\"enddate\"><div class=\"event-weekday\">Sat<\/div><div class=\"event-day\">28<\/div><div class=\"event-month\">Oct<\/div><div class=\"event-year\">2017<\/div><\/div><\/div>\n\t\t\t\t\t<div class=\"event-info multi-day\"><div class=\"event-title\"><h3><a href=\"https:\/\/cter.edu.pl\/?page_id=254&amp;lang=pl&amp;rest_route=%2Fwp%2Fv2%2Fpages%2F254&amp;event_id1=3414\">58th ATA Conference<\/a><\/h3><\/div><span class=\"event-time\">10:00<\/span><span class=\"event-location\">Washington D.C., USA<\/span><div class=\"event-content\"><p>https:\/\/multilingual.com\/events\/?ev_id=3821<\/p>\n<\/div><\/div>\n\t\t\t\t<\/li>\n\t\t\t \t<li class=\"event konferencje-krajowe\">\n\t\t\t\t\t<div class=\"event-date multi-date\"><div class=\"startdate\"><div class=\"event-weekday\">Thu<\/div><div class=\"event-day\">19<\/div><div class=\"event-month\">Oct<\/div><div class=\"event-year\">2017<\/div><\/div><div class=\"enddate\"><div class=\"event-weekday\">Fri<\/div><div class=\"event-day\">20<\/div><div class=\"event-month\">Oct<\/div><div class=\"event-year\">2017<\/div><\/div><\/div>\n\t\t\t\t\t<div class=\"event-info multi-day\"><div class=\"event-title\"><h3><a href=\"https:\/\/cter.edu.pl\/?page_id=254&amp;lang=pl&amp;rest_route=%2Fwp%2Fv2%2Fpages%2F254&amp;event_id1=3412\">Translatio i historia idei<\/a><\/h3><\/div><span class=\"event-time\">10:00<\/span><span class=\"event-location\">Warszawa, Poland<\/span><div class=\"event-content\"><p>http:\/\/translatio.ils.uw.edu.pl\/<\/p>\n<\/div><\/div>\n\t\t\t\t<\/li>\n\t\t\t \t<li class=\"event konferencje-zagraniczne\">\n\t\t\t\t\t<div class=\"event-date multi-date\"><div class=\"startdate\"><div class=\"event-weekday\">Thu<\/div><div class=\"event-day\">28<\/div><div class=\"event-month\">Sep<\/div><div class=\"event-year\">2017<\/div><\/div><div class=\"enddate\"><div class=\"event-weekday\">Sat<\/div><div class=\"event-day\">30<\/div><div class=\"event-month\">Sep<\/div><div class=\"event-year\">2017<\/div><\/div><\/div>\n\t\t\t\t\t<div class=\"event-info multi-day\"><div class=\"event-title\"><h3><a href=\"https:\/\/cter.edu.pl\/?page_id=254&amp;lang=pl&amp;rest_route=%2Fwp%2Fv2%2Fpages%2F254&amp;event_id1=3411\">FOUND IN TRANSLATION: Translation as Cultural Dissemination from the Middle Ages to the New Millennium<\/a><\/h3><\/div><span class=\"event-location\">Bergamo, Italy<\/span><div class=\"event-content\"><p>Abstracts of ca. 300 words (excluding references) are cordially invited for 20-minute presentations followed by discussion. While contributions may be in English or in Italian \/ French \/ German \/ Russian \/ Spanish, any accompanying material (abstract, handout, Powerpoint presentation) must be in English.<\/p>\n<p>Suggested topics include:<br \/>\n- Translation, culture and cognition;<br \/>\n- History of translation and translation studies;<br \/>\n- Lexicography and the tools of translation through time;<br \/>\n- The translation of medieval texts: theoretical and methodological specificities;<br \/>\n- Teaching (in) translation;<br \/>\n- Comparative, transnational, and interdisciplinary approaches to the dissemination of knowledge in Europe<br \/>\nand the Americas;<br \/>\n- The relapses of the \u201ctwo-culture-debate\u201d on recent hermeneutic and translation theories;<br \/>\n- Dispossession, vulnerability and resistance in translation studies, cultural exchange and cultural transfer;<br \/>\n- The poetics of translation.<\/p>\n<\/div><\/div>\n\t\t\t\t<\/li>\n\t\t\t \t<li class=\"event konferencje-krajowe\">\n\t\t\t\t\t<div class=\"event-date multi-date\"><div class=\"startdate\"><div class=\"event-weekday\">Mon<\/div><div class=\"event-day\">25<\/div><div class=\"event-month\">Sep<\/div><div class=\"event-year\">2017<\/div><\/div><div class=\"enddate\"><div class=\"event-weekday\">Tue<\/div><div class=\"event-day\">26<\/div><div class=\"event-month\">Sep<\/div><div class=\"event-year\">2017<\/div><\/div><\/div>\n\t\t\t\t\t<div class=\"event-info multi-day\"><div class=\"event-title\"><h3><a href=\"https:\/\/cter.edu.pl\/?page_id=254&amp;lang=pl&amp;rest_route=%2Fwp%2Fv2%2Fpages%2F254&amp;event_id1=3410\">Intermedia 2017<\/a><\/h3><\/div><span class=\"event-location\">Pozna\u0144, Poland<\/span><div class=\"event-content\"><p>Intermedia is a series of annual conferences on audiovisual translation held at universities across Poland and coordinated by members of <a href=\"http:\/\/intermedia.edu.pl\/index.php\/en\/\">Intermedia: AVT Research Group<\/a>.\u00a0 See the <a href=\"http:\/\/wa.amu.edu.pl\/intermedia\/index.html\" target=\"_blank\">conference website<\/a> for more details.<\/p>\n<\/div><\/div>\n\t\t\t\t<\/li>\n\t\t\t \t<li class=\"event konferencje-krajowe\">\n\t\t\t\t\t<div class=\"event-date multi-date\"><div class=\"startdate\"><div class=\"event-weekday\">Fri<\/div><div class=\"event-day\">15<\/div><div class=\"event-month\">Sep<\/div><div class=\"event-year\">2017<\/div><\/div><div class=\"enddate\"><div class=\"event-weekday\">Sat<\/div><div class=\"event-day\">16<\/div><div class=\"event-month\">Sep<\/div><div class=\"event-year\">2017<\/div><\/div><\/div>\n\t\t\t\t\t<div class=\"event-info multi-day\"><div class=\"event-title\"><h3><a href=\"https:\/\/cter.edu.pl\/?page_id=254&amp;lang=pl&amp;rest_route=%2Fwp%2Fv2%2Fpages%2F254&amp;event_id1=3409\">TEACHING TRANSLATION AND INTERPRETING (TTI 2017)<\/a><\/h3><\/div><span class=\"event-location\">\u0141\u00f3d\u017a, Poland<\/span><div class=\"event-content\"><p>The conference draws on the success of four TTI conferences, held in April 2008 and 2009, October 2011 and November 2014 where it was unanimously decided that meetings devoted to theoretical and practical aspects of translator training, translation didactics and translation curricula are a necessity.<\/p>\n<p>The topics of the conference include, but are not limited to, the following:<\/p>\n<ul>\n<li>translator training<\/li>\n<li>translation curricula<\/li>\n<li>teaching, learning and training interpreting<\/li>\n<li>teaching, learning and training audiovisual translation<\/li>\n<li>translator training in the academia<\/li>\n<li>translation competence<\/li>\n<li>translator expertise<\/li>\n<li>competencies of professional translator trainers<\/li>\n<li>translation as a profession<\/li>\n<li>the use of computer in translation education<\/li>\n<li>interdisciplinary approaches to translation education<\/li>\n<\/ul>\n<p><a href=\"http:\/\/tti.uni.lodz.pl\/\" target=\"_blank\">http:\/\/tti.uni.lodz.pl\/<\/a><\/p>\n<\/div><\/div>\n\t\t\t\t<\/li>\n\t\t\t \t<li class=\"event konferencje-zagraniczne\">\n\t\t\t\t\t<div class=\"event-date multi-date\"><div class=\"startdate\"><div class=\"event-weekday\">Thu<\/div><div class=\"event-day\">14<\/div><div class=\"event-month\">Sep<\/div><div class=\"event-year\">2017<\/div><\/div><div class=\"enddate\"><div class=\"event-weekday\">Fri<\/div><div class=\"event-day\">15<\/div><div class=\"event-month\">Sep<\/div><div class=\"event-year\">2017<\/div><\/div><\/div>\n\t\t\t\t\t<div class=\"event-info multi-day\"><div class=\"event-title\"><h3><a href=\"https:\/\/cter.edu.pl\/?page_id=254&amp;lang=pl&amp;rest_route=%2Fwp%2Fv2%2Fpages%2F254&amp;event_id1=3408\">Culture, Cognition, Communication. (Inter)Cultural Perspectives on Language and the Mind<\/a><\/h3><\/div><span class=\"event-time\">10:00<\/span><span class=\"event-location\">Lublin, Poland<\/span><div class=\"event-content\"><p>http:\/\/www.umcs.pl\/en\/culture-cognition-communication.htm<\/p>\n<\/div><\/div>\n\t\t\t\t<\/li>\n\t\t\t \t<li class=\"event konferencje-zagraniczne\">\n\t\t\t\t\t<div class=\"event-date multi-date\"><div class=\"startdate\"><div class=\"event-weekday\">Fri<\/div><div class=\"event-day\">11<\/div><div class=\"event-month\">Aug<\/div><div class=\"event-year\">2017<\/div><\/div><div class=\"enddate\"><div class=\"event-weekday\">Sun<\/div><div class=\"event-day\">13<\/div><div class=\"event-month\">Aug<\/div><div class=\"event-year\">2017<\/div><\/div><\/div>\n\t\t\t\t\t<div class=\"event-info multi-day\"><div class=\"event-title\"><h3><a href=\"https:\/\/cter.edu.pl\/?page_id=254&amp;lang=pl&amp;rest_route=%2Fwp%2Fv2%2Fpages%2F254&amp;event_id1=3407\">1st Translation Industry Conference in Latin America<\/a><\/h3><\/div><span class=\"event-time\">10:00<\/span><span class=\"event-location\">Cordoba, Argentina<\/span><div class=\"event-content\"><p>https:\/\/multilingual.com\/events\/?ev_id=4208<\/p>\n<\/div><\/div>\n\t\t\t\t<\/li>\n\t\t\t \t<li class=\"event konferencje-zagraniczne\">\n\t\t\t\t\t<div class=\"event-date multi-date\"><div class=\"startdate\"><div class=\"event-weekday\">Thu<\/div><div class=\"event-day\">03<\/div><div class=\"event-month\">Aug<\/div><div class=\"event-year\">2017<\/div><\/div><div class=\"enddate\"><div class=\"event-weekday\">Sat<\/div><div class=\"event-day\">05<\/div><div class=\"event-month\">Aug<\/div><div class=\"event-year\">2017<\/div><\/div><\/div>\n\t\t\t\t\t<div class=\"event-info multi-day\"><div class=\"event-title\"><h3><a href=\"https:\/\/cter.edu.pl\/?page_id=254&amp;lang=pl&amp;rest_route=%2Fwp%2Fv2%2Fpages%2F254&amp;event_id1=3406\">FIT XXI World Congress<\/a><\/h3><\/div><span class=\"event-time\">10:00<\/span><span class=\"event-location\">Brisbane, Australia<\/span><div class=\"event-content\"><p>https:\/\/multilingual.com\/events\/?ev_id=4186<\/p>\n<\/div><\/div>\n\t\t\t\t<\/li>\n\t\t\t \t<li class=\"event konferencje-zagraniczne\">\n\t\t\t\t\t<div class=\"event-date multi-date\"><div class=\"startdate\"><div class=\"event-weekday\">Thu<\/div><div class=\"event-day\">13<\/div><div class=\"event-month\">Jul<\/div><div class=\"event-year\">2017<\/div><\/div><div class=\"enddate\"><div class=\"event-weekday\">Fri<\/div><div class=\"event-day\">14<\/div><div class=\"event-month\">Jul<\/div><div class=\"event-year\">2017<\/div><\/div><\/div>\n\t\t\t\t\t<div class=\"event-info multi-day\"><div class=\"event-title\"><h3><a href=\"https:\/\/cter.edu.pl\/?page_id=254&amp;lang=pl&amp;rest_route=%2Fwp%2Fv2%2Fpages%2F254&amp;event_id1=3405\">TT3 - Translation (and Interpreting) in Transition 3<\/a><\/h3><\/div><span class=\"event-time\">10:00<\/span><span class=\"event-location\">Gent, Belgium<\/span><div class=\"event-content\"><p>http:\/\/www.eqtis.ugent.be\/tt3\/<\/p>\n<\/div><\/div>\n\t\t\t\t<\/li>\n\t\t\t \t<li class=\"event \">\n\t\t\t\t\t<div class=\"event-date multi-date\"><div class=\"startdate\"><div class=\"event-weekday\">Mon<\/div><div class=\"event-day\">10<\/div><div class=\"event-month\">Jul<\/div><div class=\"event-year\">2017<\/div><\/div><div class=\"enddate\"><div class=\"event-weekday\">Wed<\/div><div class=\"event-day\">12<\/div><div class=\"event-month\">Jul<\/div><div class=\"event-year\">2017<\/div><\/div><\/div>\n\t\t\t\t\t<div class=\"event-info multi-day\"><div class=\"event-title\"><h3><a href=\"https:\/\/cter.edu.pl\/?page_id=254&amp;lang=pl&amp;rest_route=%2Fwp%2Fv2%2Fpages%2F254&amp;event_id1=3404\">Interpreting Research Methods Executive Summer School III<\/a><\/h3><\/div><span class=\"event-location\">Geneva, Switzerland<\/span><div class=\"event-content\"><p><a href=\"https:\/\/virtualinstitute.fti.unige.ch\/home\/index.php?module=clip&amp;type=user&amp;func=display&amp;tid=8&amp;pid=18&amp;urltitle=fti-research-methods-summer-school-2014\" target=\"_blank\">https:\/\/virtualinstitute.fti.unige.ch\/home\/index.php?module=clip&amp;type=user&amp;func=display&amp;tid=8&amp;pid=18&amp;urltitle=fti-research-methods-summer-school-2014<\/a><\/p>\n<\/div><\/div>\n\t\t\t\t<\/li>\n\t\t\t \t<li class=\"event konferencje-zagraniczne\">\n\t\t\t\t\t<div class=\"event-date multi-date\"><div class=\"startdate\"><div class=\"event-weekday\">Wed<\/div><div class=\"event-day\">05<\/div><div class=\"event-month\">Jul<\/div><div class=\"event-year\">2017<\/div><\/div><div class=\"enddate\"><div class=\"event-weekday\">Fri<\/div><div class=\"event-day\">07<\/div><div class=\"event-month\">Jul<\/div><div class=\"event-year\">2017<\/div><\/div><\/div>\n\t\t\t\t\t<div class=\"event-info multi-day\"><div class=\"event-title\"><h3><a href=\"https:\/\/cter.edu.pl\/?page_id=254&amp;lang=pl&amp;rest_route=%2Fwp%2Fv2%2Fpages%2F254&amp;event_id1=3403\">8th Asian Translation Traditions Conference<\/a><\/h3><\/div><span class=\"event-time\">10:00<\/span><span class=\"event-location\">London, UK<\/span><div class=\"event-content\"><p>https:\/\/multilingual.com\/events\/?ev_id=4102<\/p>\n<\/div><\/div>\n\t\t\t\t<\/li>\n\t\t\t \t<li class=\"event konferencje-zagraniczne\">\n\t\t\t\t\t<div class=\"event-date multi-date\"><div class=\"startdate\"><div class=\"event-weekday\">Wed<\/div><div class=\"event-day\">28<\/div><div class=\"event-month\">Jun<\/div><div class=\"event-year\">2017<\/div><\/div><div class=\"enddate\"><div class=\"event-weekday\">Fri<\/div><div class=\"event-day\">30<\/div><div class=\"event-month\">Jun<\/div><div class=\"event-year\">2017<\/div><\/div><\/div>\n\t\t\t\t\t<div class=\"event-info multi-day\"><div class=\"event-title\"><h3><a href=\"https:\/\/cter.edu.pl\/?page_id=254&amp;lang=pl&amp;rest_route=%2Fwp%2Fv2%2Fpages%2F254&amp;event_id1=3402\">21st Conference on Language for Specific Purposes<\/a><\/h3><\/div><span class=\"event-time\">10:00<\/span><span class=\"event-location\">Bergen, Norway<\/span><div class=\"event-content\"><p>http:\/\/lsp2017.no<\/p>\n<\/div><\/div>\n\t\t\t\t<\/li>\n\t\t\t \t<li class=\"event konferencje-krajowe\">\n\t\t\t\t\t<div class=\"event-date multi-date\"><div class=\"startdate\"><div class=\"event-weekday\">Thu<\/div><div class=\"event-day\">22<\/div><div class=\"event-month\">Jun<\/div><div class=\"event-year\">2017<\/div><\/div><div class=\"enddate\"><div class=\"event-weekday\">Fri<\/div><div class=\"event-day\">23<\/div><div class=\"event-month\">Jun<\/div><div class=\"event-year\">2017<\/div><\/div><\/div>\n\t\t\t\t\t<div class=\"event-info multi-day\"><div class=\"event-title\"><h3><a href=\"https:\/\/cter.edu.pl\/?page_id=254&amp;lang=pl&amp;rest_route=%2Fwp%2Fv2%2Fpages%2F254&amp;event_id1=3401\">Points of View in Translation and Interpreting<\/a><\/h3><\/div><span class=\"event-location\">Krak\u00f3w, Poland<\/span><div class=\"event-content\"><div class=\"entry-content\">\n<p>The Faculty of Philology and the Chair for Translation Studies and Intercultural Communication of the Jagiellonian University are pleased to announce the international conference \u201cPoints of View in Translation and Interpreting\u201c , which will be held in Cracow on 22nd-23rd June, 2017.<\/p>\n<p>For more details consult the <a href=\"http:\/\/www.pointsofview.pl\" target=\"_blank\">conference website<\/a>.<\/p>\n<\/div>\n<p>&nbsp;<\/p>\n<\/div><\/div>\n\t\t\t\t<\/li>\n\t\t\t \t<li class=\"event konferencje-krajowe\">\n\t\t\t\t\t<div class=\"event-date multi-date\"><div class=\"startdate\"><div class=\"event-weekday\">Thu<\/div><div class=\"event-day\">08<\/div><div class=\"event-month\">Jun<\/div><div class=\"event-year\">2017<\/div><\/div><div class=\"enddate\"><div class=\"event-weekday\">Fri<\/div><div class=\"event-day\">09<\/div><div class=\"event-month\">Jun<\/div><div class=\"event-year\">2017<\/div><\/div><\/div>\n\t\t\t\t\t<div class=\"event-info multi-day\"><div class=\"event-title\"><h3><a href=\"https:\/\/cter.edu.pl\/?page_id=254&amp;lang=pl&amp;rest_route=%2Fwp%2Fv2%2Fpages%2F254&amp;event_id1=3400\">LANGUAGE AND LAW: TRADITIONS, TRENDS AND PERSPECTIVES<\/a><\/h3><\/div><span class=\"event-time\">10:00<\/span><span class=\"event-location\">Bialystok, Poland<\/span><div class=\"event-content\"><p>https:\/\/multilingual.com\/events\/?ev_id=4156<\/p>\n<\/div><\/div>\n\t\t\t\t<\/li>\n\t\t\t \t<li class=\"event konferencje-zagraniczne\">\n\t\t\t\t\t<div class=\"event-date multi-date\"><div class=\"startdate\"><div class=\"event-weekday\">Thu<\/div><div class=\"event-day\">01<\/div><div class=\"event-month\">Jun<\/div><div class=\"event-year\">2017<\/div><\/div><div class=\"enddate\"><div class=\"event-weekday\">Fri<\/div><div class=\"event-day\">02<\/div><div class=\"event-month\">Jun<\/div><div class=\"event-year\">2017<\/div><\/div><\/div>\n\t\t\t\t\t<div class=\"event-info multi-day\"><div class=\"event-title\"><h3><a href=\"https:\/\/cter.edu.pl\/?page_id=254&amp;lang=pl&amp;rest_route=%2Fwp%2Fv2%2Fpages%2F254&amp;event_id1=3399\">Complexity thinking in translation studies: In search of methodologies<\/a><\/h3><\/div><span class=\"event-time\">10:00<\/span><span class=\"event-location\">Leuven, Belgium<\/span><div class=\"event-content\"><p>https:\/\/multilingual.com\/events\/?ev_id=4173<\/p>\n<\/div><\/div>\n\t\t\t\t<\/li>\n\t\t\t \t<li class=\"event konferencje-zagraniczne\">\n\t\t\t\t\t<div class=\"event-date multi-date\"><div class=\"startdate\"><div class=\"event-weekday\">Mon<\/div><div class=\"event-day\">29<\/div><div class=\"event-month\">May<\/div><div class=\"event-year\">2017<\/div><\/div><div class=\"enddate\"><div class=\"event-weekday\">Wed<\/div><div class=\"event-day\">31<\/div><div class=\"event-month\">May<\/div><div class=\"event-year\">2017<\/div><\/div><\/div>\n\t\t\t\t\t<div class=\"event-info multi-day\"><div class=\"event-title\"><h3><a href=\"https:\/\/cter.edu.pl\/?page_id=254&amp;lang=pl&amp;rest_route=%2Fwp%2Fv2%2Fpages%2F254&amp;event_id1=3398\">Contacts &amp; Contrasts: Language, Literature, Culture<\/a><\/h3><\/div><span class=\"event-time\">10:00<\/span><span class=\"event-location\">Konin, Poland<\/span><div class=\"event-content\"><p>http:\/\/www.linguistlist.org\/callconf\/browse-conf-action.cfm?ConfID=265456<\/p>\n<\/div><\/div>\n\t\t\t\t<\/li>\n\t\t\t \t<li class=\"event konferencje-zagraniczne\">\n\t\t\t\t\t<div class=\"event-date multi-date\"><div class=\"startdate\"><div class=\"event-weekday\">Fri<\/div><div class=\"event-day\">26<\/div><div class=\"event-month\">May<\/div><div class=\"event-year\">2017<\/div><\/div><div class=\"enddate\"><div class=\"event-weekday\">Sun<\/div><div class=\"event-day\">28<\/div><div class=\"event-month\">May<\/div><div class=\"event-year\">2017<\/div><\/div><\/div>\n\t\t\t\t\t<div class=\"event-info multi-day\"><div class=\"event-title\"><h3><a href=\"https:\/\/cter.edu.pl\/?page_id=254&amp;lang=pl&amp;rest_route=%2Fwp%2Fv2%2Fpages%2F254&amp;event_id1=3397\">Translation Forum Russia<\/a><\/h3><\/div><span class=\"event-time\">10:00<\/span><span class=\"event-location\">Ufa, Russia<\/span><div class=\"event-content\"><p>https:\/\/multilingual.com\/events\/?ev_id=4206<\/p>\n<\/div><\/div>\n\t\t\t\t<\/li>\n\t\t\t \t<li class=\"event konferencje-zagraniczne\">\n\t\t\t\t\t<div class=\"event-date multi-date\"><div class=\"startdate\"><div class=\"event-weekday\">Thu<\/div><div class=\"event-day\">25<\/div><div class=\"event-month\">May<\/div><div class=\"event-year\">2017<\/div><\/div><div class=\"enddate\"><div class=\"event-weekday\">Sat<\/div><div class=\"event-day\">27<\/div><div class=\"event-month\">May<\/div><div class=\"event-year\">2017<\/div><\/div><\/div>\n\t\t\t\t\t<div class=\"event-info multi-day\"><div class=\"event-title\"><h3><a href=\"https:\/\/cter.edu.pl\/?page_id=254&amp;lang=pl&amp;rest_route=%2Fwp%2Fv2%2Fpages%2F254&amp;event_id1=3396\">ABRATES VIII<\/a><\/h3><\/div><span class=\"event-time\">10:00<\/span><span class=\"event-location\">Sao Paulo, Brazil<\/span><div class=\"event-content\"><p>https:\/\/multilingual.com\/events\/?ev_id=4209<\/p>\n<\/div><\/div>\n\t\t\t\t<\/li>\n\t\t\t \t<li class=\"event \">\n\t\t\t\t\t<div class=\"event-date multi-date\"><div class=\"startdate\"><div class=\"event-weekday\">Mon<\/div><div class=\"event-day\">22<\/div><div class=\"event-month\">May<\/div><div class=\"event-year\">2017<\/div><\/div><div class=\"enddate\"><div class=\"event-weekday\">Fri<\/div><div class=\"event-day\">02<\/div><div class=\"event-month\">Jun<\/div><div class=\"event-year\">2017<\/div><\/div><\/div>\n\t\t\t\t\t<div class=\"event-info multi-day\"><div class=\"event-title\"><h3><a href=\"https:\/\/cter.edu.pl\/?page_id=254&amp;lang=pl&amp;rest_route=%2Fwp%2Fv2%2Fpages%2F254&amp;event_id1=3395\">Nida School of Translation Studies \u2013 Translation and Cultural Conversions<\/a><\/h3><\/div><span class=\"event-location\">Rimini, Italy<\/span><div class=\"event-content\"><p><a href=\"http:\/\/nidaschool.squarespace.com\/events\/nsts-2017\" target=\"_blank\">http:\/\/nidaschool.squarespace.com\/events\/nsts-2017<\/a><\/p>\n<\/div><\/div>\n\t\t\t\t<\/li>\n\t\t\t \t<li class=\"event \">\n\t\t\t\t\t<div class=\"event-date multi-date\"><div class=\"startdate\"><div class=\"event-weekday\">Thu<\/div><div class=\"event-day\">18<\/div><div class=\"event-month\">May<\/div><div class=\"event-year\">2017<\/div><\/div><div class=\"enddate\"><div class=\"event-weekday\">Sat<\/div><div class=\"event-day\">20<\/div><div class=\"event-month\">May<\/div><div class=\"event-year\">2017<\/div><\/div><\/div>\n\t\t\t\t\t<div class=\"event-info multi-day\"><div class=\"event-title\"><h3><a href=\"https:\/\/cter.edu.pl\/?page_id=254&amp;lang=pl&amp;rest_route=%2Fwp%2Fv2%2Fpages%2F254&amp;event_id1=3394\">ITI Conference \u2013 Working Our Core: For a Strong(er) Translation and Interpreting Profession<\/a><\/h3><\/div><span class=\"event-location\">Cardiff, UK<\/span><div class=\"event-content\"><p><a href=\"http:\/\/www.iti-conference.org.uk\/\" target=\"_blank\">http:\/\/www.iti-conference.org.uk\/<\/a><\/p>\n<\/div><\/div>\n\t\t\t\t<\/li>\n\t\t\t \t<li class=\"event konferencje-zagraniczne\">\n\t\t\t\t\t<div class=\"event-date multi-date\"><div class=\"startdate\"><div class=\"event-weekday\">Thu<\/div><div class=\"event-day\">04<\/div><div class=\"event-month\">May<\/div><div class=\"event-year\">2017<\/div><\/div><div class=\"enddate\"><div class=\"event-weekday\">Sat<\/div><div class=\"event-day\">06<\/div><div class=\"event-month\">May<\/div><div class=\"event-year\">2017<\/div><\/div><\/div>\n\t\t\t\t\t<div class=\"event-info multi-day\"><div class=\"event-title\"><h3><a href=\"https:\/\/cter.edu.pl\/?page_id=254&amp;lang=pl&amp;rest_route=%2Fwp%2Fv2%2Fpages%2F254&amp;event_id1=3393\">BP17 Translation Conference<\/a><\/h3><\/div><span class=\"event-time\">10:00<\/span><span class=\"event-location\">Budapest, Hungary<\/span><div class=\"event-content\"><p>https:\/\/multilingual.com\/events\/?ev_id=4193<\/p>\n<\/div><\/div>\n\t\t\t\t<\/li>\n\t\t\t \t<li class=\"event konferencje-zagraniczne\">\n\t\t\t\t\t<div class=\"event-date multi-date\"><div class=\"startdate\"><div class=\"event-weekday\">Thu<\/div><div class=\"event-day\">27<\/div><div class=\"event-month\">Apr<\/div><div class=\"event-year\">2017<\/div><\/div><div class=\"enddate\"><div class=\"event-weekday\">Sat<\/div><div class=\"event-day\">29<\/div><div class=\"event-month\">Apr<\/div><div class=\"event-year\">2017<\/div><\/div><\/div>\n\t\t\t\t\t<div class=\"event-info multi-day\"><div class=\"event-title\"><h3><a href=\"https:\/\/cter.edu.pl\/?page_id=254&amp;lang=pl&amp;rest_route=%2Fwp%2Fv2%2Fpages%2F254&amp;event_id1=3392\">Across Borders VII: Cultures in Dialogue<\/a><\/h3><\/div><span class=\"event-time\">10:00<\/span><span class=\"event-location\">Tartu, Estonia<\/span><div class=\"event-content\"><p>http:\/\/www.linguistlist.org\/callconf\/browse-conf-action.cfm?ConfID=261996<\/p>\n<\/div><\/div>\n\t\t\t\t<\/li>\n\t\t\t \t<li class=\"event konferencje-zagraniczne\">\n\t\t\t\t\t<div class=\"event-date multi-date\"><div class=\"startdate\"><div class=\"event-weekday\">Thu<\/div><div class=\"event-day\">20<\/div><div class=\"event-month\">Apr<\/div><div class=\"event-year\">2017<\/div><\/div><div class=\"enddate\"><div class=\"event-weekday\">Fri<\/div><div class=\"event-day\">21<\/div><div class=\"event-month\">Apr<\/div><div class=\"event-year\">2017<\/div><\/div><\/div>\n\t\t\t\t\t<div class=\"event-info multi-day\"><div class=\"event-title\"><h3><a href=\"https:\/\/cter.edu.pl\/?page_id=254&amp;lang=pl&amp;rest_route=%2Fwp%2Fv2%2Fpages%2F254&amp;event_id1=3391\">12th EUATC International Conference<\/a><\/h3><\/div><span class=\"event-time\">10:00<\/span><span class=\"event-location\">Berlin, Germany<\/span><div class=\"event-content\"><p>https:\/\/multilingual.com\/events\/?ev_id=4172<\/p>\n<\/div><\/div>\n\t\t\t\t<\/li>\n\t\t\t \t<li class=\"event konferencje-zagraniczne\">\n\t\t\t\t\t<div class=\"event-date multi-date\"><div class=\"startdate\"><div class=\"event-weekday\">Mon<\/div><div class=\"event-day\">10<\/div><div class=\"event-month\">Apr<\/div><div class=\"event-year\">2017<\/div><\/div><div class=\"enddate\"><div class=\"event-weekday\">Fri<\/div><div class=\"event-day\">14<\/div><div class=\"event-month\">Apr<\/div><div class=\"event-year\">2017<\/div><\/div><\/div>\n\t\t\t\t\t<div class=\"event-info multi-day\"><div class=\"event-title\"><h3><a href=\"https:\/\/cter.edu.pl\/?page_id=254&amp;lang=pl&amp;rest_route=%2Fwp%2Fv2%2Fpages%2F254&amp;event_id1=3389\">1st World Congress on Translation Studies<\/a><\/h3><\/div><span class=\"event-time\">10:00<\/span><span class=\"event-location\">Nanterre, France<\/span><div class=\"event-content\"><p>https:\/\/multilingual.com\/events\/?ev_id=4150<\/p>\n<\/div><\/div>\n\t\t\t\t<\/li>\n\t\t\t \t<li class=\"event konferencje-zagraniczne\">\n\t\t\t\t\t<div class=\"event-date multi-date\"><div class=\"startdate\"><div class=\"event-weekday\">Mon<\/div><div class=\"event-day\">10<\/div><div class=\"event-month\">Apr<\/div><div class=\"event-year\">2017<\/div><\/div><div class=\"enddate\"><div class=\"event-weekday\">Fri<\/div><div class=\"event-day\">14<\/div><div class=\"event-month\">Apr<\/div><div class=\"event-year\">2017<\/div><\/div><\/div>\n\t\t\t\t\t<div class=\"event-info multi-day\"><div class=\"event-title\"><h3><a href=\"https:\/\/cter.edu.pl\/?page_id=254&amp;lang=pl&amp;rest_route=%2Fwp%2Fv2%2Fpages%2F254&amp;event_id1=3390\">CMT2017<\/a><\/h3><\/div><span class=\"event-time\">10:00<\/span><span class=\"event-location\">Paris, France<\/span><div class=\"event-content\"><p>http:\/\/www.linguistlist.org\/callconf\/browse-conf-action.cfm?ConfID=265236<\/p>\n<\/div><\/div>\n\t\t\t\t<\/li>\n\t\t\t \t<li class=\"event konferencje-krajowe\">\n\t\t\t\t\t<div class=\"event-date multi-date\"><div class=\"startdate\"><div class=\"event-weekday\">Sat<\/div><div class=\"event-day\">01<\/div><div class=\"event-month\">Apr<\/div><div class=\"event-year\">2017<\/div><\/div><div class=\"enddate\"><div class=\"event-weekday\">Sun<\/div><div class=\"event-day\">02<\/div><div class=\"event-month\">Apr<\/div><div class=\"event-year\">2017<\/div><\/div><\/div>\n\t\t\t\t\t<div class=\"event-info multi-day\"><div class=\"event-title\"><h3><a href=\"https:\/\/cter.edu.pl\/?page_id=254&amp;lang=pl&amp;rest_route=%2Fwp%2Fv2%2Fpages%2F254&amp;event_id1=3388\">III Kongres Tlumaczy Lubelszczyzny<\/a><\/h3><\/div><span class=\"event-time\">10:00<\/span><span class=\"event-location\">Lublin, Poland<\/span><div class=\"event-content\"><p>http:\/\/www.lst-lublin.org.pl<\/p>\n<\/div><\/div>\n\t\t\t\t<\/li>\n\t\t\t \t<li class=\"event konferencje-zagraniczne\">\n\t\t\t\t\t<div class=\"event-date single-date\"><div class=\"enddate\"><div class=\"event-weekday\">Mon<\/div><div class=\"event-day\">27<\/div><div class=\"event-month\">Mar<\/div><div class=\"event-year\">2017<\/div><\/div><\/div>\n\t\t\t\t\t<div class=\"event-info multi-day\"><div class=\"event-title\"><h3><a href=\"https:\/\/cter.edu.pl\/?page_id=254&amp;lang=pl&amp;rest_route=%2Fwp%2Fv2%2Fpages%2F254&amp;event_id1=3387\">8th Annual International Translation Conference<\/a><\/h3><\/div><span class=\"event-time\">10:00<\/span><span class=\"event-location\">Doha, Qatar<\/span><div class=\"event-content\"><p>https:\/\/multilingual.com\/events\/?ev_id=4192<\/p>\n<\/div><\/div>\n\t\t\t\t<\/li>\n\t\t\t \t<li class=\"event konferencje-zagraniczne\">\n\t\t\t\t\t<div class=\"event-date multi-date\"><div class=\"startdate\"><div class=\"event-weekday\">Sun<\/div><div class=\"event-day\">26<\/div><div class=\"event-month\">Mar<\/div><div class=\"event-year\">2017<\/div><\/div><div class=\"enddate\"><div class=\"event-weekday\">Wed<\/div><div class=\"event-day\">29<\/div><div class=\"event-month\">Mar<\/div><div class=\"event-year\">2017<\/div><\/div><\/div>\n\t\t\t\t\t<div class=\"event-info multi-day\"><div class=\"event-title\"><h3><a href=\"https:\/\/cter.edu.pl\/?page_id=254&amp;lang=pl&amp;rest_route=%2Fwp%2Fv2%2Fpages%2F254&amp;event_id1=3386\">Globalization and Localization Association (GALA)<\/a><\/h3><\/div><span class=\"event-time\">10:00<\/span><span class=\"event-location\">Amsterdam, Netherlands<\/span><div class=\"event-content\"><p>https:\/\/multilingual.com\/events\/?ev_id=4156<\/p>\n<\/div><\/div>\n\t\t\t\t<\/li>\n\t\t\t \t<li class=\"event konferencje-zagraniczne\">\n\t\t\t\t\t<div class=\"event-date multi-date\"><div class=\"startdate\"><div class=\"event-weekday\">Fri<\/div><div class=\"event-day\">24<\/div><div class=\"event-month\">Mar<\/div><div class=\"event-year\">2017<\/div><\/div><div class=\"enddate\"><div class=\"event-weekday\">Sat<\/div><div class=\"event-day\">25<\/div><div class=\"event-month\">Mar<\/div><div class=\"event-year\">2017<\/div><\/div><\/div>\n\t\t\t\t\t<div class=\"event-info multi-day\"><div class=\"event-title\"><h3><a href=\"https:\/\/cter.edu.pl\/?page_id=254&amp;lang=pl&amp;rest_route=%2Fwp%2Fv2%2Fpages%2F254&amp;event_id1=3385\">The Translation and Localization Conference 2017<\/a><\/h3><\/div><span class=\"event-time\">10:00<\/span><span class=\"event-location\">Warszawa, Poland<\/span><div class=\"event-content\"><p>https:\/\/multilingual.com\/events\/?ev_id=4119<\/p>\n<\/div><\/div>\n\t\t\t\t<\/li>\n\t\t\t \t<li class=\"event konferencje-zagraniczne\">\n\t\t\t\t\t<div class=\"event-date multi-date\"><div class=\"startdate\"><div class=\"event-weekday\">Thu<\/div><div class=\"event-day\">09<\/div><div class=\"event-month\">Mar<\/div><div class=\"event-year\">2017<\/div><\/div><div class=\"enddate\"><div class=\"event-weekday\">Fri<\/div><div class=\"event-day\">10<\/div><div class=\"event-month\">Mar<\/div><div class=\"event-year\">2017<\/div><\/div><\/div>\n\t\t\t\t\t<div class=\"event-info multi-day\"><div class=\"event-title\"><h3><a href=\"https:\/\/cter.edu.pl\/?page_id=254&amp;lang=pl&amp;rest_route=%2Fwp%2Fv2%2Fpages%2F254&amp;event_id1=3384\">HKBU International Conference on Interpreting<\/a><\/h3><\/div><span class=\"event-time\">10:00<\/span><span class=\"event-location\">Hong Kong, China<\/span><div class=\"event-content\"><p><a href=\"http:\/\/HKBU International Conference on Interpreting\" target=\"_blank\">HKBU International Conference on Interpreting<\/a><\/p>\n<\/div><\/div>\n\t\t\t\t<\/li>\n\t\t\t \t<li class=\"event \">\n\t\t\t\t\t<div class=\"event-date multi-date\"><div class=\"startdate\"><div class=\"event-weekday\">Sat<\/div><div class=\"event-day\">25<\/div><div class=\"event-month\">Feb<\/div><div class=\"event-year\">2017<\/div><\/div><div class=\"enddate\"><div class=\"event-weekday\">Mon<\/div><div class=\"event-day\">27<\/div><div class=\"event-month\">Feb<\/div><div class=\"event-year\">2017<\/div><\/div><\/div>\n\t\t\t\t\t<div class=\"event-info multi-day\"><div class=\"event-title\"><h3><a href=\"https:\/\/cter.edu.pl\/?page_id=254&amp;lang=pl&amp;rest_route=%2Fwp%2Fv2%2Fpages%2F254&amp;event_id1=3383\">Eleventh Audio Description Institute<\/a><\/h3><\/div><span class=\"event-location\">Alexandria, Virginia, USA<\/span><div class=\"event-content\"><p><a href=\"http:\/\/acb.donorpages.com\/2017ADPInstitute\" target=\"_blank\">http:\/\/acb.donorpages.com\/2017ADPInstitute<\/a><\/p>\n<\/div><\/div>\n\t\t\t\t<\/li>\n\t\t\t \t<li class=\"event konferencje-zagraniczne\">\n\t\t\t\t\t<div class=\"event-date multi-date\"><div class=\"startdate\"><div class=\"event-weekday\">Tue<\/div><div class=\"event-day\">07<\/div><div class=\"event-month\">Feb<\/div><div class=\"event-year\">2017<\/div><\/div><div class=\"enddate\"><div class=\"event-weekday\">Wed<\/div><div class=\"event-day\">08<\/div><div class=\"event-month\">Feb<\/div><div class=\"event-year\">2017<\/div><\/div><\/div>\n\t\t\t\t\t<div class=\"event-info multi-day\"><div class=\"event-title\"><h3><a href=\"https:\/\/cter.edu.pl\/?page_id=254&amp;lang=pl&amp;rest_route=%2Fwp%2Fv2%2Fpages%2F254&amp;event_id1=3382\">Retranslation in Context III (RiC 3)<\/a><\/h3><\/div><span class=\"event-time\">09:00<\/span><span class=\"event-location\">Gent, Belgium<\/span><div class=\"event-content\"><p><a href=\"http:\/\/www.cliv.be\/en\/retranslationincontext3\/\" target=\"_blank\">http:\/\/www.cliv.be\/en\/retranslationincontext3\/<\/a><\/p>\n<\/div><\/div>\n\t\t\t\t<\/li>\n\t\t\t \t<li class=\"event konferencje-krajowe\">\n\t\t\t\t\t<div class=\"event-date multi-date\"><div class=\"startdate\"><div class=\"event-weekday\">Fri<\/div><div class=\"event-day\">09<\/div><div class=\"event-month\">Dec<\/div><div class=\"event-year\">2016<\/div><\/div><div class=\"enddate\"><div class=\"event-weekday\">Sat<\/div><div class=\"event-day\">10<\/div><div class=\"event-month\">Dec<\/div><div class=\"event-year\">2016<\/div><\/div><\/div>\n\t\t\t\t\t<div class=\"event-info multi-day\"><div class=\"event-title\"><h3><a href=\"https:\/\/cter.edu.pl\/?page_id=254&amp;lang=pl&amp;rest_route=%2Fwp%2Fv2%2Fpages%2F254&amp;event_id1=3381\">International Conference on Theoretical and Empirical Perspectives on Events and Narrative in Language TEPEN<\/a><\/h3><\/div><span class=\"event-location\">\u0141\u00f3d\u017a, Poland<\/span><div class=\"event-content\"><p><a href=\"http:\/\/filologia.uni.lodz.pl\/venture\/\">http:\/\/filologia.uni.lodz.pl\/venture\/<\/a><\/p>\n<\/div><\/div>\n\t\t\t\t<\/li>\n\t\t\t \t<li class=\"event konferencje-krajowe\">\n\t\t\t\t\t<div class=\"event-date multi-date\"><div class=\"startdate\"><div class=\"event-weekday\">Tue<\/div><div class=\"event-day\">29<\/div><div class=\"event-month\">Nov<\/div><div class=\"event-year\">2016<\/div><\/div><div class=\"enddate\"><div class=\"event-weekday\">Wed<\/div><div class=\"event-day\">30<\/div><div class=\"event-month\">Nov<\/div><div class=\"event-year\">2016<\/div><\/div><\/div>\n\t\t\t\t\t<div class=\"event-info multi-day\"><div class=\"event-title\"><h3><a href=\"https:\/\/cter.edu.pl\/?page_id=254&amp;lang=pl&amp;rest_route=%2Fwp%2Fv2%2Fpages%2F254&amp;event_id1=3380\">TRANSLATION LANDSCAPES\/TRANSLATIONSLANDSCHAFTEN<\/a><\/h3><\/div><span class=\"event-location\">Pobierowo, Poland<\/span><div class=\"event-content\"><p style=\"text-align: justify;\">The conference is concerned with the problem of translation in general, both with literary and professional translation. The title suggests a wide perspective of the translation horizon which allows to create a communication platform for theorists and practitioners of specific types of translation. The conference will be held in English, German and Polish language in a plenary session and in sections (literary studies, linguistics, specialized languages).<br \/>\nDie Konferenz richtet sich an alle Interessierten am Problem der allgemeinen, literarischen und Fach\u00fcbersetzung. Der Titel der Konferenz verweist auf eine universelle Auffassung des Problems der \u00dcbersetzung, was die Erschaffung einer Plattform f\u00fcr die Verst\u00e4ndigung und Erfahrungsaustausch sowohl f\u00fcr die Theoretiker, als auch f\u00fcr die Praktiker der \u00dcbersetzungswissenschaft erm\u00f6glicht. Die Konferenz erfolgt in Plenarform sowie in Sektionen (Literaturwissenschaft, Sprachwissenschaft, Fachsprachen). Die Konferenzsprachen sind Englisch, Deutsch und Polnisch.<\/p>\n<\/div><\/div>\n\t\t\t\t<\/li>\n\t\t\t \t<li class=\"event konferencje-zagraniczne\">\n\t\t\t\t\t<div class=\"event-date single-date\"><div class=\"enddate\"><div class=\"event-weekday\">Sat<\/div><div class=\"event-day\">05<\/div><div class=\"event-month\">Nov<\/div><div class=\"event-year\">2016<\/div><\/div><\/div>\n\t\t\t\t\t<div class=\"event-info multi-day\"><div class=\"event-title\"><h3><a href=\"https:\/\/cter.edu.pl\/?page_id=254&amp;lang=pl&amp;rest_route=%2Fwp%2Fv2%2Fpages%2F254&amp;event_id1=3379\">16th Annual Portsmouth Translation Conference. Translation and Interpreting: Learning beyond the comfort zone<\/a><\/h3><\/div><span class=\"event-location\">Portsmouth, Wielka Brytania <\/span><div class=\"event-content\"><p>The conference topics comprise:<\/p>\n<ul>\n<li>Role of technology in translation and interpreting learning<\/li>\n<li>Influence and implications of digital humanities to learning<\/li>\n<li>Modes of learning (collaborative, distance, e-learning, blended learning)<\/li>\n<li>Formal versus informal learning<\/li>\n<li>On-the-job learning<\/li>\n<li>Learning transferable skills<\/li>\n<li>Lifelong learning<\/li>\n<li>Pedagogical and research approaches to learning<\/li>\n<li>Translation learning and competences<\/li>\n<\/ul>\n<p><a href=\"http:\/\/www.port.ac.uk\/translation\/events\/conference\/\" target=\"_blank\">Conference site<\/a><\/p>\n<\/div><\/div>\n\t\t\t\t<\/li>\n\t\t\t \t<li class=\"event konferencje-zagraniczne\">\n\t\t\t\t\t<div class=\"event-date multi-date\"><div class=\"startdate\"><div class=\"event-weekday\">Fri<\/div><div class=\"event-day\">04<\/div><div class=\"event-month\">Nov<\/div><div class=\"event-year\">2016<\/div><\/div><div class=\"enddate\"><div class=\"event-weekday\">Sun<\/div><div class=\"event-day\">06<\/div><div class=\"event-month\">Nov<\/div><div class=\"event-year\">2016<\/div><\/div><\/div>\n\t\t\t\t\t<div class=\"event-info multi-day\"><div class=\"event-title\"><h3><a href=\"https:\/\/cter.edu.pl\/?page_id=254&amp;lang=pl&amp;rest_route=%2Fwp%2Fv2%2Fpages%2F254&amp;event_id1=3378\">Translating Pragmatics in Community (Session of American Pragmatics Association )<\/a><\/h3><\/div><span class=\"event-location\">Bloomington, USA<\/span><div class=\"event-content\"><p><a href=\"http:\/\/www.linguistlist.org\/callconf\/browse-conf-action.cfm?ConfID=214096\">Translating Pragmatics in Community <\/a>(Session of <a href=\"http:\/\/www.linguistlist.org\/callconf\/browse-conf-action.cfm?ConfID=210596\">American Pragmatics Association <\/a>)<\/p>\n<\/div><\/div>\n\t\t\t\t<\/li>\n\t\t\t \t<li class=\"event konferencje-zagraniczne\">\n\t\t\t\t\t<div class=\"event-date multi-date\"><div class=\"startdate\"><div class=\"event-weekday\">Thu<\/div><div class=\"event-day\">03<\/div><div class=\"event-month\">Nov<\/div><div class=\"event-year\">2016<\/div><\/div><div class=\"enddate\"><div class=\"event-weekday\">Sat<\/div><div class=\"event-day\">05<\/div><div class=\"event-month\">Nov<\/div><div class=\"event-year\">2016<\/div><\/div><\/div>\n\t\t\t\t\t<div class=\"event-info multi-day\"><div class=\"event-title\"><h3><a href=\"https:\/\/cter.edu.pl\/?page_id=254&amp;lang=pl&amp;rest_route=%2Fwp%2Fv2%2Fpages%2F254&amp;event_id1=3377\">Third International Conference on Language, Linguistics, Literature and Translation: &#039;Connecting the Dots in a Glocalized World&#039; (Oman)<\/a><\/h3><\/div><span class=\"event-location\">Oman<\/span><div class=\"event-content\"><p><a href=\"http:\/\/www.asle.org\/calls-for-papers\/third-international-conference-on-language-linguistics-literature-and-translation-connecting-the-dots-in-a-glocalized-world\/\">Third International Conference on Language, Linguistics, Literature and Translation: 'Connecting the Dots in a Glocalized World' (Oman)<\/a><\/p>\n<\/div><\/div>\n\t\t\t\t<\/li>\n\t\t\t \t<li class=\"event \">\n\t\t\t\t\t<div class=\"event-date multi-date\"><div class=\"startdate\"><div class=\"event-weekday\">Thu<\/div><div class=\"event-day\">20<\/div><div class=\"event-month\">Oct<\/div><div class=\"event-year\">2016<\/div><\/div><div class=\"enddate\"><div class=\"event-weekday\">Fri<\/div><div class=\"event-day\">21<\/div><div class=\"event-month\">Oct<\/div><div class=\"event-year\">2016<\/div><\/div><\/div>\n\t\t\t\t\t<div class=\"event-info multi-day\"><div class=\"event-title\"><h3><a href=\"https:\/\/cter.edu.pl\/?page_id=254&amp;lang=pl&amp;rest_route=%2Fwp%2Fv2%2Fpages%2F254&amp;event_id1=3376\">Przestrzenie przek\u0142adu 2<\/a><\/h3><\/div><span class=\"event-location\">Sosnowiec, Polska<\/span><div class=\"event-content\"><p>Konferencja odb\u0119dzie si\u0119 w dniach 20-21 pa\u017adziernika 2016 roku<br \/>\nw budynku Wydzia\u0142u Filologicznego w Sosnowcu, ul. Grota-Roweckiego 5.<\/p>\n<p>Obrady odbywa\u0107 b\u0119d\u0105 si\u0119 w nast\u0119puj\u0105cych sekcjach:<br \/>\n1. Przek\u0142ad \u2013 zagadnienia og\u00f3lne<br \/>\n2. Przek\u0142ad specjalistyczny<br \/>\n3. Przek\u0142ad ustny i audiowizualny<br \/>\n4. Przek\u0142ad artystyczny<br \/>\n5. Zjawiska gramatyczne w przek\u0142adzie<br \/>\n6. Dydaktyka przek\u0142adu<\/p>\n<p>Wi\u0119cej informacji: przestrzenieprzekladu@us.edu.pl<\/p>\n<\/div><\/div>\n\t\t\t\t<\/li>\n\t\t\t \t<li class=\"event konferencje-krajowe\">\n\t\t\t\t\t<div class=\"event-date multi-date\"><div class=\"startdate\"><div class=\"event-weekday\">Thu<\/div><div class=\"event-day\">22<\/div><div class=\"event-month\">Sep<\/div><div class=\"event-year\">2016<\/div><\/div><div class=\"enddate\"><div class=\"event-weekday\">Fri<\/div><div class=\"event-day\">23<\/div><div class=\"event-month\">Sep<\/div><div class=\"event-year\">2016<\/div><\/div><\/div>\n\t\t\t\t\t<div class=\"event-info multi-day\"><div class=\"event-title\"><h3><a href=\"https:\/\/cter.edu.pl\/?page_id=254&amp;lang=pl&amp;rest_route=%2Fwp%2Fv2%2Fpages%2F254&amp;event_id1=3375\">Potrzeby wsp\u00f3\u0142czesnej dydaktyki akademickiej i dydaktyki przek\u0142adu<\/a><\/h3><\/div><span class=\"event-location\">Gda\u0144sk<\/span><div class=\"event-content\"><p>- narz\u0119dzia cat w dydaktyce przek\u0142adu<br \/>\n- korekta i ewaluacja przek\u0142adu<br \/>\n- dydaktyka t\u0142umacze\u0144 symultanicznych, intersemiotycznych, intralingwalnych<br \/>\n- interkulturowe aspekty dydaktyki przek\u0142adu<br \/>\n- literatura w nauczaniu przek\u0142adu<br \/>\n- dydaktyka przek\u0142adu gwar i dialekt\u00f3w<br \/>\n- przek\u0142ad w nauczaniu drugiego\/trzeciego j\u0119zyka obcego<br \/>\n- e-learning<br \/>\n- praca ze studentem o indywidualnych potrzebach i oczekiwaniach edukacyjnych<br \/>\n- problemy dydaktyki akademickiej w kontek\u015bcie zmian spo\u0142ecznych, edukacyjnych<br \/>\ni cywilizacyjnych<br \/>\n- aspekty ekolingwistyczne i ekodydaktyczne w dydaktyce akademickiej<br \/>\n- dydaktyka spersonalizowana<\/p>\n<\/div><\/div>\n\t\t\t\t<\/li>\n\t\t\t \t<li class=\"event konferencje-zagraniczne\">\n\t\t\t\t\t<div class=\"event-date multi-date\"><div class=\"startdate\"><div class=\"event-weekday\">Thu<\/div><div class=\"event-day\">15<\/div><div class=\"event-month\">Sep<\/div><div class=\"event-year\">2016<\/div><\/div><div class=\"enddate\"><div class=\"event-weekday\">Sat<\/div><div class=\"event-day\">17<\/div><div class=\"event-month\">Sep<\/div><div class=\"event-year\">2016<\/div><\/div><\/div>\n\t\t\t\t\t<div class=\"event-info multi-day\"><div class=\"event-title\"><h3><a href=\"https:\/\/cter.edu.pl\/?page_id=254&amp;lang=pl&amp;rest_route=%2Fwp%2Fv2%2Fpages%2F254&amp;event_id1=3374\">Congress of the European Society for Translation Studies<\/a><\/h3><\/div><span class=\"event-location\">Aarhus, Dania<\/span><div class=\"event-content\"><p><a href=\"http:\/\/www.est-translationstudies.org\/news\/2013_aarhus_congress.html\">Congress of the European Society for Translation Studies<\/a><\/p>\n<\/div><\/div>\n\t\t\t\t<\/li>\n\t\t\t \t<li class=\"event konferencje-zagraniczne\">\n\t\t\t\t\t<div class=\"event-date multi-date\"><div class=\"startdate\"><div class=\"event-weekday\">Wed<\/div><div class=\"event-day\">17<\/div><div class=\"event-month\">Aug<\/div><div class=\"event-year\">2016<\/div><\/div><div class=\"enddate\"><div class=\"event-weekday\">Thu<\/div><div class=\"event-day\">18<\/div><div class=\"event-month\">Aug<\/div><div class=\"event-year\">2016<\/div><\/div><\/div>\n\t\t\t\t\t<div class=\"event-info multi-day\"><div class=\"event-title\"><h3><a href=\"https:\/\/cter.edu.pl\/?page_id=254&amp;lang=pl&amp;rest_route=%2Fwp%2Fv2%2Fpages%2F254&amp;event_id1=3373\">2nd International Conference on Economic, Business, Financial and Institutional Translation<\/a><\/h3><\/div><span class=\"event-location\">Trois-Rivieres, Kanada<\/span><div class=\"event-content\"><p><a href=\"http:\/\/www.linguistlist.org\/callconf\/browse-conf-action.cfm?ConfID=221976\">2nd International Conference on Economic, Business, Financial and Institutional Translation <\/a><\/p>\n<\/div><\/div>\n\t\t\t\t<\/li>\n\t\t\t \t<li class=\"event konferencje-zagraniczne\">\n\t\t\t\t\t<div class=\"event-date multi-date\"><div class=\"startdate\"><div class=\"event-weekday\">Wed<\/div><div class=\"event-day\">20<\/div><div class=\"event-month\">Jul<\/div><div class=\"event-year\">2016<\/div><\/div><div class=\"enddate\"><div class=\"event-weekday\">Sat<\/div><div class=\"event-day\">23<\/div><div class=\"event-month\">Jul<\/div><div class=\"event-year\">2016<\/div><\/div><\/div>\n\t\t\t\t\t<div class=\"event-info multi-day\"><div class=\"event-title\"><h3><a href=\"https:\/\/cter.edu.pl\/?page_id=254&amp;lang=pl&amp;rest_route=%2Fwp%2Fv2%2Fpages%2F254&amp;event_id1=3372\">12th Teaching and Language Corpora Conference<\/a><\/h3><\/div><span class=\"event-location\">Glessen, Niemcy<\/span><div class=\"event-content\"><p><a href=\"http:\/\/www.linguistlist.org\/callconf\/browse-conf-action.cfm?ConfID=225096\">12th Teaching and Language Corpora Conference <\/a><\/p>\n<\/div><\/div>\n\t\t\t\t<\/li>\n\t\t\t \t<li class=\"event konferencje-zagraniczne\">\n\t\t\t\t\t<div class=\"event-date multi-date\"><div class=\"startdate\"><div class=\"event-weekday\">Tue<\/div><div class=\"event-day\">12<\/div><div class=\"event-month\">Jul<\/div><div class=\"event-year\">2016<\/div><\/div><div class=\"enddate\"><div class=\"event-weekday\">Thu<\/div><div class=\"event-day\">14<\/div><div class=\"event-month\">Jul<\/div><div class=\"event-year\">2016<\/div><\/div><\/div>\n\t\t\t\t\t<div class=\"event-info multi-day\"><div class=\"event-title\"><h3><a href=\"https:\/\/cter.edu.pl\/?page_id=254&amp;lang=pl&amp;rest_route=%2Fwp%2Fv2%2Fpages%2F254&amp;event_id1=3371\">LLCE 2016<\/a><\/h3><\/div><span class=\"event-location\">Venice, Italy<\/span><div class=\"event-content\"><ul>\n<li><a href=\"http:\/\/www.jolace.com\/en\/conferences\/conferences-2016\/llce2016\/\" target=\"_blank\">Language and education (language education, language of education, language in education)<\/a><\/li>\n<li><a href=\"http:\/\/www.jolace.com\/en\/conferences\/conferences-2016\/llce2016\/\" target=\"_blank\">Literary studies<\/a><\/li>\n<li><a href=\"http:\/\/www.jolace.com\/en\/conferences\/conferences-2016\/llce2016\/\" target=\"_blank\">Cultural studies<\/a><\/li>\n<li><a href=\"http:\/\/www.jolace.com\/en\/conferences\/conferences-2016\/llce2016\/\" target=\"_blank\">Translation studies<\/a><\/li>\n<li><a href=\"http:\/\/www.jolace.com\/en\/conferences\/conferences-2016\/llce2016\/\" target=\"_blank\">Applied linguistics (including sociolinguistics, psycholinguistics, and neurolinguistics) in language education<\/a><\/li>\n<li><a href=\"http:\/\/www.jolace.com\/en\/conferences\/conferences-2016\/llce2016\/\" target=\"_blank\">Research methods in related fields<\/a><\/li>\n<\/ul>\n<\/div><\/div>\n\t\t\t\t<\/li>\n\t\t\t \t<li class=\"event konferencje-zagraniczne\">\n\t\t\t\t\t<div class=\"event-date multi-date\"><div class=\"startdate\"><div class=\"event-weekday\">Mon<\/div><div class=\"event-day\">11<\/div><div class=\"event-month\">Jul<\/div><div class=\"event-year\">2016<\/div><\/div><div class=\"enddate\"><div class=\"event-weekday\">Wed<\/div><div class=\"event-day\">20<\/div><div class=\"event-month\">Jul<\/div><div class=\"event-year\">2016<\/div><\/div><\/div>\n\t\t\t\t\t<div class=\"event-info multi-day\"><div class=\"event-title\"><h3><a href=\"https:\/\/cter.edu.pl\/?page_id=254&amp;lang=pl&amp;rest_route=%2Fwp%2Fv2%2Fpages%2F254&amp;event_id1=3370\">SummerTrans VII: Quality and Competence in Translation<\/a><\/h3><\/div><span class=\"event-location\">University of Innsbruck<\/span><div class=\"event-content\"><p>True to the motto \u201cTranslation Studies Meet Translation Practice\u201d, SummerTrans VII aims to advance participants\u2019 theoretical knowledge of and practical skills in translation and interpreting. The varied programme consists of thirteen courses taught by internationally renowned experts in the fields of: machine translation, specialised translation and terminology management, computer-aided translation, pre- and post-editing, dubbing and subtitling, literary translation, localisation, translation project management, as well as interpreting in times of English as a lingua franca. In addition, a PhD school will take place as a discussion forum for aspiring translation scholars. Besides thematic courses, the daily social programme offers readings with international authors and their translators, presentations of leading CAT tools, expert talks and presentations, as well as excursions to the mountains, guided city tours and cultural activities. Further information and<\/p>\n<p>Registration: <a href=\"http:\/\/True to the motto \u201cTranslation Studies Meet Translation Practice\u201d, SummerTrans VII aims to advance participants\u2019 theoretical knowledge of and practical skills in translation and interpreting. The varied programme consists of thirteen courses taught by internationally renowned experts in the fields of: machine translation, specialised translation and terminology management, computer-aided translation, pre- and post-editing, dubbing and subtitling, literary translation, localisation, translation project management, as well as interpreting in times of English as a lingua franca. In addition, a PhD school will take place as a discussion forum for aspiring translation scholars. Besides thematic courses, the daily social programme offers readings with international authors and their translators, presentations of leading CAT tools, expert talks and presentations, as well as excursions to the mountains, guided city tours and cultural activities. Further information and registration: translation.uibk.ac.at\/summertrans\">translation.uibk.ac.at\/summertrans<\/a><\/p>\n<p>&nbsp;<\/p>\n<\/div><\/div>\n\t\t\t\t<\/li>\n\t\t\t \t<li class=\"event konferencje-zagraniczne\">\n\t\t\t\t\t<div class=\"event-date multi-date\"><div class=\"startdate\"><div class=\"event-weekday\">Fri<\/div><div class=\"event-day\">08<\/div><div class=\"event-month\">Jul<\/div><div class=\"event-year\">2016<\/div><\/div><div class=\"enddate\"><div class=\"event-weekday\">Sat<\/div><div class=\"event-day\">09<\/div><div class=\"event-month\">Jul<\/div><div class=\"event-year\">2016<\/div><\/div><\/div>\n\t\t\t\t\t<div class=\"event-info multi-day\"><div class=\"event-title\"><h3><a href=\"https:\/\/cter.edu.pl\/?page_id=254&amp;lang=pl&amp;rest_route=%2Fwp%2Fv2%2Fpages%2F254&amp;event_id1=3369\">Language Diversity in Wales \/ Amrywiaeth Ieithyddol yng Nghymru<\/a><\/h3><\/div><span class=\"event-location\">Aberystwyth, Wielka Brytania <\/span><div class=\"event-content\"><p><a href=\"http:\/\/www.linguistlist.org\/callconf\/browse-conf-action.cfm?ConfID=221376\">Language Diversity in Wales \/ Amrywiaeth Ieithyddol yng Nghymru <\/a><\/p>\n<\/div><\/div>\n\t\t\t\t<\/li>\n\t\t\t \t<li class=\"event konferencje-zagraniczne\">\n\t\t\t\t\t<div class=\"event-date multi-date\"><div class=\"startdate\"><div class=\"event-weekday\">Thu<\/div><div class=\"event-day\">07<\/div><div class=\"event-month\">Jul<\/div><div class=\"event-year\">2016<\/div><\/div><div class=\"enddate\"><div class=\"event-weekday\">Fri<\/div><div class=\"event-day\">08<\/div><div class=\"event-month\">Jul<\/div><div class=\"event-year\">2016<\/div><\/div><\/div>\n\t\t\t\t\t<div class=\"event-info multi-day\"><div class=\"event-title\"><h3><a href=\"https:\/\/cter.edu.pl\/?page_id=254&amp;lang=pl&amp;rest_route=%2Fwp%2Fv2%2Fpages%2F254&amp;event_id1=3368\">Third International conference on Research into the Didactics of Translation<\/a><\/h3><\/div><span class=\"event-location\">Barcelona, Hiszpania<\/span><div class=\"event-content\"><p><a href=\"http:\/\/grupsderecerca.uab.cat\/pacte\/en\/content\/first-circular-2\">Third International conference on Research into the Didactics of Translation<\/a><\/p>\n<\/div><\/div>\n\t\t\t\t<\/li>\n\t\t\t \t<li class=\"event \">\n\t\t\t\t\t<div class=\"event-date multi-date\"><div class=\"startdate\"><div class=\"event-weekday\">Wed<\/div><div class=\"event-day\">29<\/div><div class=\"event-month\">Jun<\/div><div class=\"event-year\">2016<\/div><\/div><div class=\"enddate\"><div class=\"event-weekday\">Fri<\/div><div class=\"event-day\">01<\/div><div class=\"event-month\">Jul<\/div><div class=\"event-year\">2016<\/div><\/div><\/div>\n\t\t\t\t\t<div class=\"event-info multi-day\"><div class=\"event-title\"><h3><a href=\"https:\/\/cter.edu.pl\/?page_id=254&amp;lang=pl&amp;rest_route=%2Fwp%2Fv2%2Fpages%2F254&amp;event_id1=3367\">Critical Link 8: A New Generation<\/a><\/h3><\/div><span class=\"event-location\">Edynburg, Szkocja<\/span><div class=\"event-content\"><p>The overarching theme of the conference is <strong>Critical LinkS<\/strong> \u2013 a new generation. The aim is to explore future-proofing community\/public service Interpreting and translating: to investigate working together across professional, geographic, user-group and language communities (spoken and signed), through technology, and coping with current and emerging constraints (e.g. economic, environmental, geographic, legal, linguistic, social...). The conference will explore policy, practice, pedagogy, price, plus innovation in the field.<\/p>\n<\/div><\/div>\n\t\t\t\t<\/li>\n\t\t\t \t<li class=\"event konferencje-zagraniczne\">\n\t\t\t\t\t<div class=\"event-date multi-date\"><div class=\"startdate\"><div class=\"event-weekday\">Fri<\/div><div class=\"event-day\">24<\/div><div class=\"event-month\">Jun<\/div><div class=\"event-year\">2016<\/div><\/div><div class=\"enddate\"><div class=\"event-weekday\">Sat<\/div><div class=\"event-day\">25<\/div><div class=\"event-month\">Jun<\/div><div class=\"event-year\">2016<\/div><\/div><\/div>\n\t\t\t\t\t<div class=\"event-info multi-day\"><div class=\"event-title\"><h3><a href=\"https:\/\/cter.edu.pl\/?page_id=254&amp;lang=pl&amp;rest_route=%2Fwp%2Fv2%2Fpages%2F254&amp;event_id1=3366\">LILA &#039;16 \/ 3rd Linguistics and Language Conference<\/a><\/h3><\/div><span class=\"event-location\">Stambu\u0142, Turcja<\/span><div class=\"event-content\"><p><a href=\"http:\/\/www.linguistlist.org\/callconf\/browse-conf-action.cfm?ConfID=222236\">LILA '16 \/ 3rd Linguistics and Language Conference\u00a0<\/a><\/p>\n<\/div><\/div>\n\t\t\t\t<\/li>\n\t\t\t \t<li class=\"event konferencje-zagraniczne\">\n\t\t\t\t\t<div class=\"event-date multi-date\"><div class=\"startdate\"><div class=\"event-weekday\">Thu<\/div><div class=\"event-day\">02<\/div><div class=\"event-month\">Jun<\/div><div class=\"event-year\">2016<\/div><\/div><div class=\"enddate\"><div class=\"event-weekday\">Sat<\/div><div class=\"event-day\">04<\/div><div class=\"event-month\">Jun<\/div><div class=\"event-year\">2016<\/div><\/div><\/div>\n\t\t\t\t\t<div class=\"event-info multi-day\"><div class=\"event-title\"><h3><a href=\"https:\/\/cter.edu.pl\/?page_id=254&amp;lang=pl&amp;rest_route=%2Fwp%2Fv2%2Fpages%2F254&amp;event_id1=3365\">18th Annual Conference of the English Department<\/a><\/h3><\/div><span class=\"event-location\">Bukareszt, Rumunia<\/span><div class=\"event-content\"><p><a href=\"http:\/\/www.linguistlist.org\/callconf\/browse-conf-action.cfm?ConfID=226556\">18th Annual Conference of the English Department <\/a>(ACED 18)<\/p>\n<\/div><\/div>\n\t\t\t\t<\/li>\n\t\t\t \t<li class=\"event konferencje-zagraniczne\">\n\t\t\t\t\t<div class=\"event-date multi-date\"><div class=\"startdate\"><div class=\"event-weekday\">Sat<\/div><div class=\"event-day\">28<\/div><div class=\"event-month\">May<\/div><div class=\"event-year\">2016<\/div><\/div><div class=\"enddate\"><div class=\"event-weekday\">Sun<\/div><div class=\"event-day\">29<\/div><div class=\"event-month\">May<\/div><div class=\"event-year\">2016<\/div><\/div><\/div>\n\t\t\t\t\t<div class=\"event-info multi-day\"><div class=\"event-title\"><h3><a href=\"https:\/\/cter.edu.pl\/?page_id=254&amp;lang=pl&amp;rest_route=%2Fwp%2Fv2%2Fpages%2F254&amp;event_id1=3364\">Canadian Society for the Study of Names<\/a><\/h3><\/div><span class=\"event-location\">Calgary, Kanada<\/span><div class=\"event-content\"><p><a href=\"http:\/\/www.linguistlist.org\/callconf\/browse-conf-action.cfm?ConfID=218176\">Canadian Society for the Study of Names <\/a><\/p>\n<\/div><\/div>\n\t\t\t\t<\/li>\n\t\t\t \t<li class=\"event konferencje-zagraniczne\">\n\t\t\t\t\t<div class=\"event-date multi-date\"><div class=\"startdate\"><div class=\"event-weekday\">Thu<\/div><div class=\"event-day\">26<\/div><div class=\"event-month\">May<\/div><div class=\"event-year\">2016<\/div><\/div><div class=\"enddate\"><div class=\"event-weekday\">Sat<\/div><div class=\"event-day\">28<\/div><div class=\"event-month\">May<\/div><div class=\"event-year\">2016<\/div><\/div><\/div>\n\t\t\t\t\t<div class=\"event-info multi-day\"><div class=\"event-title\"><h3><a href=\"https:\/\/cter.edu.pl\/?page_id=254&amp;lang=pl&amp;rest_route=%2Fwp%2Fv2%2Fpages%2F254&amp;event_id1=3363\">Translation and Interpreting: Convergence, Contact, Interaction<\/a><\/h3><\/div><span class=\"event-location\">Triest, W\u0142ochy <\/span><div class=\"event-content\"><p><a href=\"http:\/\/www.linguistlist.org\/callconf\/browse-conf-action.cfm?ConfID=223056\">Translation and Interpreting: Convergence, Contact, Interaction <\/a><\/p>\n<\/div><\/div>\n\t\t\t\t<\/li>\n\t\t\t \t<li class=\"event konferencje-zagraniczne\">\n\t\t\t\t\t<div class=\"event-date multi-date\"><div class=\"startdate\"><div class=\"event-weekday\">Thu<\/div><div class=\"event-day\">26<\/div><div class=\"event-month\">May<\/div><div class=\"event-year\">2016<\/div><\/div><div class=\"enddate\"><div class=\"event-weekday\">Fri<\/div><div class=\"event-day\">27<\/div><div class=\"event-month\">May<\/div><div class=\"event-year\">2016<\/div><\/div><\/div>\n\t\t\t\t\t<div class=\"event-info multi-day\"><div class=\"event-title\"><h3><a href=\"https:\/\/cter.edu.pl\/?page_id=254&amp;lang=pl&amp;rest_route=%2Fwp%2Fv2%2Fpages%2F254&amp;event_id1=3362\">3rd International Symposium on Language for International Communication<\/a><\/h3><\/div><span class=\"event-location\">Ryga, \u0141otwa<\/span><div class=\"event-content\"><p><a href=\"http:\/\/www.linguistlist.org\/callconf\/browse-conf-action.cfm?ConfID=219316\">3rd International Symposium on Language for International Communication<\/a><\/p>\n<\/div><\/div>\n\t\t\t\t<\/li>\n\t\t\t \t<li class=\"event konferencje-zagraniczne\">\n\t\t\t\t\t<div class=\"event-date multi-date\"><div class=\"startdate\"><div class=\"event-weekday\">Fri<\/div><div class=\"event-day\">20<\/div><div class=\"event-month\">May<\/div><div class=\"event-year\">2016<\/div><\/div><div class=\"enddate\"><div class=\"event-weekday\">Sat<\/div><div class=\"event-day\">21<\/div><div class=\"event-month\">May<\/div><div class=\"event-year\">2016<\/div><\/div><\/div>\n\t\t\t\t\t<div class=\"event-info multi-day\"><div class=\"event-title\"><h3><a href=\"https:\/\/cter.edu.pl\/?page_id=254&amp;lang=pl&amp;rest_route=%2Fwp%2Fv2%2Fpages%2F254&amp;event_id1=3361\">Public Service Interpreting: The Interpreter&#039;s discourse and its influence on the interpreter<\/a><\/h3><\/div><span class=\"event-location\">Mons, Belgia<\/span><div class=\"event-content\"><p><a href=\"http:\/\/www.linguistlist.org\/callconf\/browse-conf-action.cfm?ConfID=221736\">Public Service Interpreting: The Interpreter's discourse and its influence on the interpreter <\/a><\/p>\n<\/div><\/div>\n\t\t\t\t<\/li>\n\t\t\t \t<li class=\"event konferencje-zagraniczne\">\n\t\t\t\t\t<div class=\"event-date multi-date\"><div class=\"startdate\"><div class=\"event-weekday\">Thu<\/div><div class=\"event-day\">19<\/div><div class=\"event-month\">May<\/div><div class=\"event-year\">2016<\/div><\/div><div class=\"enddate\"><div class=\"event-weekday\">Sat<\/div><div class=\"event-day\">21<\/div><div class=\"event-month\">May<\/div><div class=\"event-year\">2016<\/div><\/div><\/div>\n\t\t\t\t\t<div class=\"event-info multi-day\"><div class=\"event-title\"><h3><a href=\"https:\/\/cter.edu.pl\/?page_id=254&amp;lang=pl&amp;rest_route=%2Fwp%2Fv2%2Fpages%2F254&amp;event_id1=3360\">FaCT: Food and Culture in Translation<\/a><\/h3><\/div><span class=\"event-location\">Catania, W\u0142ochy<\/span><div class=\"event-content\"><p><a href=\"http:\/\/www.linguistlist.org\/callconf\/browse-conf-action.cfm?ConfID=224596\">FaCT: Food and Culture in Translation <\/a><\/p>\n<\/div><\/div>\n\t\t\t\t<\/li>\n\t\t\t \t<li class=\"event konferencje-zagraniczne\">\n\t\t\t\t\t<div class=\"event-date multi-date\"><div class=\"startdate\"><div class=\"event-weekday\">Thu<\/div><div class=\"event-day\">19<\/div><div class=\"event-month\">May<\/div><div class=\"event-year\">2016<\/div><\/div><div class=\"enddate\"><div class=\"event-weekday\">Fri<\/div><div class=\"event-day\">20<\/div><div class=\"event-month\">May<\/div><div class=\"event-year\">2016<\/div><\/div><\/div>\n\t\t\t\t\t<div class=\"event-info multi-day\"><div class=\"event-title\"><h3><a href=\"https:\/\/cter.edu.pl\/?page_id=254&amp;lang=pl&amp;rest_route=%2Fwp%2Fv2%2Fpages%2F254&amp;event_id1=3359\">Germanistische Forschungen zum Text<\/a><\/h3><\/div><span class=\"event-location\">Vaasa, Finlandia <\/span><div class=\"event-content\"><p><a href=\"http:\/\/www.linguistlist.org\/callconf\/browse-conf-action.cfm?ConfID=220436\">Germanistische Forschungen zum Text <\/a><\/p>\n<\/div><\/div>\n\t\t\t\t<\/li>\n\t\t\t \t<li class=\"event konferencje-zagraniczne\">\n\t\t\t\t\t<div class=\"event-date multi-date\"><div class=\"startdate\"><div class=\"event-weekday\">Wed<\/div><div class=\"event-day\">11<\/div><div class=\"event-month\">May<\/div><div class=\"event-year\">2016<\/div><\/div><div class=\"enddate\"><div class=\"event-weekday\">Fri<\/div><div class=\"event-day\">13<\/div><div class=\"event-month\">May<\/div><div class=\"event-year\">2016<\/div><\/div><\/div>\n\t\t\t\t\t<div class=\"event-info multi-day\"><div class=\"event-title\"><h3><a href=\"https:\/\/cter.edu.pl\/?page_id=254&amp;lang=pl&amp;rest_route=%2Fwp%2Fv2%2Fpages%2F254&amp;event_id1=3358\">Meaning in Translation: Illusion of Precision<\/a><\/h3><\/div><span class=\"event-location\">Ryga, \u0141otwa<\/span><div class=\"event-content\"><p><a href=\"http:\/\/www.linguistlist.org\/callconf\/browse-conf-action.cfm?ConfID=220496\">Meaning in Translation: Illusion of Precision\u00a0<\/a><\/p>\n<\/div><\/div>\n\t\t\t\t<\/li>\n\t\t\t \t<li class=\"event konferencje-zagraniczne\">\n\t\t\t\t\t<div class=\"event-date multi-date\"><div class=\"startdate\"><div class=\"event-weekday\">Wed<\/div><div class=\"event-day\">04<\/div><div class=\"event-month\">May<\/div><div class=\"event-year\">2016<\/div><\/div><div class=\"enddate\"><div class=\"event-weekday\">Sat<\/div><div class=\"event-day\">07<\/div><div class=\"event-month\">May<\/div><div class=\"event-year\">2016<\/div><\/div><\/div>\n\t\t\t\t\t<div class=\"event-info multi-day\"><div class=\"event-title\"><h3><a href=\"https:\/\/cter.edu.pl\/?page_id=254&amp;lang=pl&amp;rest_route=%2Fwp%2Fv2%2Fpages%2F254&amp;event_id1=3357\">Nordic Association of English Studies Conference<\/a><\/h3><\/div><span class=\"event-location\">Kristiansand, Norwegia<\/span><div class=\"event-content\"><p><a href=\"http:\/\/linguistlist.org\/callconf\/browse-conf-action.cfm?ConfID=226876\">Nordic Association of English Studies Conference\u00a0<\/a><\/p>\n<\/div><\/div>\n\t\t\t\t<\/li>\n\t\t\t \t<li class=\"event konferencje-zagraniczne\">\n\t\t\t\t\t<div class=\"event-date multi-date\"><div class=\"startdate\"><div class=\"event-weekday\">Wed<\/div><div class=\"event-day\">04<\/div><div class=\"event-month\">May<\/div><div class=\"event-year\">2016<\/div><\/div><div class=\"enddate\"><div class=\"event-weekday\">Thu<\/div><div class=\"event-day\">05<\/div><div class=\"event-month\">May<\/div><div class=\"event-year\">2016<\/div><\/div><\/div>\n\t\t\t\t\t<div class=\"event-info multi-day\"><div class=\"event-title\"><h3><a href=\"https:\/\/cter.edu.pl\/?page_id=254&amp;lang=pl&amp;rest_route=%2Fwp%2Fv2%2Fpages%2F254&amp;event_id1=3356\">Ethics and Dialogue in Contemporary Thought<\/a><\/h3><\/div><span class=\"event-location\">Eljadida, Maroko<\/span><div class=\"event-content\"><p><a href=\"http:\/\/www.linguistlist.org\/callconf\/browse-conf-action.cfm?ConfID=217656\">Ethics and Dialogue in Contemporary Thought <\/a><\/p>\n<\/div><\/div>\n\t\t\t\t<\/li>\n\t\t\t \t<li class=\"event konferencje-zagraniczne\">\n\t\t\t\t\t<div class=\"event-date multi-date\"><div class=\"startdate\"><div class=\"event-weekday\">Wed<\/div><div class=\"event-day\">20<\/div><div class=\"event-month\">Apr<\/div><div class=\"event-year\">2016<\/div><\/div><div class=\"enddate\"><div class=\"event-weekday\">Sun<\/div><div class=\"event-day\">24<\/div><div class=\"event-month\">Apr<\/div><div class=\"event-year\">2016<\/div><\/div><\/div>\n\t\t\t\t\t<div class=\"event-info multi-day\"><div class=\"event-title\"><h3><a href=\"https:\/\/cter.edu.pl\/?page_id=254&amp;lang=pl&amp;rest_route=%2Fwp%2Fv2%2Fpages%2F254&amp;event_id1=3355\">8th International Conference &#039;Word, Utterance, Text: Cognitive, Pragmatic and Cultural Aspects&#039;<\/a><\/h3><\/div><span class=\"event-location\">Czelabi\u0144sk, Rosja<\/span><div class=\"event-content\"><p><a href=\"http:\/\/www.linguistlist.org\/callconf\/browse-conf-action.cfm?ConfID=219636\">8th International Conference 'Word, Utterance, Text: Cognitive, Pragmatic and Cultural Aspects' <\/a><\/p>\n<\/div><\/div>\n\t\t\t\t<\/li>\n\t\t\t \t<li class=\"event konferencje-krajowe\">\n\t\t\t\t\t<div class=\"event-date multi-date\"><div class=\"startdate\"><div class=\"event-weekday\">Fri<\/div><div class=\"event-day\">15<\/div><div class=\"event-month\">Apr<\/div><div class=\"event-year\">2016<\/div><\/div><div class=\"enddate\"><div class=\"event-weekday\">Sat<\/div><div class=\"event-day\">16<\/div><div class=\"event-month\">Apr<\/div><div class=\"event-year\">2016<\/div><\/div><\/div>\n\t\t\t\t\t<div class=\"event-info multi-day\"><div class=\"event-title\"><h3><a href=\"https:\/\/cter.edu.pl\/?page_id=254&amp;lang=pl&amp;rest_route=%2Fwp%2Fv2%2Fpages%2F254&amp;event_id1=3353\">Konferencja PTLS 2016<\/a><\/h3><\/div><span class=\"event-location\">Warszawa<\/span><div class=\"event-content\"><p style=\"text-align: justify;\">Polskie Towarzystwo Lingwistyki Stosowanej i Instytut Komunikacji Specjalistycznej i Interkulturowej UW zapraszaj\u0105 na konferencj\u0119 naukow\u0105 Lingwistyka Stosowana 35 lat PTLS, kt\u00f3ra odb\u0119dzie si\u0119 w Warszawie w dniach 15-16 kwietnia 2016 roku.<\/p>\n<p><a href=\"http:\/\/cteradmin.nazwa.pl\/wp\/wp-content\/uploads\/2015\/11\/PTLS-Zaproszenie-2016.pdf\" target=\"_blank\">Szczeg\u00f3\u0142y<\/a><\/p>\n<\/div><\/div>\n\t\t\t\t<\/li>\n\t\t\t \t<li class=\"event konferencje-zagraniczne\">\n\t\t\t\t\t<div class=\"event-date multi-date\"><div class=\"startdate\"><div class=\"event-weekday\">Fri<\/div><div class=\"event-day\">15<\/div><div class=\"event-month\">Apr<\/div><div class=\"event-year\">2016<\/div><\/div><div class=\"enddate\"><div class=\"event-weekday\">Sat<\/div><div class=\"event-day\">16<\/div><div class=\"event-month\">Apr<\/div><div class=\"event-year\">2016<\/div><\/div><\/div>\n\t\t\t\t\t<div class=\"event-info multi-day\"><div class=\"event-title\"><h3><a href=\"https:\/\/cter.edu.pl\/?page_id=254&amp;lang=pl&amp;rest_route=%2Fwp%2Fv2%2Fpages%2F254&amp;event_id1=3354\">General and Specialist Translation \/ Interpretation: Theory, Methods, Practice<\/a><\/h3><\/div><span class=\"event-location\">Kij\u00f3w, Ukraina<\/span><div class=\"event-content\"><p><a href=\"http:\/\/www.linguistlist.org\/callconf\/browse-conf-action.cfm?ConfID=225856\">General and Specialist Translation \/ Interpretation: Theory, Methods, Practice <\/a><\/p>\n<\/div><\/div>\n\t\t\t\t<\/li>\n\t\t\t \t<li class=\"event konferencje-zagraniczne\">\n\t\t\t\t\t<div class=\"event-date multi-date\"><div class=\"startdate\"><div class=\"event-weekday\">Fri<\/div><div class=\"event-day\">08<\/div><div class=\"event-month\">Apr<\/div><div class=\"event-year\">2016<\/div><\/div><div class=\"enddate\"><div class=\"event-weekday\">Sat<\/div><div class=\"event-day\">09<\/div><div class=\"event-month\">Apr<\/div><div class=\"event-year\">2016<\/div><\/div><\/div>\n\t\t\t\t\t<div class=\"event-info multi-day\"><div class=\"event-title\"><h3><a href=\"https:\/\/cter.edu.pl\/?page_id=254&amp;lang=pl&amp;rest_route=%2Fwp%2Fv2%2Fpages%2F254&amp;event_id1=3352\">MEDIUS CURRENS V - T\u0141UMACZ W KULTURZE. KULTURA T\u0141UMACZENIA<\/a><\/h3><\/div><span class=\"event-location\">Toru\u0144<\/span><div class=\"event-content\"><p><a href=\"http:\/\/www.rp.umk.pl\/pl\/index.html\">http:\/\/www.rp.umk.pl\/pl\/index.html<\/a><\/p>\n<\/div><\/div>\n\t\t\t\t<\/li>\n\t\t\t \t<li class=\"event konferencje-krajowe\">\n\t\t\t\t\t<div class=\"event-date multi-date\"><div class=\"startdate\"><div class=\"event-weekday\">Mon<\/div><div class=\"event-day\">14<\/div><div class=\"event-month\">Mar<\/div><div class=\"event-year\">2016<\/div><\/div><div class=\"enddate\"><div class=\"event-weekday\">Wed<\/div><div class=\"event-day\">16<\/div><div class=\"event-month\">Mar<\/div><div class=\"event-year\">2016<\/div><\/div><\/div>\n\t\t\t\t\t<div class=\"event-info multi-day\"><div class=\"event-title\"><h3><a href=\"https:\/\/cter.edu.pl\/?page_id=254&amp;lang=pl&amp;rest_route=%2Fwp%2Fv2%2Fpages%2F254&amp;event_id1=3351\">1st CTER CONGRESS<\/a><\/h3><\/div><span class=\"event-location\">Krak\u00f3w<\/span><div class=\"event-content\"><p>The 1st CTER Congress will focus on a broad spectrum of issues pertaining to translation\u00a0pedagogy, including those which relate to the educational stakeholders, teaching content\u00a0and methodology involved in the process of translator education.\u00a0Therefore, we invite specialists from the field of translation pedagogy and professional\u00a0translators to participate in the event. We sincerely hope that the Congress will create an\u00a0opportunity to examine the current state of affairs in the field, both on a theoretical and\u00a0practical plane, reflect on the findings and share inspirations with a view to shaping the path\u00a0of future development for translation pedagogy, along with effective classroom solutions\u00a0which could facilitate the process of translator training.<\/p>\n<p>Conference topics of interest include, but are not limited to:<\/p>\n<p>Competencies of professional translators and translator trainers<\/p>\n<p>\uf0b7 How to conceptualize the profile of professional translators?<\/p>\n<p>\uf0b7 How to conceptualise the profile of translator trainers?<\/p>\n<p>\uf0b7 Reconciling the role of a pedagogue with the role of a translator; professional translators vs.\u00a0professional translation teachers.<\/p>\n<p>Teaching curricula and courses<\/p>\n<p>\uf0b7 Curriculum and syllabus design;<\/p>\n<p>\uf0b7 Curricula in response to market demands;<\/p>\n<p>\uf0b7 Course content;<\/p>\n<p>\uf0b7 Teaching specialised translation;<\/p>\n<p>\uf0b7 The beginner versus the professional level in the training process, pedagogical progression;<\/p>\n<p>\uf0b7 Modes of specialization (by types of translation, by translation problems);<\/p>\n<p>\uf0b7 The problem of directionality in teaching;<\/p>\n<p>\uf0b7 Translation assessment;<\/p>\n<p>\uf0b7 Planning formative assessment in the classroom, designing assessment activities,<\/p>\n<p>implementation;<\/p>\n<p>\uf0b7 Combining professional and pedagogical assessment;<\/p>\n<p>\uf0b7 Evaluation of curricula and courses.<\/p>\n<p>TS research and methodologies in Translation Pedagogy<\/p>\n<p>\uf0b7 Implementing translation research in translation pedagogy;<\/p>\n<p>\uf0b7 Process research towards enhancing translator skills and competencies;<\/p>\n<p>\uf0b7 Socio-constructivism;<\/p>\n<p>\uf0b7 Action Research;<\/p>\n<p>\uf0b7 Cognitive framework;<\/p>\n<p>\uf0b7 Hermeneutic approaches;<\/p>\n<p>\uf0b7 Functionalist methodologies;<\/p>\n<p>\uf0b7 Classroom procedures vs. e-learning.<\/p>\n<p>Between professional realism and tradtional translator training<\/p>\n<p>\uf0b7 The institutional setting;<\/p>\n<p>\uf0b7 Transfer of knowledge between academia and the workplace;<\/p>\n<p>\uf0b7 Market demands, its fragmentation and dynamics;<\/p>\n<p>\uf0b7 Adapting training to the workplace;<\/p>\n<p>\uf0b7 Integrating real-life projects;<\/p>\n<p>\uf0b7 The interface between the market and the academia \u2013 student internships;<\/p>\n<p>Technologies in translator education<\/p>\n<p>\uf0b7 Academic environment vs. new technologies;<\/p>\n<p>\uf0b7 MT integration into teaching;<\/p>\n<p>\uf0b7 Technology in the classroom; using on-line platforms;<\/p>\n<p>\uf0b7 E-learning;<\/p>\n<p>\uf0b7 Telecollaboration.<\/p>\n<p>Classroom dynamics<\/p>\n<p>\uf0b7 Adjustment of classroom activities to class objectives;<\/p>\n<p>\uf0b7 Individual learning styles in the classroom;<\/p>\n<p>\uf0b7 Teaching of teamwork and project management.<\/p>\n<p>Evaluation<\/p>\n<p>\uf0b7 Self-evaluation and peer evaluation;<\/p>\n<p>\uf0b7 Types of assignment \u2013 out-of-class and in-class interaction;<\/p>\n<p>\uf0b7 Evaluation modes;<\/p>\n<p>Types of sessions<\/p>\n<p>The conference will comprise a number of plenary lectures by renowned scholars, panel\u00a0discussions and paper presentations.<\/p>\n<p>Presentations: The standard length for presentations will be 30 minutes (20 minutes for\u00a0presentation plus 10 minutes for discussion).<\/p>\n<p>Panel discussions: 90 minutes<\/p>\n<p>The languages of the conference are English and Polish.<\/p>\n<p>Organising Committee<\/p>\n<p>prof. UP dr hab. Maria Piotrowska<\/p>\n<p>dr Mariusz Marczak<\/p>\n<p>dr Paulina Pietrzak<\/p>\n<p>mgr Ma\u0142gorzata Bro\u017cyna<\/p>\n<p>Nune Ayvazyan, MA<\/p>\n<p><strong>Important Dates<\/strong><\/p>\n<p>Closing date for submission of abstracts: November 30th, 2015<\/p>\n<p>Abstract acceptance notification: December 19th, 2015<\/p>\n<p>Deadline for the registration fee: January 25th, 2016<\/p>\n<p>Conference fee<\/p>\n<p>The conference fee is 450 PLN (140 EUR) and covers materials and coffee breaks. An extra\u00a0fee of 120 PLN (40 EUR) will be charged for those participants who wish to attend the\u00a0closing banquet.<\/p>\n<p>NB: Travel and accommodation costs are to be covered individually by each conference\u00a0participant. Information on recommended hotels will be available on the conference website.<\/p>\n<p>Further details will be provided in the Second Circular in October.<\/p>\n<p>Contact:<\/p>\n<p>Ma\u0142gorzata Bro\u017cyna Pedagogical University of Cracow<\/p>\n<p>Conference Secretary Chair for Translator Education<\/p>\n<p>e-mail: cter2016@gmail.com ul. Karmelicka 41<\/p>\n<p>31-128 Krak\u00f3w<\/p>\n<p>cter2016@gmail.com<\/p>\n<p>&nbsp;<\/p>\n<\/div><\/div>\n\t\t\t\t<\/li>\n\t\t\t \t<li class=\"event konferencje-zagraniczne\">\n\t\t\t\t\t<div class=\"event-date multi-date\"><div class=\"startdate\"><div class=\"event-weekday\">Fri<\/div><div class=\"event-day\">11<\/div><div class=\"event-month\">Mar<\/div><div class=\"event-year\">2016<\/div><\/div><div class=\"enddate\"><div class=\"event-weekday\">Sun<\/div><div class=\"event-day\">13<\/div><div class=\"event-month\">Mar<\/div><div class=\"event-year\">2016<\/div><\/div><\/div>\n\t\t\t\t\t<div class=\"event-info multi-day\"><div class=\"event-title\"><h3><a href=\"https:\/\/cter.edu.pl\/?page_id=254&amp;lang=pl&amp;rest_route=%2Fwp%2Fv2%2Fpages%2F254&amp;event_id1=3350\">2016 Conference of the Department of English Language and Literature<\/a><\/h3><\/div><span class=\"event-location\">Skopje, Macedonia<\/span><div class=\"event-content\"><p><a href=\"http:\/\/www.linguistlist.org\/callconf\/browse-conf-action.cfm?ConfID=225956\">2016 Conference of the Department of English Language and Literature - Skopje, Macedonia <\/a><\/p>\n<\/div><\/div>\n\t\t\t\t<\/li>\n\t\t\t \t<li class=\"event konferencje-zagraniczne\">\n\t\t\t\t\t<div class=\"event-date multi-date\"><div class=\"startdate\"><div class=\"event-weekday\">Thu<\/div><div class=\"event-day\">10<\/div><div class=\"event-month\">Mar<\/div><div class=\"event-year\">2016<\/div><\/div><div class=\"enddate\"><div class=\"event-weekday\">Sat<\/div><div class=\"event-day\">12<\/div><div class=\"event-month\">Mar<\/div><div class=\"event-year\">2016<\/div><\/div><\/div>\n\t\t\t\t\t<div class=\"event-info multi-day\"><div class=\"event-title\"><h3><a href=\"https:\/\/cter.edu.pl\/?page_id=254&amp;lang=pl&amp;rest_route=%2Fwp%2Fv2%2Fpages%2F254&amp;event_id1=3349\">Language in Focus - From Theory to Practice: New Directions in ELT and Applied Linguistics<\/a><\/h3><\/div><span class=\"event-location\">Stambu\u0142, Turcja<\/span><div class=\"event-content\"><p><a href=\"http:\/\/www.linguistlist.org\/callconf\/browse-conf-action.cfm?ConfID=207256\">Language in Focus - From Theory to Practice: New Directions in ELT and Applied Linguistics <\/a><\/p>\n<\/div><\/div>\n\t\t\t\t<\/li>\n\t\t\t \t<li class=\"event konferencje-zagraniczne\">\n\t\t\t\t\t<div class=\"event-date multi-date\"><div class=\"startdate\"><div class=\"event-weekday\">Sun<\/div><div class=\"event-day\">06<\/div><div class=\"event-month\">Dec<\/div><div class=\"event-year\">2015<\/div><\/div><div class=\"enddate\"><div class=\"event-weekday\">Tue<\/div><div class=\"event-day\">08<\/div><div class=\"event-month\">Dec<\/div><div class=\"event-year\">2015<\/div><\/div><\/div>\n\t\t\t\t\t<div class=\"event-info multi-day\"><div class=\"event-title\"><h3><a href=\"https:\/\/cter.edu.pl\/?page_id=254&amp;lang=pl&amp;rest_route=%2Fwp%2Fv2%2Fpages%2F254&amp;event_id1=3348\">Communication in Multicultural Society<\/a><\/h3><\/div><span class=\"event-location\">Moskwa, Rosja<\/span><div class=\"event-content\"><p><a href=\"http:\/\/www.linguistlist.org\/callconf\/browse-conf-action.cfm?ConfID=224296\">Communication in Multicultural Society <\/a><\/p>\n<\/div><\/div>\n\t\t\t\t<\/li>\n\t\t\t \t<li class=\"event konferencje-krajowe\">\n\t\t\t\t\t<div class=\"event-date multi-date\"><div class=\"startdate\"><div class=\"event-weekday\">Fri<\/div><div class=\"event-day\">20<\/div><div class=\"event-month\">Nov<\/div><div class=\"event-year\">2015<\/div><\/div><div class=\"enddate\"><div class=\"event-weekday\">Sat<\/div><div class=\"event-day\">21<\/div><div class=\"event-month\">Nov<\/div><div class=\"event-year\">2015<\/div><\/div><\/div>\n\t\t\t\t\t<div class=\"event-info multi-day\"><div class=\"event-title\"><h3><a href=\"https:\/\/cter.edu.pl\/?page_id=254&amp;lang=pl&amp;rest_route=%2Fwp%2Fv2%2Fpages%2F254&amp;event_id1=3347\">V konferencja z cyklu Imago mundi &quot;Teoria t\u0142umaczenia czy teorie t\u0142umacze\u0144?&quot;<\/a><\/h3><\/div><span class=\"event-location\">Warszawa<\/span><div class=\"event-content\"><p><strong>Instytut Lingwistyki Stosowanej<\/strong><\/p>\n<p><strong>Uniwersytetu Warszawskiego<\/strong><\/p>\n<p><strong>zaprasza do wzi\u0119cia udzia\u0142u w V konferencji z cyklu <em>Imago mundi<\/em> <\/strong><\/p>\n<p><strong>pod tytu\u0142em <\/strong><\/p>\n<p><strong><em>Teoria t\u0142umaczenia czy teorie t\u0142umacze\u0144?<\/em><\/strong><\/p>\n<p><strong>kt\u00f3ra odb\u0119dzie si\u0119 w dniach 20-21 listopada 2015 w Warszawie.<\/strong><\/p>\n<p>&nbsp;<\/p>\n<p>T\u0142umaczenie jest jedn\u0105 z najbardziej dynamicznie rozwijaj\u0105cych si\u0119 form dzia\u0142alno\u015bci ludzkiej. T\u0142umaczymy literatur\u0119 pi\u0119kn\u0105 i naukow\u0105, filmy, gry komputerowe, strony internetowe, dokumenty prawne, specyfikacje techniczne itd. Czy te r\u00f3\u017cne rodzaje t\u0142umaczenia maj\u0105 jaki\u015b wsp\u00f3lny mianownik? Czy istniej\u0105 problemy wsp\u00f3lne dla r\u00f3\u017cnych typ\u00f3w t\u0142umacze\u0144?<\/p>\n<p>Na kolejn\u0105 konferencj\u0119 z cyklu <em>Imago mundi<\/em> zapraszamy t\u0142umaczy i przek\u0142adoznawc\u00f3w zajmuj\u0105cych si\u0119 r\u00f3\u017cnymi formami t\u0142umacze\u0144 i interesuj\u0105cych si\u0119 r\u00f3\u017cnymi zagadnieniami przek\u0142adoznawczymi. Chcemy wsp\u00f3lnie zastanowi\u0107 si\u0119, czy mo\u017ce istnie\u0107 jedna teoria t\u0142umaczenia, czy te\u017c ka\u017cdy rodzaj t\u0142umacze\u0144 potrzebuje innych za\u0142o\u017ce\u0144 teoretycznych.<\/p>\n<p>&nbsp;<\/p>\n<p>Sw\u00f3j udzia\u0142 w sesji plenarnej potwierdzili m.in. prof. Roman Lewicki (UMCS) oraz prof. Jerzy Brzozowski (UJ).<\/p>\n<p>&nbsp;<\/p>\n<p>W trakcie konferencji przewidziana jest ponadto dyskusja panelowa, kt\u00f3ra b\u0119dzie po\u015bwi\u0119cona g\u0142\u00f3wnemu tematowi \u2013 wezm\u0105 w niej udzia\u0142 t\u0142umacze praktycy, zar\u00f3wno literatury pi\u0119knej, jak i tekst\u00f3w specjalistycznych.<\/p>\n<p>&nbsp;<\/p>\n<p><strong>J\u0119zykiem roboczym konferencji<\/strong> b\u0119dzie j\u0119zyk polski, cho\u0107 w przypadku zainteresowania uczestnik\u00f3w z o\u015brodk\u00f3w zagranicznych jeste\u015bmy w stanie zapewni\u0107 t\u0142umaczenie wyst\u0105pienia w j\u0119zyku angielskim, francuskim, hiszpa\u0144skim, niemieckim, rosyjskim.<\/p>\n<p>&nbsp;<\/p>\n<p><strong>Czas trwania wyst\u0105pienia<\/strong>:<\/p>\n<ul>\n<li>referat \u2013 20 minut,<\/li>\n<li>komunikat \u2013 10 minut.<\/li>\n<\/ul>\n<p>&nbsp;<\/p>\n<p><strong>Warunki uczestnictwa<\/strong>:<\/p>\n<p>&nbsp;<\/p>\n<p>Termin nades\u0142ania zg\u0142oszenia (formularza wraz ze streszczeniem): <strong>1 wrze\u015bnia 2015<\/strong>.<\/p>\n<p>Informacja o zakwalifikowaniu referatu: <strong>15 pa\u017adziernika 2015<\/strong>.<\/p>\n<p>Termin wniesienia op\u0142aty konferencyjnej: <strong>10 listopada 2015<\/strong>.<\/p>\n<p>&nbsp;<\/p>\n<p><strong>Dane konta<\/strong>:<\/p>\n<p>Uniwersytet Warszawski\/Instytut Lingwistyki Stosowanej<\/p>\n<p>Bank Millenium SA<\/p>\n<p>Ul. Stanis\u0142awa \u017baryna 2A<\/p>\n<p>02-593 Warszawa<\/p>\n<p>&nbsp;<\/p>\n<p>Kod SWIFT - BIGBPLPW<\/p>\n<p>Przelewy z zagranicy: IBAN - PL91 1160 2202 0000 0000 6084 9594<\/p>\n<p>Przelewy z Polski: 91 1160 2202 0000 0000 6084 9594<\/p>\n<p>&nbsp;<\/p>\n<p>Koniecznie z dopiskiem \"IMAGO MUNDI 5\u201d oraz imieniem i nazwiskiem uczestnika.<\/p>\n<p>Prosimy o uregulowanie op\u0142aty do dnia 10 listopada 2015.<\/p>\n<p>&nbsp;<\/p>\n<p>Op\u0142ata za udzia\u0142 w konferencji wynosi <strong>400 z\u0142<\/strong> (dla uczestnik\u00f3w z referatem), obejmuje publikacj\u0119 w tomie zbiorowym, materia\u0142y informacyjne, a tak\u017ce uroczyst\u0105 kolacj\u0119 w dniu 20 listopada 2015 oraz pocz\u0119stunek podczas przerw kawowych.<\/p>\n<p>Op\u0142ata nie obejmuje noclegu.<\/p>\n<p>W przypadku rezygnacji z konferencji op\u0142ata nie podlega zwrotowi. Wype\u0142niony formularz prosimy przes\u0142a\u0107 mailem jako za\u0142\u0105cznik pod adresem:<\/p>\n<p><strong>imagomundi.ils@uw.edu.pl<\/strong><\/p>\n<p>&nbsp;<\/p>\n<p>lub te\u017c poczt\u0105 b\u0105d\u017a faksem pod adresem:<\/p>\n<p>Instytut Lingwistyki Stosowanej UW<\/p>\n<ol>\n<li>Dobra 55<\/li>\n<\/ol>\n<p>00-312 Warszawa<\/p>\n<p>z dopiskiem \u201eImago mundi 2015\u201d<\/p>\n<p>&nbsp;<\/p>\n<p>UWAGA: Pracownicy Wydzia\u0142u Lingwistyki Stosowanej UW uczestnicz\u0105 w konferencji bez op\u0142at, za\u015b pracownicy innych wydzia\u0142\u00f3w UW mog\u0105 otrzyma\u0107 jedynie not\u0119 ksi\u0119gow\u0105.<\/p>\n<p>&nbsp;<\/p>\n<p>Je\u017celi b\u0119d\u0105 Pa\u0144stwo potrzebowali faktury VAT, prosimy o zaznaczenie tego w formularzu zg\u0142oszeniowym. W przypadku du\u017cej liczby zg\u0142osze\u0144 o zakwalifikowaniu referatu zdecyduje zgodno\u015b\u0107 z proponowan\u0105 tematyk\u0105 oraz kolejno\u015b\u0107 zg\u0142oszenia.<\/p>\n<p>&nbsp;<\/p>\n<p>Wybrane teksty zostan\u0105 opublikowane.<\/p>\n<p>&nbsp;<\/p>\n<p><strong>Organizatorzy: <\/strong><\/p>\n<p>Prof. UW dr hab. Krzysztof Hejwowski<\/p>\n<p>&nbsp;<\/p>\n<p><strong>Sekretarze<\/strong>:<\/p>\n<p>Dr Karolina D\u0119bska<\/p>\n<p>Dr Anna G\u0142ogowska<\/p>\n<p>Dr Anna Szcz\u0119sny<\/p>\n<p>Mgr Maciej Stanaszek<\/p>\n<\/div><\/div>\n\t\t\t\t<\/li>\n\t\t\t \t<li class=\"event konferencje-zagraniczne\">\n\t\t\t\t\t<div class=\"event-date multi-date\"><div class=\"startdate\"><div class=\"event-weekday\">Tue<\/div><div class=\"event-day\">27<\/div><div class=\"event-month\">Oct<\/div><div class=\"event-year\">2015<\/div><\/div><div class=\"enddate\"><div class=\"event-weekday\">Thu<\/div><div class=\"event-day\">29<\/div><div class=\"event-month\">Oct<\/div><div class=\"event-year\">2015<\/div><\/div><\/div>\n\t\t\t\t\t<div class=\"event-info multi-day\"><div class=\"event-title\"><h3><a href=\"https:\/\/cter.edu.pl\/?page_id=254&amp;lang=pl&amp;rest_route=%2Fwp%2Fv2%2Fpages%2F254&amp;event_id1=3346\">Conference on the Cultural Politics of Translation<\/a><\/h3><\/div><span class=\"event-time\">Kair<\/span><\/div>\n\t\t\t\t<\/li>\n\t\t\t \t<li class=\"event konferencje-krajowe\">\n\t\t\t\t\t<div class=\"event-date multi-date\"><div class=\"startdate\"><div class=\"event-weekday\">Thu<\/div><div class=\"event-day\">15<\/div><div class=\"event-month\">Oct<\/div><div class=\"event-year\">2015<\/div><\/div><div class=\"enddate\"><div class=\"event-weekday\">Fri<\/div><div class=\"event-day\">16<\/div><div class=\"event-month\">Oct<\/div><div class=\"event-year\">2015<\/div><\/div><\/div>\n\t\t\t\t\t<div class=\"event-info multi-day\"><div class=\"event-title\"><h3><a href=\"https:\/\/cter.edu.pl\/?page_id=254&amp;lang=pl&amp;rest_route=%2Fwp%2Fv2%2Fpages%2F254&amp;event_id1=3345\">Interdisciplinary Encounters \u2013 Dimensions of Interpreting Studies<\/a><\/h3><\/div><span class=\"event-location\">Sosnowiec<\/span><div class=\"event-content\"><p><a href=\"http:\/\/ija.us.edu.pl\/sub\/iedis\/index.htm\">http:\/\/ija.us.edu.pl\/sub\/iedis\/index.htm<\/a><\/p>\n<\/div><\/div>\n\t\t\t\t<\/li>\n\t\t\t \t<li class=\"event konferencje-krajowe\">\n\t\t\t\t\t<div class=\"event-date multi-date\"><div class=\"startdate\"><div class=\"event-weekday\">Fri<\/div><div class=\"event-day\">18<\/div><div class=\"event-month\">Sep<\/div><div class=\"event-year\">2015<\/div><\/div><div class=\"enddate\"><div class=\"event-weekday\">Sat<\/div><div class=\"event-day\">19<\/div><div class=\"event-month\">Sep<\/div><div class=\"event-year\">2015<\/div><\/div><\/div>\n\t\t\t\t\t<div class=\"event-info multi-day\"><div class=\"event-title\"><h3><a href=\"https:\/\/cter.edu.pl\/?page_id=254&amp;lang=pl&amp;rest_route=%2Fwp%2Fv2%2Fpages%2F254&amp;event_id1=3344\">The Lodz Session of the 6th International Maastricht-Lodz Duo Colloquium on \u201cTranslation and Meaning\u201d<\/a><\/h3><\/div><span class=\"event-time\">\u0141\u00f3d\u017a (Polska)<\/span><span class=\"event-location\">Institute of English Studies of the University of Lodz, Poland<\/span><div class=\"event-content\"><p>First Circular and Call for Papers for<\/p>\n<p><b>The Lodz Session of the 6th International Maastricht-Lodz Duo Colloquium on<\/b><\/p>\n<p><b>\u201c<\/b><b>Translation and Meaning<\/b><b>\u201d<\/b><b><\/b><\/p>\n<p><b>\u00a0Lodz (Poland), 18 <\/b><b>\u2013 <\/b><b>19 September 2015<\/b><\/p>\n<p>The Lodz Session of the 6th International Maastricht-Lodz Duo Colloquium on \u201cTranslation and Meaning\u201d will be organized by the Institute of English Studies of the University of Lodz, Poland.<\/p>\n<p>The 2015 Lodz Session will be geared towards theory, and will deal with theoretical aspects of the central theme of the Duo Colloquium and the sub-themes suggested for it. The central theme is \u201cTranslation and Meaning\u201d and the sub-themes are:<\/p>\n<table border=\"0\" cellspacing=\"0\" cellpadding=\"0\">\n<tbody>\n<tr>\n<td valign=\"top\" width=\"29\"><b>A)<\/b><\/td>\n<td colspan=\"3\" valign=\"top\" width=\"585\"><b>meaning in translation\/interpreting from the point of view of:<\/b><\/td>\n<\/tr>\n<tr>\n<td valign=\"top\" width=\"29\"><\/td>\n<td valign=\"top\" width=\"17\">1<\/td>\n<td valign=\"top\" width=\"34\">(a)<\/td>\n<td valign=\"top\" width=\"534\">cognitive sciences (e.g. think-aloud protocols and other modes of reflection,<\/td>\n<\/tr>\n<\/tbody>\n<\/table>\n<p>prototypicality, etc.)\u00a0\u00a0(b)computer-assisted translation training, electronic teaching\/learning environments, distance teaching.\/learning\u00a0\u00a0(c)corpus linguistics and language corpora\u00a0\u00a0(d)history of translation\u00a0\u00a0(e)lexicology, lexicography\u00a0\u00a0(f)local translation\/interpreting programmes\u00a0\u00a0(g)machine translation, machine-aided translation, other computer aids, combinations of computer aids\u00a0\u00a0(h)new theoretical\/practical developments\u00a0\u00a0(i)philosophy \/ the philosophy of language, etc.\u00a0\u00a0(j)pragmatics, semantics, semiotics\u00a0\u00a0(k)psycholinguistics, psychology\u00a0\u00a0(l)sociolinguistics\/sociology and minority status, institutionalised multilingualism, interculturality, cultural identity\u00a0\u00a0(m)software localisation\u00a0\u00a0(n)subtitling, dubbing and other forms of audiovisual translation\u00a0\u00a0(o)terminology, conceptuology, expert systems (e.g. term-word distinction, automated term extraction, etc.)\u00a0\u00a0(p)text linguistics (e.g. text typology, text analysis, etc.)\u00a0\u00a0(q)the interplay between theory and practice\u00a0\u00a0(r)translation theory, translation studies\u00a0\u00a0(s)various types of translating\/interpreting\u00a02(a)the relation between translator\/interpreter and client\/customer\u00a0\u00a0(b)the student of translation\/interpreting\u00a0\u00a0(c)the translation trainer\/the trainer of interpreting\u00a0\u00a0(d)the translator\/interpreter<\/p>\n<p>&nbsp;<\/p>\n<p>&nbsp;<\/p>\n<table border=\"0\" cellspacing=\"0\" cellpadding=\"0\">\n<tbody>\n<tr>\n<td valign=\"top\" width=\"29\"><b>B)<\/b><\/td>\n<td colspan=\"3\" valign=\"top\" width=\"585\"><b>meaning in the translation\/interpretation of:<\/b><\/td>\n<\/tr>\n<tr>\n<td valign=\"top\" width=\"29\"><\/td>\n<td valign=\"top\" width=\"17\">1<\/td>\n<td valign=\"top\" width=\"34\">(a)<\/td>\n<td valign=\"top\" width=\"534\">the language of economics \/ business<\/td>\n<\/tr>\n<tr>\n<td valign=\"top\" width=\"29\"><\/td>\n<td valign=\"top\" width=\"17\"><\/td>\n<td valign=\"top\" width=\"34\">(b)<\/td>\n<td valign=\"top\" width=\"534\">the language of law \/ politics<\/td>\n<\/tr>\n<tr>\n<td valign=\"top\" width=\"29\"><\/td>\n<td valign=\"top\" width=\"17\"><\/td>\n<td valign=\"top\" width=\"34\">(c)<\/td>\n<td valign=\"top\" width=\"534\">the language of media and the arts<\/td>\n<\/tr>\n<tr>\n<td valign=\"top\" width=\"29\"><\/td>\n<td valign=\"top\" width=\"17\"><\/td>\n<td valign=\"top\" width=\"34\">(d)<\/td>\n<td valign=\"top\" width=\"534\">the language of medicine \/ biology<\/td>\n<\/tr>\n<tr>\n<td valign=\"top\" width=\"29\"><\/td>\n<td valign=\"top\" width=\"17\"><\/td>\n<td valign=\"top\" width=\"34\">(e)<\/td>\n<td valign=\"top\" width=\"534\">the language of science \/ technology \/ IT<\/td>\n<\/tr>\n<tr>\n<td valign=\"top\" width=\"29\"><\/td>\n<td valign=\"top\" width=\"17\"><\/td>\n<td valign=\"top\" width=\"34\">(f)<\/td>\n<td valign=\"top\" width=\"534\">the language of tourism\/leisure<\/td>\n<\/tr>\n<tr>\n<td valign=\"top\" width=\"29\"><\/td>\n<td valign=\"top\" width=\"17\">2<\/td>\n<td valign=\"top\" width=\"34\">(a)<\/td>\n<td valign=\"top\" width=\"534\">holy scriptures<\/td>\n<\/tr>\n<tr>\n<td valign=\"top\" width=\"29\"><\/td>\n<td valign=\"top\" width=\"17\"><\/td>\n<td valign=\"top\" width=\"34\">(b)<\/td>\n<td valign=\"top\" width=\"534\">literature<\/td>\n<\/tr>\n<tr>\n<td valign=\"top\" width=\"29\"><\/td>\n<td valign=\"top\" width=\"17\"><\/td>\n<td valign=\"top\" width=\"34\">(c)<\/td>\n<td valign=\"top\" width=\"534\">LSP <i>vs.<\/i> general language <i>vs.<\/i> phraseology <i>vs.<\/i> terminology, etc.<\/td>\n<\/tr>\n<tr>\n<td valign=\"top\" width=\"29\"><\/td>\n<td valign=\"top\" width=\"17\"><\/td>\n<td valign=\"top\" width=\"34\">(d)<\/td>\n<td valign=\"top\" width=\"534\">allusions, figurative language, jokes, metaphors, etc.<\/td>\n<\/tr>\n<\/tbody>\n<\/table>\n<p>&nbsp;<\/p>\n<p>&nbsp;<\/p>\n<table border=\"0\" cellspacing=\"0\" cellpadding=\"0\">\n<tbody>\n<tr>\n<td valign=\"top\" width=\"29\"><b>C)<\/b><\/td>\n<td valign=\"top\" width=\"585\"><b>quality assessment of translation\/interpreting and modes\/modalities of training<\/b><\/td>\n<\/tr>\n<\/tbody>\n<\/table>\n<p>&nbsp;<\/p>\n<p>&nbsp;<\/p>\n<table border=\"0\" cellspacing=\"0\" cellpadding=\"0\">\n<tbody>\n<tr>\n<td valign=\"top\" width=\"29\"><b>D)<\/b><\/td>\n<td colspan=\"2\" valign=\"top\" width=\"585\"><b>The role of translation methods\/strategies in:<\/b><\/td>\n<\/tr>\n<tr>\n<td valign=\"top\" width=\"29\"><\/td>\n<td valign=\"top\" width=\"17\">1<\/td>\n<td valign=\"top\" width=\"568\">the actual practice of translating\/interpreting<\/td>\n<\/tr>\n<tr>\n<td valign=\"top\" width=\"29\"><\/td>\n<td valign=\"top\" width=\"17\">2<\/td>\n<td valign=\"top\" width=\"568\">the training of translation\/interpreting<\/td>\n<\/tr>\n<\/tbody>\n<\/table>\n<p>&nbsp;<\/p>\n<p>&nbsp;<\/p>\n<p><i>Note that this list is not exhaustive.<\/i><\/p>\n<p>Participation is open to translators, interpreters, teachers of translation, teachers of interpreting, linguists, terminologists, terminographers, computer specialists, lexicographers, publishers, etc.<\/p>\n<p><b>Venue for Lodz<\/b>: The Lodz session will be held at the Faculty of Philology \/ Institute of English Studies of the University of Lodz, 171\/173 Pomorska Street, 90-236 Lodz.<\/p>\n<p>A selection of the contributions will be published in the form of proceedings. Contributors should focus their paper on the central theme of the overall Duo Colloquium, i.e<i>. <\/i><i>\u201cTranslation and Meaning<\/i>\u201d.<\/p>\n<p><b>Abstracts<\/b>: The deadline for submission of abstracts for the Lodz session is <b>1 May 2015<\/b>. Notification of acceptance will be emailed to participants by May 15<sup>th<\/sup>.<\/p>\n<p>Participants intending to give a paper should send a 300-400 word abstract of their paper to the Chairman of the Lodz Organizing Committee Prof. \u0141ukasz Bogucki. Please send abstracts by email as Word attachments<b> (bogus@uni.lodz.pl<\/b>). The abstract should contain the title of the paper, the name(s) and academic title(s) of the author(s), the full name(s) and address(es) of the affiliation(s)\/institute(s) of the author(s), and, in the top right hand corner, the sub-theme(s) (see the list of sub-themes) that the paper covers.<\/p>\n<p>The language of papers can be English, German or French.<\/p>\n<p><b>Colloquium languages<\/b>: The languages of the Lodz session will be English, German and French.<\/p>\n<p><b>Registration<\/b>: Participants are expected for registration on Friday, 18 September 2015 between 09.00h and 10.00h. Location: 171\/173 Pomorska Street, 90-236<b> L<\/b>odz.<\/p>\n<p><b>Provisional programme<\/b>: The academic programme starts on Friday, 18 September 2015 at 10.00h and finishes on Saturday 19 September around 18.00h.<\/p>\n<p>Individual lectures (in a number of parallel sessions) will be of 30 minutes, followed by not more than 10 minutes of discussion. The programme and format of the presentations will depend on the number of participants attending and may be altered accordingly.<\/p>\n<p>Participants will receive the final programme and the volume of abstracts on registration.<\/p>\n<p>The Lodz session will be rather informal, thus giving all participants the opportunity to exchange ideas.<\/p>\n<p>&nbsp;<\/p>\n<p><b>Technical equipment<\/b>: For every participant giving a paper at the Lodz session it is possible to make use of the following equipment:<\/p>\n<ul>\n<li>whiteboard<\/li>\n<li>overhead projector<\/li>\n<li>laptop computer and Power Point projector<\/li>\n<\/ul>\n<p><b>Proceedings<\/b>: A selection of contributions will be published by Peter Lang (Frankfurt\/Main, Berlin). Authors whose papers have been accepted for inclusion will receive a style guide for the preparation of a camera-ready version together with the letter of acceptance. The proceedings of the Lodz session will be published after the session.<\/p>\n<p><b>\u00a0Deadline for submission of proceedings<\/b>: Since the Lodz Organizing Committee has made arrangements to publish the proceedings of the Lodz session within as short a time after the event as possible, papers for inclusion in these proceedings should be submitted <b>BEFORE 1 November 2015.<\/b><\/p>\n<p><b>PAPERS RECEIVED AFTER THE 1<sup>ST<\/sup> OF NOVEMBER 2015 WILL NOT BE INCLUDED.<\/b><\/p>\n<p><b>Conditions for submission of papers<\/b>: Authors should send their papers as an attachment in Microsoft Word and as a pdf file. Other word processing programmes cannot be handled. For the deadline for submission, see above.<\/p>\n<p>The article should contain the title of the paper, the name(s) and academic title(s) of the author(s), the full name(s) and address(es) of the affiliation(s)\/institute(s) of the author(s), and, in the top right hand corner, the sub-theme(s) (see the list of sub-themes) that the paper covers.<\/p>\n<p>The language of papers can be English, German or French.<\/p>\n<p><b>The maximum length of papers is 5600 words (inclusive of page headers, appendices and list of references)<\/b>. Further specifications will be given in the style sheet.<\/p>\n<p>Papers submitted for inclusion in the proceedings should comply with the conditions stated in the style sheet.<\/p>\n<p><b>Copyright<\/b>: Authors are responsible for observing the laws of copyright when quoting or reproducing material. For all matters concerning copyright please contact the Chairperson\/Secretary of the Maastricht Organizing Committee.<\/p>\n<p><b>\u00a0Colloquium fee<\/b>: The fee is <b>\u20ac200 (two hundred euros).<\/b> This includes registration, the academic programme, the social programme, coffee breaks, a copy of the abstracts, and all other documentation. The fee does not cover accommodation and full board on the two days of the Lodz session nor a copy of the proceedings. Details concerning accommodation will be given in the Second Circular.<\/p>\n<p><b>NOTE<\/b>: <b>Early-bird registration fee (before 1June 2015) is<\/b> <b>\u20ac175.<\/b><\/p>\n<p><b>Cash payment on arrival incurs a 10% cash-handling fee (the total fee is then <\/b><b>\u20ac220).<\/b><\/p>\n<p><b>Students<\/b><b>\u2019 fee is <\/b><b>\u20ac100. Please bring proof of your student status.<\/b><\/p>\n<p><b>Subsidised fee for Polish participants living and working in Poland is PLN 450.<\/b><\/p>\n<p>&nbsp;<\/p>\n<p><b>Organising Committee<\/b>:<\/p>\n<p>- Prof. Ordinarius dr hab. Barbara Lewandowska-Tomaszczyk (honorary chair)<\/p>\n<p>- Prof. dr hab. \u0141ukasz Bogucki (chair)<\/p>\n<p>- Prof. U\u0141 dr hab. Stanis\u0142aw Go\u017ad\u017a-Roszkowski<\/p>\n<p>- Dr hab. Jacek Wali\u0144ski<\/p>\n<p>- Dr Miko\u0142aj Deckert\u00a0(scientific secretary)<\/p>\n<p>- Dr Paulina Pietrzak<\/p>\n<p>- Mr Janusz Wr\u00f3blewski <b><\/b><\/p>\n<p><b>\u00a0<\/b>INQUIRIES SHOULD BE ADDRESSED TO THE ORGANIZERS:<\/p>\n<p>Prof. dr hab. \u0141ukasz Bogucki<\/p>\n<p>University of Lodz<\/p>\n<p>Institute of English Studies<\/p>\n<p>Department of Translation Studies<\/p>\n<p>171\/173 Pomorska Street, 90-236 Lodz, Poland<\/p>\n<p>tel., fax.: (+48 42) 6655220<\/p>\n<p>e-mail: bogus@uni.lodz.pl<\/p>\n<p><b><span style=\"text-decoration: underline;\">PRE-REGISTRATION INFORMATION<\/span><\/b><\/p>\n<p><b>NAME:<\/b><\/p>\n<p><b>\u00a0ADDRESS:<\/b><\/p>\n<p><b>\u00a0TELEPHONE:<\/b><\/p>\n<p><b>FAX:<\/b><\/p>\n<p><b>E-MAIL:<\/b><\/p>\n<p><b>\u00a0INSTITUTION\/AFFILIATION:<\/b><\/p>\n<p><b>\u00a0PAPER TOPIC:<\/b><\/p>\n<p><b>\u00a0PARTICIPATION WITHOUT PAPER (TICK HERE <\/b><b>\u25a1<\/b><b>)<\/b><\/p>\n<\/div><\/div>\n\t\t\t\t<\/li>\n\t\t\t \t<li class=\"event konferencje-zagraniczne\">\n\t\t\t\t\t<div class=\"event-date single-date\"><div class=\"enddate\"><div class=\"event-weekday\">Fri<\/div><div class=\"event-day\">04<\/div><div class=\"event-month\">Sep<\/div><div class=\"event-year\">2015<\/div><\/div><\/div>\n\t\t\t\t\t<div class=\"event-info multi-day\"><div class=\"event-title\"><h3><a href=\"https:\/\/cter.edu.pl\/?page_id=254&amp;lang=pl&amp;rest_route=%2Fwp%2Fv2%2Fpages%2F254&amp;event_id1=3343\">NEW PERSPECTIVES IN ASSESSMENT IN TRANSLATION TRAINING: BRIDGING THE GAP BETWEEN ACADEMIC AND PROFESSIONAL ASSESSMENT<\/a><\/h3><\/div><span class=\"event-location\">University of Westminster, London<\/span><div class=\"event-content\"><div class=\"gmail_quote\">\n<div dir=\"ltr\">\n<div>\n<div dir=\"ltr\">\n<div dir=\"ltr\">\n<div dir=\"ltr\">\n<div dir=\"ltr\">\n<div dir=\"ltr\">\n<div dir=\"ltr\">\n<div dir=\"ltr\">\n<div dir=\"ltr\">\n<div dir=\"ltr\">\n<div dir=\"ltr\">\n<p><strong>CALL FOR PAPERS<\/strong><\/p>\n<p>Since translation established itself as a profession and an academic discipline, translation assessment has evolved and become more complex due to the fast and significant changes affecting the industry and the emergence of new approaches to quality in translation training (Drugan, 2013: 185; Saldanha and O'Brien, 2014: 95). Research into assessment in translation has tended to focus on literary translation, but \u2018this field of research includes two other areas, each with its own characteristics: assessment of professionals at work and assessment of trainee translators\u2019 (Melis and Hurtado Albir, 2001: 272). These two areas of research reflect the dichotomy between the professional conceptualisation of assessment criteria and those of the specialised translation courses in universities. It is these two areas of assessment that this conference wishes to focus on.<\/p>\n<p>Investigating in what ways universities assess trainee translators can reveal the underlying understandings of what translation is, what skills or competences are needed and should be tested. Assessment in professional contexts also seeks reliable and valid criteria but their focus has been on the processes for ensuring quality rather than elaborating the nature of the quality. The professional conceptions of quality assume an understanding of what is good, but the academic approach is to \u2018problematize\u2019 the notion of quality and how it is assessed (Chesterman, 2002:88). This difference in approach is seen as a gap between academic theorising and the real world pragmatics of professional assessment.<\/p>\n<p>Rather than dismissing the professional assessment criteria as under theorised, some advocate these criteria can inform the way that translation is understood and taught in the universities. The advent of a new global ISO translation specific quality standard could provide the opportunity for both professional and academic understandings of translation to interact, reducing the gap that exists at present.<\/p>\n<p>The conference hopes to reflect these key themes in translation assessment. In particularly, but not exclusively, we welcome papers on the following topics:<\/p>\n<p>\u00b7\u00a0Bridging the gap between pedagogy and the profession: is this dichotomy necessary or should it be overcome?<\/p>\n<p>\u00b7\u00a0New perspectives in assessment practices and instruments in translation training curricula<\/p>\n<p>\u00b7\u00a0Translation quality assessment models and instruments for research purposes<\/p>\n<p>\u00b7\u00a0Diagnostic, summative and formative assessment: strategies, criteria and procedures \u00a0\u00a0for effective assessment<\/p>\n<p>\u00b7\u00a0Process-oriented assessment models: diagnosing learning difficulties during the learning process<\/p>\n<p>\u00b7\u00a0Product-oriented assessment models: readability, comprehensibility, acceptability and usability<\/p>\n<p>\u00b7\u00a0Defining and testing translation competence to shape clear assessment criteria<\/p>\n<p><strong>Keynote speaker:<\/strong><\/p>\n<p>Professor Dorothy Kelly, University of Granada<\/p>\n<p><strong>\u00a0<\/strong><strong>Timeline and key dates:<\/strong><\/p>\n<p>Deadline for abstract submission: 16th March 2015<\/p>\n<p>Notification of acceptance: end of April 2015<\/p>\n<p>Conference: 4 September 2015<\/p>\n<p>Submission of draft papers: to be confirmed<\/p>\n<p>Submission of full papers (according to style sheet): to be confirmed<\/p>\n<p>Abstracts and full papers are to be submitted to Dr Elsa Huertas Barros (<a href=\"mailto:e.huertasbarros@westminster.ac.uk\" target=\"_blank\">e.huertasbarros@westminster.<wbr \/>ac.uk<\/a>), specifying \u2018Conference Assessment - September 2015\u2019 in the e-mail title.<\/p>\n<p><strong>\u00a0<\/strong><strong>Important information:<\/strong><\/p>\n<p>Submissions are accepted for both oral presentations and posters. Abstracts selected for oral presentation will consist of a 20-minute presentation followed by 10 minutes for questions and discussion. If the abstract is selected for a poster presentation, presenters will be allocated a space for exhibition and will have the opportunity to discuss their work with the participants during scheduled poster sessions.<\/p>\n<p>Conference language: English.<\/p>\n<p><strong>Publication:<\/strong><\/p>\n<p>A hard copy of abstracts will be distributed to the attendees at the conference.<\/p>\n<p>A selection of papers will be published in a special issue of<em>The Interpreter and Translator Trainer (ITT)<\/em>.<\/p>\n<p><strong>Programme:<\/strong><\/p>\n<p>The full programme will be available in May 2015 at:<\/p>\n<p><a href=\"http:\/\/www.westminster.ac.uk\/news-and-events\/events\" target=\"_blank\">http:\/\/www.westminster.ac.uk\/<wbr \/>news-and-events\/events<\/a><\/p>\n<p>The University of Westminster is a charity and a company limited by guarantee. Registration\u00a0number:\u00a0977818\u00a0<wbr \/>England. Registered\u00a0Office:\u00a0309\u00a0Regent\u00a0<wbr \/>Street,\u00a0London\u00a0W1B\u00a02UW.<\/p>\n<\/div>\n<\/div>\n<\/div>\n<\/div>\n<\/div>\n<\/div>\n<\/div>\n<\/div>\n<\/div>\n<\/div>\n<\/div>\n<div>\n<p>This message and its attachments are private and confidential. If you have received this message in error, please notify the sender and remove it and its attachments from your system.<\/p>\n<\/div>\n<\/div>\n<\/div>\n<p><br clear=\"all\" \/><\/p>\n<div><\/div>\n<p>--<\/p>\n<div>\n<div dir=\"ltr\">\n<div>Dr\u00a0 Anna\u00a0 K U Z N I K<\/div>\n<div>Stanowisko: adiunkt<\/div>\n<div>Funkcje organizacyjne:<br \/>\nOpiekun praktyk zawodowych - filologia francuska i hiszpanska<\/div>\n<div>Zaklad Translatologii<\/div>\n<div>Instytut Filologii Romanskiej<\/div>\n<div>Wydzial Filologiczny<\/div>\n<div>Uniwersytet Wroclawski<br \/>\nPlac Biskupa Nankiera 4<br \/>\n50-140 Wroclaw, Polska<\/p>\n<div><\/div>\n<div>Gabinet 4.4.<\/div>\n<div>Tel. <a href=\"tel:%2B48%20%2F%2071%20%2F%203752749\" target=\"_blank\">+48 \/ 71 \/ 3752749<\/a><\/div>\n<div><a href=\"mailto:Anna.Kuznik@uni.wroc.pl\" target=\"_blank\">Anna.Kuznik@uni.wroc.pl<\/a><\/div>\n<div><a href=\"http:\/\/www.ifr.uni.wroc.pl\/pl\/nasz-instytut\/pracownicy\/72-dr-kuznik-anna.html\" target=\"_blank\">http:\/\/www.ifr.uni.wroc.pl\/pl\/<wbr \/>nasz-instytut\/pracownicy\/72-<wbr \/>dr-kuznik-anna.html<\/a><\/div>\n<div><a href=\"http:\/\/grupsderecerca.uab.cat\/pacte\/\" target=\"_blank\">http:\/\/grupsderecerca.uab.cat\/<wbr \/>pacte\/<\/a><\/div>\n<\/div>\n<div><a href=\"http:\/\/pagines.uab.cat\/trec\/\" target=\"_blank\">http:\/\/pagines.uab.cat\/trec\/<\/a><\/div>\n<\/div>\n<\/div>\n<\/div><\/div>\n\t\t\t\t<\/li>\n\t\t\t \t<li class=\"event konferencje-zagraniczne\">\n\t\t\t\t\t<div class=\"event-date multi-date\"><div class=\"startdate\"><div class=\"event-weekday\">Wed<\/div><div class=\"event-day\">08<\/div><div class=\"event-month\">Jul<\/div><div class=\"event-year\">2015<\/div><\/div><div class=\"enddate\"><div class=\"event-weekday\">Fri<\/div><div class=\"event-day\">10<\/div><div class=\"event-month\">Jul<\/div><div class=\"event-year\">2015<\/div><\/div><\/div>\n\t\t\t\t\t<div class=\"event-info multi-day\"><div class=\"event-title\"><h3><a href=\"https:\/\/cter.edu.pl\/?page_id=254&amp;lang=pl&amp;rest_route=%2Fwp%2Fv2%2Fpages%2F254&amp;event_id1=3342\">20th European Symposium on Languages for Special Purposes, Multilingualism in Specialized Communication: Challenges and Opportunities in the Digital Age<\/a><\/h3><\/div><span class=\"event-time\">Wiede\u0144, Austria<\/span><\/div>\n\t\t\t\t<\/li>\n\t\t\t \t<li class=\"event konferencje-krajowe\">\n\t\t\t\t\t<div class=\"event-date multi-date\"><div class=\"startdate\"><div class=\"event-weekday\">Thu<\/div><div class=\"event-day\">25<\/div><div class=\"event-month\">Jun<\/div><div class=\"event-year\">2015<\/div><\/div><div class=\"enddate\"><div class=\"event-weekday\">Fri<\/div><div class=\"event-day\">26<\/div><div class=\"event-month\">Jun<\/div><div class=\"event-year\">2015<\/div><\/div><\/div>\n\t\t\t\t\t<div class=\"event-info multi-day\"><div class=\"event-title\"><h3><a href=\"https:\/\/cter.edu.pl\/?page_id=254&amp;lang=pl&amp;rest_route=%2Fwp%2Fv2%2Fpages%2F254&amp;event_id1=3341\">Konferencja Przek\u0142adoznawcza &quot;Norma w Przek\u0142adzie&quot;<\/a><\/h3><\/div><span class=\"event-location\">Katedra Iberystyki Akademia Techniczno-Humanistyczna w Bielsku-Bia\u0142ej<\/span><div class=\"event-content\"><p>Mo\u017cliwo\u015b\u0107 publikacji w \"Mi\u0119dzy Orygina\u0142em a Przek\u0142adem\", 8 pkt.<\/p>\n<\/div><\/div>\n\t\t\t\t<\/li>\n\t\t\t \t<li class=\"event konferencje-zagraniczne\">\n\t\t\t\t\t<div class=\"event-date multi-date\"><div class=\"startdate\"><div class=\"event-weekday\">Wed<\/div><div class=\"event-day\">24<\/div><div class=\"event-month\">Jun<\/div><div class=\"event-year\">2015<\/div><\/div><div class=\"enddate\"><div class=\"event-weekday\">Fri<\/div><div class=\"event-day\">26<\/div><div class=\"event-month\">Jun<\/div><div class=\"event-year\">2015<\/div><\/div><\/div>\n\t\t\t\t\t<div class=\"event-info multi-day\"><div class=\"event-title\"><h3><a href=\"https:\/\/cter.edu.pl\/?page_id=254&amp;lang=pl&amp;rest_route=%2Fwp%2Fv2%2Fpages%2F254&amp;event_id1=3340\">Transius Conference 2015<\/a><\/h3><\/div><span class=\"event-time\">Genewa, Szwajcaria<\/span><\/div>\n\t\t\t\t<\/li>\n\t\t\t \t<li class=\"event konferencje-krajowe\">\n\t\t\t\t\t<div class=\"event-date multi-date\"><div class=\"startdate\"><div class=\"event-weekday\">Fri<\/div><div class=\"event-day\">19<\/div><div class=\"event-month\">Jun<\/div><div class=\"event-year\">2015<\/div><\/div><div class=\"enddate\"><div class=\"event-weekday\">Sat<\/div><div class=\"event-day\">20<\/div><div class=\"event-month\">Jun<\/div><div class=\"event-year\">2015<\/div><\/div><\/div>\n\t\t\t\t\t<div class=\"event-info multi-day\"><div class=\"event-title\"><h3><a href=\"https:\/\/cter.edu.pl\/?page_id=254&amp;lang=pl&amp;rest_route=%2Fwp%2Fv2%2Fpages%2F254&amp;event_id1=3338\">Konferencja Naukowo-Edukacyjna \u2018J\u0119zyki specjalistyczne w badaniach i praktyce 2015: do\u015bwiadczenia, horyzonty, wyzwania\u2018<\/a><\/h3><\/div><span class=\"event-time\">Katowice, Polska<\/span><span class=\"event-location\">Mi\u0119dzywydzia\u0142owe Centrum J\u0119zyk\u00f3w Obcych i \u015al\u0105ska Szko\u0142a J\u0119zyk\u00f3w Biznesu Uniwersytetu Ekonomicznego w Katowicach<\/span><div class=\"event-content\"><p>Strona konferencji: <a href=\"http:\/\/http:\/\/www.ue.katowice.pl\/media\/wydarzenia\/konferencje-naukowe\/jezyki-specjalistyczne-w-badaniach-i-praktyce.html\" target=\"_blank\">http:\/\/www.ue.katowice.pl\/media\/wydarzenia\/konferencje-naukowe\/jezyki-specjalistyczne-w-badaniach-i-praktyce.html<\/a><\/p>\n<\/div><\/div>\n\t\t\t\t<\/li>\n\t\t\t \t<li class=\"event \">\n\t\t\t\t\t<div class=\"event-date multi-date\"><div class=\"startdate\"><div class=\"event-weekday\">Fri<\/div><div class=\"event-day\">19<\/div><div class=\"event-month\">Jun<\/div><div class=\"event-year\">2015<\/div><\/div><div class=\"enddate\"><div class=\"event-weekday\">Sun<\/div><div class=\"event-day\">21<\/div><div class=\"event-month\">Jun<\/div><div class=\"event-year\">2015<\/div><\/div><\/div>\n\t\t\t\t\t<div class=\"event-info multi-day\"><div class=\"event-title\"><h3><a href=\"https:\/\/cter.edu.pl\/?page_id=254&amp;lang=pl&amp;rest_route=%2Fwp%2Fv2%2Fpages%2F254&amp;event_id1=3339\">Tenth Conference on Legal Translation, Court Interpreting and Comparative Legilinguistics<\/a><\/h3><\/div><span class=\"event-time\">Pozna\u0144, Polska<\/span><span class=\"event-location\">Instytut J\u0119zykoznawstwa Uniwersytetu im. Adama Mickiewicza<\/span><div class=\"event-content\"><p>10 Mi\u0119dzynarodowa Konferencja Po\u015bwi\u0119cona Legilingwistyce, J\u0119zykoznawstwu S\u0105dowemu i Przek\u0142adowi Prawniczemu<\/p>\n<p>Strona konferencji: <a href=\"http:\/\/www.lingualegis.amu.edu.pl\/\" target=\"_blank\">http:\/\/www.lingualegis.amu.edu.pl\/<\/a><\/p>\n<\/div><\/div>\n\t\t\t\t<\/li>\n\t\t\t \t<li class=\"event konferencje-krajowe\">\n\t\t\t\t\t<div class=\"event-date multi-date\"><div class=\"startdate\"><div class=\"event-weekday\">Wed<\/div><div class=\"event-day\">17<\/div><div class=\"event-month\">Jun<\/div><div class=\"event-year\">2015<\/div><\/div><div class=\"enddate\"><div class=\"event-weekday\">Fri<\/div><div class=\"event-day\">19<\/div><div class=\"event-month\">Jun<\/div><div class=\"event-year\">2015<\/div><\/div><\/div>\n\t\t\t\t\t<div class=\"event-info multi-day\"><div class=\"event-title\"><h3><a href=\"https:\/\/cter.edu.pl\/?page_id=254&amp;lang=pl&amp;rest_route=%2Fwp%2Fv2%2Fpages%2F254&amp;event_id1=3337\">V Mi\u0119dzynarodowa Konferencja Naukowo-Dydaktyczna z cyklu \u201eW dialogu j\u0119zyk\u00f3w i kultur. Innowacje, dokonania i projekty\u201d<\/a><\/h3><\/div><span class=\"event-time\">Warszawa, Polska<\/span><span class=\"event-location\">Lingwistyczna Szko\u0142a Wy\u017csza<\/span><div class=\"event-content\"><p><a href=\"www.konferencja.lingwistyka.edu.pl\">www.konferencja.lingwistyka.edu.pl<\/a><\/p>\n<\/div><\/div>\n\t\t\t\t<\/li>\n\t\t\t \t<li class=\"event konferencje-krajowe\">\n\t\t\t\t\t<div class=\"event-date single-date\"><div class=\"enddate\"><div class=\"event-weekday\">Thu<\/div><div class=\"event-day\">11<\/div><div class=\"event-month\">Jun<\/div><div class=\"event-year\">2015<\/div><\/div><\/div>\n\t\t\t\t\t<div class=\"event-info multi-day\"><div class=\"event-title\"><h3><a href=\"https:\/\/cter.edu.pl\/?page_id=254&amp;lang=pl&amp;rest_route=%2Fwp%2Fv2%2Fpages%2F254&amp;event_id1=3336\">Language and Law \u2013 Traditions, Trends and Perspectives<\/a><\/h3><\/div><span class=\"event-time\">Bia\u0142ystok, Polska<\/span><span class=\"event-location\">University of Bia\u0142ystok<\/span><div class=\"event-content\"><p style=\"text-align: justify;\">The Conference aspires to provide a forum for sharing both theoretical and empirical findings, as well as pedagogical practices on the broad topic of Legal English. It is hoped that the contributions will cover issues concerning research traditions, current trends and perspectives in the subject area.<\/p>\n<\/div><\/div>\n\t\t\t\t<\/li>\n\t\t\t \t<li class=\"event konferencje-zagraniczne\">\n\t\t\t\t\t<div class=\"event-date multi-date\"><div class=\"startdate\"><div class=\"event-weekday\">Thu<\/div><div class=\"event-day\">04<\/div><div class=\"event-month\">Jun<\/div><div class=\"event-year\">2015<\/div><\/div><div class=\"enddate\"><div class=\"event-weekday\">Sat<\/div><div class=\"event-day\">06<\/div><div class=\"event-month\">Jun<\/div><div class=\"event-year\">2015<\/div><\/div><\/div>\n\t\t\t\t\t<div class=\"event-info multi-day\"><div class=\"event-title\"><h3><a href=\"https:\/\/cter.edu.pl\/?page_id=254&amp;lang=pl&amp;rest_route=%2Fwp%2Fv2%2Fpages%2F254&amp;event_id1=3335\">Translating Cultures<\/a><\/h3><\/div><span class=\"event-time\">Belgrad, Serbia<\/span><\/div>\n\t\t\t\t<\/li>\n\t\t\t \t<li class=\"event konferencje-zagraniczne\">\n\t\t\t\t\t<div class=\"event-date multi-date\"><div class=\"startdate\"><div class=\"event-weekday\">Wed<\/div><div class=\"event-day\">27<\/div><div class=\"event-month\">May<\/div><div class=\"event-year\">2015<\/div><\/div><div class=\"enddate\"><div class=\"event-weekday\">Fri<\/div><div class=\"event-day\">29<\/div><div class=\"event-month\">May<\/div><div class=\"event-year\">2015<\/div><\/div><\/div>\n\t\t\t\t\t<div class=\"event-info multi-day\"><div class=\"event-title\"><h3><a href=\"https:\/\/cter.edu.pl\/?page_id=254&amp;lang=pl&amp;rest_route=%2Fwp%2Fv2%2Fpages%2F254&amp;event_id1=3334\">CFP: 4th International Conference on Corpus Use and Learning to Translate<\/a><\/h3><\/div><span class=\"event-time\">Alicante, Hiszpania<\/span><div class=\"event-content\"><p><a href=\"http:\/\/dti.ua.es\/comenego\/iv-cult\" target=\"_blank\">http:\/\/dti.ua.es\/comenego\/iv-cult<\/a><\/p>\n<\/div><\/div>\n\t\t\t\t<\/li>\n\t\t\t \t<li class=\"event konferencje-zagraniczne\">\n\t\t\t\t\t<div class=\"event-date multi-date\"><div class=\"startdate\"><div class=\"event-weekday\">Sun<\/div><div class=\"event-day\">24<\/div><div class=\"event-month\">May<\/div><div class=\"event-year\">2015<\/div><\/div><div class=\"enddate\"><div class=\"event-weekday\">Mon<\/div><div class=\"event-day\">25<\/div><div class=\"event-month\">May<\/div><div class=\"event-year\">2015<\/div><\/div><\/div>\n\t\t\t\t\t<div class=\"event-info multi-day\"><div class=\"event-title\"><h3><a href=\"https:\/\/cter.edu.pl\/?page_id=254&amp;lang=pl&amp;rest_route=%2Fwp%2Fv2%2Fpages%2F254&amp;event_id1=3333\">ITI Conference 2015, Institute of Translation &amp; Interpreting<\/a><\/h3><\/div><span class=\"event-time\">Newcastle-upon-Tyne, Wielka Brytania<\/span><\/div>\n\t\t\t\t<\/li>\n\t\t\t \t<li class=\"event konferencje-zagraniczne\">\n\t\t\t\t\t<div class=\"event-date multi-date\"><div class=\"startdate\"><div class=\"event-weekday\">Fri<\/div><div class=\"event-day\">22<\/div><div class=\"event-month\">May<\/div><div class=\"event-year\">2015<\/div><\/div><div class=\"enddate\"><div class=\"event-weekday\">Sat<\/div><div class=\"event-day\">23<\/div><div class=\"event-month\">May<\/div><div class=\"event-year\">2015<\/div><\/div><\/div>\n\t\t\t\t\t<div class=\"event-info multi-day\"><div class=\"event-title\"><h3><a href=\"https:\/\/cter.edu.pl\/?page_id=254&amp;lang=pl&amp;rest_route=%2Fwp%2Fv2%2Fpages%2F254&amp;event_id1=3332\">CFP:19th International Symposium on Translation and Interpreting Teaching<\/a><\/h3><\/div><span class=\"event-time\">Tajwan<\/span><\/div>\n\t\t\t\t<\/li>\n\t\t\t \t<li class=\"event konferencje-zagraniczne\">\n\t\t\t\t\t<div class=\"event-date multi-date\"><div class=\"startdate\"><div class=\"event-weekday\">Thu<\/div><div class=\"event-day\">21<\/div><div class=\"event-month\">May<\/div><div class=\"event-year\">2015<\/div><\/div><div class=\"enddate\"><div class=\"event-weekday\">Fri<\/div><div class=\"event-day\">22<\/div><div class=\"event-month\">May<\/div><div class=\"event-year\">2015<\/div><\/div><\/div>\n\t\t\t\t\t<div class=\"event-info multi-day\"><div class=\"event-title\"><h3><a href=\"https:\/\/cter.edu.pl\/?page_id=254&amp;lang=pl&amp;rest_route=%2Fwp%2Fv2%2Fpages%2F254&amp;event_id1=3330\">The Maastricht Session of the 6th International Maastricht-Lodz Duo Colloquium on \u201cTranslation and Meaning\u201d<\/a><\/h3><\/div><span class=\"event-location\">Maastricht<\/span><\/div>\n\t\t\t\t<\/li>\n\t\t\t \t<li class=\"event konferencje-zagraniczne\">\n\t\t\t\t\t<div class=\"event-date multi-date\"><div class=\"startdate\"><div class=\"event-weekday\">Thu<\/div><div class=\"event-day\">21<\/div><div class=\"event-month\">May<\/div><div class=\"event-year\">2015<\/div><\/div><div class=\"enddate\"><div class=\"event-weekday\">Fri<\/div><div class=\"event-day\">22<\/div><div class=\"event-month\">May<\/div><div class=\"event-year\">2015<\/div><\/div><\/div>\n\t\t\t\t\t<div class=\"event-info multi-day\"><div class=\"event-title\"><h3><a href=\"https:\/\/cter.edu.pl\/?page_id=254&amp;lang=pl&amp;rest_route=%2Fwp%2Fv2%2Fpages%2F254&amp;event_id1=3331\">Here and Elsewhere in Translated Literature<\/a><\/h3><\/div><span class=\"event-time\">Arras, Francja<\/span><\/div>\n\t\t\t\t<\/li>\n\t\t\t \t<li class=\"event konferencje-krajowe\">\n\t\t\t\t\t<div class=\"event-date single-date\"><div class=\"enddate\"><div class=\"event-weekday\">Thu<\/div><div class=\"event-day\">14<\/div><div class=\"event-month\">May<\/div><div class=\"event-year\">2015<\/div><\/div><\/div>\n\t\t\t\t\t<div class=\"event-info multi-day\"><div class=\"event-title\"><h3><a href=\"https:\/\/cter.edu.pl\/?page_id=254&amp;lang=pl&amp;rest_route=%2Fwp%2Fv2%2Fpages%2F254&amp;event_id1=3329\">GLOBE 2015<\/a><\/h3><\/div><span class=\"event-time\">Warszawa, Polska<\/span><span class=\"event-location\">Instytut Lingwistyki Stosowanej, Uniwersytet Waszawski<\/span><div class=\"event-content\"><p>EAST \u2013 WEST EUROPEAN FORUM ON DISCOURSE: Talking \u2018discourse\u2019 in European linguistics: past, present and future<\/p>\n<\/div><\/div>\n\t\t\t\t<\/li>\n\t\t\t \t<li class=\"event konferencje-zagraniczne\">\n\t\t\t\t\t<div class=\"event-date multi-date\"><div class=\"startdate\"><div class=\"event-weekday\">Thu<\/div><div class=\"event-day\">07<\/div><div class=\"event-month\">May<\/div><div class=\"event-year\">2015<\/div><\/div><div class=\"enddate\"><div class=\"event-weekday\">Fri<\/div><div class=\"event-day\">08<\/div><div class=\"event-month\">May<\/div><div class=\"event-year\">2015<\/div><\/div><\/div>\n\t\t\t\t\t<div class=\"event-info multi-day\"><div class=\"event-title\"><h3><a href=\"https:\/\/cter.edu.pl\/?page_id=254&amp;lang=pl&amp;rest_route=%2Fwp%2Fv2%2Fpages%2F254&amp;event_id1=3327\">Corpus-based Interpreting Studies: The State of the Art-First Forl\u00ec International Workshop<\/a><\/h3><\/div><span class=\"event-time\">Bolonia-Forli<\/span><\/div>\n\t\t\t\t<\/li>\n\t\t\t \t<li class=\"event konferencje-krajowe\">\n\t\t\t\t\t<div class=\"event-date single-date\"><div class=\"enddate\"><div class=\"event-weekday\">Thu<\/div><div class=\"event-day\">07<\/div><div class=\"event-month\">May<\/div><div class=\"event-year\">2015<\/div><\/div><\/div>\n\t\t\t\t\t<div class=\"event-info multi-day\"><div class=\"event-title\"><h3><a href=\"https:\/\/cter.edu.pl\/?page_id=254&amp;lang=pl&amp;rest_route=%2Fwp%2Fv2%2Fpages%2F254&amp;event_id1=3328\">Authenticity and Imitation in Translation and Culture<\/a><\/h3><\/div><span class=\"event-time\">Warszawa, Polska<\/span><span class=\"event-location\">SWPS<\/span><\/div>\n\t\t\t\t<\/li>\n\t\t\t \t<li class=\"event konferencje-zagraniczne\">\n\t\t\t\t\t<div class=\"event-date multi-date\"><div class=\"startdate\"><div class=\"event-weekday\">Fri<\/div><div class=\"event-day\">01<\/div><div class=\"event-month\">May<\/div><div class=\"event-year\">2015<\/div><\/div><div class=\"enddate\"><div class=\"event-weekday\">Sat<\/div><div class=\"event-day\">02<\/div><div class=\"event-month\">May<\/div><div class=\"event-year\">2015<\/div><\/div><\/div>\n\t\t\t\t\t<div class=\"event-info multi-day\"><div class=\"event-title\"><h3><a href=\"https:\/\/cter.edu.pl\/?page_id=254&amp;lang=pl&amp;rest_route=%2Fwp%2Fv2%2Fpages%2F254&amp;event_id1=3326\">BP15: Business and Practice for Freelance Translators<\/a><\/h3><\/div><span class=\"event-time\">Zagrzeb, Chorwacja<\/span><\/div>\n\t\t\t\t<\/li>\n\t\t\t \t<li class=\"event konferencje-zagraniczne\">\n\t\t\t\t\t<div class=\"event-date multi-date\"><div class=\"startdate\"><div class=\"event-weekday\">Fri<\/div><div class=\"event-day\">17<\/div><div class=\"event-month\">Apr<\/div><div class=\"event-year\">2015<\/div><\/div><div class=\"enddate\"><div class=\"event-weekday\">Sat<\/div><div class=\"event-day\">18<\/div><div class=\"event-month\">Apr<\/div><div class=\"event-year\">2015<\/div><\/div><\/div>\n\t\t\t\t\t<div class=\"event-info multi-day\"><div class=\"event-title\"><h3><a href=\"https:\/\/cter.edu.pl\/?page_id=254&amp;lang=pl&amp;rest_route=%2Fwp%2Fv2%2Fpages%2F254&amp;event_id1=3324\">General and Specialist Translation \/ Interpretation: Theory, Methods, Practice<\/a><\/h3><\/div><span class=\"event-time\">Kij\u00f3w, Ukraina<\/span><\/div>\n\t\t\t\t<\/li>\n\t\t\t \t<li class=\"event konferencje-krajowe\">\n\t\t\t\t\t<div class=\"event-date single-date\"><div class=\"enddate\"><div class=\"event-weekday\">Fri<\/div><div class=\"event-day\">17<\/div><div class=\"event-month\">Apr<\/div><div class=\"event-year\">2015<\/div><\/div><\/div>\n\t\t\t\t\t<div class=\"event-info multi-day\"><div class=\"event-title\"><h3><a href=\"https:\/\/cter.edu.pl\/?page_id=254&amp;lang=pl&amp;rest_route=%2Fwp%2Fv2%2Fpages%2F254&amp;event_id1=3325\">24th International Conference of the Polish Association for the Study of English (PASE) (PASE 2015)<\/a><\/h3><\/div><span class=\"event-time\">Wroc\u0142aw, Polska<\/span><span class=\"event-location\">PASE<\/span><\/div>\n\t\t\t\t<\/li>\n\t\t\t \t<li class=\"event konferencje-zagraniczne\">\n\t\t\t\t\t<div class=\"event-date multi-date\"><div class=\"startdate\"><div class=\"event-weekday\">Wed<\/div><div class=\"event-day\">15<\/div><div class=\"event-month\">Apr<\/div><div class=\"event-year\">2015<\/div><\/div><div class=\"enddate\"><div class=\"event-weekday\">Fri<\/div><div class=\"event-day\">17<\/div><div class=\"event-month\">Apr<\/div><div class=\"event-year\">2015<\/div><\/div><\/div>\n\t\t\t\t\t<div class=\"event-info multi-day\"><div class=\"event-title\"><h3><a href=\"https:\/\/cter.edu.pl\/?page_id=254&amp;lang=pl&amp;rest_route=%2Fwp%2Fv2%2Fpages%2F254&amp;event_id1=3323\">LSP Teaching and Specialized Translation Skills Training in Higher Education Institutions (LSP &amp; STST)<\/a><\/h3><\/div><span class=\"event-time\">Moskwa, Rosja<\/span><\/div>\n\t\t\t\t<\/li>\n\t\t\t \t<li class=\"event konferencje-krajowe\">\n\t\t\t\t\t<div class=\"event-date single-date\"><div class=\"enddate\"><div class=\"event-weekday\">Fri<\/div><div class=\"event-day\">27<\/div><div class=\"event-month\">Mar<\/div><div class=\"event-year\">2015<\/div><\/div><\/div>\n\t\t\t\t\t<div class=\"event-info multi-day\"><div class=\"event-title\"><h3><a href=\"https:\/\/cter.edu.pl\/?page_id=254&amp;lang=pl&amp;rest_route=%2Fwp%2Fv2%2Fpages%2F254&amp;event_id1=3322\">4th Translation and Localization Conference<\/a><\/h3><\/div><span class=\"event-time\">Warszawa, Polska<\/span><div class=\"event-content\"><p style=\"text-align: justify;\">Nowa formu\u0142a konferencji skierowanej bezpo\u015brednio do polskiej bran\u017cy t\u0142umaczeniowej). Program konferencji obfitowa\u0107 b\u0119dzie w prezentacje zwi\u0105zane z prac\u0105 t\u0142umaczy w Polsce, specjalistyczne warsztaty i prelekcje dotycz\u0105ce warsztatu pracy nowoczesnego t\u0142umacza, narz\u0119dzi, zapewniania jako\u015bci, metod weryfikacji itp.)<\/p>\n<p style=\"text-align: justify;\">Tego dnia odb\u0119dzie si\u0119\u00a0 tak\u017ce Konferencja T\u0142umaczy 2015, impreza towarzysz\u0105ca konferencji the Translation and Localization Conference 2015<\/p>\n<\/div><\/div>\n\t\t\t\t<\/li>\n\t\t\t \t<li class=\"event konferencje-zagraniczne\">\n\t\t\t\t\t<div class=\"event-date multi-date\"><div class=\"startdate\"><div class=\"event-weekday\">Thu<\/div><div class=\"event-day\">26<\/div><div class=\"event-month\">Mar<\/div><div class=\"event-year\">2015<\/div><\/div><div class=\"enddate\"><div class=\"event-weekday\">Fri<\/div><div class=\"event-day\">27<\/div><div class=\"event-month\">Mar<\/div><div class=\"event-year\">2015<\/div><\/div><\/div>\n\t\t\t\t\t<div class=\"event-info multi-day\"><div class=\"event-title\"><h3><a href=\"https:\/\/cter.edu.pl\/?page_id=254&amp;lang=pl&amp;rest_route=%2Fwp%2Fv2%2Fpages%2F254&amp;event_id1=3321\">9th International Conference on Professional Communication and Translation Studies<\/a><\/h3><\/div><span class=\"event-time\">Timisoara, Rumunia<\/span><\/div>\n\t\t\t\t<\/li>\n\t\t\t \t<li class=\"event konferencje-zagraniczne\">\n\t\t\t\t\t<div class=\"event-date multi-date\"><div class=\"startdate\"><div class=\"event-weekday\">Mon<\/div><div class=\"event-day\">09<\/div><div class=\"event-month\">Mar<\/div><div class=\"event-year\">2015<\/div><\/div><div class=\"enddate\"><div class=\"event-weekday\">Fri<\/div><div class=\"event-day\">13<\/div><div class=\"event-month\">Mar<\/div><div class=\"event-year\">2015<\/div><\/div><\/div>\n\t\t\t\t\t<div class=\"event-info multi-day\"><div class=\"event-title\"><h3><a href=\"https:\/\/cter.edu.pl\/?page_id=254&amp;lang=pl&amp;rest_route=%2Fwp%2Fv2%2Fpages%2F254&amp;event_id1=3320\">1st International Virtual Conference: Translation of Languages for Specific Purposes (CIVTRALFE2015)<\/a><\/h3><\/div><span class=\"event-time\">Sewilla, Hiszpania<\/span><\/div>\n\t\t\t\t<\/li>\n\t\t\t \t<li class=\"event konferencje-zagraniczne\">\n\t\t\t\t\t<div class=\"event-date multi-date\"><div class=\"startdate\"><div class=\"event-weekday\">Thu<\/div><div class=\"event-day\">05<\/div><div class=\"event-month\">Mar<\/div><div class=\"event-year\">2015<\/div><\/div><div class=\"enddate\"><div class=\"event-weekday\">Fri<\/div><div class=\"event-day\">06<\/div><div class=\"event-month\">Mar<\/div><div class=\"event-year\">2015<\/div><\/div><\/div>\n\t\t\t\t\t<div class=\"event-info multi-day\"><div class=\"event-title\"><h3><a href=\"https:\/\/cter.edu.pl\/?page_id=254&amp;lang=pl&amp;rest_route=%2Fwp%2Fv2%2Fpages%2F254&amp;event_id1=3319\">Translators at Work: Ergonomic Approaches to Translation Practice and Training<\/a><\/h3><\/div><span class=\"event-time\">Grenoble, Francja<\/span><\/div>\n\t\t\t\t<\/li><\/ul>\n\t\t\t\t<\/div><\/code><\/p>\n","protected":false},"excerpt":{"rendered":"","protected":false},"author":1,"featured_media":0,"parent":0,"menu_order":0,"comment_status":"closed","ping_status":"closed","template":"","meta":{"footnotes":""},"class_list":["post-254","page","type-page","status-publish","hentry"],"_links":{"self":[{"href":"https:\/\/cter.edu.pl\/index.php?rest_route=\/wp\/v2\/pages\/254","targetHints":{"allow":["GET"]}}],"collection":[{"href":"https:\/\/cter.edu.pl\/index.php?rest_route=\/wp\/v2\/pages"}],"about":[{"href":"https:\/\/cter.edu.pl\/index.php?rest_route=\/wp\/v2\/types\/page"}],"author":[{"embeddable":true,"href":"https:\/\/cter.edu.pl\/index.php?rest_route=\/wp\/v2\/users\/1"}],"replies":[{"embeddable":true,"href":"https:\/\/cter.edu.pl\/index.php?rest_route=%2Fwp%2Fv2%2Fcomments&post=254"}],"version-history":[{"count":27,"href":"https:\/\/cter.edu.pl\/index.php?rest_route=\/wp\/v2\/pages\/254\/revisions"}],"predecessor-version":[{"id":3059,"href":"https:\/\/cter.edu.pl\/index.php?rest_route=\/wp\/v2\/pages\/254\/revisions\/3059"}],"wp:attachment":[{"href":"https:\/\/cter.edu.pl\/index.php?rest_route=%2Fwp%2Fv2%2Fmedia&parent=254"}],"curies":[{"name":"wp","href":"https:\/\/api.w.org\/{rel}","templated":true}]}}