{"id":362,"date":"2015-03-18T19:40:19","date_gmt":"2015-03-18T18:40:19","guid":{"rendered":"http:\/\/cteradmin.nazwa.pl\/wp\/?page_id=362"},"modified":"2017-12-24T12:58:09","modified_gmt":"2017-12-24T11:58:09","slug":"wiosenna-sesja-dyskusyjna","status":"publish","type":"page","link":"https:\/\/cter.edu.pl\/?page_id=362&lang=pl","title":{"rendered":"Wiosenna sesja dyskusyjna"},"content":{"rendered":"<p style=\"text-align: justify;\"><a href=\"http:\/\/cteradmin.nazwa.pl\/wp\/wp-content\/uploads\/2015\/03\/Sesja_wiosenna_2015.jpg\"><img loading=\"lazy\" decoding=\"async\" class=\" wp-image-364 alignleft\" src=\"http:\/\/cteradmin.nazwa.pl\/wp\/wp-content\/uploads\/2015\/03\/Sesja_wiosenna_2015-300x225.jpg\" alt=\"Sesja_wiosenna_2015\" width=\"260\" height=\"195\" srcset=\"https:\/\/cter.edu.pl\/wp-content\/uploads\/2015\/03\/Sesja_wiosenna_2015-300x225.jpg 300w, https:\/\/cter.edu.pl\/wp-content\/uploads\/2015\/03\/Sesja_wiosenna_2015-1024x768.jpg 1024w\" sizes=\"auto, (max-width: 260px) 100vw, 260px\" \/><\/a><span style=\"color: #ff0000;\"><strong>13 marca 2015 roku<\/strong><\/span> \u00a0odby\u0142a si\u0119 druga sesja dyskusyjna CTER-u w Krakowie, na kt\u00f3rej serdecznie powitano nowych cz\u0142onk\u00f3w. Dyskusje toczy\u0142y si\u0119 wok\u00f3\u0142 kwestii zwi\u0105zanych z formaln\u0105 organizacj\u0105 Konsorcjum oraz mo\u017cliwo\u015bciami finansowania jej <a href=\"http:\/\/cteradmin.nazwa.pl\/wp\/wp-content\/uploads\/2014\/04\/zdjecie-kawa.jpg\"><img loading=\"lazy\" decoding=\"async\" class=\"alignright wp-image-93\" src=\"http:\/\/cteradmin.nazwa.pl\/wp\/wp-content\/uploads\/2014\/04\/zdjecie-kawa-300x233.jpg\" alt=\"zdjecie kawa\" width=\"221\" height=\"172\" srcset=\"https:\/\/cter.edu.pl\/wp-content\/uploads\/2014\/04\/zdjecie-kawa-300x233.jpg 300w, https:\/\/cter.edu.pl\/wp-content\/uploads\/2014\/04\/zdjecie-kawa.jpg 617w\" sizes=\"auto, (max-width: 221px) 100vw, 221px\" \/><\/a>dzia\u0142alno\u015bci. Zastanawiano si\u0119 tak\u017ce na tematami nast\u0119pnych \u00a0szkole\u0144, kt\u00f3re zainteresowa\u0142aby nauczycieli przek\u0142adu. Zaplanowano r\u00f3wnie\u017c I Kongres CTER-u, kt\u00f3ry ma si\u0119 odby\u0107 w marcu 2016 roku. Ju\u017c teraz zapraszamy wszystkich zainteresowanych!<\/p>\n<p class=\" wp-image-364 alignleft\">\n","protected":false},"excerpt":{"rendered":"<p>13 marca 2015 roku \u00a0odby\u0142a si\u0119 druga sesja dyskusyjna CTER-u w Krakowie, na kt\u00f3rej serdecznie powitano nowych cz\u0142onk\u00f3w. Dyskusje toczy\u0142y si\u0119 wok\u00f3\u0142 kwestii zwi\u0105zanych z formaln\u0105 organizacj\u0105 Konsorcjum oraz mo\u017cliwo\u015bciami finansowania jej dzia\u0142alno\u015bci. Zastanawiano si\u0119 tak\u017ce na tematami nast\u0119pnych \u00a0szkole\u0144, kt\u00f3re zainteresowa\u0142aby nauczycieli przek\u0142adu. Zaplanowano r\u00f3wnie\u017c I Kongres CTER-u, kt\u00f3ry ma si\u0119 odby\u0107 w marcu &hellip; <a href=\"https:\/\/cter.edu.pl\/?page_id=362&#038;lang=pl\" class=\"more-link\">Continue reading <span class=\"screen-reader-text\">Wiosenna sesja dyskusyjna<\/span> <span class=\"meta-nav\">&rarr;<\/span><\/a><\/p>\n","protected":false},"author":1,"featured_media":0,"parent":0,"menu_order":0,"comment_status":"closed","ping_status":"closed","template":"","meta":{"footnotes":""},"class_list":["post-362","page","type-page","status-publish","hentry"],"_links":{"self":[{"href":"https:\/\/cter.edu.pl\/index.php?rest_route=\/wp\/v2\/pages\/362","targetHints":{"allow":["GET"]}}],"collection":[{"href":"https:\/\/cter.edu.pl\/index.php?rest_route=\/wp\/v2\/pages"}],"about":[{"href":"https:\/\/cter.edu.pl\/index.php?rest_route=\/wp\/v2\/types\/page"}],"author":[{"embeddable":true,"href":"https:\/\/cter.edu.pl\/index.php?rest_route=\/wp\/v2\/users\/1"}],"replies":[{"embeddable":true,"href":"https:\/\/cter.edu.pl\/index.php?rest_route=%2Fwp%2Fv2%2Fcomments&post=362"}],"version-history":[{"count":5,"href":"https:\/\/cter.edu.pl\/index.php?rest_route=\/wp\/v2\/pages\/362\/revisions"}],"predecessor-version":[{"id":3105,"href":"https:\/\/cter.edu.pl\/index.php?rest_route=\/wp\/v2\/pages\/362\/revisions\/3105"}],"wp:attachment":[{"href":"https:\/\/cter.edu.pl\/index.php?rest_route=%2Fwp%2Fv2%2Fmedia&parent=362"}],"curies":[{"name":"wp","href":"https:\/\/api.w.org\/{rel}","templated":true}]}}