{"id":37,"date":"2014-04-18T19:14:35","date_gmt":"2014-04-18T17:14:35","guid":{"rendered":"http:\/\/cteradmin.nazwa.pl\/wp\/?page_id=37"},"modified":"2017-12-28T15:38:17","modified_gmt":"2017-12-28T14:38:17","slug":"projekty-archiwalne","status":"publish","type":"page","link":"https:\/\/cter.edu.pl\/?page_id=37&lang=pl","title":{"rendered":"Wydarzenia CTER"},"content":{"rendered":"<p style=\"text-align: justify;\">Pierwsze robocze spotkanie Konsorcjum zaowocowa\u0142o wieloma pomys\u0142ami, a sukces zorganizowanych w jego nast\u0119pstwie Warszat\u00f3w dla nauczycieli przek\u0142adu zach\u0119ci\u0142 nas do kontynuowania tego typu dzia\u0142a\u0144 w przysz\u0142o\u015bci. <b><i><a href=\"http:\/\/cteradmin.nazwa.pl\/wp\/wp-content\/uploads\/2014\/11\/warsztaty_memoQ.jpg\"><img loading=\"lazy\" decoding=\"async\" class=\" wp-image-204 alignright\" src=\"http:\/\/cteradmin.nazwa.pl\/wp\/wp-content\/uploads\/2014\/11\/warsztaty_memoQ-225x300.jpg\" alt=\"OLYMPUS DIGITAL CAMERA\" width=\"97\" height=\"130\" srcset=\"https:\/\/cter.edu.pl\/wp-content\/uploads\/2014\/11\/warsztaty_memoQ-225x300.jpg 225w, https:\/\/cter.edu.pl\/wp-content\/uploads\/2014\/11\/warsztaty_memoQ-768x1024.jpg 768w\" sizes=\"auto, (max-width: 97px) 100vw, 97px\" \/><\/a><\/i><\/b>W zwi\u0105zku z tym Konsorcjum zamierza nadal wspiera\u0107 t\u0142umaczy z Polski poprzez organizacj\u0119 cyklu warsztat\u00f3w szkoleniowych, kt\u00f3re chcieliby\u015bmy po\u015bwi\u0119ci\u0107 nast\u0119puj\u0105cym zagadnieniom: organizacja pracy w\u0142asnej, zarz\u0105dzanie projektami t\u0142umaczeniowymi, auto-motywacja, przedsi\u0119biorczo\u015b\u0107 i umiej\u0119tno\u015b\u0107 stosowania strategii t\u0142umaczeniowych.<\/p>\n<p style=\"text-align: justify;\">Zach\u0119camy ch\u0119tnych do pomocy w planowaniu przysz\u0142ych warsztat\u00f3w. Prosimy o nadsy\u0142anie sugestii dotycz\u0105cych tematyki, termin\u00f3w, czasu trwania i trybu zaj\u0119\u0107 warsztatowych, a tak\u017ce innych preferencji zwi\u0105zanych ze szkoleniami.<\/p>\n","protected":false},"excerpt":{"rendered":"<p>Pierwsze robocze spotkanie Konsorcjum zaowocowa\u0142o wieloma pomys\u0142ami, a sukces zorganizowanych w jego nast\u0119pstwie Warszat\u00f3w dla nauczycieli przek\u0142adu zach\u0119ci\u0142 nas do kontynuowania tego typu dzia\u0142a\u0144 w przysz\u0142o\u015bci. W zwi\u0105zku z tym Konsorcjum zamierza nadal wspiera\u0107 t\u0142umaczy z Polski poprzez organizacj\u0119 cyklu warsztat\u00f3w szkoleniowych, kt\u00f3re chcieliby\u015bmy po\u015bwi\u0119ci\u0107 nast\u0119puj\u0105cym zagadnieniom: organizacja pracy w\u0142asnej, zarz\u0105dzanie projektami t\u0142umaczeniowymi, auto-motywacja, przedsi\u0119biorczo\u015b\u0107 &hellip; <a href=\"https:\/\/cter.edu.pl\/?page_id=37&#038;lang=pl\" class=\"more-link\">Continue reading <span class=\"screen-reader-text\">Wydarzenia CTER<\/span> <span class=\"meta-nav\">&rarr;<\/span><\/a><\/p>\n","protected":false},"author":1,"featured_media":0,"parent":0,"menu_order":0,"comment_status":"closed","ping_status":"closed","template":"","meta":{"footnotes":""},"class_list":["post-37","page","type-page","status-publish","hentry"],"_links":{"self":[{"href":"https:\/\/cter.edu.pl\/index.php?rest_route=\/wp\/v2\/pages\/37","targetHints":{"allow":["GET"]}}],"collection":[{"href":"https:\/\/cter.edu.pl\/index.php?rest_route=\/wp\/v2\/pages"}],"about":[{"href":"https:\/\/cter.edu.pl\/index.php?rest_route=\/wp\/v2\/types\/page"}],"author":[{"embeddable":true,"href":"https:\/\/cter.edu.pl\/index.php?rest_route=\/wp\/v2\/users\/1"}],"replies":[{"embeddable":true,"href":"https:\/\/cter.edu.pl\/index.php?rest_route=%2Fwp%2Fv2%2Fcomments&post=37"}],"version-history":[{"count":11,"href":"https:\/\/cter.edu.pl\/index.php?rest_route=\/wp\/v2\/pages\/37\/revisions"}],"predecessor-version":[{"id":3185,"href":"https:\/\/cter.edu.pl\/index.php?rest_route=\/wp\/v2\/pages\/37\/revisions\/3185"}],"wp:attachment":[{"href":"https:\/\/cter.edu.pl\/index.php?rest_route=%2Fwp%2Fv2%2Fmedia&parent=37"}],"curies":[{"name":"wp","href":"https:\/\/api.w.org\/{rel}","templated":true}]}}